{"id":1211,"date":"2024-12-27T18:26:26","date_gmt":"2024-12-27T17:26:26","guid":{"rendered":"https:\/\/www.revues.scienceafrique.org\/adilaaku\/?post_type=chapter&#038;p=1211"},"modified":"2025-01-09T11:49:14","modified_gmt":"2025-01-09T10:49:14","slug":"sakinatou_et_nguinta2024","status":"publish","type":"chapter","link":"https:\/\/www.revues.scienceafrique.org\/adilaaku\/texte\/sakinatou_et_nguinta2024\/","title":{"rendered":"Vivre le Covid-19 dans les familles camerounaises : cas des villes de Douala et Yaound\u00e9"},"content":{"raw":"<h2 style=\"text-align: justify\">Introduction<\/h2>\r\n<p style=\"text-align: justify\">La fin de l\u2019ann\u00e9e 2019 a connu une pand\u00e9mie du Covid-19 qui a mobilis\u00e9 l\u2019attention de la communaut\u00e9 internationale. Dans l\u2019optique de l\u2019\u00e9radiquer, autorit\u00e9s, classes gouvernantes, technocrates et scientifiques se sont retrouv\u00e9s. Rep\u00e9r\u00e9 initialement en Asie, le virus s\u2019est r\u00e9pandu dans plusieurs pays \u00e0 travers le monde. Les donn\u00e9es statistiques rendent suffisamment compte de la gravit\u00e9 de la pand\u00e9mie. En effet, d\u2019apr\u00e8s un rapport rendu public par <em>Statista<\/em>[footnote]<em>Statista<\/em> est une plateforme mondiale de donn\u00e9es et d\u2019intelligence \u00e9conomique avec une vaste base de donn\u00e9es comprenant des statistiques, des rapports et des connaissances sur plus de 80 000 sujets provenant de 22\u00a0500 sources dans 170 secteurs.[\/footnote] le 16 d\u00e9cembre 2021, le nombre de personnes infect\u00e9es par le coronavirus dans le monde est de 270\u00a0791\u00a0973. La m\u00eame ann\u00e9e, l\u2019on d\u00e9nombre 129\u00a0247 contamin\u00e9\u00b7es en Chine, 8\u00a0091\u00a0438 en France, 49\u00a0833\u00a0416 aux \u00c9tats-Unis et le Cameroun, quant \u00e0 lui, a comptabilis\u00e9 107\u00a0662 personnes infect\u00e9es. Cependant, l\u2019on distingue une pl\u00e9thore de variants du virus. \u00c0 cet effet, au d\u00e9but du mois de novembre 2021, l\u2019Organisation Mondiale de la Sant\u00e9 (OMS) a reconnu au moins quatre (4) variants pr\u00e9occupants, notamment\u00a0: Alpha, Beta, Gamma, Delta et Omicron (OMS, 2020).<\/p>\r\n<p style=\"text-align: justify\">Le variant le plus r\u00e9pandu dans le monde est Delta. Il repr\u00e9sente ainsi plus de 99,5\u00a0% des s\u00e9quences analys\u00e9es dans le monde en mi-octobre 2021. Au regard de son degr\u00e9 \u00e9lev\u00e9 de contamination, des mesures barri\u00e8res ont \u00e9t\u00e9 prises\u00a0: le respect de la distanciation physique, le port du masque et le lavage des mains au gel hydro-alcoolique et \u00e0 l\u2019eau coulante, etc. Dans l\u2019optique de freiner la propagation du virus, le confinement partiel ou total a \u00e9t\u00e9 aussi mis sur pieds par certains Chefs d\u2019\u00c9tat et de Gouvernement. Apparu au 15e si\u00e8cle, le confinement concernait \u00e0 l\u2019origine, l\u2019enfermement p\u00e9nal. Il contenait l\u2019id\u00e9e de captivit\u00e9, de punition. Aux 17e et 18e si\u00e8cles, il s\u2019employait aussi \u00e0 propos de la vie monastique. C\u2019est plus tard qu\u2019on a commenc\u00e9 \u00e0 l\u2019employer pour d\u00e9signer l\u2019interdiction faite \u00e0 un malade de quitter la chambre. Au Cameroun, le confinement s\u2019est appliqu\u00e9 de fa\u00e7on partielle, on parle dans ce cas de confinement partiel et non total comme dans certains pays en Occident. Au vu de ces donn\u00e9es statistiques[footnote]En 2021, l\u2019on d\u00e9nombre 129\u00a0247 contamin\u00e9\u00b7es en Chine, 8\u00a0091\u00a0438 en France, 49\u00a0833\u00a0416 aux \u00c9tats-Unis et le Cameroun, quant \u00e0 lui, a comptabilis\u00e9 107\u00a0662 personnes infect\u00e9es.[\/footnote] pour le moins alertant, il semble judicieux de mener une \u00e9tude sur les effets du Covid-19 dans les familles au Cameroun,\u00a0pays cible de la pr\u00e9sente \u00e9tude. D\u00e8s lors, quels sont les effets de la pand\u00e9mie sur le v\u00e9cu des familles camerounaises? \u00c0 l\u2019observation, ces derni\u00e8res g\u00e8rent diff\u00e9remment la survenance des cas de contamination au coronavirus.<\/p>\r\n<p style=\"text-align: justify\">Mener une telle recherche en sciences sociales commande de mobiliser des grilles d\u2019analyse telles que le constructivisme et l\u2019interactionnisme symbolique, sans omettre l\u2019observation directe et l\u2019exploitation documentaire. Ne pouvant couvrir l\u2019\u00e9tendue du territoire camerounais, l\u2019enqu\u00eate sur laquelle repose la pr\u00e9sente contribution a \u00e9t\u00e9 effectu\u00e9e dans les villes de Douala et Yaound\u00e9. Celle-ci porte sur un \u00e9chantillon de 73 personnes constitu\u00e9es des personnes infect\u00e9es et de leurs proches. Il est question ici de percevoir les interactions qui naissent entre ces entit\u00e9s \u00e0 la suite de la contamination de l\u2019un ou l\u2019une d\u2019entre eux et elles par le virus. Des rapports conflictog\u00e8nes et compatissants naquirent alors dans divers contextes. Des entretiens ont \u00e9t\u00e9 pr\u00e9cis\u00e9ment men\u00e9s aupr\u00e8s de 39 personnes dans la ville de Douala et de 34 personnes \u00e0 Yaound\u00e9 (proches et infect\u00e9\u00b7es confondu\u00b7es). L\u2019analyse s\u2019appesantit sur le v\u00e9cu des familles touch\u00e9es par le coronavirus. C\u2019est ainsi que des r\u00e9cits de vies seront recueillis aupr\u00e8s des personnes contamin\u00e9es et de leurs proches afin de saisir les effets r\u00e9els de la maladie sur les comportements des personnes envers les autres. Cette r\u00e9flexion se d\u00e9cline en deux axes qui recoupent les bouleversements des interactions socio-\u00e9conomiques et la reconfiguration des perceptions endog\u00e9no-familiales de la pand\u00e9mie \u00e0 Covid-19.<\/p>\r\n\r\n<h2 style=\"text-align: justify\">Les bouleversements des interactions socio-\u00e9conomiques<\/h2>\r\n<p style=\"text-align: justify\">La crise sanitaire du Covid-19 n\u2019est pas sans cons\u00e9quences sur le quotidien des m\u00e9nages camerounais. Le confinement a boulevers\u00e9 les habitudes et les relations humaines sur les plans sociaux et \u00e9conomiques.<\/p>\r\n\r\n<h3 style=\"text-align: justify\">L\u2019alt\u00e9ration des rapports sociaux<\/h3>\r\n<p style=\"text-align: justify\">Le milieu familial jadis consid\u00e9r\u00e9 comme un havre de paix tend, sous l\u2019av\u00e8nement de la pand\u00e9mie, \u00e0 devenir un lieu d\u2019ins\u00e9curit\u00e9. Ce qui pousse \u00e0 remettre en question la place de la famille dans la gestion des crises. Les effets du Covid-19 sur le v\u00e9cu des familles sont visibles \u00e0 divers niveaux. Les mesures barri\u00e8res prises sont venues alt\u00e9rer les interactions entre les membres d\u2019une famille et reformer le syst\u00e8me \u00e9ducatif camerounais tout en instituant le t\u00e9l\u00e9travail.<\/p>\r\n<p style=\"text-align: justify\">La restriction de la mobilit\u00e9 humaine augmente le nombre de contamin\u00e9\u00b7es au sein des m\u00e9nages o\u00f9 les personnes atteintes sont mises en quarantaine \u00e0 la maison. C\u2019est le cas par exemple des m\u00e9nages qui ne respectent pas les exigences li\u00e9es au respect des mesures barri\u00e8res. Les habitudes ayant la peau dure, les changer du jour au lendemain n\u2019est pas ais\u00e9. Les familles o\u00f9 l\u2019enti\u00e8re responsabilit\u00e9 repose sur la m\u00e8re sont particuli\u00e8rement en difficult\u00e9, car les autres membres de la famille sont habitu\u00e9\u00b7es \u00e0 d\u00e9pendre d\u2019elle. En cas d\u2019infection, il serait difficile de prot\u00e9ger tous les membres. Cet \u00e9tat de chose a \u00e9t\u00e9 \u00e0 l\u2019origine de la d\u00e9ch\u00e9ance de la matrice familiale au sein de laquelle chacun\u00b7e est cens\u00e9\u00b7e jouer un r\u00f4le pour la stabilit\u00e9 \u00e9motionnelle, mentale voire financi\u00e8re des autres membres. Aussi, les m\u00e9nages qui abritent une ou plusieurs personnes contamin\u00e9es ont des difficult\u00e9s \u00e0 combattre efficacement la propagation du virus et subissent de ce fait, un stress permanent\u00a0: la peur de perdre un \u00eatre cher et la peur de se faire contaminer. D\u00e8s lors, les membres se trouvent paniqu\u00e9\u00b7es en fonction du sentiment d\u2019affection ou de rejet qui les animent. Pour ceux et celles qui ont choisi d\u2019affectionner un des membres et de continuer \u00e0 vivre en famille comme en p\u00e9riode d\u2019avant Covid, sur les 73 personnes interrog\u00e9es, 66 ont reconnu n'avoir pas respect\u00e9 la distanciation sociale impos\u00e9e avec leur conjoint. Une posture qui a eu pour cons\u00e9quence l\u2019augmentation des cas de contamin\u00e9\u00b7es.<\/p>\r\n<p style=\"text-align: justify\">Dans l\u2019un des m\u00e9nages \u00e0 Yaound\u00e9[footnote]Entretien men\u00e9 le 12 juin 2023 aupr\u00e8s de Germaine, 38 ans m\u00e9nag\u00e8re de profession \u00e0 Yaound\u00e9 au quartier Mendong.[\/footnote], c\u2019est le mari qui a contract\u00e9 le virus en premier. Test\u00e9 positif, il lui a \u00e9t\u00e9 prescrit de se confiner \u00e0 domicile pendant le traitement. La maison ayant une d\u00e9pendance, sa femme s'y est confin\u00e9e avec lui, laissant les enfants dans d\u2019autres pi\u00e8ces. Ce qui pouvait avoir pour cons\u00e9quence d\u2019exposer les autres membres de la famille au virus. La femme s\u2019assurait que son \u00e9poux suive le traitement prescrit \u00e0 l\u2019h\u00f4pital et par monseigneur Kl\u00e9da[footnote]Monseigneur Samuel KLEDA est archev\u00eaque m\u00e9tropolitaine de Douala r\u00e9put\u00e9 pour ses comp\u00e9tences en m\u00e9decine traditionnelle.[\/footnote] (au regard de la gravit\u00e9 du cas en question et du souhait que son \u00e9poux recouvre la gu\u00e9rison, elle a opt\u00e9 pour un traitement mixte\u00a0: m\u00e9decine moderne et m\u00e9decine traditionnelle). Du fait de la gu\u00e9rison du patient en moins d\u2019une semaine, les 14 jours de la quarantaine n'ont pas \u00e9t\u00e9 respect\u00e9s. Ils ont rejoint les enfants. Quelques temps apr\u00e8s, la femme a r\u00e9alis\u00e9 qu'elle \u00e9tait aussi contamin\u00e9e, mais ne s\u2019est pas isol\u00e9e. Toutefois, par mesure de prudence et surtout dans le souci de prot\u00e9ger les membres de sa famille, cette derni\u00e8re a respect\u00e9 scrupuleusement les autres mesures barri\u00e8res pr\u00e9ventives \u00e0 la prolif\u00e9ration du virus. Elle a suivi le m\u00eame protocole sanitaire que son conjoint et a recouvr\u00e9 la sant\u00e9 car, a-t-elle dit, elle ne voulait pas infliger plus de traumatisme aux enfants[footnote]Entretien men\u00e9 le 12 juin 2023 aupr\u00e8s de Germaine, 38 ans m\u00e9nag\u00e8re de profession \u00e0 Yaound\u00e9 au quartier Mendong.[\/footnote]. Cependant, le non-respect ou du moins, le respect partiel des exigences sanitaires li\u00e9es \u00e0 la lutte contre le coronavirus concourt \u00e0 la propagation et \u00e0 la p\u00e9rennisation de la pand\u00e9mie.<\/p>\r\n<p style=\"text-align: justify\">Dans un autre m\u00e9nage de la m\u00eame ville, le mari malade s\u2019est confin\u00e9 dans sa chambre. Le premier jour, l\u2019\u00e9pouse a dormi avec les enfants. Le deuxi\u00e8me jour, elle est retourn\u00e9e dans la chambre conjugale en respectant la distanciation. Ne pouvant davantage supporter les pleurs des enfants, les deux se sont (d\u00e9)confin\u00e9s le quatri\u00e8me jour. Par mesure de prudence, cette femme a \u00e9t\u00e9 mise en cong\u00e9 par ses sup\u00e9rieurs hi\u00e9rarchiques jusqu\u2019\u00e0 la gu\u00e9rison compl\u00e8te de son \u00e9poux bien qu\u2019elle soit test\u00e9e n\u00e9gative au virus[footnote]Entretien men\u00e9 le 14 juin en 2023 aupr\u00e8s de Rosy, 41 ans, m\u00e9nag\u00e8re \u00e0 Yaound\u00e9 au quartier Etoudi.[\/footnote].<\/p>\r\n<p style=\"text-align: justify\">Les parent\u00b7es et les enfants sont plus pr\u00e9sent\u00b7es \u00e0 la maison et sont appel\u00e9\u00b7es \u00e0 partager dans certains cas le m\u00eame espace de travail. Cette cohabitation n\u2019est pas sans perturber la concentration de ces derniers et derni\u00e8res. Dans cette dynamique, les habitudes et rituels quotidiens se trouvent chang\u00e9s. Les uns et les unes, si ce ne sont tous et toutes, sont parfois contraint\u00b7es de c\u00e9der ou de se plier aux exigences de travail des autres.<\/p>\r\n<p style=\"text-align: justify\">De plus, la pand\u00e9mie de Covid-19 a pour a effet d\u2019amplifier les difficult\u00e9s de conciliation famille-travail, notamment en raison de la fermeture des services de garde \u00e9ducatifs \u00e0 l\u2019enfance telles que les cr\u00e8ches, les garderies, les cadres d\u2019enseignement formel\u2026 (Couillard, 2020). Les enfants passent du temps \u00e0 la maison. Leur pr\u00e9sence impose une prise en charge qui ne favorise pas une concentration; en cons\u00e9quence, les parents sont d\u00e9bord\u00e9\u00b7es.<\/p>\r\n<p style=\"text-align: justify\">D\u2019apr\u00e8s le r\u00e9seau qu\u00e9b\u00e9cois des Organismes Sans But Lucratif (OSBL) d\u2019habilitation, \u00ab\u00a0le confinement \u00e0 domicile peut repr\u00e9senter un risque pour certaines familles, par exemple dans le cas d\u2019un m\u00e9nage comportant un conjoint ou des parents violents\u00a0\u00bb (Couillard, 2020). En Afrique, continent connu pour son hospitalit\u00e9, cet \u00e9tat de chose rompt avec les valeurs, us et coutumes des peuples. Au rang des traumatismes caus\u00e9s par la pand\u00e9mie sur la famille et ses membres, il est \u00e0 noter une r\u00e9organisation des c\u00e9r\u00e9monies mortuaires qui rompt avec l\u2019affect qui gravite autour de cette c\u00e9l\u00e9bration. \u00c0 cet effet, Dieudonn\u00e9 Va\u00efdjik\u00e9 et Tchago Ndikw\u00e9\u00a0rel\u00e8vent que<\/p>\r\n\r\n<blockquote>\r\n<p style=\"text-align: justify\">Une approche analytique a permis de constater qu\u2019en contexte de crise sanitaire, telle que la Covid-19, il est difficile d\u2019organiser les fun\u00e9railles dans la rigueur ancestrale, en d\u00e9pit de la r\u00e9sistance des populations victimes de la pand\u00e9mie. Elles sont boulevers\u00e9es, car on ne pleure plus correctement et traditionnellement \u00ab son mort \u00bb. Les pratiques recommand\u00e9es de l'Organisation Mondiale de la Sant\u00e9 (OMS), globalement moins contraignantes que celles en vigueur lors de l'\u00e9pid\u00e9mie d'\u00c9bola, ont perturb\u00e9, non seulement la vie quotidienne, mais encore les pratiques fun\u00e9raires habituelles, notamment chez les Africains. Par exemple, tout rassemblement \u00e0 la place mortuaire est interdit ainsi que tout contact physique avec le corps une fois que celui-ci est appr\u00eat\u00e9, etc. (2022, p.\u00a0120).<\/p>\r\n<\/blockquote>\r\n<p style=\"text-align: justify\">Dans ce sillage, les rites fun\u00e9raires ne sont plus de mise, l\u2019organisation conventionnelle (institutionnelle) du deuil prend le pas sur les traditionnelles c\u00e9r\u00e9monies religieuses et coutumi\u00e8res qui s\u00e9vissaient. Sentiments, pleurs et rassemblements n\u2019ont plus droit de cit\u00e9. \u00c0 titre d\u2019illustration, un enqu\u00eat\u00e9 s'est plaint de n'avoir pas assister physiquement \u00e0 l'inhumation de son fr\u00e8re d\u00e9c\u00e9d\u00e9 des suites du Covid; tout s'est pass\u00e9 dans la pr\u00e9cipitation et l'urgence sous le regard vigilant des autorit\u00e9s comp\u00e9tentes en la mati\u00e8re en cette p\u00e9riode de crise sanitaire[footnote]Entretien men\u00e9 le 19 juin 2023 avec Christian, 37ans, moto taximan \u00e0 Douala au quartier Bonab\u00e9ri.[\/footnote].<\/p>\r\n\r\n<blockquote>\r\n<p style=\"text-align: justify\">En effet, la pr\u00e9sence des proches et des parents d\u2019un d\u00e9funt \u00e0 l\u2019occasion d\u2019un deuil donne du sens \u00e0 la famille. [...] Face \u00e0 ces changements inattendus, la solidarit\u00e9 africaine habituellement traduite en temps de deuil par l\u2019assistance physique comme expression de la force du chagrin, la spontan\u00e9it\u00e9 et la g\u00e9n\u00e9rosit\u00e9, a connu un net recul. On est pass\u00e9 des pr\u00e9paratifs d\u2019obs\u00e8ques fastes, \u00e0 des inhumations d\u2019urgence. Dans l\u2019intervalle, le t\u00e9l\u00e9phone a remplac\u00e9 la pr\u00e9sence humaine. La Covid-19 avait un effet sur les \u00e9motions et les pratiques sociales et culturelles [\u2026]. Par ailleurs et s\u2019agissant des d\u00e9c\u00e8s d\u00e9clar\u00e9s Covid-19, les familles ont d\u00fb se r\u00e9soudre \u00e0 faire face \u00e0 un nouveau type de choc, l\u2019inhumation par des tiers repr\u00e9sentant les pouvoirs publics, loin des caveaux familiaux et dans l\u2019irrespect des us et coutumes, quelques heures seulement apr\u00e8s le constat du d\u00e9c\u00e8s, dans la solitude de deux ou trois membres de la famille tri\u00e9s sur le volet\u00a0(Nsegbe <em>et al.<\/em>, 2023, p.\u00a0432).<\/p>\r\n<\/blockquote>\r\n<p style=\"text-align: justify\">De m\u00eame, lors de la c\u00e9r\u00e9monie mortuaire, les mesures barri\u00e8res sont observ\u00e9es par les personnes pr\u00e9sentes, ce qui entra\u00eene la proscription de certains rites traditionnels.\u00a0Seul\u00b7es quelques membres de la famille, accompagn\u00e9\u00b7es d\u2019un pr\u00eatre chez les catholiques ou d\u2019un pasteur chez les protestant\u00b7es, peuvent voir le corps. Ils et elles ne doivent pas toucher ou embrasser la d\u00e9pouille mortelle et doivent se laver soigneusement les mains \u00e0 l\u2019eau et au savon et se d\u00e9sinfecter au gel hydro-alcoolique. Les autres se tiennent \u00e0 plusieurs m\u00e8tres de distance, avec une interdiction de jeter une poign\u00e9e de terre ou une fleur comme d\u2019habitude dans la tombe, ou \u00e0 plusieurs kilom\u00e8tres de distance pour les parents qui habitent les villages environnants ou les villes. Chez les Tupuri (Tchad-Cameroun) par exemple, le plus grand taureau du d\u00e9funt ou de la d\u00e9funte ne peut plus \u00eatre transf\u00e9r\u00e9 dans l\u2019au-del\u00e0 pour constituer son b\u00e9tail, ou chez les Massa, il n\u2019est plus permis de danser pendant des jours et des nuits autour de la tombe et de la case du d\u00e9funt ou de la d\u00e9funte, etc. Pour ces peuples, comme pour d\u2019autres, ce bouleversement contribue \u00e0 la d\u00e9sacralisation des rites traditionnels, puisqu\u2019il m\u00e9prise la personne morte et violente la culture.<\/p>\r\n<p style=\"text-align: justify\">S\u2019agissant du choix des familles d\u2019observer la quarantaine \u00e0 domicile, si les parents lui ont trouv\u00e9 des palliatifs, les enfants, quant \u00e0 eux et elles, l'ont subi de plein fouet. L\u2019absence du ou de la parent\u00b7e contamin\u00e9\u00b7e a \u00e9t\u00e9 difficile \u00e0 supporter, les enfants ont \u00e9t\u00e9 tr\u00e8s traumatis\u00e9\u00b7es. On a enregistr\u00e9 des cas o\u00f9 c\u2019est le p\u00e8re de famille qui pr\u00e9parait les enfants pour l\u2019\u00e9cole et les aidait \u00e0 apprendre leurs le\u00e7ons. \u00c0 cause du Covid, ces t\u00e2ches \u00e9taient effectu\u00e9es par d\u2019autres membres de la famille, changeant de ce fait le r\u00e9f\u00e9rent \u00e9ducatif des tout-petits. Cet \u00e9tat de chose a eu pour cons\u00e9quence le bouleversement de la routine des m\u00e9nages. Le respect des autres mesures barri\u00e8res \u00e0 la maison a \u00e9t\u00e9 difficile, notamment la distanciation d\u2019un m\u00e8tre et le port du masque. Les interactions et le partage du m\u00eame espace de vie rendent quasiment impossible le respect de ces derni\u00e8res. \u00c0 titre illustratif, les enfants gard\u00e9\u00b7es par leur p\u00e8re ont subi un choc \u00e9motionnel du fait de ne pouvoir interagir librement avec leur m\u00e8re mise en quarantaine[footnote]Entretien men\u00e9 20 juin 2023 avec Anatole, 53 ans, homme d\u2019affaire \u00e0 Yaound\u00e9 au quartier Emombo.[\/footnote]. Les membres de cette famille ont affirm\u00e9 d\u00e9poser de la nourriture pour leur m\u00e8re \u00e0 l\u2019entr\u00e9e de sa chambre et se retiraient sans pouvoir la voir, telle une prisonni\u00e8re. De m\u00eame, l\u2019on pourrait prendre le cas des \u00ab\u00a0familles communautaires\u00a0\u00bb. Dans ces derni\u00e8res, l\u2019on constate un d\u00e9centrement du regard sur la famille comme une donn\u00e9e naturelle vers celui de la famille comme un construit social, produit de mobilisation (Brossier, 2010, p.\u00a0659). L\u2019on peut citer dans ce sillage les organisations de la soci\u00e9t\u00e9 civile, \u00e0 l\u2019instar des organisations religieuses.<\/p>\r\n<p style=\"text-align: justify\">Les couvents ont aussi \u00e9t\u00e9 touch\u00e9s par les effets de la pand\u00e9mie \u00e0 Covid-19. En effet, les religieuses contamin\u00e9es ne pouvaient plus pratiquer les exercices communautaires (manger \u00e0 la m\u00eame table, prier, participer \u00e0 la messe, etc.) avec leurs cons\u0153urs du fait de la mise en quarantaine dans leur chambre, confiait une religieuse contamin\u00e9e \u00e0 la suite de son r\u00e9tablissement[footnote]Entretien men\u00e9 le 19 juin 2023 avec la S\u0153ur Ang\u00e8le, 41 ans, religieuse catholique \u00e0 Douala au quartier Deido.[\/footnote]. Au rang des effets non n\u00e9gligeables de la pand\u00e9mie \u00e0 Covid-19, il y a aussi les imp\u00e9ratifs de l\u2019\u00e9ducation via les Technologies de l\u2019Information et de la Communication et du t\u00e9l\u00e9travail. Le syst\u00e8me \u00e9ducatif a connu une mutation. C\u2019est ainsi que l\u2019\u00e9ducation <em>in situ<\/em> est pass\u00e9e \u00e0 l\u2019\u00e9ducation via les Technologies de l\u2019Information et de Communication (TIC). Les \u00c9tats modernes ont trouv\u00e9 des palliatifs au syst\u00e8me d'enseignement classique dit conventionnel\u00a0:<\/p>\r\n\r\n<blockquote>\r\n<p style=\"text-align: justify\">L\u2019\u00e9cole a \u00e9t\u00e9 oblig\u00e9e d\u2019adopter les cours en mode virtuel pendant la p\u00e9riode de confinement. Les \u00e9l\u00e8ves et les enseignants restent chez eux, mais doivent collaborer p\u00e9dagogiquement afin de ne pas rater l\u2019ann\u00e9e acad\u00e9mique. C\u2019est une instruction officielle d\u00e8s l\u2019annonce de la fermeture des milieux de formation par le Premier Ministre Chef du Gouvernement le 17 avril 2020. Les Minist\u00e8res en charge de l\u2019\u00e9ducation ont encourag\u00e9 des initiatives dans ce sens. Cependant, les initiatives prises par l\u2019enseignement sup\u00e9rieur, les enseignements secondaires et l\u2019\u00e9ducation de base ne sont pas identiques (Bouba, 2021, p.\u00a0159).<\/p>\r\n<\/blockquote>\r\n<p style=\"text-align: justify\">Dans le souci une instruction permanente de la population, le savoir leur est dor\u00e9navant transmis \u00e0 travers des modes virtuels. Ce qui met en avant le <em>E-learning, <\/em>c'est-\u00e0-dire l'enseignement via l'outil informatique et technologique comme solution \u00e0 la crise de l'\u00e9ducation occasionn\u00e9e par la pand\u00e9mie \u00e0 Covid-19 au Cameroun. Dans l'optique de r\u00e9pondre efficacement \u00e0 ce probl\u00e8me, les heures de cours ont \u00e9t\u00e9 r\u00e9am\u00e9nag\u00e9es (Tsague, 2022). En effet, les cours se d\u00e9roulaient en deux vagues\u00a0: une vague qui finit \u00e0 midi et une autre qui commence \u00e0 cette tranche horaire. D\u2019ailleurs, Mah pense que<\/p>\r\n\r\n<blockquote>\r\n<p style=\"text-align: justify\">L\u2019av\u00e8nement de la pand\u00e9mie du si\u00e8cle, le Covid-19 en 2020 a boulevers\u00e9 les pratiques p\u00e9dagogiques existantes dans les institutions scolaires et acad\u00e9miques au Cameroun. Afin d\u2019\u00e9viter une ann\u00e9e blanche pour les apprenants camerounais, le gouvernement a, en mati\u00e8re \u00e9ducative, instaur\u00e9 la continuation des enseignements via les plateformes num\u00e9riques (2021, p.\u00a02519).<\/p>\r\n<\/blockquote>\r\n<p style=\"text-align: justify\">C\u2019est dans cette mouvance que les Universit\u00e9s de Yaound\u00e9 I, II et de Douala ont institu\u00e9 le <em>E-learning<\/em>. Du c\u00f4t\u00e9 de l\u2019enseignement secondaire,\u00a0le Cameroun a opt\u00e9 pour l\u2019\u00e9ducation \u00e0 distance en mettant \u00e0 profit la chaine de t\u00e9l\u00e9vision nationale, la <em>Cameroon Radio Television<\/em> (CRTV); d\u2019autres canaux num\u00e9riques ont \u00e9t\u00e9 mobilis\u00e9s pour dispenser les cours aux \u00e9l\u00e8ves des classes d\u2019examen (Mandeng <em>et al<\/em>., 2021, p.\u00a0121).<\/p>\r\n\r\n<blockquote>\r\n<p style=\"text-align: justify\">Les Minist\u00e8res des Enseignements Secondaires et de l\u2019\u00c9ducation de Base ont d\u00e9cid\u00e9 d\u2019assurer aux \u00e9l\u00e8ves en classes d\u2019examen, des enseignements \u00e0 travers la t\u00e9l\u00e9vision et la radio nationales. [\u2026] Il a \u00e9t\u00e9 question de proc\u00e9der \u00e0 l\u2019enregistrement des cours et \u00e0 leur diffusion \u00e0 la t\u00e9l\u00e9vision et \u00e0 la radio pour compl\u00e9ter les cours en pr\u00e9sentiel, sans oublier la phase de pr\u00e9paration des \u00e9l\u00e8ves aux examens, notamment \u00e0 travers le traitement des exercices types et les r\u00e9visions (Bouba, 2021, p.\u00a0159).<\/p>\r\n<\/blockquote>\r\n<p style=\"text-align: justify\">Cependant, le choix du num\u00e9rique comme solution \u00e0 la crise du syst\u00e8me \u00e9ducatif occasionn\u00e9e par la pand\u00e9mie met en avant la question du co\u00fbt que cela entraine. D\u2019o\u00f9 l\u2019\u00e9mergence des effets n\u00e9gatifs au plan \u00e9conomique. La mobilisation des TIC par les familles n'a pas \u00e9t\u00e9 facile, car l\u2019acquisition des outils de communication et de t\u00e9l\u00e9communication n'est pas \u00e0 la bourse de tous et de toutes. De l\u2019\u00e9tude men\u00e9e par <em>Elearning Africa<\/em> aupr\u00e8s de Tshepo, sp\u00e9cialiste des TIC vivant au Botswana et Shirley, directrice marketing vivant en Namibie, il ressort respectivement que<\/p>\r\n\r\n<blockquote>\r\n<p style=\"text-align: justify\">les obstacles les plus importants ont \u00e9t\u00e9 le manque d\u2019un environnement ad\u00e9quat d\u2019apprentissage \u00e0 domicile, le manque d\u2019acc\u00e8s aux technologies et les risques de sant\u00e9 auxquels les \u00e9l\u00e8ves scolaris\u00e9s ont \u00e9t\u00e9 expos\u00e9s. Aussi, [\u2026] les apprenants \u00e9voluant dans diff\u00e9rents contextes sont affect\u00e9s pour diverses raisons (<em>Elearning Africa<\/em>, 2020, p.\u00a025).<\/p>\r\n<\/blockquote>\r\n<p style=\"text-align: justify\">Le t\u00e9l\u00e9travail, entendu comme une activit\u00e9 professionnelle exerc\u00e9e \u00e0 distance, a \u00e9t\u00e9 adopt\u00e9 comme plate-forme d'\u00e9change et cadre de rassemblement pour la tenue des r\u00e9unions virtuelles. Dans cette logique, le Pr\u00e9sident de la R\u00e9publique du Cameroun instruit aux administrations publiques de privil\u00e9gier les moyens de communication \u00e9lectroniques et les outils num\u00e9riques pour les r\u00e9unions susceptibles de regrouper plus de 10 personnes (Nsegbe <em>et al<\/em>., 2023). En effet, les rassemblements publics de plus de 50 personnes \u00e9taient interdits sur toute l'\u00e9tendue du territoire camerounais.<\/p>\r\n<p style=\"text-align: justify\">Dans un tel contexte, certain\u00b7s parent\u00b7es sont appel\u00e9\u00b7es \u00e0 travailler \u00e0 la maison. Les enfants, quant \u00e0 eux et elles, s\u2019exercent \u00e0 la maison et se rendent \u00e0 l\u2019\u00e9cole \u00e0 temps partiel. De ce fait, des cours sont dispens\u00e9s \u00e0 distance, notamment \u00e0 travers la t\u00e9l\u00e9vision, par l\u2019interm\u00e9diaire des t\u00e9l\u00e9phones portables, des ordinateurs ou des tablettes (<em>E-learning<\/em>), rendant difficile le contr\u00f4le parental et ouvrant ainsi la voie aux d\u00e9rives du num\u00e9rique. De plus, les enfants peuvent, sous pr\u00e9texte, visionner et\/ou t\u00e9l\u00e9charger des contenus de cours et acc\u00e9der \u00e0 des sites d\u00e9conseill\u00e9s \u00e0 leurs \u00e2ges.<\/p>\r\n<p style=\"text-align: justify\">Au-del\u00e0, des \u00e9tudes men\u00e9es en Afrique en p\u00e9riode de Covid-19 ont r\u00e9v\u00e9l\u00e9 que<\/p>\r\n\r\n<blockquote>\r\n<p style=\"text-align: justify\">les initiatives d\u2019apprentissage \u00e0 distance propos\u00e9es par les gouvernements, les \u00e9coles et les enseignants ont \u00e9t\u00e9 inefficaces \u00e0 cause\u00a0: du non-acc\u00e8s aux infrastructures et technologies efficaces (44\u00a0%); du non-acc\u00e8s \u00e0 l\u2019\u00e9lectricit\u00e9 et \u00e0 la connectivit\u00e9 abordables et accessibles (49\u00a0%); du non-acc\u00e8s aux appareils TIC appropri\u00e9s (30\u00a0%); de l\u2019inexistence d\u2019un bon environnement d\u2019apprentissage \u00e0 domicile (23\u00a0%); du non-acc\u00e8s aux supports d\u2019apprentissage et \u00e0 un programme appropri\u00e9 (11\u00a0%) et du manque de renforcement des capacit\u00e9s, de d\u00e9veloppement personnel et de formation (71\u00a0%) (<em>Elearning Africa<\/em>, 2020, p.\u00a024).<\/p>\r\n<\/blockquote>\r\n<h3 style=\"text-align: justify\">Les branle-bas \u00e9conomiques<\/h3>\r\n<p style=\"text-align: justify\">Les effets de la crise du Covid-19 sur le plan \u00e9conomique se traduisent par la baisse des revenus et l\u2019augmentation des charges des m\u00e9nages. C\u2019est un ph\u00e9nom\u00e8ne plus perceptible dans les m\u00e9nages monoparentaux o\u00f9 le parent exerce dans le secteur informel. \u00ab\u00a0En effet, le confinement total ou partiel impos\u00e9 par le Gouvernement a caus\u00e9 la perte d\u2019emplois de plusieurs responsables de famille\u00a0\u00bb (Ehode, 2022, p.\u00a0507 et p.\u00a0508). Les employ\u00e9\u00b7es du secteur informel ont subi les effets de la crise diff\u00e9remment. En g\u00e9n\u00e9ral, les d\u00e9penses en mati\u00e8re de nutrition, de sant\u00e9 et d\u2019impr\u00e9vus ont explos\u00e9es. Pour preuve, le g\u00e9rant d\u2019un bar a vu son chiffre d\u2019affaires chuter drastiquement suite au couvre-feu impos\u00e9 sur l\u2019horaire de fermeture (Nsegbe <em>et al<\/em>., 2023), la gestion quotidienne des besoins basiques de son foyer se trouvant ainsi compromise[footnote]Entretien men\u00e9 le 19 juin 2023 aupr\u00e8s de Basile, 47 ans, fonctionnaire \u00e0 Douala au quartier Kotto.[\/footnote]. De plus, l\u2019am\u00e9nagement de l'espace de travail \u00e0 la maison induit certains co\u00fbts qui vont de la conception du local \u00e0 son \u00e9quipement. L\u2019acquisition du mat\u00e9riel technologique et du mobilier de bureau incombait aux utilisateurs et utilisatrices dans la majorit\u00e9 des cas.<\/p>\r\n<p style=\"text-align: justify\">L\u2019expression \u00ab confinement en famille \u00bb renvoie au cas o\u00f9 l\u2019on retrouve un\u00b7e membre mis\u00b7e en quarantaine dans un domicile familial du fait du virus. Ce qui impose aux autres membres une prise en charge sanitaire de ce dernier ou cette derni\u00e8re. \u00c0 titre d\u2019illustration, un homme en d\u00e9placement de Yaound\u00e9 pour Maroua, apprend lors de son voyage retour que sa femme a contract\u00e9 le virus. Ne pouvant rentrer \u00e0 la maison, il s\u2019est retrouv\u00e9 en train de passer plusieurs nuits \u00e0 l\u2019h\u00f4tel dans l\u2019une des villes de transit (Garoua)[footnote]Entretien men\u00e9 le 20 juin 2023 aupr\u00e8s d\u2019Anatole 53, homme d\u2019affaire \u00e0 Yaound\u00e9 au quartier Emombo.[\/footnote]. Ce qui a eu des incidences aussi bien \u00e9motionnelles que financi\u00e8res. L\u2019impact \u00e9motionnel se justifie par le fait qu'il ne pouvait pas rentrer aupr\u00e8s de sa famille dans l\u2019imm\u00e9diat pour consoler les enfants et soutenir son \u00e9pouse. Aussi ses finances ont-elles suffisamment \u00e9t\u00e9 affect\u00e9es, car il s\u2019est retrouv\u00e9 contraint de d\u00e9penser davantage de l\u2019argent pour son h\u00e9bergement et sa restauration.<\/p>\r\n<p style=\"text-align: justify\">Bien plus, les nombreux effets de la pand\u00e9mie sur la situation socio\u00e9conomique des familles sont li\u00e9s au d\u00e9veloppement des tout-petits. Des \u00e9tudes r\u00e9v\u00e8lent en effet que les enfants vivant dans la pauvret\u00e9 pr\u00e9sentent plus de risques de d\u00e9velopper des difficult\u00e9s scolaires d\u00e8s leur entr\u00e9e \u00e0 l\u2019\u00e9cole et tout au long de leur parcours scolaire (Couillard, 2020). Pour preuve, les besoins basiques de l'enfant doivent \u00eatre satisfaits pour qu'il ou elle puisse acqu\u00e9rir les capacit\u00e9s maximales n\u00e9cessaires \u00e0 son \u00e9ducation formelle. Au rang de celles-ci, le droit \u00e0 la nutrition qui est un droit fondamental. Ce qui met au centre des d\u00e9bats la question de la nutrition en p\u00e9riode de crise sanitaire. Cependant, la pand\u00e9mie aussi eu des effets positifs.<\/p>\r\n\r\n<h2 style=\"text-align: justify\">Vers une reconfiguration des perceptions endog\u00e8no-familiales<\/h2>\r\n<p style=\"text-align: justify\">Le confinement partiel en tant que mesure gouvernementale prise pour faire face aux ravages du Covid-19 impose une prise en charge rigoureuse. Dans cette dynamique, la famille apparait, \u00e0 c\u00f4t\u00e9 de l\u2019\u00c9tat et ses entit\u00e9s de la sant\u00e9 publique, comme l\u2019acteur nodal. L\u2019impl\u00e9mentation d\u2019une telle politique n\u2019est pas sans impact sur le v\u00e9cu des familles au sein desquelles la maladie s\u00e9vit. Malgr\u00e9 la pl\u00e9thore d\u2019effets n\u00e9gatifs caus\u00e9s par la pand\u00e9mie, des effets positifs en \u00e9mergent. Ces effets sont perceptibles dans les m\u00e9nages gr\u00e2ce aux concours de la famille et de l\u2019\u00c9tat.<\/p>\r\n\r\n<h3 style=\"text-align: justify\">La consolidation des liens familiaux<\/h3>\r\n<p style=\"text-align: justify\">Dans les m\u00e9nages o\u00f9 les parents travaillent \u00e0 plein temps, le confinement les contraint \u00e0 \u00eatre plus pr\u00e9sents \u00e0 la maison pour leurs conjoint\u00b7es, enfants et autres r\u00e9sidant\u00b7es. Les liens familiaux se trouvent ainsi renforc\u00e9s par la r\u00e9alisation des t\u00e2ches domestiques, notamment la lessive, le m\u00e9nage, la cuisine, la vaisselle, le rangement, etc. Le fait que la mise en quarantaine se fasse \u00e0 la maison favorise aussi le d\u00e9veloppement de l\u2019affect. \u00catre entour\u00e9\u00b7e par les membres de sa famille lorsqu\u2019on est en situation asymptomatique facilite la gu\u00e9rison et la consolidation des liens. Ceci a pour effet de rehausser le r\u00f4le de la famille en tant qu\u2019entit\u00e9 sur laquelle repose la r\u00e9ussite de la politique gouvernementale de lutte contre la pand\u00e9mie. L\u2019on aurait pens\u00e9 que, de fa\u00e7on syst\u00e9matique, les personnes contamin\u00e9es sont isol\u00e9es et rejet\u00e9es par leurs proches qui ont peur \u00e0 leur tour d\u2019\u00eatre atteint\u00b7es par le Covid, mais cela n\u2019a pas toujours \u00e9t\u00e9 le cas. D\u2019apr\u00e8s les personnes interrog\u00e9es au sujet de leur quotidien avec les personnes infect\u00e9es en p\u00e9riode de Covid-19, 44 ont affirm\u00e9 que la famille a manifest\u00e9 de l\u2019affection \u00e0 leur \u00e9gard. Ainsi, la famille n\u2019a pas d\u00e9laiss\u00e9 sa fonction d\u2019encadrement de ses membres au profit du respect scrupuleux des mesures impos\u00e9es. Bien que la riposte soit prise en compte, la famille cherche \u00e0 sauvegarder ce lien de fraternit\u00e9 qui la caract\u00e9rise.<\/p>\r\n<p style=\"text-align: justify\">La lutte contre la prolif\u00e9ration du virus am\u00e8ne les m\u00e9nages a observ\u00e9 les r\u00e8gles d\u2019hygi\u00e8ne et de salubrit\u00e9\u00a0: se laver les mains (avec du gel hydro-alcoolique ou du savon et l\u2019eau coulante), \u00e9viter les embrassades, porter le masque et tenir la maison propre.\u00a0En effet, se nettoyer r\u00e9guli\u00e8rement les mains pr\u00e9vient\/\u00e9loigne de certaines maladies virales et des infections microbiennes. Gr\u00e2ce au respect des mesures barri\u00e8res, les maladies dites opportunistes caus\u00e9es par le manque d\u2019hygi\u00e8ne sont r\u00e9duites. Sans le vouloir, les mains qui sont la plupart du temps utilis\u00e9es pour se nourrir, se saluer, se frotter les parties sensibles se trouvent ainsi assainies et le risque de contagion est r\u00e9duit.<\/p>\r\n<p style=\"text-align: justify\">La limitation des contacts physiques du fait de la pand\u00e9mie a pour effet d\u2019\u00e9viter les contaminations diverses (les h\u00e9patites A, B et C, la tuberculose, la grippe, etc.) via le transfert des liquides et s\u00e9cr\u00e9tions biologiques (salive, sang, sueur, etc.). Le port du cache-nez limite la transmission des maladies par les postillons (\u00e9ternuements et toux). Des contacts \u00e9troits avec une personne infect\u00e9e sont susceptibles de propager une maladie\u00a0: m\u00eame lieu de vie, contact direct \u00e0 moins d\u2019un m\u00e8tre lors d\u2019une toux, d\u2019\u00e9ternuement ou d\u2019une discussion en l\u2019absence de mesures de protection. Un des autres vecteurs privil\u00e9gi\u00e9s de la transmission du virus est le contact des mains non lav\u00e9es avec le visage (Cdg60, 2021, p.\u00a01).<\/p>\r\n<p style=\"text-align: justify\">De plus, Il n\u2019est pas \u00e9vident d\u2019adopter le cache-nez comme pratique, car certaines personnes affirment s\u2019\u00e9touffer. Cependant, son usage r\u00e9duit la prolif\u00e9ration des virus de la grippe et prot\u00e8ge ainsi les familles face \u00e0 cette maladie contagieuse. L\u2019analyse des effets positifs de la pand\u00e9mie dans le cadre de vie s\u2019av\u00e8re importante. En effet, l\u2019\u00e9loignement de ce fl\u00e9au passe par la propret\u00e9 de l\u2019espace vital pour l\u2019\u00eatre humain. Combattre le coronavirus implique l\u2019a\u00e9ration des locaux, la d\u00e9sinfection des endroits en contact r\u00e9gulier avec les mains, \u00e0 l\u2019instar des poign\u00e9es de portes, des interrupteurs, des \u00e9clairages, des surfaces des claviers et ordinateurs, des robinets, des mobiliers et fen\u00eatres de maison.<\/p>\r\n<p style=\"text-align: justify\">La sauvegarde propre de l\u2019espace habitable lutte contre l\u2019installation des vecteurs de maladie tels que les mouches, les moustiques, etc. Ainsi, garder la maison propre en p\u00e9riode de Covid prot\u00e8ge les m\u00e9nages et met \u00e0 l\u2019abri des maladies comme le paludisme, le chol\u00e9ra, la fi\u00e8vre typho\u00efde, etc.<\/p>\r\n\r\n<h3 style=\"text-align: justify\">Le d\u00e9veloppement des petits m\u00e9tiers<\/h3>\r\n<p style=\"text-align: justify\">Le confinement partiel observ\u00e9 au Cameroun n\u2019a pas eu que des effets n\u00e9fastes sur le quotidien des familles. Des effets positifs subsistent et tendent m\u00eame parfois \u00e0 enjoliver et faciliter l\u2019observation de ces mesures de riposte anti-covid. C\u2019est pr\u00e9cis\u00e9ment dans cette dynamique que sur<\/p>\r\n\r\n<blockquote>\r\n<p style=\"text-align: justify\">Le plan \u00e9conomique, malgr\u00e9 de nombreux effets n\u00e9gatifs, plusieurs groupes de jeunes hommes et femmes se sont lanc\u00e9s dans des activit\u00e9s innovantes en lien avec la production du mat\u00e9riel de protection sur l\u2019ensemble du territoire national surtout dans les grandes villes. Les gar\u00e7ons fabriquent les seaux \u00e0 robinet pour le lavage des mains, les hommes et femmes sont dans la fabrication des gels hydro alcooliques, du savon et masques. D\u2019autres personnes, notamment les jeunes, se sont repli\u00e9s vers leurs villages pour cultiver\u00a0(Care, 2020, p.\u00a017).<\/p>\r\n<\/blockquote>\r\n<p style=\"text-align: justify\">Les effets positifs de la pand\u00e9mie sont visibles sur le plan relationnel. L\u2019une des exigences de la riposte est le respect de la distanciation sociale. Si au sein de certains m\u00e9nages cette mesure n\u2019a pas toujours \u00e9t\u00e9 suivie, dans d\u2019autres, cette situation a plut\u00f4t contribu\u00e9 \u00e0 rapprocher ses membres. La fabrication des solutions et gels hydro-alcooliques et savons, par exemple, n\u00e9cessite le franchissement de plusieurs \u00e9tapes, indiquant un travail \u00e0 la cha\u00eene de tous\/toutes ceux et celles qui s\u2019y mettent. De l\u2019avis de Brahim, un habitant de Yaound\u00e9, \u00ab\u00a0cette saine collaboration est b\u00e9n\u00e9fique pour la famille aussi bien sur le plan \u00e9conomique que sur le plan relationnel. Tous les habitants de la maison se sentent en confiance\u00a0\u00bb[footnote]Entretien men\u00e9 le 21 juin 2024 aupr\u00e8s de Brahim, 29 ans, \u00e9tudiant \u00e0 Yaound\u00e9 au quartier Ngoa-\u00e9k\u00e9ll\u00e9.[\/footnote].<\/p>\r\n<p style=\"text-align: justify\">De m\u00eame, certaines couturi\u00e8res, ne pouvant plus se rendre dans leur atelier \u00e0 cette p\u00e9riode, transmettent le savoir-faire \u00e0 leurs enfants \u00e0 la maison en commen\u00e7ant par la confection des cache-nez. Celles-ci contribuent \u00e0 leur niveau \u00e0 la lutte contre le ch\u00f4mage des personnes dont elles ont la charge, leur \u00e9vitant ainsi la peur du lendemain. \u00ab\u00a0Les enfants \u00e9taient contents de m\u2019aider \u00e0 confectionner les patrons des diff\u00e9rents mod\u00e8les \u00e0 coudre\u00a0\u00bb, confia l\u2019une d\u2019elles[footnote]Entretien men\u00e9 le 25 juin 2024 avec Th\u00e9r\u00e8se, 43 ans, couturi\u00e8re \u00e0 Douala au quartier Logpom.[\/footnote].<\/p>\r\n\r\n<h3 style=\"text-align: justify\">L\u2019accompagnement des patient\u00b7es du Covid-19 aux plans national et international<\/h3>\r\n<p style=\"text-align: justify\">La prise en charge des patient\u00b7es Covid rel\u00e8ve prioritairement de la famille. Pour la majeure partie des enqu\u00eat\u00e9\u00b7es, la quarantaine \u00e0 la maison pendant la crise du Covid-19 n\u2019a pas \u00e9t\u00e9 facile. Les membres des familles vivent diff\u00e9remment cette situation. Tandis que certain\u00b7es rejettent une personne contamin\u00e9e, d\u2019autres par contre lui manifestent de l\u2019empathie. Cependant, quatre (04) personnes interrog\u00e9es ont admis qu'une partie de la famille \u00e9tait pr\u00e9sente pour soutenir leur malade contre 69 qui ont affirm\u00e9 avoir eu peur d'approcher les personnes contamin\u00e9es et ont pr\u00e9f\u00e9r\u00e9 respecter la distanciation sociale.<\/p>\r\n<p style=\"text-align: justify\">Au-del\u00e0 du <em>take care <\/em>familial, la prise en charge des patient\u00b7es se fait au plan national par l\u2019\u00c9tat et ses d\u00e9partements minist\u00e9riels et au plan international par le biais de ses partenaires internationaux, des Organisations Internationales (OI), des Organisations Inter-Gouvernementales (OIG) et des Organisations Non-Gouvernementales (ONG).<\/p>\r\n<p style=\"text-align: justify\">Au regard de la vitesse de la propagation du coronavirus, la communaut\u00e9 internationale a d\u00e9cid\u00e9 de lui opposer une riposte globale. En ce sens, l\u2019Organisation Mondiale de la Sant\u00e9 a \u00e9t\u00e9 la structure op\u00e9rationnelle la mieux plac\u00e9e pour penser les strat\u00e9gies efficaces de lutte contre cette nouvelle pand\u00e9mie. C\u2019est dans cette mouvance que<\/p>\r\n\r\n<blockquote>\r\n<p style=\"text-align: justify\">Pour tenter d\u2019enrailler les effets sans cesse pervers de cette maladie aux d\u00e9veloppements toujours plus chaotiques, tous les Gouvernements sont engag\u00e9s, sous le leadership scientifique de l\u2019OMS, dans une riposte globale, multisectorielle et coordonn\u00e9e ramenant \u00e0 l\u2019ordre du jour non seulement les principes du multilat\u00e9ralisme dans la conduite des affaires mondiales, mais aussi et surtout, en encourageant en interne une synergie d\u2019actions avec les acteurs infra-\u00e9tatiques, dans une d\u00e9marche de compl\u00e9mentarit\u00e9 (Ngu\u00e9l\u00e9 Abada, 2021, p.\u00a0190).<\/p>\r\n<\/blockquote>\r\n<p style=\"text-align: justify\">La prise en charge de la personne infect\u00e9e se fait par plusieurs entit\u00e9s\u00a0: la famille nucl\u00e9aire, la famille \u00e9loign\u00e9e, les proches et connaissances, le corps m\u00e9dical et les organisations internationales. Toutefois, l\u2019\u00c9tat reste le principal acteur en charge de la gestion des patient\u00b7es atteint\u00b7es du Covid. Le r\u00f4le jou\u00e9 par la famille dans le respect du confinement n\u2019occulte pas celui d\u00e9volu \u00e0 l\u2019\u00c9tat en sa qualit\u00e9 de principal acteur en mati\u00e8re de gestion de la pand\u00e9mie du coronavirus. Ses actions se d\u00e9clinent en l\u2019accompagnement des personnes contamin\u00e9es \u00e0 travers leur prise en charge et la mise sur pied des strat\u00e9gies de sensibilisation par divers canaux. Dans le domaine sanitaire, dans le but de lutter contre le virus et r\u00e9duire le nombre de malades, l\u2019\u00c9tat a renforc\u00e9 sa coop\u00e9ration internationale et a acquis des vaccins anti-covid. De plus, il a facilit\u00e9 la prise en charge des malades. En pr\u00e9sentiel ou \u00e0 distance (t\u00e9l\u00e9m\u00e9decine), les soins et conseils prodigu\u00e9s par le corps m\u00e9dical ont soulag\u00e9 de nombreuses familles.<\/p>\r\n<p style=\"text-align: justify\">La sensibilisation a \u00e9galement \u00e9t\u00e9 mobilis\u00e9e par l\u2019\u00c9tat et ses partenaires. Pour le Programme des nations unies pour le d\u00e9veloppement (PNUD), \u00ab\u00a0une bonne communication aiderait \u00e0 accro\u00eetre l\u2019efficacit\u00e9 des mesures et \u00e0 r\u00e9duire les impacts n\u00e9gatifs\u00a0\u00bb (PNUD, 2020, p.\u00a022). Ce qui a pouss\u00e9 le gouvernement camerounais \u00e0 exercer une politique accrue de sensibilisation des m\u00e9nages sur les bienfaits de l\u2019adoption des mesures de lutte contre le Covid-19, dont le confinement partiel. Le respect scrupuleux de cette mesure, selon les autorit\u00e9s, limiterait consid\u00e9rablement la propagation de la maladie pour le bien-\u00eatre des m\u00e9nages. C\u2019est la raison pour laquelle presque tous les outils d\u2019information et de communication (radio, t\u00e9l\u00e9vision, r\u00e9seaux sociaux, etc.) ont \u00e9t\u00e9 mis \u00e0 contribution.<\/p>\r\n<p style=\"text-align: justify\">Au-del\u00e0 de l\u2019impact sanitaire, les actions de l\u2019\u00c9tat ont eu des cons\u00e9quences \u00e9conomiques \u00e0 travers la cr\u00e9ation d\u2019emplois, voire une reconversion professionnelle temporaire ou d\u00e9finitive. Plusieurs m\u00e9nages en ont b\u00e9n\u00e9fici\u00e9. Certains porte-fanions des familles se sont transform\u00e9\u00b7es temporairement en vendeurs et vendeuses de gels hydro-alcooliques et\/ou de masques. Une couturi\u00e8re interview\u00e9e dans la ville de Yaound\u00e9 a affirm\u00e9 s\u2019\u00eatre reconvertie \u00e0 la couture des masques faciaux, beaucoup plus rentables \u00e0 ce moment. Ce qui atteste que l\u2019av\u00e8nement de la pand\u00e9mie a ouvert le march\u00e9 \u00e0 certains gadgets (Bitsoumanou, 2020).<\/p>\r\n<p style=\"text-align: justify\">L\u2019\u00c9tat se fait \u00e9pauler dans sa lutte acharn\u00e9e contre la pand\u00e9mie par ses partenaires internationaux.\u00a0C\u2019est le constat fait par Ngu\u00e9l\u00e9 Abada\u00a0:<\/p>\r\n\r\n<blockquote>\r\n<p style=\"text-align: justify\">En vue d\u2019apporter leurs pierres \u00e0 l\u2019\u00e9difice dans l\u2019\u00e9radication de la pand\u00e9mie, les Pays amis du Cameroun ainsi que certaines ONG, sous le leadership de l\u2019Organisation Mondiale de la Sant\u00e9 (OMS), ne sont pas rest\u00e9s indiff\u00e9rents. C\u2019est ainsi que le Cameroun a re\u00e7u des aides financi\u00e8res et mat\u00e9rielles importantes, des pr\u00eats et assistances m\u00e9dicales, assistance en esp\u00e8ces (2021, p.\u00a0193).<\/p>\r\n<\/blockquote>\r\n<p style=\"text-align: justify\">Au rang des actions notoires des partenaires internationaux, l\u2019octroi au gouvernement camerounais des vaccins anti-covid \u00e0 administrer gratuitement \u00e0 sa population \u00e0 titre pr\u00e9ventif et curatif. L\u2019on peut aussi citer des thermoflashs, des r\u00e9actifs de laboratoire et d\u2019\u00e9couvillons (OMS Cameroun, 2020, p.\u00a016). En effet, la s\u00e9curit\u00e9 est l\u2019un des droits fondamentaux de l\u2019homme dont il est n\u00e9cessaire de toujours assurer. D\u2019ailleurs, Shalon rel\u00e8ve que \u00ab\u00a0la primaut\u00e9 des droits de l\u2019homme vise \u00e0 surpasser les approches classiques de la s\u00e9curit\u00e9, en levant les obstacles li\u00e9s \u00e0 la protection des droits socio-\u00e9conomiques et politiques des individus. Cette primaut\u00e9 d\u00e9fend une asym\u00e9trie entre le droit \u00e0 la vie, au logement et \u00e0 la libert\u00e9 d\u2019expression qui doit \u00eatre respect\u00e9e en tout temps\u00a0\u00bb (2021, p.\u00a094). Ce qui justifie les mesures prises par l\u2019\u00c9tat en p\u00e9riode Covid-19\u00a0:<\/p>\r\n\r\n<blockquote>\r\n<p style=\"text-align: justify\">les fronti\u00e8res terrestres, a\u00e9riennes et maritimes du Cameroun seront ferm\u00e9es et tous les vols passagers en provenance de l\u2019\u00e9tranger suspendus; la d\u00e9livrance des visas d\u2019entr\u00e9e au Cameroun aux diff\u00e9rents a\u00e9roports est suspendue; tous les \u00e9tablissements publics et priv\u00e9s de formation relevant des diff\u00e9rents ordres d\u2019enseignement, de la maternelle au sup\u00e9rieur, y compris les centres de formation professionnelle et les grandes \u00e9coles seront ferm\u00e9s [\u2026] les administrations publiques devront privil\u00e9gier les moyens de communication \u00e9lectronique et les outils num\u00e9riques pour les r\u00e9unions susceptibles de regrouper plus de dix (10) personnes; les missions \u00e0 l\u2019\u00e9tranger des membres du Gouvernement et des agents du secteur public et parapublic sont suspendues et les populations sont invit\u00e9es \u00e0 observer strictement les mesures d\u2019hygi\u00e8ne recommand\u00e9es par\u00a0l\u2019Organisation Mondiale de la Sant\u00e9 (Nsegbe <em>et al<\/em>.\u00a0, 2023, p.\u00a0424).<\/p>\r\n<\/blockquote>\r\n<p style=\"text-align: justify\">\u00c0 cela, s\u2019ajoutent \u00ab\u00a0se laver les mains (ou utiliser une solution hydro-alcoolique); tousser ou \u00e9ternuer dans son coude ou dans un mouchoir; utiliser un mouchoir \u00e0 usage unique et le jeter; ne pas toucher son visage avec des mains; saluer sans se serrer les mains et \u00e9viter les embrassades\u00a0\u00bb\u00a0(Va\u00efdjike et Ndikw\u00e9, 2022, p.\u00a0123); utiliser le cache-nez et respecter la distanciation sociale qui est d\u2019un m\u00e8tre.<\/p>\r\n\r\n<h2 style=\"text-align: justify\">Conclusion<\/h2>\r\n<p style=\"text-align: justify\">La pand\u00e9mie \u00e0 coronavirus a impos\u00e9 aux soci\u00e9t\u00e9s contemporaines l\u2019adoption de certaines mesures sanitaires. L\u2019impl\u00e9mentation de ces mesures barri\u00e8res n\u2019est pas sans effets sur le v\u00e9cu des populations. C\u2019est dans cette dynamique qu\u2019apparurent des bouleversements des interactions socio-\u00e9conomiques au sein des familles et la n\u00e9cessit\u00e9 d\u2019une reconfiguration des perceptions endog\u00e9no-familiales de la situation des patient\u00b7es. L\u2019\u00c9tat camerounais, \u00e0 travers ses structures de prise en charge des patient\u00b7es, tend \u00e0 att\u00e9nuer les effets n\u00e9gatifs de la pand\u00e9mie sur le v\u00e9cu des familles par les campagnes de sensibilisation et le travail \u00e0 distance. <em>Primo<\/em>, la sensibilisation se faisait par le biais des jeunes recrut\u00e9\u00b7es par les repr\u00e9sentations d\u00e9concentr\u00e9es du Minist\u00e8re de la Sant\u00e9. Ces jeunes avaient pour mission, sur le terrain, de sensibiliser les m\u00e9nages sur l\u2019importance du respect scrupuleux des mesures barri\u00e8res adopt\u00e9es par l\u2019\u00c9tat et ses partenaires dans la lutte contre la prolif\u00e9ration de la pand\u00e9mie \u00e0 coronavirus et la distribution de certains kits (cache-nez, gel hydro-alcoolique, etc.). <em>Secundo<\/em>, plusieurs patient\u00b7es \u00e9taient suivi\u00b7es \u00e0 domicile par un agent de la sant\u00e9 form\u00e9 et\/ou asserment\u00e9 via le t\u00e9l\u00e9phone ou l\u2019ordinateur. Au regard des impacts de la quarantaine \u00e0 domicile en temps de Covid-19 sur les enfants, \u00e0 l\u2019instar du Canada, le Cameroun gagnerait \u00e0 mettre sur pied des structures d\u2019aide \u00e0 l\u2019enfance et aux familles (Couillard, 2020). L\u2019\u00c9tat pourrait m\u00eame pr\u00e9voir des sanctions p\u00e9cuniaires en cas de non-respect des mesures prises dans la riposte globale aux pand\u00e9mies. Un retour aux pratiques anciennes (la d\u00e9sinfection syst\u00e9matique des m\u00e9nages, services et lieux publics, etc.) en mati\u00e8re de protection de la sant\u00e9 des populations en p\u00e9riode de pand\u00e9mie s\u2019av\u00e8re n\u00e9cessaire.<\/p>\r\n\r\n<h2 class=\"hanging-indent\" style=\"text-align: justify\">R\u00e9f\u00e9rences<\/h2>\r\n<p class=\"hanging-indent\" style=\"text-align: justify\">Bitsoumanou Nkounkou, Junior Gilles Martin. 2020<em>. L\u2019impact de la crise de Covid-19 sur les syst\u00e8mes alimentaires locaux du Congo et la r\u00e9ponse des institutions<\/em>. FAO. En ligne\u00a0: <a href=\"https:\/\/www.fao.org\/in-action\/food-for-cities-programme\/news\/detail\/en\/c\/1300543\/\">https:\/\/www.fao.org\/in-action\/food-for-cities-programme\/news\/detail\/en\/c\/1300543\/<\/a><\/p>\r\n<p class=\"hanging-indent\" style=\"text-align: justify\">Bouba, Bachir. 2021. L\u2019\u00e9cole \u00e0 la maison en p\u00e9riode de lutte contre la pand\u00e9mie du COVID-19 \u00e0 Mokolo dans l\u2019Extr\u00eame-Nord du Cameroun. <em>International Journal of Humanities Social Sciences and Education (IJHSSE)<\/em>, <em>8<\/em>(4), 157-164. DOI: <a href=\"https:\/\/doi.org\/10.20431\/2349-0381.0804014\">https:\/\/doi.org\/10.20431\/2349-0381.0804014<\/a><\/p>\r\n<p class=\"hanging-indent\" style=\"text-align: justify\">Brossier, Marie. 2010. <em>Quand la mobilisation produit de l\u2019institution. Pratiques de la famille et organisations religieuses au S\u00e9n\u00e9gal<\/em>. Th\u00e8se de doctorat de Science politique, Universit\u00e9 Paris 1 Panth\u00e9on\u2010Sorbonne.<\/p>\r\n<p class=\"hanging-indent\" style=\"text-align: justify\">Care Cameroun. 2020. <em>Analyse rapide genre pour Covid-19 Cameroun<\/em>. Rapport.<\/p>\r\n<p class=\"hanging-indent\" style=\"text-align: justify\">Couillard, Kathleen. 2020. COVID-19\u00a0: effets de la crise sur les familles et le d\u00e9veloppement des tout-petits. 2020. <em>Observatoire des tout-petits.<\/em> En ligne\u00a0: <a href=\"https:\/\/tout-petits.org\/publications\/dossiers-web\/covid-19\/covid-19-quels-effets-sur-les-familles-et-le-developpement-des-tout-petits\/\">https:\/\/tout-petits.org\/publications\/dossiers-web\/covid-19\/covid-19-quels-effets-sur-les-familles-et-le-developpement-des-tout-petits\/<\/a><\/p>\r\n<p class=\"hanging-indent\" style=\"text-align: justify\">Centre de gestion (cdg) 60. 2021. D\u00e9sinfection des locaux en p\u00e9riode de pand\u00e9mie (COVID-19), pr\u00e9vention des risques, fiche pratique, 1-5.<\/p>\r\n<p class=\"hanging-indent\" style=\"text-align: justify\">Ehode Elah, Raoul. 2022. \u00c9tat des lieux de l\u2019impact socio\u00e9conomique de la COVID-19 au Cameroun. <em>Revue de l\u2019acad\u00e9mie des sciences du Cameroun<\/em>, 18, 501-513.<\/p>\r\n<p class=\"hanging-indent\" style=\"text-align: justify\">Elearning Africa, 2020. <em>Impact de la pand\u00e9mie de COVID-19 sur l\u2019\u00e9ducation en Afrique et incidence sur le recours aux technologies. Sondage sur l\u2019exp\u00e9rience et les opinions des \u00e9ducateurs et sp\u00e9cialistes de technologies<\/em>. DOI 10.5281\/zenodo.4018774.<\/p>\r\n<p class=\"hanging-indent\" style=\"text-align: justify\">Mah, Bruno C\u00e9lestin. 2021. Covid-19 et vulgarisation du E-Learning \u00e0 l\u2019Universit\u00e9 de Ngaound\u00e9r\u00e9. <em>International Multilingual Journal of science and Technology (IMJST)<\/em>, <em>6<\/em>(2), 2519-2528.<\/p>\r\n<p class=\"hanging-indent\" style=\"text-align: justify\">Mandeng, Guy Armand, Tonye Nkot, Andr\u00e9, Ngo Noungui, Gertrude Lydie et Pandounke Nom, Germaine. 2021. Le droit \u00e0 l\u2019\u00e9ducation face \u00e0 la Covid-19\u00a0: le d\u00e9fis de l\u2019enseignement \u00e0 distance au Cameroun. <em>Revues.acaref.net<\/em>, 11, 117-132.<\/p>\r\n<p class=\"hanging-indent\" style=\"text-align: justify\">Ngu\u00e9l\u00e9 Abada, Marcelin. 2021. L\u2019action multisectorielle de l\u2019\u00c9tat et les d\u00e9fis de la coordination, de la compl\u00e9mentarit\u00e9 et de la coh\u00e9rence. In EIFORCES, l\u2019\u00c9tat africain \u00e0 l\u2019\u00e9preuve de la pand\u00e9mie Covid-19. <em>Revue Africaine de S\u00e9curit\u00e9 Internationale<\/em>, 189-200.<\/p>\r\n<p class=\"hanging-indent\" style=\"text-align: justify\">Nsegbe, Antoine De Padoue, Ndoki D\u00e9sir\u00e9 et Yemmafouo Aristide. 2023. Gouvernance de la Covid-19 et impacts socio-\u00e9conomiques et politiques des mesures prises dans le cadre de la lutte contre la pand\u00e9mie au Cameroun. <em>Les Cahiers d\u2019outre-mer<\/em>, mis en ligne le 1er Janvier 2023, consult\u00e9 le 21 avril 2024. URL\u00a0: http:\/\/journals.openedition.org\/12595; DOI\u00a0: https\u00a0:\/\/doi.org\/10.4000\/com 12595, 419-435.<\/p>\r\n<p class=\"hanging-indent\" style=\"text-align: justify\">ONU. 2020. Les incidences de le Covid-19 en Afrique. <em>Note de synth\u00e8se<\/em>.<\/p>\r\n<p class=\"hanging-indent\" style=\"text-align: justify\">OMS Cameroun. 2020. Covid-19 Infos, <em>Bulletin d\u2019information de l\u2019OMS Cameroun<\/em>, n\u00b01, \u00e9dition sp\u00e9ciale.<\/p>\r\n<p class=\"hanging-indent\" style=\"text-align: justify\">PNUD. 2020. <em>Effets socio\u00e9conomiques potentiels du Covid-19 au Cameroun\u00a0: Une \u00e9valuation sommaire<\/em>. 29p.<\/p>","rendered":"<div class=\"metadata\">\n<p><strong>R\u00e9sum\u00e9&nbsp;: <\/strong><\/p>\n<p style=\"text-align: justify\">L\u2019\u00e9mergence de la pand\u00e9mie \u00e0 coronavirus depuis 2019 partant du continent asiatique en traversant les autres continents a impos\u00e9 \u00e0 la communaut\u00e9 internationale de nouveaux paradigmes. Ce qui n\u2019a pas \u00e9t\u00e9 sans cons\u00e9quences sur les relations inter\u00e9tatiques, nationales voire familiales. Sur les relations familiales, les donn\u00e9es sont alarmantes. Plus de 270 millions d\u2019infect\u00e9\u00b7es en 2021. En Chine, le taux de divorce \u00e0 l\u2019issue du confinement est \u00e9lev\u00e9. L\u2019Afrique, m\u00eame si tardivement touch\u00e9e par la pand\u00e9mie n\u2019est pas en reste. Le Cameroun comptabilisait environ 107\u00a0662 contamin\u00e9\u00b7es en mi-novembre 2021. Ce qui am\u00e8ne \u00e0 s\u2019interroger sur les effets r\u00e9els de la pand\u00e9mie du Covid-19 sur le v\u00e9cu des familles au Cameroun. Mener une telle recherche en sciences sociales commande de mobiliser des grilles d\u2019analyse telles que le constructivisme et l\u2019interactionnisme symbolique sans omettre l\u2019observation directe et l\u2019exploitation documentaire. L\u2019op\u00e9rationnalisation de ces cadres th\u00e9oriques laisse transpara\u00eetre le caract\u00e8re ambivalent des effets du Covid-19; en ce qu\u2019il a boulevers\u00e9 les interactions socio-\u00e9conomiques et reconfigur\u00e9 les perceptions endog\u00e9no-familiales.<\/p>\n<\/div>\n<div class=\"metadata\">\n<p><strong>Mots-cl\u00e9s&nbsp;: <\/strong><a href=\"https:\/\/www.revues.scienceafrique.org\/adilaaku\/motscles\/cameroun\/\">Cameroun<\/a>, <a href=\"https:\/\/www.revues.scienceafrique.org\/adilaaku\/motscles\/confinement\/\">confinement<\/a>, <a href=\"https:\/\/www.revues.scienceafrique.org\/adilaaku\/motscles\/covid-19\/\">Covid-19<\/a>, <a href=\"https:\/\/www.revues.scienceafrique.org\/adilaaku\/motscles\/effets\/\">effets<\/a>, <a href=\"https:\/\/www.revues.scienceafrique.org\/adilaaku\/motscles\/famille\/\">famille<\/a>, <a href=\"https:\/\/www.revues.scienceafrique.org\/adilaaku\/motscles\/relations\/\">relations<\/a><\/p>\n<\/div>\n<div class=\"metadata\">\n<p><strong>Abstract&nbsp;: <\/strong><\/p>\n<p style=\"text-align: justify\">The emergence of the coronavirus pandemic in 2019, which started in Asia and spread to other continents, has imposed new paradigms on the international community. This has not been without consequences for inter-state, national and even family relations. As far as family relations are concerned, the figures are alarming. More than 270 million people will be infected by 2021. In China, the divorce rate after confinement is high. Africa, although affected late by the pandemic, is not to be outdone. In Cameroon, around 107,662 people were infected in mid-November 2021. This raises questions about the real effects of the Covid-19 pandemic on the lives of families in Cameroon. Social science research of this kind requires the use of analytical frameworks such as constructivism and symbolic interactionism, as well as direct observation and documentary analysis. The operationalisation of these theoretical frameworks reveals the ambivalent nature of the effects of Covid-19, in that it has disrupted socio-economic interactions and reconfigured endogenous-familial perceptions.<\/p>\n<\/div>\n<div class=\"metadata\">\n<p><strong>Keywords&nbsp;: <\/strong><a href=\"https:\/\/www.revues.scienceafrique.org\/adilaaku\/keywords\/cameroon\/\">Cameroon<\/a>, <a href=\"https:\/\/www.revues.scienceafrique.org\/adilaaku\/keywords\/containment\/\">Containment<\/a>, <a href=\"https:\/\/www.revues.scienceafrique.org\/adilaaku\/keywords\/covid-19\/\">Covid-19<\/a>, <a href=\"https:\/\/www.revues.scienceafrique.org\/adilaaku\/keywords\/effects\/\">effects<\/a>, <a href=\"https:\/\/www.revues.scienceafrique.org\/adilaaku\/keywords\/family\/\">family<\/a>, <a href=\"https:\/\/www.revues.scienceafrique.org\/adilaaku\/keywords\/relations\/\">relations<\/a><\/p>\n<\/div>\n<div class=\"metadata\">\n<p><strong>R\u00e9sum\u00e9 (m\u01dd\u0300d\u0289\u0302mb\u0251\u0300)&nbsp;: <\/strong><\/p>\n<p class=\"moz-quote-pre\" style=\"text-align: justify\">Ngo\u0300k\u025bd m\u0251\u0302\u014bw\u0289 covid19 z\u01dd\u0300 a\u0300 na&rsquo; to&rsquo;t\u0259 f\u01dd 2019 nt\u0289\u0302m ng\u0254\u030c Asia nja&rsquo; nk\u0254\u0302nga\u0300 l\u0251 na\u0302&rsquo; gh\u0289\u030c ng\u0254\u0300 sag ku\u0251\u0300 fa ba\u0300t\u0259 z\u01dd\u0300 n\u01dd\u0300 lo\u0300&rsquo; yog yi. Y\u01ddn n\u0251\u0302 gh\u0289\u030c nd\u0289\u0302l\u0251l\u0251 mad n\u01dd\u0300 lo&rsquo; tsw\u0259 yi n\u01dd\u0300t\u025b\u030cd ng\u0254\u030cng\u0254\u0300 mb\u0251\u0300 b\u0251 tu\u030cnnd\u0251 nz\u01dd\u030cnz\u01dd\u030c ba\u0300t\u0259. A b\u01dd \u0251\u0302 nu\u0300 n\u01ddc\u0251m nt\u0289\u0302m mb\u0259&rsquo;y\u0251\u0302m tu\u030cnnd\u0251 nu\u030cmmb\u01dd y\u01ddn ngo\u0300k\u025bd l\u0251 c\u0289b b\u01dd\u0300nnt\u0289\u030cn ncu\u0302&rsquo; 270 nu\u030cm ngu\u030c&rsquo; 2021. Nt\u0289\u0302m ng\u0254\u030c China n\u01dd\u0300 tsw\u01dd b\u01dd\u0302 nda\u030c&rsquo; nt\u0289\u0302m nd\u0251 nu\u030cm n\u01dd\u0300 l\u01dd&rsquo; y\u01dd\u0302n ngo\u0300k\u025bd l\u0251 gh\u0289\u0300 na\u0302nd\u0251 sa m\u0251 y\u0251m\u01dd. Ngo\u0300k\u025bd l\u0251 gh\u0289dni\u030c mb\u0251\u0300 ng\u0254\u030c Afrika m\u0251 y\u0251m\u01dd. Nt\u0289\u0302m \u014bw\u0289\u0302 nso\u0302n\u0251\u030cnd\u0254 nt\u0289\u0302m ngu\u030c&rsquo; 2021, y\u01dd\u0302n ngo\u0300k\u025bd l\u0251 c\u0289b b\u01dd\u0300nnt\u0289\u030cn ngu\u0251\u0302n nco\u0300bb\u0251h\u0251 bo\u0302nntog nco\u0300bnto\u0302g nca\u0302&rsquo; s\u0251\u0300mmb\u0251h\u0251 tu\u0302 nk\u0289 (107.662) nt\u0289\u0302m ng\u0254\u030c Kam\u01ddrun. Nd\u0289\u0302l\u0251l\u0251 gh\u0289\u0302 nd\u0289 bo k\u01dd b\u025bdt\u01dd nd\u0289 b\u0251\u0302 tu\u030cnnd\u0251 cw\u025b\u030cd ng\u0289\u030c \u0251\u0302 nd\u0289\u0302k\u01dd k\u0251 t\u01dd&rsquo;\u01dd bo\u0302 y\u01ddn ngo\u0300k\u025bd l\u0251. N\u01dd\u0300 di\u0251g nu\u0300 mf\u0251 nu\u030cm y\u01dd\u030cn ngo\u0300k\u025bd nt\u0289\u0302m y\u01dd\u0302n ng\u0254\u030c li\u0302 cw\u025b\u030cd nk\u01dd nda&rsquo;t\u01dd mb\u0251\u0300 b\u0251\u0300 a\u0300 lo&rsquo; to&rsquo;t\u01dd yi l\u0251 mb\u025bn nk\u01dd nda&rsquo;t\u01dd mb\u0251\u0300 b\u0251\u0300 tu\u030cnnd\u0251 ndo\u0302&rsquo; nd\u025bn y\u01dd\u0302n ngo\u0300k\u025bd l\u0251\u0302 yi. N\u01dd\u0300 fa\u0300&rsquo; c\u01dd\u0302n cu li\u0302 b\u025bdt\u01dd n\u01dd\u0300 l\u0254t\u01dd mb\u0251\u0300 b\u0251\u0300 tu\u030cnnd\u0251 cw\u025b\u030cd nj\u01ddn ngo\u0300k\u025bd li\u0302 mb\u025b\u0300n nz\u01ddt\u01dd nu\u030cm mu\u0302b n\u01dd\u0300 lo&rsquo; tsw\u01dd yi nt\u0289\u0302m ng\u0254\u0300; m\u01dd\u0300bw\u0254 m\u01dd\u0300bw\u0254 mf\u0251 nu\u030cm cu\u0302 nu\u030c nk\u0251b.<\/p>\n<\/div>\n<div class=\"metadata\">\n<p><strong>Mots-cl\u00e9s (m\u01dd\u0300d\u0289\u0302mb\u0251\u0300)&nbsp;: <\/strong><a href=\"https:\/\/www.revues.scienceafrique.org\/adilaaku\/motscles-autre\/bennt%ca%89n-ngok%c9%9bd-c%ca%89b-yub-la\/\">b\u01dd\u0300nnt\u0289\u0300n ngo\u0300k\u025bd c\u0289b yub l\u0251<\/a>, <a href=\"https:\/\/www.revues.scienceafrique.org\/adilaaku\/motscles-autre\/cob-ju-nt%ca%89%cc%82m-tunnda\/\">cob ju&rsquo; nt\u0289\u0302m tu\u030cnnd\u0251<\/a>, <a href=\"https:\/\/www.revues.scienceafrique.org\/adilaaku\/motscles-autre\/ne-cobte-nt%ca%89%cc%82m-yog-mfa-num-yog-mba-nkab\/\">n\u01dd\u0300 cobt\u01dd nt\u0289\u0302m yo\u0300g mf\u0251\u0300 nu\u030cm yo\u0300g mb\u0251\u0300 nk\u0251b<\/a>, <a href=\"https:\/\/www.revues.scienceafrique.org\/adilaaku\/motscles-autre\/ngok%c9%9bd-ma%cc%82nw%ca%89-covid\/\">ngo\u0300k\u025bd m\u0251\u0302\u014bw\u0289 covid<\/a>, <a href=\"https:\/\/www.revues.scienceafrique.org\/adilaaku\/motscles-autre\/ngok%c9%9bd-ne-c%ca%89b-m%c9%9bn\/\">ngo\u0300k\u025bd n\u01dd\u0300 c\u0289b m\u025b\u0300n<\/a><\/p>\n<\/div>\n<div class=\"metadata\">\n<p><strong>Historique de l&rsquo;article<\/strong><br \/><strong>Date de r\u00e9ception&nbsp;: <\/strong>1 juin 2023<br \/><strong>Date d&rsquo;acceptation&nbsp;: <\/strong>14 f\u00e9vrier 2024<br \/><strong>Date de publication&nbsp;: <\/strong>29 d\u00e9cembre 2024<\/p>\n<\/div>\n<div class=\"metadata\">\n<p><strong>Type de texte&nbsp;: <\/strong>Note de recherche<\/p>\n<\/div>\n<p>&nbsp;<\/p>\n<h2 style=\"text-align: justify\">Introduction<\/h2>\n<p style=\"text-align: justify\">La fin de l\u2019ann\u00e9e 2019 a connu une pand\u00e9mie du Covid-19 qui a mobilis\u00e9 l\u2019attention de la communaut\u00e9 internationale. Dans l\u2019optique de l\u2019\u00e9radiquer, autorit\u00e9s, classes gouvernantes, technocrates et scientifiques se sont retrouv\u00e9s. Rep\u00e9r\u00e9 initialement en Asie, le virus s\u2019est r\u00e9pandu dans plusieurs pays \u00e0 travers le monde. Les donn\u00e9es statistiques rendent suffisamment compte de la gravit\u00e9 de la pand\u00e9mie. En effet, d\u2019apr\u00e8s un rapport rendu public par <em>Statista<\/em><a class=\"footnote\" title=\"Statista est une plateforme mondiale de donn\u00e9es et d\u2019intelligence \u00e9conomique avec une vaste base de donn\u00e9es comprenant des statistiques, des rapports et des connaissances sur plus de 80 000 sujets provenant de 22\u00a0500 sources dans 170 secteurs.\" id=\"return-footnote-1211-1\" href=\"#footnote-1211-1\" aria-label=\"Footnote 1\"><sup class=\"footnote\">[1]<\/sup><\/a> le 16 d\u00e9cembre 2021, le nombre de personnes infect\u00e9es par le coronavirus dans le monde est de 270\u00a0791\u00a0973. La m\u00eame ann\u00e9e, l\u2019on d\u00e9nombre 129\u00a0247 contamin\u00e9\u00b7es en Chine, 8\u00a0091\u00a0438 en France, 49\u00a0833\u00a0416 aux \u00c9tats-Unis et le Cameroun, quant \u00e0 lui, a comptabilis\u00e9 107\u00a0662 personnes infect\u00e9es. Cependant, l\u2019on distingue une pl\u00e9thore de variants du virus. \u00c0 cet effet, au d\u00e9but du mois de novembre 2021, l\u2019Organisation Mondiale de la Sant\u00e9 (OMS) a reconnu au moins quatre (4) variants pr\u00e9occupants, notamment\u00a0: Alpha, Beta, Gamma, Delta et Omicron (OMS, 2020).<\/p>\n<p style=\"text-align: justify\">Le variant le plus r\u00e9pandu dans le monde est Delta. Il repr\u00e9sente ainsi plus de 99,5\u00a0% des s\u00e9quences analys\u00e9es dans le monde en mi-octobre 2021. Au regard de son degr\u00e9 \u00e9lev\u00e9 de contamination, des mesures barri\u00e8res ont \u00e9t\u00e9 prises\u00a0: le respect de la distanciation physique, le port du masque et le lavage des mains au gel hydro-alcoolique et \u00e0 l\u2019eau coulante, etc. Dans l\u2019optique de freiner la propagation du virus, le confinement partiel ou total a \u00e9t\u00e9 aussi mis sur pieds par certains Chefs d\u2019\u00c9tat et de Gouvernement. Apparu au 15e si\u00e8cle, le confinement concernait \u00e0 l\u2019origine, l\u2019enfermement p\u00e9nal. Il contenait l\u2019id\u00e9e de captivit\u00e9, de punition. Aux 17e et 18e si\u00e8cles, il s\u2019employait aussi \u00e0 propos de la vie monastique. C\u2019est plus tard qu\u2019on a commenc\u00e9 \u00e0 l\u2019employer pour d\u00e9signer l\u2019interdiction faite \u00e0 un malade de quitter la chambre. Au Cameroun, le confinement s\u2019est appliqu\u00e9 de fa\u00e7on partielle, on parle dans ce cas de confinement partiel et non total comme dans certains pays en Occident. Au vu de ces donn\u00e9es statistiques<a class=\"footnote\" title=\"En 2021, l\u2019on d\u00e9nombre 129\u00a0247 contamin\u00e9\u00b7es en Chine, 8\u00a0091\u00a0438 en France, 49\u00a0833\u00a0416 aux \u00c9tats-Unis et le Cameroun, quant \u00e0 lui, a comptabilis\u00e9 107\u00a0662 personnes infect\u00e9es.\" id=\"return-footnote-1211-2\" href=\"#footnote-1211-2\" aria-label=\"Footnote 2\"><sup class=\"footnote\">[2]<\/sup><\/a> pour le moins alertant, il semble judicieux de mener une \u00e9tude sur les effets du Covid-19 dans les familles au Cameroun,\u00a0pays cible de la pr\u00e9sente \u00e9tude. D\u00e8s lors, quels sont les effets de la pand\u00e9mie sur le v\u00e9cu des familles camerounaises? \u00c0 l\u2019observation, ces derni\u00e8res g\u00e8rent diff\u00e9remment la survenance des cas de contamination au coronavirus.<\/p>\n<p style=\"text-align: justify\">Mener une telle recherche en sciences sociales commande de mobiliser des grilles d\u2019analyse telles que le constructivisme et l\u2019interactionnisme symbolique, sans omettre l\u2019observation directe et l\u2019exploitation documentaire. Ne pouvant couvrir l\u2019\u00e9tendue du territoire camerounais, l\u2019enqu\u00eate sur laquelle repose la pr\u00e9sente contribution a \u00e9t\u00e9 effectu\u00e9e dans les villes de Douala et Yaound\u00e9. Celle-ci porte sur un \u00e9chantillon de 73 personnes constitu\u00e9es des personnes infect\u00e9es et de leurs proches. Il est question ici de percevoir les interactions qui naissent entre ces entit\u00e9s \u00e0 la suite de la contamination de l\u2019un ou l\u2019une d\u2019entre eux et elles par le virus. Des rapports conflictog\u00e8nes et compatissants naquirent alors dans divers contextes. Des entretiens ont \u00e9t\u00e9 pr\u00e9cis\u00e9ment men\u00e9s aupr\u00e8s de 39 personnes dans la ville de Douala et de 34 personnes \u00e0 Yaound\u00e9 (proches et infect\u00e9\u00b7es confondu\u00b7es). L\u2019analyse s\u2019appesantit sur le v\u00e9cu des familles touch\u00e9es par le coronavirus. C\u2019est ainsi que des r\u00e9cits de vies seront recueillis aupr\u00e8s des personnes contamin\u00e9es et de leurs proches afin de saisir les effets r\u00e9els de la maladie sur les comportements des personnes envers les autres. Cette r\u00e9flexion se d\u00e9cline en deux axes qui recoupent les bouleversements des interactions socio-\u00e9conomiques et la reconfiguration des perceptions endog\u00e9no-familiales de la pand\u00e9mie \u00e0 Covid-19.<\/p>\n<h2 style=\"text-align: justify\">Les bouleversements des interactions socio-\u00e9conomiques<\/h2>\n<p style=\"text-align: justify\">La crise sanitaire du Covid-19 n\u2019est pas sans cons\u00e9quences sur le quotidien des m\u00e9nages camerounais. Le confinement a boulevers\u00e9 les habitudes et les relations humaines sur les plans sociaux et \u00e9conomiques.<\/p>\n<h3 style=\"text-align: justify\">L\u2019alt\u00e9ration des rapports sociaux<\/h3>\n<p style=\"text-align: justify\">Le milieu familial jadis consid\u00e9r\u00e9 comme un havre de paix tend, sous l\u2019av\u00e8nement de la pand\u00e9mie, \u00e0 devenir un lieu d\u2019ins\u00e9curit\u00e9. Ce qui pousse \u00e0 remettre en question la place de la famille dans la gestion des crises. Les effets du Covid-19 sur le v\u00e9cu des familles sont visibles \u00e0 divers niveaux. Les mesures barri\u00e8res prises sont venues alt\u00e9rer les interactions entre les membres d\u2019une famille et reformer le syst\u00e8me \u00e9ducatif camerounais tout en instituant le t\u00e9l\u00e9travail.<\/p>\n<p style=\"text-align: justify\">La restriction de la mobilit\u00e9 humaine augmente le nombre de contamin\u00e9\u00b7es au sein des m\u00e9nages o\u00f9 les personnes atteintes sont mises en quarantaine \u00e0 la maison. C\u2019est le cas par exemple des m\u00e9nages qui ne respectent pas les exigences li\u00e9es au respect des mesures barri\u00e8res. Les habitudes ayant la peau dure, les changer du jour au lendemain n\u2019est pas ais\u00e9. Les familles o\u00f9 l\u2019enti\u00e8re responsabilit\u00e9 repose sur la m\u00e8re sont particuli\u00e8rement en difficult\u00e9, car les autres membres de la famille sont habitu\u00e9\u00b7es \u00e0 d\u00e9pendre d\u2019elle. En cas d\u2019infection, il serait difficile de prot\u00e9ger tous les membres. Cet \u00e9tat de chose a \u00e9t\u00e9 \u00e0 l\u2019origine de la d\u00e9ch\u00e9ance de la matrice familiale au sein de laquelle chacun\u00b7e est cens\u00e9\u00b7e jouer un r\u00f4le pour la stabilit\u00e9 \u00e9motionnelle, mentale voire financi\u00e8re des autres membres. Aussi, les m\u00e9nages qui abritent une ou plusieurs personnes contamin\u00e9es ont des difficult\u00e9s \u00e0 combattre efficacement la propagation du virus et subissent de ce fait, un stress permanent\u00a0: la peur de perdre un \u00eatre cher et la peur de se faire contaminer. D\u00e8s lors, les membres se trouvent paniqu\u00e9\u00b7es en fonction du sentiment d\u2019affection ou de rejet qui les animent. Pour ceux et celles qui ont choisi d\u2019affectionner un des membres et de continuer \u00e0 vivre en famille comme en p\u00e9riode d\u2019avant Covid, sur les 73 personnes interrog\u00e9es, 66 ont reconnu n&rsquo;avoir pas respect\u00e9 la distanciation sociale impos\u00e9e avec leur conjoint. Une posture qui a eu pour cons\u00e9quence l\u2019augmentation des cas de contamin\u00e9\u00b7es.<\/p>\n<p style=\"text-align: justify\">Dans l\u2019un des m\u00e9nages \u00e0 Yaound\u00e9<a class=\"footnote\" title=\"Entretien men\u00e9 le 12 juin 2023 aupr\u00e8s de Germaine, 38 ans m\u00e9nag\u00e8re de profession \u00e0 Yaound\u00e9 au quartier Mendong.\" id=\"return-footnote-1211-3\" href=\"#footnote-1211-3\" aria-label=\"Footnote 3\"><sup class=\"footnote\">[3]<\/sup><\/a>, c\u2019est le mari qui a contract\u00e9 le virus en premier. Test\u00e9 positif, il lui a \u00e9t\u00e9 prescrit de se confiner \u00e0 domicile pendant le traitement. La maison ayant une d\u00e9pendance, sa femme s&rsquo;y est confin\u00e9e avec lui, laissant les enfants dans d\u2019autres pi\u00e8ces. Ce qui pouvait avoir pour cons\u00e9quence d\u2019exposer les autres membres de la famille au virus. La femme s\u2019assurait que son \u00e9poux suive le traitement prescrit \u00e0 l\u2019h\u00f4pital et par monseigneur Kl\u00e9da<a class=\"footnote\" title=\"Monseigneur Samuel KLEDA est archev\u00eaque m\u00e9tropolitaine de Douala r\u00e9put\u00e9 pour ses comp\u00e9tences en m\u00e9decine traditionnelle.\" id=\"return-footnote-1211-4\" href=\"#footnote-1211-4\" aria-label=\"Footnote 4\"><sup class=\"footnote\">[4]<\/sup><\/a> (au regard de la gravit\u00e9 du cas en question et du souhait que son \u00e9poux recouvre la gu\u00e9rison, elle a opt\u00e9 pour un traitement mixte\u00a0: m\u00e9decine moderne et m\u00e9decine traditionnelle). Du fait de la gu\u00e9rison du patient en moins d\u2019une semaine, les 14 jours de la quarantaine n&rsquo;ont pas \u00e9t\u00e9 respect\u00e9s. Ils ont rejoint les enfants. Quelques temps apr\u00e8s, la femme a r\u00e9alis\u00e9 qu&rsquo;elle \u00e9tait aussi contamin\u00e9e, mais ne s\u2019est pas isol\u00e9e. Toutefois, par mesure de prudence et surtout dans le souci de prot\u00e9ger les membres de sa famille, cette derni\u00e8re a respect\u00e9 scrupuleusement les autres mesures barri\u00e8res pr\u00e9ventives \u00e0 la prolif\u00e9ration du virus. Elle a suivi le m\u00eame protocole sanitaire que son conjoint et a recouvr\u00e9 la sant\u00e9 car, a-t-elle dit, elle ne voulait pas infliger plus de traumatisme aux enfants<a class=\"footnote\" title=\"Entretien men\u00e9 le 12 juin 2023 aupr\u00e8s de Germaine, 38 ans m\u00e9nag\u00e8re de profession \u00e0 Yaound\u00e9 au quartier Mendong.\" id=\"return-footnote-1211-5\" href=\"#footnote-1211-5\" aria-label=\"Footnote 5\"><sup class=\"footnote\">[5]<\/sup><\/a>. Cependant, le non-respect ou du moins, le respect partiel des exigences sanitaires li\u00e9es \u00e0 la lutte contre le coronavirus concourt \u00e0 la propagation et \u00e0 la p\u00e9rennisation de la pand\u00e9mie.<\/p>\n<p style=\"text-align: justify\">Dans un autre m\u00e9nage de la m\u00eame ville, le mari malade s\u2019est confin\u00e9 dans sa chambre. Le premier jour, l\u2019\u00e9pouse a dormi avec les enfants. Le deuxi\u00e8me jour, elle est retourn\u00e9e dans la chambre conjugale en respectant la distanciation. Ne pouvant davantage supporter les pleurs des enfants, les deux se sont (d\u00e9)confin\u00e9s le quatri\u00e8me jour. Par mesure de prudence, cette femme a \u00e9t\u00e9 mise en cong\u00e9 par ses sup\u00e9rieurs hi\u00e9rarchiques jusqu\u2019\u00e0 la gu\u00e9rison compl\u00e8te de son \u00e9poux bien qu\u2019elle soit test\u00e9e n\u00e9gative au virus<a class=\"footnote\" title=\"Entretien men\u00e9 le 14 juin en 2023 aupr\u00e8s de Rosy, 41 ans, m\u00e9nag\u00e8re \u00e0 Yaound\u00e9 au quartier Etoudi.\" id=\"return-footnote-1211-6\" href=\"#footnote-1211-6\" aria-label=\"Footnote 6\"><sup class=\"footnote\">[6]<\/sup><\/a>.<\/p>\n<p style=\"text-align: justify\">Les parent\u00b7es et les enfants sont plus pr\u00e9sent\u00b7es \u00e0 la maison et sont appel\u00e9\u00b7es \u00e0 partager dans certains cas le m\u00eame espace de travail. Cette cohabitation n\u2019est pas sans perturber la concentration de ces derniers et derni\u00e8res. Dans cette dynamique, les habitudes et rituels quotidiens se trouvent chang\u00e9s. Les uns et les unes, si ce ne sont tous et toutes, sont parfois contraint\u00b7es de c\u00e9der ou de se plier aux exigences de travail des autres.<\/p>\n<p style=\"text-align: justify\">De plus, la pand\u00e9mie de Covid-19 a pour a effet d\u2019amplifier les difficult\u00e9s de conciliation famille-travail, notamment en raison de la fermeture des services de garde \u00e9ducatifs \u00e0 l\u2019enfance telles que les cr\u00e8ches, les garderies, les cadres d\u2019enseignement formel\u2026 (Couillard, 2020). Les enfants passent du temps \u00e0 la maison. Leur pr\u00e9sence impose une prise en charge qui ne favorise pas une concentration; en cons\u00e9quence, les parents sont d\u00e9bord\u00e9\u00b7es.<\/p>\n<p style=\"text-align: justify\">D\u2019apr\u00e8s le r\u00e9seau qu\u00e9b\u00e9cois des Organismes Sans But Lucratif (OSBL) d\u2019habilitation, \u00ab\u00a0le confinement \u00e0 domicile peut repr\u00e9senter un risque pour certaines familles, par exemple dans le cas d\u2019un m\u00e9nage comportant un conjoint ou des parents violents\u00a0\u00bb (Couillard, 2020). En Afrique, continent connu pour son hospitalit\u00e9, cet \u00e9tat de chose rompt avec les valeurs, us et coutumes des peuples. Au rang des traumatismes caus\u00e9s par la pand\u00e9mie sur la famille et ses membres, il est \u00e0 noter une r\u00e9organisation des c\u00e9r\u00e9monies mortuaires qui rompt avec l\u2019affect qui gravite autour de cette c\u00e9l\u00e9bration. \u00c0 cet effet, Dieudonn\u00e9 Va\u00efdjik\u00e9 et Tchago Ndikw\u00e9\u00a0rel\u00e8vent que<\/p>\n<blockquote>\n<p style=\"text-align: justify\">Une approche analytique a permis de constater qu\u2019en contexte de crise sanitaire, telle que la Covid-19, il est difficile d\u2019organiser les fun\u00e9railles dans la rigueur ancestrale, en d\u00e9pit de la r\u00e9sistance des populations victimes de la pand\u00e9mie. Elles sont boulevers\u00e9es, car on ne pleure plus correctement et traditionnellement \u00ab son mort \u00bb. Les pratiques recommand\u00e9es de l&rsquo;Organisation Mondiale de la Sant\u00e9 (OMS), globalement moins contraignantes que celles en vigueur lors de l&rsquo;\u00e9pid\u00e9mie d&rsquo;\u00c9bola, ont perturb\u00e9, non seulement la vie quotidienne, mais encore les pratiques fun\u00e9raires habituelles, notamment chez les Africains. Par exemple, tout rassemblement \u00e0 la place mortuaire est interdit ainsi que tout contact physique avec le corps une fois que celui-ci est appr\u00eat\u00e9, etc. (2022, p.\u00a0120).<\/p>\n<\/blockquote>\n<p style=\"text-align: justify\">Dans ce sillage, les rites fun\u00e9raires ne sont plus de mise, l\u2019organisation conventionnelle (institutionnelle) du deuil prend le pas sur les traditionnelles c\u00e9r\u00e9monies religieuses et coutumi\u00e8res qui s\u00e9vissaient. Sentiments, pleurs et rassemblements n\u2019ont plus droit de cit\u00e9. \u00c0 titre d\u2019illustration, un enqu\u00eat\u00e9 s&rsquo;est plaint de n&rsquo;avoir pas assister physiquement \u00e0 l&rsquo;inhumation de son fr\u00e8re d\u00e9c\u00e9d\u00e9 des suites du Covid; tout s&rsquo;est pass\u00e9 dans la pr\u00e9cipitation et l&rsquo;urgence sous le regard vigilant des autorit\u00e9s comp\u00e9tentes en la mati\u00e8re en cette p\u00e9riode de crise sanitaire<a class=\"footnote\" title=\"Entretien men\u00e9 le 19 juin 2023 avec Christian, 37ans, moto taximan \u00e0 Douala au quartier Bonab\u00e9ri.\" id=\"return-footnote-1211-7\" href=\"#footnote-1211-7\" aria-label=\"Footnote 7\"><sup class=\"footnote\">[7]<\/sup><\/a>.<\/p>\n<blockquote>\n<p style=\"text-align: justify\">En effet, la pr\u00e9sence des proches et des parents d\u2019un d\u00e9funt \u00e0 l\u2019occasion d\u2019un deuil donne du sens \u00e0 la famille. [&#8230;] Face \u00e0 ces changements inattendus, la solidarit\u00e9 africaine habituellement traduite en temps de deuil par l\u2019assistance physique comme expression de la force du chagrin, la spontan\u00e9it\u00e9 et la g\u00e9n\u00e9rosit\u00e9, a connu un net recul. On est pass\u00e9 des pr\u00e9paratifs d\u2019obs\u00e8ques fastes, \u00e0 des inhumations d\u2019urgence. Dans l\u2019intervalle, le t\u00e9l\u00e9phone a remplac\u00e9 la pr\u00e9sence humaine. La Covid-19 avait un effet sur les \u00e9motions et les pratiques sociales et culturelles [\u2026]. Par ailleurs et s\u2019agissant des d\u00e9c\u00e8s d\u00e9clar\u00e9s Covid-19, les familles ont d\u00fb se r\u00e9soudre \u00e0 faire face \u00e0 un nouveau type de choc, l\u2019inhumation par des tiers repr\u00e9sentant les pouvoirs publics, loin des caveaux familiaux et dans l\u2019irrespect des us et coutumes, quelques heures seulement apr\u00e8s le constat du d\u00e9c\u00e8s, dans la solitude de deux ou trois membres de la famille tri\u00e9s sur le volet\u00a0(Nsegbe <em>et al.<\/em>, 2023, p.\u00a0432).<\/p>\n<\/blockquote>\n<p style=\"text-align: justify\">De m\u00eame, lors de la c\u00e9r\u00e9monie mortuaire, les mesures barri\u00e8res sont observ\u00e9es par les personnes pr\u00e9sentes, ce qui entra\u00eene la proscription de certains rites traditionnels.\u00a0Seul\u00b7es quelques membres de la famille, accompagn\u00e9\u00b7es d\u2019un pr\u00eatre chez les catholiques ou d\u2019un pasteur chez les protestant\u00b7es, peuvent voir le corps. Ils et elles ne doivent pas toucher ou embrasser la d\u00e9pouille mortelle et doivent se laver soigneusement les mains \u00e0 l\u2019eau et au savon et se d\u00e9sinfecter au gel hydro-alcoolique. Les autres se tiennent \u00e0 plusieurs m\u00e8tres de distance, avec une interdiction de jeter une poign\u00e9e de terre ou une fleur comme d\u2019habitude dans la tombe, ou \u00e0 plusieurs kilom\u00e8tres de distance pour les parents qui habitent les villages environnants ou les villes. Chez les Tupuri (Tchad-Cameroun) par exemple, le plus grand taureau du d\u00e9funt ou de la d\u00e9funte ne peut plus \u00eatre transf\u00e9r\u00e9 dans l\u2019au-del\u00e0 pour constituer son b\u00e9tail, ou chez les Massa, il n\u2019est plus permis de danser pendant des jours et des nuits autour de la tombe et de la case du d\u00e9funt ou de la d\u00e9funte, etc. Pour ces peuples, comme pour d\u2019autres, ce bouleversement contribue \u00e0 la d\u00e9sacralisation des rites traditionnels, puisqu\u2019il m\u00e9prise la personne morte et violente la culture.<\/p>\n<p style=\"text-align: justify\">S\u2019agissant du choix des familles d\u2019observer la quarantaine \u00e0 domicile, si les parents lui ont trouv\u00e9 des palliatifs, les enfants, quant \u00e0 eux et elles, l&rsquo;ont subi de plein fouet. L\u2019absence du ou de la parent\u00b7e contamin\u00e9\u00b7e a \u00e9t\u00e9 difficile \u00e0 supporter, les enfants ont \u00e9t\u00e9 tr\u00e8s traumatis\u00e9\u00b7es. On a enregistr\u00e9 des cas o\u00f9 c\u2019est le p\u00e8re de famille qui pr\u00e9parait les enfants pour l\u2019\u00e9cole et les aidait \u00e0 apprendre leurs le\u00e7ons. \u00c0 cause du Covid, ces t\u00e2ches \u00e9taient effectu\u00e9es par d\u2019autres membres de la famille, changeant de ce fait le r\u00e9f\u00e9rent \u00e9ducatif des tout-petits. Cet \u00e9tat de chose a eu pour cons\u00e9quence le bouleversement de la routine des m\u00e9nages. Le respect des autres mesures barri\u00e8res \u00e0 la maison a \u00e9t\u00e9 difficile, notamment la distanciation d\u2019un m\u00e8tre et le port du masque. Les interactions et le partage du m\u00eame espace de vie rendent quasiment impossible le respect de ces derni\u00e8res. \u00c0 titre illustratif, les enfants gard\u00e9\u00b7es par leur p\u00e8re ont subi un choc \u00e9motionnel du fait de ne pouvoir interagir librement avec leur m\u00e8re mise en quarantaine<a class=\"footnote\" title=\"Entretien men\u00e9 20 juin 2023 avec Anatole, 53 ans, homme d\u2019affaire \u00e0 Yaound\u00e9 au quartier Emombo.\" id=\"return-footnote-1211-8\" href=\"#footnote-1211-8\" aria-label=\"Footnote 8\"><sup class=\"footnote\">[8]<\/sup><\/a>. Les membres de cette famille ont affirm\u00e9 d\u00e9poser de la nourriture pour leur m\u00e8re \u00e0 l\u2019entr\u00e9e de sa chambre et se retiraient sans pouvoir la voir, telle une prisonni\u00e8re. De m\u00eame, l\u2019on pourrait prendre le cas des \u00ab\u00a0familles communautaires\u00a0\u00bb. Dans ces derni\u00e8res, l\u2019on constate un d\u00e9centrement du regard sur la famille comme une donn\u00e9e naturelle vers celui de la famille comme un construit social, produit de mobilisation (Brossier, 2010, p.\u00a0659). L\u2019on peut citer dans ce sillage les organisations de la soci\u00e9t\u00e9 civile, \u00e0 l\u2019instar des organisations religieuses.<\/p>\n<p style=\"text-align: justify\">Les couvents ont aussi \u00e9t\u00e9 touch\u00e9s par les effets de la pand\u00e9mie \u00e0 Covid-19. En effet, les religieuses contamin\u00e9es ne pouvaient plus pratiquer les exercices communautaires (manger \u00e0 la m\u00eame table, prier, participer \u00e0 la messe, etc.) avec leurs cons\u0153urs du fait de la mise en quarantaine dans leur chambre, confiait une religieuse contamin\u00e9e \u00e0 la suite de son r\u00e9tablissement<a class=\"footnote\" title=\"Entretien men\u00e9 le 19 juin 2023 avec la S\u0153ur Ang\u00e8le, 41 ans, religieuse catholique \u00e0 Douala au quartier Deido.\" id=\"return-footnote-1211-9\" href=\"#footnote-1211-9\" aria-label=\"Footnote 9\"><sup class=\"footnote\">[9]<\/sup><\/a>. Au rang des effets non n\u00e9gligeables de la pand\u00e9mie \u00e0 Covid-19, il y a aussi les imp\u00e9ratifs de l\u2019\u00e9ducation via les Technologies de l\u2019Information et de la Communication et du t\u00e9l\u00e9travail. Le syst\u00e8me \u00e9ducatif a connu une mutation. C\u2019est ainsi que l\u2019\u00e9ducation <em>in situ<\/em> est pass\u00e9e \u00e0 l\u2019\u00e9ducation via les Technologies de l\u2019Information et de Communication (TIC). Les \u00c9tats modernes ont trouv\u00e9 des palliatifs au syst\u00e8me d&rsquo;enseignement classique dit conventionnel\u00a0:<\/p>\n<blockquote>\n<p style=\"text-align: justify\">L\u2019\u00e9cole a \u00e9t\u00e9 oblig\u00e9e d\u2019adopter les cours en mode virtuel pendant la p\u00e9riode de confinement. Les \u00e9l\u00e8ves et les enseignants restent chez eux, mais doivent collaborer p\u00e9dagogiquement afin de ne pas rater l\u2019ann\u00e9e acad\u00e9mique. C\u2019est une instruction officielle d\u00e8s l\u2019annonce de la fermeture des milieux de formation par le Premier Ministre Chef du Gouvernement le 17 avril 2020. Les Minist\u00e8res en charge de l\u2019\u00e9ducation ont encourag\u00e9 des initiatives dans ce sens. Cependant, les initiatives prises par l\u2019enseignement sup\u00e9rieur, les enseignements secondaires et l\u2019\u00e9ducation de base ne sont pas identiques (Bouba, 2021, p.\u00a0159).<\/p>\n<\/blockquote>\n<p style=\"text-align: justify\">Dans le souci une instruction permanente de la population, le savoir leur est dor\u00e9navant transmis \u00e0 travers des modes virtuels. Ce qui met en avant le <em>E-learning, <\/em>c&rsquo;est-\u00e0-dire l&rsquo;enseignement via l&rsquo;outil informatique et technologique comme solution \u00e0 la crise de l&rsquo;\u00e9ducation occasionn\u00e9e par la pand\u00e9mie \u00e0 Covid-19 au Cameroun. Dans l&rsquo;optique de r\u00e9pondre efficacement \u00e0 ce probl\u00e8me, les heures de cours ont \u00e9t\u00e9 r\u00e9am\u00e9nag\u00e9es (Tsague, 2022). En effet, les cours se d\u00e9roulaient en deux vagues\u00a0: une vague qui finit \u00e0 midi et une autre qui commence \u00e0 cette tranche horaire. D\u2019ailleurs, Mah pense que<\/p>\n<blockquote>\n<p style=\"text-align: justify\">L\u2019av\u00e8nement de la pand\u00e9mie du si\u00e8cle, le Covid-19 en 2020 a boulevers\u00e9 les pratiques p\u00e9dagogiques existantes dans les institutions scolaires et acad\u00e9miques au Cameroun. Afin d\u2019\u00e9viter une ann\u00e9e blanche pour les apprenants camerounais, le gouvernement a, en mati\u00e8re \u00e9ducative, instaur\u00e9 la continuation des enseignements via les plateformes num\u00e9riques (2021, p.\u00a02519).<\/p>\n<\/blockquote>\n<p style=\"text-align: justify\">C\u2019est dans cette mouvance que les Universit\u00e9s de Yaound\u00e9 I, II et de Douala ont institu\u00e9 le <em>E-learning<\/em>. Du c\u00f4t\u00e9 de l\u2019enseignement secondaire,\u00a0le Cameroun a opt\u00e9 pour l\u2019\u00e9ducation \u00e0 distance en mettant \u00e0 profit la chaine de t\u00e9l\u00e9vision nationale, la <em>Cameroon Radio Television<\/em> (CRTV); d\u2019autres canaux num\u00e9riques ont \u00e9t\u00e9 mobilis\u00e9s pour dispenser les cours aux \u00e9l\u00e8ves des classes d\u2019examen (Mandeng <em>et al<\/em>., 2021, p.\u00a0121).<\/p>\n<blockquote>\n<p style=\"text-align: justify\">Les Minist\u00e8res des Enseignements Secondaires et de l\u2019\u00c9ducation de Base ont d\u00e9cid\u00e9 d\u2019assurer aux \u00e9l\u00e8ves en classes d\u2019examen, des enseignements \u00e0 travers la t\u00e9l\u00e9vision et la radio nationales. [\u2026] Il a \u00e9t\u00e9 question de proc\u00e9der \u00e0 l\u2019enregistrement des cours et \u00e0 leur diffusion \u00e0 la t\u00e9l\u00e9vision et \u00e0 la radio pour compl\u00e9ter les cours en pr\u00e9sentiel, sans oublier la phase de pr\u00e9paration des \u00e9l\u00e8ves aux examens, notamment \u00e0 travers le traitement des exercices types et les r\u00e9visions (Bouba, 2021, p.\u00a0159).<\/p>\n<\/blockquote>\n<p style=\"text-align: justify\">Cependant, le choix du num\u00e9rique comme solution \u00e0 la crise du syst\u00e8me \u00e9ducatif occasionn\u00e9e par la pand\u00e9mie met en avant la question du co\u00fbt que cela entraine. D\u2019o\u00f9 l\u2019\u00e9mergence des effets n\u00e9gatifs au plan \u00e9conomique. La mobilisation des TIC par les familles n&rsquo;a pas \u00e9t\u00e9 facile, car l\u2019acquisition des outils de communication et de t\u00e9l\u00e9communication n&rsquo;est pas \u00e0 la bourse de tous et de toutes. De l\u2019\u00e9tude men\u00e9e par <em>Elearning Africa<\/em> aupr\u00e8s de Tshepo, sp\u00e9cialiste des TIC vivant au Botswana et Shirley, directrice marketing vivant en Namibie, il ressort respectivement que<\/p>\n<blockquote>\n<p style=\"text-align: justify\">les obstacles les plus importants ont \u00e9t\u00e9 le manque d\u2019un environnement ad\u00e9quat d\u2019apprentissage \u00e0 domicile, le manque d\u2019acc\u00e8s aux technologies et les risques de sant\u00e9 auxquels les \u00e9l\u00e8ves scolaris\u00e9s ont \u00e9t\u00e9 expos\u00e9s. Aussi, [\u2026] les apprenants \u00e9voluant dans diff\u00e9rents contextes sont affect\u00e9s pour diverses raisons (<em>Elearning Africa<\/em>, 2020, p.\u00a025).<\/p>\n<\/blockquote>\n<p style=\"text-align: justify\">Le t\u00e9l\u00e9travail, entendu comme une activit\u00e9 professionnelle exerc\u00e9e \u00e0 distance, a \u00e9t\u00e9 adopt\u00e9 comme plate-forme d&rsquo;\u00e9change et cadre de rassemblement pour la tenue des r\u00e9unions virtuelles. Dans cette logique, le Pr\u00e9sident de la R\u00e9publique du Cameroun instruit aux administrations publiques de privil\u00e9gier les moyens de communication \u00e9lectroniques et les outils num\u00e9riques pour les r\u00e9unions susceptibles de regrouper plus de 10 personnes (Nsegbe <em>et al<\/em>., 2023). En effet, les rassemblements publics de plus de 50 personnes \u00e9taient interdits sur toute l&rsquo;\u00e9tendue du territoire camerounais.<\/p>\n<p style=\"text-align: justify\">Dans un tel contexte, certain\u00b7s parent\u00b7es sont appel\u00e9\u00b7es \u00e0 travailler \u00e0 la maison. Les enfants, quant \u00e0 eux et elles, s\u2019exercent \u00e0 la maison et se rendent \u00e0 l\u2019\u00e9cole \u00e0 temps partiel. De ce fait, des cours sont dispens\u00e9s \u00e0 distance, notamment \u00e0 travers la t\u00e9l\u00e9vision, par l\u2019interm\u00e9diaire des t\u00e9l\u00e9phones portables, des ordinateurs ou des tablettes (<em>E-learning<\/em>), rendant difficile le contr\u00f4le parental et ouvrant ainsi la voie aux d\u00e9rives du num\u00e9rique. De plus, les enfants peuvent, sous pr\u00e9texte, visionner et\/ou t\u00e9l\u00e9charger des contenus de cours et acc\u00e9der \u00e0 des sites d\u00e9conseill\u00e9s \u00e0 leurs \u00e2ges.<\/p>\n<p style=\"text-align: justify\">Au-del\u00e0, des \u00e9tudes men\u00e9es en Afrique en p\u00e9riode de Covid-19 ont r\u00e9v\u00e9l\u00e9 que<\/p>\n<blockquote>\n<p style=\"text-align: justify\">les initiatives d\u2019apprentissage \u00e0 distance propos\u00e9es par les gouvernements, les \u00e9coles et les enseignants ont \u00e9t\u00e9 inefficaces \u00e0 cause\u00a0: du non-acc\u00e8s aux infrastructures et technologies efficaces (44\u00a0%); du non-acc\u00e8s \u00e0 l\u2019\u00e9lectricit\u00e9 et \u00e0 la connectivit\u00e9 abordables et accessibles (49\u00a0%); du non-acc\u00e8s aux appareils TIC appropri\u00e9s (30\u00a0%); de l\u2019inexistence d\u2019un bon environnement d\u2019apprentissage \u00e0 domicile (23\u00a0%); du non-acc\u00e8s aux supports d\u2019apprentissage et \u00e0 un programme appropri\u00e9 (11\u00a0%) et du manque de renforcement des capacit\u00e9s, de d\u00e9veloppement personnel et de formation (71\u00a0%) (<em>Elearning Africa<\/em>, 2020, p.\u00a024).<\/p>\n<\/blockquote>\n<h3 style=\"text-align: justify\">Les branle-bas \u00e9conomiques<\/h3>\n<p style=\"text-align: justify\">Les effets de la crise du Covid-19 sur le plan \u00e9conomique se traduisent par la baisse des revenus et l\u2019augmentation des charges des m\u00e9nages. C\u2019est un ph\u00e9nom\u00e8ne plus perceptible dans les m\u00e9nages monoparentaux o\u00f9 le parent exerce dans le secteur informel. \u00ab\u00a0En effet, le confinement total ou partiel impos\u00e9 par le Gouvernement a caus\u00e9 la perte d\u2019emplois de plusieurs responsables de famille\u00a0\u00bb (Ehode, 2022, p.\u00a0507 et p.\u00a0508). Les employ\u00e9\u00b7es du secteur informel ont subi les effets de la crise diff\u00e9remment. En g\u00e9n\u00e9ral, les d\u00e9penses en mati\u00e8re de nutrition, de sant\u00e9 et d\u2019impr\u00e9vus ont explos\u00e9es. Pour preuve, le g\u00e9rant d\u2019un bar a vu son chiffre d\u2019affaires chuter drastiquement suite au couvre-feu impos\u00e9 sur l\u2019horaire de fermeture (Nsegbe <em>et al<\/em>., 2023), la gestion quotidienne des besoins basiques de son foyer se trouvant ainsi compromise<a class=\"footnote\" title=\"Entretien men\u00e9 le 19 juin 2023 aupr\u00e8s de Basile, 47 ans, fonctionnaire \u00e0 Douala au quartier Kotto.\" id=\"return-footnote-1211-10\" href=\"#footnote-1211-10\" aria-label=\"Footnote 10\"><sup class=\"footnote\">[10]<\/sup><\/a>. De plus, l\u2019am\u00e9nagement de l&rsquo;espace de travail \u00e0 la maison induit certains co\u00fbts qui vont de la conception du local \u00e0 son \u00e9quipement. L\u2019acquisition du mat\u00e9riel technologique et du mobilier de bureau incombait aux utilisateurs et utilisatrices dans la majorit\u00e9 des cas.<\/p>\n<p style=\"text-align: justify\">L\u2019expression \u00ab confinement en famille \u00bb renvoie au cas o\u00f9 l\u2019on retrouve un\u00b7e membre mis\u00b7e en quarantaine dans un domicile familial du fait du virus. Ce qui impose aux autres membres une prise en charge sanitaire de ce dernier ou cette derni\u00e8re. \u00c0 titre d\u2019illustration, un homme en d\u00e9placement de Yaound\u00e9 pour Maroua, apprend lors de son voyage retour que sa femme a contract\u00e9 le virus. Ne pouvant rentrer \u00e0 la maison, il s\u2019est retrouv\u00e9 en train de passer plusieurs nuits \u00e0 l\u2019h\u00f4tel dans l\u2019une des villes de transit (Garoua)<a class=\"footnote\" title=\"Entretien men\u00e9 le 20 juin 2023 aupr\u00e8s d\u2019Anatole 53, homme d\u2019affaire \u00e0 Yaound\u00e9 au quartier Emombo.\" id=\"return-footnote-1211-11\" href=\"#footnote-1211-11\" aria-label=\"Footnote 11\"><sup class=\"footnote\">[11]<\/sup><\/a>. Ce qui a eu des incidences aussi bien \u00e9motionnelles que financi\u00e8res. L\u2019impact \u00e9motionnel se justifie par le fait qu&rsquo;il ne pouvait pas rentrer aupr\u00e8s de sa famille dans l\u2019imm\u00e9diat pour consoler les enfants et soutenir son \u00e9pouse. Aussi ses finances ont-elles suffisamment \u00e9t\u00e9 affect\u00e9es, car il s\u2019est retrouv\u00e9 contraint de d\u00e9penser davantage de l\u2019argent pour son h\u00e9bergement et sa restauration.<\/p>\n<p style=\"text-align: justify\">Bien plus, les nombreux effets de la pand\u00e9mie sur la situation socio\u00e9conomique des familles sont li\u00e9s au d\u00e9veloppement des tout-petits. Des \u00e9tudes r\u00e9v\u00e8lent en effet que les enfants vivant dans la pauvret\u00e9 pr\u00e9sentent plus de risques de d\u00e9velopper des difficult\u00e9s scolaires d\u00e8s leur entr\u00e9e \u00e0 l\u2019\u00e9cole et tout au long de leur parcours scolaire (Couillard, 2020). Pour preuve, les besoins basiques de l&rsquo;enfant doivent \u00eatre satisfaits pour qu&rsquo;il ou elle puisse acqu\u00e9rir les capacit\u00e9s maximales n\u00e9cessaires \u00e0 son \u00e9ducation formelle. Au rang de celles-ci, le droit \u00e0 la nutrition qui est un droit fondamental. Ce qui met au centre des d\u00e9bats la question de la nutrition en p\u00e9riode de crise sanitaire. Cependant, la pand\u00e9mie aussi eu des effets positifs.<\/p>\n<h2 style=\"text-align: justify\">Vers une reconfiguration des perceptions endog\u00e8no-familiales<\/h2>\n<p style=\"text-align: justify\">Le confinement partiel en tant que mesure gouvernementale prise pour faire face aux ravages du Covid-19 impose une prise en charge rigoureuse. Dans cette dynamique, la famille apparait, \u00e0 c\u00f4t\u00e9 de l\u2019\u00c9tat et ses entit\u00e9s de la sant\u00e9 publique, comme l\u2019acteur nodal. L\u2019impl\u00e9mentation d\u2019une telle politique n\u2019est pas sans impact sur le v\u00e9cu des familles au sein desquelles la maladie s\u00e9vit. Malgr\u00e9 la pl\u00e9thore d\u2019effets n\u00e9gatifs caus\u00e9s par la pand\u00e9mie, des effets positifs en \u00e9mergent. Ces effets sont perceptibles dans les m\u00e9nages gr\u00e2ce aux concours de la famille et de l\u2019\u00c9tat.<\/p>\n<h3 style=\"text-align: justify\">La consolidation des liens familiaux<\/h3>\n<p style=\"text-align: justify\">Dans les m\u00e9nages o\u00f9 les parents travaillent \u00e0 plein temps, le confinement les contraint \u00e0 \u00eatre plus pr\u00e9sents \u00e0 la maison pour leurs conjoint\u00b7es, enfants et autres r\u00e9sidant\u00b7es. Les liens familiaux se trouvent ainsi renforc\u00e9s par la r\u00e9alisation des t\u00e2ches domestiques, notamment la lessive, le m\u00e9nage, la cuisine, la vaisselle, le rangement, etc. Le fait que la mise en quarantaine se fasse \u00e0 la maison favorise aussi le d\u00e9veloppement de l\u2019affect. \u00catre entour\u00e9\u00b7e par les membres de sa famille lorsqu\u2019on est en situation asymptomatique facilite la gu\u00e9rison et la consolidation des liens. Ceci a pour effet de rehausser le r\u00f4le de la famille en tant qu\u2019entit\u00e9 sur laquelle repose la r\u00e9ussite de la politique gouvernementale de lutte contre la pand\u00e9mie. L\u2019on aurait pens\u00e9 que, de fa\u00e7on syst\u00e9matique, les personnes contamin\u00e9es sont isol\u00e9es et rejet\u00e9es par leurs proches qui ont peur \u00e0 leur tour d\u2019\u00eatre atteint\u00b7es par le Covid, mais cela n\u2019a pas toujours \u00e9t\u00e9 le cas. D\u2019apr\u00e8s les personnes interrog\u00e9es au sujet de leur quotidien avec les personnes infect\u00e9es en p\u00e9riode de Covid-19, 44 ont affirm\u00e9 que la famille a manifest\u00e9 de l\u2019affection \u00e0 leur \u00e9gard. Ainsi, la famille n\u2019a pas d\u00e9laiss\u00e9 sa fonction d\u2019encadrement de ses membres au profit du respect scrupuleux des mesures impos\u00e9es. Bien que la riposte soit prise en compte, la famille cherche \u00e0 sauvegarder ce lien de fraternit\u00e9 qui la caract\u00e9rise.<\/p>\n<p style=\"text-align: justify\">La lutte contre la prolif\u00e9ration du virus am\u00e8ne les m\u00e9nages a observ\u00e9 les r\u00e8gles d\u2019hygi\u00e8ne et de salubrit\u00e9\u00a0: se laver les mains (avec du gel hydro-alcoolique ou du savon et l\u2019eau coulante), \u00e9viter les embrassades, porter le masque et tenir la maison propre.\u00a0En effet, se nettoyer r\u00e9guli\u00e8rement les mains pr\u00e9vient\/\u00e9loigne de certaines maladies virales et des infections microbiennes. Gr\u00e2ce au respect des mesures barri\u00e8res, les maladies dites opportunistes caus\u00e9es par le manque d\u2019hygi\u00e8ne sont r\u00e9duites. Sans le vouloir, les mains qui sont la plupart du temps utilis\u00e9es pour se nourrir, se saluer, se frotter les parties sensibles se trouvent ainsi assainies et le risque de contagion est r\u00e9duit.<\/p>\n<p style=\"text-align: justify\">La limitation des contacts physiques du fait de la pand\u00e9mie a pour effet d\u2019\u00e9viter les contaminations diverses (les h\u00e9patites A, B et C, la tuberculose, la grippe, etc.) via le transfert des liquides et s\u00e9cr\u00e9tions biologiques (salive, sang, sueur, etc.). Le port du cache-nez limite la transmission des maladies par les postillons (\u00e9ternuements et toux). Des contacts \u00e9troits avec une personne infect\u00e9e sont susceptibles de propager une maladie\u00a0: m\u00eame lieu de vie, contact direct \u00e0 moins d\u2019un m\u00e8tre lors d\u2019une toux, d\u2019\u00e9ternuement ou d\u2019une discussion en l\u2019absence de mesures de protection. Un des autres vecteurs privil\u00e9gi\u00e9s de la transmission du virus est le contact des mains non lav\u00e9es avec le visage (Cdg60, 2021, p.\u00a01).<\/p>\n<p style=\"text-align: justify\">De plus, Il n\u2019est pas \u00e9vident d\u2019adopter le cache-nez comme pratique, car certaines personnes affirment s\u2019\u00e9touffer. Cependant, son usage r\u00e9duit la prolif\u00e9ration des virus de la grippe et prot\u00e8ge ainsi les familles face \u00e0 cette maladie contagieuse. L\u2019analyse des effets positifs de la pand\u00e9mie dans le cadre de vie s\u2019av\u00e8re importante. En effet, l\u2019\u00e9loignement de ce fl\u00e9au passe par la propret\u00e9 de l\u2019espace vital pour l\u2019\u00eatre humain. Combattre le coronavirus implique l\u2019a\u00e9ration des locaux, la d\u00e9sinfection des endroits en contact r\u00e9gulier avec les mains, \u00e0 l\u2019instar des poign\u00e9es de portes, des interrupteurs, des \u00e9clairages, des surfaces des claviers et ordinateurs, des robinets, des mobiliers et fen\u00eatres de maison.<\/p>\n<p style=\"text-align: justify\">La sauvegarde propre de l\u2019espace habitable lutte contre l\u2019installation des vecteurs de maladie tels que les mouches, les moustiques, etc. Ainsi, garder la maison propre en p\u00e9riode de Covid prot\u00e8ge les m\u00e9nages et met \u00e0 l\u2019abri des maladies comme le paludisme, le chol\u00e9ra, la fi\u00e8vre typho\u00efde, etc.<\/p>\n<h3 style=\"text-align: justify\">Le d\u00e9veloppement des petits m\u00e9tiers<\/h3>\n<p style=\"text-align: justify\">Le confinement partiel observ\u00e9 au Cameroun n\u2019a pas eu que des effets n\u00e9fastes sur le quotidien des familles. Des effets positifs subsistent et tendent m\u00eame parfois \u00e0 enjoliver et faciliter l\u2019observation de ces mesures de riposte anti-covid. C\u2019est pr\u00e9cis\u00e9ment dans cette dynamique que sur<\/p>\n<blockquote>\n<p style=\"text-align: justify\">Le plan \u00e9conomique, malgr\u00e9 de nombreux effets n\u00e9gatifs, plusieurs groupes de jeunes hommes et femmes se sont lanc\u00e9s dans des activit\u00e9s innovantes en lien avec la production du mat\u00e9riel de protection sur l\u2019ensemble du territoire national surtout dans les grandes villes. Les gar\u00e7ons fabriquent les seaux \u00e0 robinet pour le lavage des mains, les hommes et femmes sont dans la fabrication des gels hydro alcooliques, du savon et masques. D\u2019autres personnes, notamment les jeunes, se sont repli\u00e9s vers leurs villages pour cultiver\u00a0(Care, 2020, p.\u00a017).<\/p>\n<\/blockquote>\n<p style=\"text-align: justify\">Les effets positifs de la pand\u00e9mie sont visibles sur le plan relationnel. L\u2019une des exigences de la riposte est le respect de la distanciation sociale. Si au sein de certains m\u00e9nages cette mesure n\u2019a pas toujours \u00e9t\u00e9 suivie, dans d\u2019autres, cette situation a plut\u00f4t contribu\u00e9 \u00e0 rapprocher ses membres. La fabrication des solutions et gels hydro-alcooliques et savons, par exemple, n\u00e9cessite le franchissement de plusieurs \u00e9tapes, indiquant un travail \u00e0 la cha\u00eene de tous\/toutes ceux et celles qui s\u2019y mettent. De l\u2019avis de Brahim, un habitant de Yaound\u00e9, \u00ab\u00a0cette saine collaboration est b\u00e9n\u00e9fique pour la famille aussi bien sur le plan \u00e9conomique que sur le plan relationnel. Tous les habitants de la maison se sentent en confiance\u00a0\u00bb<a class=\"footnote\" title=\"Entretien men\u00e9 le 21 juin 2024 aupr\u00e8s de Brahim, 29 ans, \u00e9tudiant \u00e0 Yaound\u00e9 au quartier Ngoa-\u00e9k\u00e9ll\u00e9.\" id=\"return-footnote-1211-12\" href=\"#footnote-1211-12\" aria-label=\"Footnote 12\"><sup class=\"footnote\">[12]<\/sup><\/a>.<\/p>\n<p style=\"text-align: justify\">De m\u00eame, certaines couturi\u00e8res, ne pouvant plus se rendre dans leur atelier \u00e0 cette p\u00e9riode, transmettent le savoir-faire \u00e0 leurs enfants \u00e0 la maison en commen\u00e7ant par la confection des cache-nez. Celles-ci contribuent \u00e0 leur niveau \u00e0 la lutte contre le ch\u00f4mage des personnes dont elles ont la charge, leur \u00e9vitant ainsi la peur du lendemain. \u00ab\u00a0Les enfants \u00e9taient contents de m\u2019aider \u00e0 confectionner les patrons des diff\u00e9rents mod\u00e8les \u00e0 coudre\u00a0\u00bb, confia l\u2019une d\u2019elles<a class=\"footnote\" title=\"Entretien men\u00e9 le 25 juin 2024 avec Th\u00e9r\u00e8se, 43 ans, couturi\u00e8re \u00e0 Douala au quartier Logpom.\" id=\"return-footnote-1211-13\" href=\"#footnote-1211-13\" aria-label=\"Footnote 13\"><sup class=\"footnote\">[13]<\/sup><\/a>.<\/p>\n<h3 style=\"text-align: justify\">L\u2019accompagnement des patient\u00b7es du Covid-19 aux plans national et international<\/h3>\n<p style=\"text-align: justify\">La prise en charge des patient\u00b7es Covid rel\u00e8ve prioritairement de la famille. Pour la majeure partie des enqu\u00eat\u00e9\u00b7es, la quarantaine \u00e0 la maison pendant la crise du Covid-19 n\u2019a pas \u00e9t\u00e9 facile. Les membres des familles vivent diff\u00e9remment cette situation. Tandis que certain\u00b7es rejettent une personne contamin\u00e9e, d\u2019autres par contre lui manifestent de l\u2019empathie. Cependant, quatre (04) personnes interrog\u00e9es ont admis qu&rsquo;une partie de la famille \u00e9tait pr\u00e9sente pour soutenir leur malade contre 69 qui ont affirm\u00e9 avoir eu peur d&rsquo;approcher les personnes contamin\u00e9es et ont pr\u00e9f\u00e9r\u00e9 respecter la distanciation sociale.<\/p>\n<p style=\"text-align: justify\">Au-del\u00e0 du <em>take care <\/em>familial, la prise en charge des patient\u00b7es se fait au plan national par l\u2019\u00c9tat et ses d\u00e9partements minist\u00e9riels et au plan international par le biais de ses partenaires internationaux, des Organisations Internationales (OI), des Organisations Inter-Gouvernementales (OIG) et des Organisations Non-Gouvernementales (ONG).<\/p>\n<p style=\"text-align: justify\">Au regard de la vitesse de la propagation du coronavirus, la communaut\u00e9 internationale a d\u00e9cid\u00e9 de lui opposer une riposte globale. En ce sens, l\u2019Organisation Mondiale de la Sant\u00e9 a \u00e9t\u00e9 la structure op\u00e9rationnelle la mieux plac\u00e9e pour penser les strat\u00e9gies efficaces de lutte contre cette nouvelle pand\u00e9mie. C\u2019est dans cette mouvance que<\/p>\n<blockquote>\n<p style=\"text-align: justify\">Pour tenter d\u2019enrailler les effets sans cesse pervers de cette maladie aux d\u00e9veloppements toujours plus chaotiques, tous les Gouvernements sont engag\u00e9s, sous le leadership scientifique de l\u2019OMS, dans une riposte globale, multisectorielle et coordonn\u00e9e ramenant \u00e0 l\u2019ordre du jour non seulement les principes du multilat\u00e9ralisme dans la conduite des affaires mondiales, mais aussi et surtout, en encourageant en interne une synergie d\u2019actions avec les acteurs infra-\u00e9tatiques, dans une d\u00e9marche de compl\u00e9mentarit\u00e9 (Ngu\u00e9l\u00e9 Abada, 2021, p.\u00a0190).<\/p>\n<\/blockquote>\n<p style=\"text-align: justify\">La prise en charge de la personne infect\u00e9e se fait par plusieurs entit\u00e9s\u00a0: la famille nucl\u00e9aire, la famille \u00e9loign\u00e9e, les proches et connaissances, le corps m\u00e9dical et les organisations internationales. Toutefois, l\u2019\u00c9tat reste le principal acteur en charge de la gestion des patient\u00b7es atteint\u00b7es du Covid. Le r\u00f4le jou\u00e9 par la famille dans le respect du confinement n\u2019occulte pas celui d\u00e9volu \u00e0 l\u2019\u00c9tat en sa qualit\u00e9 de principal acteur en mati\u00e8re de gestion de la pand\u00e9mie du coronavirus. Ses actions se d\u00e9clinent en l\u2019accompagnement des personnes contamin\u00e9es \u00e0 travers leur prise en charge et la mise sur pied des strat\u00e9gies de sensibilisation par divers canaux. Dans le domaine sanitaire, dans le but de lutter contre le virus et r\u00e9duire le nombre de malades, l\u2019\u00c9tat a renforc\u00e9 sa coop\u00e9ration internationale et a acquis des vaccins anti-covid. De plus, il a facilit\u00e9 la prise en charge des malades. En pr\u00e9sentiel ou \u00e0 distance (t\u00e9l\u00e9m\u00e9decine), les soins et conseils prodigu\u00e9s par le corps m\u00e9dical ont soulag\u00e9 de nombreuses familles.<\/p>\n<p style=\"text-align: justify\">La sensibilisation a \u00e9galement \u00e9t\u00e9 mobilis\u00e9e par l\u2019\u00c9tat et ses partenaires. Pour le Programme des nations unies pour le d\u00e9veloppement (PNUD), \u00ab\u00a0une bonne communication aiderait \u00e0 accro\u00eetre l\u2019efficacit\u00e9 des mesures et \u00e0 r\u00e9duire les impacts n\u00e9gatifs\u00a0\u00bb (PNUD, 2020, p.\u00a022). Ce qui a pouss\u00e9 le gouvernement camerounais \u00e0 exercer une politique accrue de sensibilisation des m\u00e9nages sur les bienfaits de l\u2019adoption des mesures de lutte contre le Covid-19, dont le confinement partiel. Le respect scrupuleux de cette mesure, selon les autorit\u00e9s, limiterait consid\u00e9rablement la propagation de la maladie pour le bien-\u00eatre des m\u00e9nages. C\u2019est la raison pour laquelle presque tous les outils d\u2019information et de communication (radio, t\u00e9l\u00e9vision, r\u00e9seaux sociaux, etc.) ont \u00e9t\u00e9 mis \u00e0 contribution.<\/p>\n<p style=\"text-align: justify\">Au-del\u00e0 de l\u2019impact sanitaire, les actions de l\u2019\u00c9tat ont eu des cons\u00e9quences \u00e9conomiques \u00e0 travers la cr\u00e9ation d\u2019emplois, voire une reconversion professionnelle temporaire ou d\u00e9finitive. Plusieurs m\u00e9nages en ont b\u00e9n\u00e9fici\u00e9. Certains porte-fanions des familles se sont transform\u00e9\u00b7es temporairement en vendeurs et vendeuses de gels hydro-alcooliques et\/ou de masques. Une couturi\u00e8re interview\u00e9e dans la ville de Yaound\u00e9 a affirm\u00e9 s\u2019\u00eatre reconvertie \u00e0 la couture des masques faciaux, beaucoup plus rentables \u00e0 ce moment. Ce qui atteste que l\u2019av\u00e8nement de la pand\u00e9mie a ouvert le march\u00e9 \u00e0 certains gadgets (Bitsoumanou, 2020).<\/p>\n<p style=\"text-align: justify\">L\u2019\u00c9tat se fait \u00e9pauler dans sa lutte acharn\u00e9e contre la pand\u00e9mie par ses partenaires internationaux.\u00a0C\u2019est le constat fait par Ngu\u00e9l\u00e9 Abada\u00a0:<\/p>\n<blockquote>\n<p style=\"text-align: justify\">En vue d\u2019apporter leurs pierres \u00e0 l\u2019\u00e9difice dans l\u2019\u00e9radication de la pand\u00e9mie, les Pays amis du Cameroun ainsi que certaines ONG, sous le leadership de l\u2019Organisation Mondiale de la Sant\u00e9 (OMS), ne sont pas rest\u00e9s indiff\u00e9rents. C\u2019est ainsi que le Cameroun a re\u00e7u des aides financi\u00e8res et mat\u00e9rielles importantes, des pr\u00eats et assistances m\u00e9dicales, assistance en esp\u00e8ces (2021, p.\u00a0193).<\/p>\n<\/blockquote>\n<p style=\"text-align: justify\">Au rang des actions notoires des partenaires internationaux, l\u2019octroi au gouvernement camerounais des vaccins anti-covid \u00e0 administrer gratuitement \u00e0 sa population \u00e0 titre pr\u00e9ventif et curatif. L\u2019on peut aussi citer des thermoflashs, des r\u00e9actifs de laboratoire et d\u2019\u00e9couvillons (OMS Cameroun, 2020, p.\u00a016). En effet, la s\u00e9curit\u00e9 est l\u2019un des droits fondamentaux de l\u2019homme dont il est n\u00e9cessaire de toujours assurer. D\u2019ailleurs, Shalon rel\u00e8ve que \u00ab\u00a0la primaut\u00e9 des droits de l\u2019homme vise \u00e0 surpasser les approches classiques de la s\u00e9curit\u00e9, en levant les obstacles li\u00e9s \u00e0 la protection des droits socio-\u00e9conomiques et politiques des individus. Cette primaut\u00e9 d\u00e9fend une asym\u00e9trie entre le droit \u00e0 la vie, au logement et \u00e0 la libert\u00e9 d\u2019expression qui doit \u00eatre respect\u00e9e en tout temps\u00a0\u00bb (2021, p.\u00a094). Ce qui justifie les mesures prises par l\u2019\u00c9tat en p\u00e9riode Covid-19\u00a0:<\/p>\n<blockquote>\n<p style=\"text-align: justify\">les fronti\u00e8res terrestres, a\u00e9riennes et maritimes du Cameroun seront ferm\u00e9es et tous les vols passagers en provenance de l\u2019\u00e9tranger suspendus; la d\u00e9livrance des visas d\u2019entr\u00e9e au Cameroun aux diff\u00e9rents a\u00e9roports est suspendue; tous les \u00e9tablissements publics et priv\u00e9s de formation relevant des diff\u00e9rents ordres d\u2019enseignement, de la maternelle au sup\u00e9rieur, y compris les centres de formation professionnelle et les grandes \u00e9coles seront ferm\u00e9s [\u2026] les administrations publiques devront privil\u00e9gier les moyens de communication \u00e9lectronique et les outils num\u00e9riques pour les r\u00e9unions susceptibles de regrouper plus de dix (10) personnes; les missions \u00e0 l\u2019\u00e9tranger des membres du Gouvernement et des agents du secteur public et parapublic sont suspendues et les populations sont invit\u00e9es \u00e0 observer strictement les mesures d\u2019hygi\u00e8ne recommand\u00e9es par\u00a0l\u2019Organisation Mondiale de la Sant\u00e9 (Nsegbe <em>et al<\/em>.\u00a0, 2023, p.\u00a0424).<\/p>\n<\/blockquote>\n<p style=\"text-align: justify\">\u00c0 cela, s\u2019ajoutent \u00ab\u00a0se laver les mains (ou utiliser une solution hydro-alcoolique); tousser ou \u00e9ternuer dans son coude ou dans un mouchoir; utiliser un mouchoir \u00e0 usage unique et le jeter; ne pas toucher son visage avec des mains; saluer sans se serrer les mains et \u00e9viter les embrassades\u00a0\u00bb\u00a0(Va\u00efdjike et Ndikw\u00e9, 2022, p.\u00a0123); utiliser le cache-nez et respecter la distanciation sociale qui est d\u2019un m\u00e8tre.<\/p>\n<h2 style=\"text-align: justify\">Conclusion<\/h2>\n<p style=\"text-align: justify\">La pand\u00e9mie \u00e0 coronavirus a impos\u00e9 aux soci\u00e9t\u00e9s contemporaines l\u2019adoption de certaines mesures sanitaires. L\u2019impl\u00e9mentation de ces mesures barri\u00e8res n\u2019est pas sans effets sur le v\u00e9cu des populations. C\u2019est dans cette dynamique qu\u2019apparurent des bouleversements des interactions socio-\u00e9conomiques au sein des familles et la n\u00e9cessit\u00e9 d\u2019une reconfiguration des perceptions endog\u00e9no-familiales de la situation des patient\u00b7es. L\u2019\u00c9tat camerounais, \u00e0 travers ses structures de prise en charge des patient\u00b7es, tend \u00e0 att\u00e9nuer les effets n\u00e9gatifs de la pand\u00e9mie sur le v\u00e9cu des familles par les campagnes de sensibilisation et le travail \u00e0 distance. <em>Primo<\/em>, la sensibilisation se faisait par le biais des jeunes recrut\u00e9\u00b7es par les repr\u00e9sentations d\u00e9concentr\u00e9es du Minist\u00e8re de la Sant\u00e9. Ces jeunes avaient pour mission, sur le terrain, de sensibiliser les m\u00e9nages sur l\u2019importance du respect scrupuleux des mesures barri\u00e8res adopt\u00e9es par l\u2019\u00c9tat et ses partenaires dans la lutte contre la prolif\u00e9ration de la pand\u00e9mie \u00e0 coronavirus et la distribution de certains kits (cache-nez, gel hydro-alcoolique, etc.). <em>Secundo<\/em>, plusieurs patient\u00b7es \u00e9taient suivi\u00b7es \u00e0 domicile par un agent de la sant\u00e9 form\u00e9 et\/ou asserment\u00e9 via le t\u00e9l\u00e9phone ou l\u2019ordinateur. Au regard des impacts de la quarantaine \u00e0 domicile en temps de Covid-19 sur les enfants, \u00e0 l\u2019instar du Canada, le Cameroun gagnerait \u00e0 mettre sur pied des structures d\u2019aide \u00e0 l\u2019enfance et aux familles (Couillard, 2020). L\u2019\u00c9tat pourrait m\u00eame pr\u00e9voir des sanctions p\u00e9cuniaires en cas de non-respect des mesures prises dans la riposte globale aux pand\u00e9mies. Un retour aux pratiques anciennes (la d\u00e9sinfection syst\u00e9matique des m\u00e9nages, services et lieux publics, etc.) en mati\u00e8re de protection de la sant\u00e9 des populations en p\u00e9riode de pand\u00e9mie s\u2019av\u00e8re n\u00e9cessaire.<\/p>\n<h2 class=\"hanging-indent\" style=\"text-align: justify\">R\u00e9f\u00e9rences<\/h2>\n<p class=\"hanging-indent\" style=\"text-align: justify\">Bitsoumanou Nkounkou, Junior Gilles Martin. 2020<em>. L\u2019impact de la crise de Covid-19 sur les syst\u00e8mes alimentaires locaux du Congo et la r\u00e9ponse des institutions<\/em>. FAO. En ligne\u00a0: <a href=\"https:\/\/www.fao.org\/in-action\/food-for-cities-programme\/news\/detail\/en\/c\/1300543\/\">https:\/\/www.fao.org\/in-action\/food-for-cities-programme\/news\/detail\/en\/c\/1300543\/<\/a><\/p>\n<p class=\"hanging-indent\" style=\"text-align: justify\">Bouba, Bachir. 2021. L\u2019\u00e9cole \u00e0 la maison en p\u00e9riode de lutte contre la pand\u00e9mie du COVID-19 \u00e0 Mokolo dans l\u2019Extr\u00eame-Nord du Cameroun. <em>International Journal of Humanities Social Sciences and Education (IJHSSE)<\/em>, <em>8<\/em>(4), 157-164. DOI: <a href=\"https:\/\/doi.org\/10.20431\/2349-0381.0804014\">https:\/\/doi.org\/10.20431\/2349-0381.0804014<\/a><\/p>\n<p class=\"hanging-indent\" style=\"text-align: justify\">Brossier, Marie. 2010. <em>Quand la mobilisation produit de l\u2019institution. Pratiques de la famille et organisations religieuses au S\u00e9n\u00e9gal<\/em>. Th\u00e8se de doctorat de Science politique, Universit\u00e9 Paris 1 Panth\u00e9on\u2010Sorbonne.<\/p>\n<p class=\"hanging-indent\" style=\"text-align: justify\">Care Cameroun. 2020. <em>Analyse rapide genre pour Covid-19 Cameroun<\/em>. Rapport.<\/p>\n<p class=\"hanging-indent\" style=\"text-align: justify\">Couillard, Kathleen. 2020. COVID-19\u00a0: effets de la crise sur les familles et le d\u00e9veloppement des tout-petits. 2020. <em>Observatoire des tout-petits.<\/em> En ligne\u00a0: <a href=\"https:\/\/tout-petits.org\/publications\/dossiers-web\/covid-19\/covid-19-quels-effets-sur-les-familles-et-le-developpement-des-tout-petits\/\">https:\/\/tout-petits.org\/publications\/dossiers-web\/covid-19\/covid-19-quels-effets-sur-les-familles-et-le-developpement-des-tout-petits\/<\/a><\/p>\n<p class=\"hanging-indent\" style=\"text-align: justify\">Centre de gestion (cdg) 60. 2021. D\u00e9sinfection des locaux en p\u00e9riode de pand\u00e9mie (COVID-19), pr\u00e9vention des risques, fiche pratique, 1-5.<\/p>\n<p class=\"hanging-indent\" style=\"text-align: justify\">Ehode Elah, Raoul. 2022. \u00c9tat des lieux de l\u2019impact socio\u00e9conomique de la COVID-19 au Cameroun. <em>Revue de l\u2019acad\u00e9mie des sciences du Cameroun<\/em>, 18, 501-513.<\/p>\n<p class=\"hanging-indent\" style=\"text-align: justify\">Elearning Africa, 2020. <em>Impact de la pand\u00e9mie de COVID-19 sur l\u2019\u00e9ducation en Afrique et incidence sur le recours aux technologies. Sondage sur l\u2019exp\u00e9rience et les opinions des \u00e9ducateurs et sp\u00e9cialistes de technologies<\/em>. DOI 10.5281\/zenodo.4018774.<\/p>\n<p class=\"hanging-indent\" style=\"text-align: justify\">Mah, Bruno C\u00e9lestin. 2021. Covid-19 et vulgarisation du E-Learning \u00e0 l\u2019Universit\u00e9 de Ngaound\u00e9r\u00e9. <em>International Multilingual Journal of science and Technology (IMJST)<\/em>, <em>6<\/em>(2), 2519-2528.<\/p>\n<p class=\"hanging-indent\" style=\"text-align: justify\">Mandeng, Guy Armand, Tonye Nkot, Andr\u00e9, Ngo Noungui, Gertrude Lydie et Pandounke Nom, Germaine. 2021. Le droit \u00e0 l\u2019\u00e9ducation face \u00e0 la Covid-19\u00a0: le d\u00e9fis de l\u2019enseignement \u00e0 distance au Cameroun. <em>Revues.acaref.net<\/em>, 11, 117-132.<\/p>\n<p class=\"hanging-indent\" style=\"text-align: justify\">Ngu\u00e9l\u00e9 Abada, Marcelin. 2021. L\u2019action multisectorielle de l\u2019\u00c9tat et les d\u00e9fis de la coordination, de la compl\u00e9mentarit\u00e9 et de la coh\u00e9rence. In EIFORCES, l\u2019\u00c9tat africain \u00e0 l\u2019\u00e9preuve de la pand\u00e9mie Covid-19. <em>Revue Africaine de S\u00e9curit\u00e9 Internationale<\/em>, 189-200.<\/p>\n<p class=\"hanging-indent\" style=\"text-align: justify\">Nsegbe, Antoine De Padoue, Ndoki D\u00e9sir\u00e9 et Yemmafouo Aristide. 2023. Gouvernance de la Covid-19 et impacts socio-\u00e9conomiques et politiques des mesures prises dans le cadre de la lutte contre la pand\u00e9mie au Cameroun. <em>Les Cahiers d\u2019outre-mer<\/em>, mis en ligne le 1er Janvier 2023, consult\u00e9 le 21 avril 2024. URL\u00a0: http:\/\/journals.openedition.org\/12595; DOI\u00a0: https\u00a0:\/\/doi.org\/10.4000\/com 12595, 419-435.<\/p>\n<p class=\"hanging-indent\" style=\"text-align: justify\">ONU. 2020. Les incidences de le Covid-19 en Afrique. <em>Note de synth\u00e8se<\/em>.<\/p>\n<p class=\"hanging-indent\" style=\"text-align: justify\">OMS Cameroun. 2020. Covid-19 Infos, <em>Bulletin d\u2019information de l\u2019OMS Cameroun<\/em>, n\u00b01, \u00e9dition sp\u00e9ciale.<\/p>\n<p class=\"hanging-indent\" style=\"text-align: justify\">PNUD. 2020. <em>Effets socio\u00e9conomiques potentiels du Covid-19 au Cameroun\u00a0: Une \u00e9valuation sommaire<\/em>. 29p.<\/p>\n<hr class=\"metaauthorline\" \/>\n<div class=\"metadata metaauthor\">\n<p class=\"justify\" data-type=\"author\"><strong><a href=\"https:\/\/www.revues.scienceafrique.org\/adilaaku\/contributors\/daouda\">Sakinatou DAOUDA<\/a><\/strong><br \/>L\u2019autrice est titulaire d\u2019un doctorat PhD en anthropologie et sociologie politique. Elle est Charg\u00e9e de Recherche au Minist\u00e8re de la Recherche Scientifique et de l\u2019Innovation du Cameroun et par ailleurs, Chef de Bureau des Affaires Administratives et Financi\u00e8res et du Bureau de la Coordination au Centre R\u00e9gional de Recherche et d\u2019Innovation de l\u2019Extr\u00eame-Nord. Elle est sp\u00e9cialiste des questions de genre et politique, d\u2019anthropologie et de sociologie politique. Autrice de plusieurs articles scientifiques parus dans diverses maisons d\u2019\u00e9ditions au plan national et international. Actuellement, elle poursuit ses recherches dans les domaines du genre et politique et de l\u2019\u00e9ducation.<br \/>\nContact : sakinatoudaou@gmail.com<br \/>&nbsp;<br \/><strong><a href=\"https:\/\/www.revues.scienceafrique.org\/adilaaku\/contributors\/leonelle-flore-nguinta-heugang\">L\u00e9onelle Flore NGUINTA HEUGANG<\/a><\/strong><br \/>L\u2019autrice est Charg\u00e9 de Recherche au Centre National d\u2019\u00c9ducation du Minist\u00e8re de la Recherche Scientifique et de l\u2019Innovation et par ailleurs, Chef de Service de l\u2019Innovation au Centre R\u00e9gional de la Recherche Scientifique et de l\u2019Innovation de l\u2019Extr\u00eame-Nord. Elle est titulaire d\u2019un DEA en Droit international, sp\u00e9cialit\u00e9 droit de l&rsquo;environnement. Autrice d\u2019un ouvrage et de plusieurs articles scientifiques parus dans diverses revues au plan national et international.<br \/>&nbsp;<\/p>\n<\/div>\n<hr class=\"before-footnotes clear\" \/><div class=\"footnotes\"><ol><li id=\"footnote-1211-1\"><em>Statista<\/em> est une plateforme mondiale de donn\u00e9es et d\u2019intelligence \u00e9conomique avec une vaste base de donn\u00e9es comprenant des statistiques, des rapports et des connaissances sur plus de 80 000 sujets provenant de 22\u00a0500 sources dans 170 secteurs. <a href=\"#return-footnote-1211-1\" class=\"return-footnote\" aria-label=\"Return to footnote 1\">&crarr;<\/a><\/li><li id=\"footnote-1211-2\">En 2021, l\u2019on d\u00e9nombre 129\u00a0247 contamin\u00e9\u00b7es en Chine, 8\u00a0091\u00a0438 en France, 49\u00a0833\u00a0416 aux \u00c9tats-Unis et le Cameroun, quant \u00e0 lui, a comptabilis\u00e9 107\u00a0662 personnes infect\u00e9es. <a href=\"#return-footnote-1211-2\" class=\"return-footnote\" aria-label=\"Return to footnote 2\">&crarr;<\/a><\/li><li id=\"footnote-1211-3\">Entretien men\u00e9 le 12 juin 2023 aupr\u00e8s de Germaine, 38 ans m\u00e9nag\u00e8re de profession \u00e0 Yaound\u00e9 au quartier Mendong. <a href=\"#return-footnote-1211-3\" class=\"return-footnote\" aria-label=\"Return to footnote 3\">&crarr;<\/a><\/li><li id=\"footnote-1211-4\">Monseigneur Samuel KLEDA est archev\u00eaque m\u00e9tropolitaine de Douala r\u00e9put\u00e9 pour ses comp\u00e9tences en m\u00e9decine traditionnelle. <a href=\"#return-footnote-1211-4\" class=\"return-footnote\" aria-label=\"Return to footnote 4\">&crarr;<\/a><\/li><li id=\"footnote-1211-5\">Entretien men\u00e9 le 12 juin 2023 aupr\u00e8s de Germaine, 38 ans m\u00e9nag\u00e8re de profession \u00e0 Yaound\u00e9 au quartier Mendong. <a href=\"#return-footnote-1211-5\" class=\"return-footnote\" aria-label=\"Return to footnote 5\">&crarr;<\/a><\/li><li id=\"footnote-1211-6\">Entretien men\u00e9 le 14 juin en 2023 aupr\u00e8s de Rosy, 41 ans, m\u00e9nag\u00e8re \u00e0 Yaound\u00e9 au quartier Etoudi. <a href=\"#return-footnote-1211-6\" class=\"return-footnote\" aria-label=\"Return to footnote 6\">&crarr;<\/a><\/li><li id=\"footnote-1211-7\">Entretien men\u00e9 le 19 juin 2023 avec Christian, 37ans, moto taximan \u00e0 Douala au quartier Bonab\u00e9ri. <a href=\"#return-footnote-1211-7\" class=\"return-footnote\" aria-label=\"Return to footnote 7\">&crarr;<\/a><\/li><li id=\"footnote-1211-8\">Entretien men\u00e9 20 juin 2023 avec Anatole, 53 ans, homme d\u2019affaire \u00e0 Yaound\u00e9 au quartier Emombo. <a href=\"#return-footnote-1211-8\" class=\"return-footnote\" aria-label=\"Return to footnote 8\">&crarr;<\/a><\/li><li id=\"footnote-1211-9\">Entretien men\u00e9 le 19 juin 2023 avec la S\u0153ur Ang\u00e8le, 41 ans, religieuse catholique \u00e0 Douala au quartier Deido. <a href=\"#return-footnote-1211-9\" class=\"return-footnote\" aria-label=\"Return to footnote 9\">&crarr;<\/a><\/li><li id=\"footnote-1211-10\">Entretien men\u00e9 le 19 juin 2023 aupr\u00e8s de Basile, 47 ans, fonctionnaire \u00e0 Douala au quartier Kotto. <a href=\"#return-footnote-1211-10\" class=\"return-footnote\" aria-label=\"Return to footnote 10\">&crarr;<\/a><\/li><li id=\"footnote-1211-11\">Entretien men\u00e9 le 20 juin 2023 aupr\u00e8s d\u2019Anatole 53, homme d\u2019affaire \u00e0 Yaound\u00e9 au quartier Emombo. <a href=\"#return-footnote-1211-11\" class=\"return-footnote\" aria-label=\"Return to footnote 11\">&crarr;<\/a><\/li><li id=\"footnote-1211-12\">Entretien men\u00e9 le 21 juin 2024 aupr\u00e8s de Brahim, 29 ans, \u00e9tudiant \u00e0 Yaound\u00e9 au quartier Ngoa-\u00e9k\u00e9ll\u00e9. <a href=\"#return-footnote-1211-12\" class=\"return-footnote\" aria-label=\"Return to footnote 12\">&crarr;<\/a><\/li><li id=\"footnote-1211-13\">Entretien men\u00e9 le 25 juin 2024 avec Th\u00e9r\u00e8se, 43 ans, couturi\u00e8re \u00e0 Douala au quartier Logpom. <a href=\"#return-footnote-1211-13\" class=\"return-footnote\" aria-label=\"Return to footnote 13\">&crarr;<\/a><\/li><\/ol><\/div>","protected":false},"author":11,"menu_order":6,"template":"","meta":{"_acf_changed":false,"pb_show_title":"on","pb_short_title":"","pb_subtitle":"","pb_authors":["daouda","leonelle-flore-nguinta-heugang"],"pb_section_license":""},"chapter-type":[],"contributor":[481,112],"license":[],"class_list":["post-1211","chapter","type-chapter","status-publish","hentry","motscles-cameroun","motscles-confinement","motscles-covid-19","motscles-effets","motscles-famille","motscles-relations","keywords-cameroon","keywords-containment","keywords-covid-19","keywords-effects","keywords-family","keywords-relations","motscles-autre-benntn-ngokd-cb-yub-la","motscles-autre-cob-ju-ntm-tunnda","motscles-autre-ne-cobte-ntm-yog-mfa-num-yog-mba-nkab","motscles-autre-ngokd-manw-covid","motscles-autre-ngokd-ne-cb-mn","contributor-leonelle-flore-nguinta-heugang","contributor-daouda"],"part":1182,"_links":{"self":[{"href":"https:\/\/www.revues.scienceafrique.org\/adilaaku\/wp-json\/pressbooks\/v2\/chapters\/1211","targetHints":{"allow":["GET"]}}],"collection":[{"href":"https:\/\/www.revues.scienceafrique.org\/adilaaku\/wp-json\/pressbooks\/v2\/chapters"}],"about":[{"href":"https:\/\/www.revues.scienceafrique.org\/adilaaku\/wp-json\/wp\/v2\/types\/chapter"}],"author":[{"embeddable":true,"href":"https:\/\/www.revues.scienceafrique.org\/adilaaku\/wp-json\/wp\/v2\/users\/11"}],"version-history":[{"count":19,"href":"https:\/\/www.revues.scienceafrique.org\/adilaaku\/wp-json\/pressbooks\/v2\/chapters\/1211\/revisions"}],"predecessor-version":[{"id":1306,"href":"https:\/\/www.revues.scienceafrique.org\/adilaaku\/wp-json\/pressbooks\/v2\/chapters\/1211\/revisions\/1306"}],"part":[{"href":"https:\/\/www.revues.scienceafrique.org\/adilaaku\/wp-json\/pressbooks\/v2\/parts\/1182"}],"metadata":[{"href":"https:\/\/www.revues.scienceafrique.org\/adilaaku\/wp-json\/pressbooks\/v2\/chapters\/1211\/metadata\/"}],"wp:attachment":[{"href":"https:\/\/www.revues.scienceafrique.org\/adilaaku\/wp-json\/wp\/v2\/media?parent=1211"}],"wp:term":[{"taxonomy":"chapter-type","embeddable":true,"href":"https:\/\/www.revues.scienceafrique.org\/adilaaku\/wp-json\/pressbooks\/v2\/chapter-type?post=1211"},{"taxonomy":"contributor","embeddable":true,"href":"https:\/\/www.revues.scienceafrique.org\/adilaaku\/wp-json\/wp\/v2\/contributor?post=1211"},{"taxonomy":"license","embeddable":true,"href":"https:\/\/www.revues.scienceafrique.org\/adilaaku\/wp-json\/wp\/v2\/license?post=1211"}],"curies":[{"name":"wp","href":"https:\/\/api.w.org\/{rel}","templated":true}]}}