{"id":1321,"date":"2025-05-29T15:58:18","date_gmt":"2025-05-29T13:58:18","guid":{"rendered":"https:\/\/www.revues.scienceafrique.org\/adilaaku\/?post_type=chapter&#038;p=1321"},"modified":"2025-05-29T16:10:03","modified_gmt":"2025-05-29T14:10:03","slug":"appel-volume-4-numero-2-2025-varia","status":"web-only","type":"chapter","link":"https:\/\/www.revues.scienceafrique.org\/adilaaku\/texte\/appel-volume-4-numero-2-2025-varia\/","title":{"rendered":"Appel volume 4, num\u00e9ro 2 &#8211; 2025 : VARIA"},"content":{"raw":"<h2 style=\"text-align: justify\">Pr\u00e9sentation<\/h2>\r\n<p style=\"text-align: justify\">La revue <em>Adilaaku<\/em>, Droit, Politique et Soci\u00e9t\u00e9 en Afrique est l\u2019un des outils strat\u00e9giques de vulgarisation des r\u00e9sultats de recherches du Centre National d\u2019\u00e9ducation, du Cameroun et d\u2019ailleurs. En effet, elle a pour objectif de contribuer \u00e0 densifier les r\u00e9sultats de la recherche sur les plans \u00e9conomiques, politiques, \u00e9conomiques et sociales modestement \u00e0 la r\u00e9flexion sur les mutations et transformations qui affectent l\u2019ordre politique et juridique contemporain. Elle participe ainsi au renouvellement de la compr\u00e9hension des grands enjeux du monde. Se fondant sur la maxime <em>Ubi Societas, Ibi jus, Ibi Societas, Ubi politicas<\/em> qui enseigne qu\u2019il n\u2019y a pas de soci\u00e9t\u00e9 sans droit ni de soci\u00e9t\u00e9 sans politique, <em>Adilaaku<\/em> met le droit et la politique au service du bien-\u00eatre de l\u2019humain, \u00e9tant donn\u00e9 qu\u2019une soci\u00e9t\u00e9 d\u2019individus est anim\u00e9e par la n\u00e9cessit\u00e9 de r\u00e9glementer et de pacifier les rapports. Avec ladite revue, les chercheuses et chercheurs en sciences sociales disposent d\u2019un espace privil\u00e9gi\u00e9 pour discuter et diffuser leurs savoirs en libre acc\u00e8s sous le mod\u00e8le diamant.<\/p>\r\n<p style=\"text-align: justify\">Parvenue \u00e0 sa cinqui\u00e8me ann\u00e9e, la revue Adilaaku lance cet appel varia dans le but de s\u2019ouvrir aux contributions de qualit\u00e9 scientifique reconnue, des articles de synth\u00e8se et notes scientifiques, des courts textes de discussions sur des probl\u00e8mes scientifiques et techniques actuels et innovants invitant au d\u00e9bat et demandant des \u00e9l\u00e9ments de solutions. Ces contributions pourront permettre d\u2019avoir un regard sur les mutations sociales qui affectent l\u2019ordre politique et juridique contemporain, et ce \u00e0 diff\u00e9rents niveaux :<\/p>\r\n\r\n<ul style=\"text-align: justify\">\r\n \t<li>La construction d\u2019un espace politique et juridique supranational ;<\/li>\r\n \t<li>La territorialisation de l\u2019action politique ;<\/li>\r\n \t<li>La structuration des institutions publiques,<\/li>\r\n \t<li>De l\u2019offre politique et des rapports des citoyens \u00e0 la politique : partis politiques, \u00e9lus et \u00e9lections, participation, engagement, vote ;<\/li>\r\n \t<li>Les nouvelles formes et pratiques de la d\u00e9mocratie ;<\/li>\r\n \t<li>La sociologie des mobilisations collectives et des engagements ;<\/li>\r\n \t<li>Les processus d\u2019\u00e9laboration et d\u2019imposition des normes juridiques ;<\/li>\r\n \t<li>Les nouvelles configurations nationales et les TICs ;<\/li>\r\n \t<li>L\u2019institutionnalisation et codification du d\u00e9veloppement durable\u00a0;<\/li>\r\n \t<li>Etc.<\/li>\r\n<\/ul>\r\n<h2 style=\"text-align: justify\">Conditions de soumission<\/h2>\r\n<p style=\"text-align: justify\">La revue\u00a0<em>Adilaaku<\/em>\u00a0publie exclusivement en langue fran\u00e7aise, mais peut exceptionnellement admettre des textes en anglais ou en d\u2019autres langues si elle dispose d\u2019une ressource humaine circonstancielle pour les \u00e9valuer et les r\u00e9viser. Elle pratique l\u2019\u00e9valuation par les pair-e-s (<em>peer-review<\/em>) et dispose d\u2019une politique antiplagiat arrim\u00e9e \u00e0 celle du\u00a0<a href=\"https:\/\/www.revues.scienceafrique.org\/\">Grenier des savoirs<\/a>. Les r\u00e9sum\u00e9s ainsi que les textes d\u00e9finitifs seront exclusivement soumis en ligne \u00e0 l\u2019adresse suivante\u00a0:\u00a0<a href=\"https:\/\/www.revues.scienceafrique.org\/adilaaku\/texte\/appel-volume-2-numero-1-legislation-penale-et-rapports-sociaux-en-afrique\/blank\" target=\"_blank\" rel=\"noopener\">https:\/\/www.revues.scienceafrique.org\/formulaire\/<\/a><\/p>\r\n<p style=\"text-align: justify\">Avant l\u2019envoi des textes d\u00e9finitifs, les auteurs et autrices sont pri\u00e9-e-s de t\u00e9l\u00e9charger la\u00a0<a href=\"https:\/\/www.revues.scienceafrique.org\/instruction\/\">feuille de style<\/a>\u00a0et de respecter scrupuleusement les normes de pr\u00e9sentation qu\u2019ils ou elles trouveront \u00e0 cette adresse\u00a0:<\/p>\r\n<p style=\"text-align: justify\"><a href=\"https:\/\/www.revues.scienceafrique.org\/adilaaku\/politiques\/instruction-aux-auteurs-et-aux-autrices\/\">https:\/\/www.revues.scienceafrique.org\/adilaaku\/politiques\/instruction-aux-auteurs-et-aux-autrices\/<\/a><\/p>\r\n\r\n<h2 style=\"text-align: justify\">Calendrier<\/h2>\r\n<p style=\"text-align: justify\">Ouverture de l\u2019appel\u00a0: 29 mai 2025<\/p>\r\n<p style=\"text-align: justify\"><strong>Date limite de r\u00e9ception des r\u00e9sum\u00e9s (<\/strong><a href=\"https:\/\/www.revues.scienceafrique.org\/formulaire\/\"><strong>en ligne uniquement<\/strong><\/a><strong>) : <\/strong><strong>30 juillet 2025<\/strong><\/p>\r\n<p style=\"text-align: justify\">R\u00e9ponse aux auteurs et autrices apr\u00e8s \u00e9valuation de la proposition : 10 septembre 2025<\/p>\r\n<p style=\"text-align: justify\">R\u00e9ception des textes complets (<a href=\"https:\/\/www.revues.scienceafrique.org\/formulaire\/\">en ligne uniquement<\/a>) : 30 octobre 2025<\/p>\r\n<p style=\"text-align: justify\">Publication du volume : d\u00e9cembre 2025<\/p>\r\n\r\n<h2 style=\"text-align: justify\">Comit\u00e9 de r\u00e9daction<\/h2>\r\n<ul style=\"text-align: justify\">\r\n \t<li>ABOUBAKAR ADAMOU, Centre National d\u2019\u00c9ducation, MINRESI (Cameroun)<\/li>\r\n \t<li>BAMBA Alidjou, membre expert du Groupe de travail sur les droits des personnes \u00e2g\u00e9es et des personnes handicap\u00e9es en Afrique<\/li>\r\n \t<li>BASSANE GNEBA Julie, Universit\u00e9 de Ngaound\u00e9r\u00e9 (Cameroun)<\/li>\r\n \t<li>MAHINI Bertrand-Michel, Centre National d\u2019\u00c9ducation, MINRESI (Cameroun)<\/li>\r\n \t<li>NOUAZI KEMKENG Carole Val\u00e9rie, r\u00e9dactrice en chef, Centre National d\u2019\u00c9ducation, MINRESI (Cameroun), Membre-Expert du Groupe de travail sur la peine de mort, les ex\u00e9cutions extrajudiciaires, sommaires ou arbitraires et les disparitions forc\u00e9es en Afrique<\/li>\r\n \t<li>PREGNON Claude NAHI, Universit\u00e9 Peleforo Gon Coulibaly de Khorogo (C\u00f4te d\u2019Ivoire)<\/li>\r\n \t<li>TAMOUYA T. Aur\u00e9lien, Centre National d\u2019\u00c9ducation, MINRESI (Cameroun)<\/li>\r\n \t<li>TCHAPMEGNI Robinson, Institut Qu\u00e9b\u00e9cois des Affaires Internationales (Canada)<\/li>\r\n \t<li>TIEHI Elis\u00e9e Judica\u00ebl, chercheur associ\u00e9 au Centre Jean Bodin de l\u2019Universit\u00e9 d\u2019Angers (France)<\/li>\r\n<\/ul>\r\n<h2 style=\"text-align: justify\">Comit\u00e9 scientifique<\/h2>\r\n<ul>\r\n \t<li>ABANE ONGOLO Patrick, Universit\u00e9 de Yaound\u00e9 II (Cameroun)<\/li>\r\n \t<li>ALAWADI ZELAO, Universit\u00e9 de Dschang (Cameroun)<\/li>\r\n \t<li>BADUGUE Patrick L., Magistrat, Attach\u00e9 au Parquet g\u00e9n\u00e9ral pr\u00e8s la Cour d\u2019Appel de l\u2019Adamaoua et Membre expert du Groupe de Travail sur les droits des personnes \u00e2g\u00e9es et des personnes handicap\u00e9es de la Commission africaine des droits de l\u2019homme et des peuples (Cameroun)<\/li>\r\n \t<li>BIKOE Martine, Universit\u00e9 de Ngaound\u00e9r\u00e9 (Cameroun)<\/li>\r\n \t<li>EHODE Raoul, Centre National d\u2019\u00c9ducation, MINRESI (Cameroun)<\/li>\r\n \t<li>FOMEGANG Timoth\u00e9e, Universit\u00e9 de Yaound\u00e9 II (Cameroun)<\/li>\r\n \t<li>GUIMDO DONGMO Bernard-Raymond, Universit\u00e9 de Yaound\u00e9 II (Cameroun)<\/li>\r\n \t<li>HARELIMANA Jean Baptiste, Directeur de l\u2019Acad\u00e9mie africaine de la pratique du droit international, Avocat au Barreau des Hauts-de-Seine (France)<\/li>\r\n \t<li>JEUGUE DOUNGUE Martial, Centre National d\u2019\u00c9ducation, MINRESI (Cameroun)<\/li>\r\n \t<li>JIOGUE Gr\u00e9goire, Universit\u00e9 de Yaound\u00e9 II (Cameroun)<\/li>\r\n \t<li>MACHIKOU NGAMENI Nadine, Universit\u00e9 de Yaound\u00e9 II (Cameroun)<\/li>\r\n \t<li>MANGA KALNIGA Jos\u00e9 D., Centre National d\u2019\u00c9ducation, MINRESI (Cameroun)<\/li>\r\n \t<li>MBOUMEGNE DZESSEU Serges Fr\u00e9d\u00e9ric, CNE, MINRESI (Cameroun)<\/li>\r\n \t<li>MFOYOUOM Guy Herman, Universit\u00e9 de Douala (Cameroun)<\/li>\r\n \t<li>MOMO NOUAZI Mathieu, Universit\u00e9 de Dschang &amp; IRGM\/MINRESI (Cameroun)<\/li>\r\n \t<li>MOUNDOUNGA MOUITY Patrice, Universit\u00e9 Omar Bongo (Gabon)<\/li>\r\n \t<li>MPORTEH Stephen AMBE, Universit\u00e9 de Yaound\u00e9 I &amp; CNE, MINRESI (Cameroun)<\/li>\r\n \t<li>NGOUNMEDJE Firmin, Universit\u00e9 de Yaound\u00e9 II (Cameroun)<\/li>\r\n \t<li>NJIKAM NJIFOTIE Abdou, Centre National d\u2019\u00c9ducation, MINRESI (Cameroun)<\/li>\r\n \t<li>OLINGA Alain Didier, Professeur, droit public, Universit\u00e9 de Yaound\u00e9 II<\/li>\r\n \t<li>DEKANE Emmanuel, Centre National d\u2019\u00c9ducation, Minist\u00e8re de la Recherche Scientifique et de l\u2019Innovation (Cameroun)<\/li>\r\n \t<li>JIOTSA Albert, Centre National d\u2019\u00c9ducation, MINRESI (Cameroun)<\/li>\r\n \t<li>OWONA OMGBA Junior, Universit\u00e9 de Yaound\u00e9 II (Cameroun)<\/li>\r\n \t<li>S\u00c8NE Di\u00e9gane, CESTI, un institut de l\u2019Universit\u00e9 Cheikh Anta Diop (S\u00e9n\u00e9gal)<\/li>\r\n \t<li>SOURNA LOUMTOUANG Erick, Centre National d\u2019\u00c9ducation, MINRESI (Cameroun)<\/li>\r\n \t<li>TCHAKOUA Jean-Marie, Universit\u00e9 de Yaound\u00e9 II (Cameroun)<\/li>\r\n \t<li>TCHIKAYA Blaise, Universit\u00e9 de Paris XIII (France)<\/li>\r\n \t<li>TSANA NGUEGANG Ramses, Universit\u00e9 de Douala (Cameroun)<\/li>\r\n \t<li>YAMBENE BOMONO Henri, CNE, MINRESI (Cameroun)<\/li>\r\n \t<li>YEBEGA NDJANA Nicolas Junior, Universit\u00e9 de Douala (Cameroun)<\/li>\r\n<\/ul>","rendered":"<div class=\"metadata\">\n<p><strong>Type de texte&nbsp;: <\/strong>Article<\/p>\n<\/div>\n<p>&nbsp;<\/p>\n<h2 style=\"text-align: justify\">Pr\u00e9sentation<\/h2>\n<p style=\"text-align: justify\">La revue <em>Adilaaku<\/em>, Droit, Politique et Soci\u00e9t\u00e9 en Afrique est l\u2019un des outils strat\u00e9giques de vulgarisation des r\u00e9sultats de recherches du Centre National d\u2019\u00e9ducation, du Cameroun et d\u2019ailleurs. En effet, elle a pour objectif de contribuer \u00e0 densifier les r\u00e9sultats de la recherche sur les plans \u00e9conomiques, politiques, \u00e9conomiques et sociales modestement \u00e0 la r\u00e9flexion sur les mutations et transformations qui affectent l\u2019ordre politique et juridique contemporain. Elle participe ainsi au renouvellement de la compr\u00e9hension des grands enjeux du monde. Se fondant sur la maxime <em>Ubi Societas, Ibi jus, Ibi Societas, Ubi politicas<\/em> qui enseigne qu\u2019il n\u2019y a pas de soci\u00e9t\u00e9 sans droit ni de soci\u00e9t\u00e9 sans politique, <em>Adilaaku<\/em> met le droit et la politique au service du bien-\u00eatre de l\u2019humain, \u00e9tant donn\u00e9 qu\u2019une soci\u00e9t\u00e9 d\u2019individus est anim\u00e9e par la n\u00e9cessit\u00e9 de r\u00e9glementer et de pacifier les rapports. Avec ladite revue, les chercheuses et chercheurs en sciences sociales disposent d\u2019un espace privil\u00e9gi\u00e9 pour discuter et diffuser leurs savoirs en libre acc\u00e8s sous le mod\u00e8le diamant.<\/p>\n<p style=\"text-align: justify\">Parvenue \u00e0 sa cinqui\u00e8me ann\u00e9e, la revue Adilaaku lance cet appel varia dans le but de s\u2019ouvrir aux contributions de qualit\u00e9 scientifique reconnue, des articles de synth\u00e8se et notes scientifiques, des courts textes de discussions sur des probl\u00e8mes scientifiques et techniques actuels et innovants invitant au d\u00e9bat et demandant des \u00e9l\u00e9ments de solutions. Ces contributions pourront permettre d\u2019avoir un regard sur les mutations sociales qui affectent l\u2019ordre politique et juridique contemporain, et ce \u00e0 diff\u00e9rents niveaux :<\/p>\n<ul style=\"text-align: justify\">\n<li>La construction d\u2019un espace politique et juridique supranational ;<\/li>\n<li>La territorialisation de l\u2019action politique ;<\/li>\n<li>La structuration des institutions publiques,<\/li>\n<li>De l\u2019offre politique et des rapports des citoyens \u00e0 la politique : partis politiques, \u00e9lus et \u00e9lections, participation, engagement, vote ;<\/li>\n<li>Les nouvelles formes et pratiques de la d\u00e9mocratie ;<\/li>\n<li>La sociologie des mobilisations collectives et des engagements ;<\/li>\n<li>Les processus d\u2019\u00e9laboration et d\u2019imposition des normes juridiques ;<\/li>\n<li>Les nouvelles configurations nationales et les TICs ;<\/li>\n<li>L\u2019institutionnalisation et codification du d\u00e9veloppement durable\u00a0;<\/li>\n<li>Etc.<\/li>\n<\/ul>\n<h2 style=\"text-align: justify\">Conditions de soumission<\/h2>\n<p style=\"text-align: justify\">La revue\u00a0<em>Adilaaku<\/em>\u00a0publie exclusivement en langue fran\u00e7aise, mais peut exceptionnellement admettre des textes en anglais ou en d\u2019autres langues si elle dispose d\u2019une ressource humaine circonstancielle pour les \u00e9valuer et les r\u00e9viser. Elle pratique l\u2019\u00e9valuation par les pair-e-s (<em>peer-review<\/em>) et dispose d\u2019une politique antiplagiat arrim\u00e9e \u00e0 celle du\u00a0<a href=\"https:\/\/www.revues.scienceafrique.org\/\">Grenier des savoirs<\/a>. Les r\u00e9sum\u00e9s ainsi que les textes d\u00e9finitifs seront exclusivement soumis en ligne \u00e0 l\u2019adresse suivante\u00a0:\u00a0<a href=\"https:\/\/www.revues.scienceafrique.org\/adilaaku\/texte\/appel-volume-2-numero-1-legislation-penale-et-rapports-sociaux-en-afrique\/blank\" target=\"_blank\" rel=\"noopener\">https:\/\/www.revues.scienceafrique.org\/formulaire\/<\/a><\/p>\n<p style=\"text-align: justify\">Avant l\u2019envoi des textes d\u00e9finitifs, les auteurs et autrices sont pri\u00e9-e-s de t\u00e9l\u00e9charger la\u00a0<a href=\"https:\/\/www.revues.scienceafrique.org\/instruction\/\">feuille de style<\/a>\u00a0et de respecter scrupuleusement les normes de pr\u00e9sentation qu\u2019ils ou elles trouveront \u00e0 cette adresse\u00a0:<\/p>\n<p style=\"text-align: justify\"><a href=\"https:\/\/www.revues.scienceafrique.org\/adilaaku\/politiques\/instruction-aux-auteurs-et-aux-autrices\/\">https:\/\/www.revues.scienceafrique.org\/adilaaku\/politiques\/instruction-aux-auteurs-et-aux-autrices\/<\/a><\/p>\n<h2 style=\"text-align: justify\">Calendrier<\/h2>\n<p style=\"text-align: justify\">Ouverture de l\u2019appel\u00a0: 29 mai 2025<\/p>\n<p style=\"text-align: justify\"><strong>Date limite de r\u00e9ception des r\u00e9sum\u00e9s (<\/strong><a href=\"https:\/\/www.revues.scienceafrique.org\/formulaire\/\"><strong>en ligne uniquement<\/strong><\/a><strong>) : <\/strong><strong>30 juillet 2025<\/strong><\/p>\n<p style=\"text-align: justify\">R\u00e9ponse aux auteurs et autrices apr\u00e8s \u00e9valuation de la proposition : 10 septembre 2025<\/p>\n<p style=\"text-align: justify\">R\u00e9ception des textes complets (<a href=\"https:\/\/www.revues.scienceafrique.org\/formulaire\/\">en ligne uniquement<\/a>) : 30 octobre 2025<\/p>\n<p style=\"text-align: justify\">Publication du volume : d\u00e9cembre 2025<\/p>\n<h2 style=\"text-align: justify\">Comit\u00e9 de r\u00e9daction<\/h2>\n<ul style=\"text-align: justify\">\n<li>ABOUBAKAR ADAMOU, Centre National d\u2019\u00c9ducation, MINRESI (Cameroun)<\/li>\n<li>BAMBA Alidjou, membre expert du Groupe de travail sur les droits des personnes \u00e2g\u00e9es et des personnes handicap\u00e9es en Afrique<\/li>\n<li>BASSANE GNEBA Julie, Universit\u00e9 de Ngaound\u00e9r\u00e9 (Cameroun)<\/li>\n<li>MAHINI Bertrand-Michel, Centre National d\u2019\u00c9ducation, MINRESI (Cameroun)<\/li>\n<li>NOUAZI KEMKENG Carole Val\u00e9rie, r\u00e9dactrice en chef, Centre National d\u2019\u00c9ducation, MINRESI (Cameroun), Membre-Expert du Groupe de travail sur la peine de mort, les ex\u00e9cutions extrajudiciaires, sommaires ou arbitraires et les disparitions forc\u00e9es en Afrique<\/li>\n<li>PREGNON Claude NAHI, Universit\u00e9 Peleforo Gon Coulibaly de Khorogo (C\u00f4te d\u2019Ivoire)<\/li>\n<li>TAMOUYA T. Aur\u00e9lien, Centre National d\u2019\u00c9ducation, MINRESI (Cameroun)<\/li>\n<li>TCHAPMEGNI Robinson, Institut Qu\u00e9b\u00e9cois des Affaires Internationales (Canada)<\/li>\n<li>TIEHI Elis\u00e9e Judica\u00ebl, chercheur associ\u00e9 au Centre Jean Bodin de l\u2019Universit\u00e9 d\u2019Angers (France)<\/li>\n<\/ul>\n<h2 style=\"text-align: justify\">Comit\u00e9 scientifique<\/h2>\n<ul>\n<li>ABANE ONGOLO Patrick, Universit\u00e9 de Yaound\u00e9 II (Cameroun)<\/li>\n<li>ALAWADI ZELAO, Universit\u00e9 de Dschang (Cameroun)<\/li>\n<li>BADUGUE Patrick L., Magistrat, Attach\u00e9 au Parquet g\u00e9n\u00e9ral pr\u00e8s la Cour d\u2019Appel de l\u2019Adamaoua et Membre expert du Groupe de Travail sur les droits des personnes \u00e2g\u00e9es et des personnes handicap\u00e9es de la Commission africaine des droits de l\u2019homme et des peuples (Cameroun)<\/li>\n<li>BIKOE Martine, Universit\u00e9 de Ngaound\u00e9r\u00e9 (Cameroun)<\/li>\n<li>EHODE Raoul, Centre National d\u2019\u00c9ducation, MINRESI (Cameroun)<\/li>\n<li>FOMEGANG Timoth\u00e9e, Universit\u00e9 de Yaound\u00e9 II (Cameroun)<\/li>\n<li>GUIMDO DONGMO Bernard-Raymond, Universit\u00e9 de Yaound\u00e9 II (Cameroun)<\/li>\n<li>HARELIMANA Jean Baptiste, Directeur de l\u2019Acad\u00e9mie africaine de la pratique du droit international, Avocat au Barreau des Hauts-de-Seine (France)<\/li>\n<li>JEUGUE DOUNGUE Martial, Centre National d\u2019\u00c9ducation, MINRESI (Cameroun)<\/li>\n<li>JIOGUE Gr\u00e9goire, Universit\u00e9 de Yaound\u00e9 II (Cameroun)<\/li>\n<li>MACHIKOU NGAMENI Nadine, Universit\u00e9 de Yaound\u00e9 II (Cameroun)<\/li>\n<li>MANGA KALNIGA Jos\u00e9 D., Centre National d\u2019\u00c9ducation, MINRESI (Cameroun)<\/li>\n<li>MBOUMEGNE DZESSEU Serges Fr\u00e9d\u00e9ric, CNE, MINRESI (Cameroun)<\/li>\n<li>MFOYOUOM Guy Herman, Universit\u00e9 de Douala (Cameroun)<\/li>\n<li>MOMO NOUAZI Mathieu, Universit\u00e9 de Dschang &amp; IRGM\/MINRESI (Cameroun)<\/li>\n<li>MOUNDOUNGA MOUITY Patrice, Universit\u00e9 Omar Bongo (Gabon)<\/li>\n<li>MPORTEH Stephen AMBE, Universit\u00e9 de Yaound\u00e9 I &amp; CNE, MINRESI (Cameroun)<\/li>\n<li>NGOUNMEDJE Firmin, Universit\u00e9 de Yaound\u00e9 II (Cameroun)<\/li>\n<li>NJIKAM NJIFOTIE Abdou, Centre National d\u2019\u00c9ducation, MINRESI (Cameroun)<\/li>\n<li>OLINGA Alain Didier, Professeur, droit public, Universit\u00e9 de Yaound\u00e9 II<\/li>\n<li>DEKANE Emmanuel, Centre National d\u2019\u00c9ducation, Minist\u00e8re de la Recherche Scientifique et de l\u2019Innovation (Cameroun)<\/li>\n<li>JIOTSA Albert, Centre National d\u2019\u00c9ducation, MINRESI (Cameroun)<\/li>\n<li>OWONA OMGBA Junior, Universit\u00e9 de Yaound\u00e9 II (Cameroun)<\/li>\n<li>S\u00c8NE Di\u00e9gane, CESTI, un institut de l\u2019Universit\u00e9 Cheikh Anta Diop (S\u00e9n\u00e9gal)<\/li>\n<li>SOURNA LOUMTOUANG Erick, Centre National d\u2019\u00c9ducation, MINRESI (Cameroun)<\/li>\n<li>TCHAKOUA Jean-Marie, Universit\u00e9 de Yaound\u00e9 II (Cameroun)<\/li>\n<li>TCHIKAYA Blaise, Universit\u00e9 de Paris XIII (France)<\/li>\n<li>TSANA NGUEGANG Ramses, Universit\u00e9 de Douala (Cameroun)<\/li>\n<li>YAMBENE BOMONO Henri, CNE, MINRESI (Cameroun)<\/li>\n<li>YEBEGA NDJANA Nicolas Junior, Universit\u00e9 de Douala (Cameroun)<\/li>\n<\/ul>\n","protected":false},"author":11,"menu_order":1,"template":"","meta":{"_acf_changed":false,"pb_show_title":"on","pb_short_title":"","pb_subtitle":"","pb_authors":[],"pb_section_license":""},"chapter-type":[],"contributor":[],"license":[],"class_list":["post-1321","chapter","type-chapter","status-web-only","hentry"],"part":303,"_links":{"self":[{"href":"https:\/\/www.revues.scienceafrique.org\/adilaaku\/wp-json\/pressbooks\/v2\/chapters\/1321","targetHints":{"allow":["GET"]}}],"collection":[{"href":"https:\/\/www.revues.scienceafrique.org\/adilaaku\/wp-json\/pressbooks\/v2\/chapters"}],"about":[{"href":"https:\/\/www.revues.scienceafrique.org\/adilaaku\/wp-json\/wp\/v2\/types\/chapter"}],"author":[{"embeddable":true,"href":"https:\/\/www.revues.scienceafrique.org\/adilaaku\/wp-json\/wp\/v2\/users\/11"}],"version-history":[{"count":2,"href":"https:\/\/www.revues.scienceafrique.org\/adilaaku\/wp-json\/pressbooks\/v2\/chapters\/1321\/revisions"}],"predecessor-version":[{"id":1323,"href":"https:\/\/www.revues.scienceafrique.org\/adilaaku\/wp-json\/pressbooks\/v2\/chapters\/1321\/revisions\/1323"}],"part":[{"href":"https:\/\/www.revues.scienceafrique.org\/adilaaku\/wp-json\/pressbooks\/v2\/parts\/303"}],"metadata":[{"href":"https:\/\/www.revues.scienceafrique.org\/adilaaku\/wp-json\/pressbooks\/v2\/chapters\/1321\/metadata\/"}],"wp:attachment":[{"href":"https:\/\/www.revues.scienceafrique.org\/adilaaku\/wp-json\/wp\/v2\/media?parent=1321"}],"wp:term":[{"taxonomy":"chapter-type","embeddable":true,"href":"https:\/\/www.revues.scienceafrique.org\/adilaaku\/wp-json\/pressbooks\/v2\/chapter-type?post=1321"},{"taxonomy":"contributor","embeddable":true,"href":"https:\/\/www.revues.scienceafrique.org\/adilaaku\/wp-json\/wp\/v2\/contributor?post=1321"},{"taxonomy":"license","embeddable":true,"href":"https:\/\/www.revues.scienceafrique.org\/adilaaku\/wp-json\/wp\/v2\/license?post=1321"}],"curies":[{"name":"wp","href":"https:\/\/api.w.org\/{rel}","templated":true}]}}