{"id":782,"date":"2021-11-07T06:34:30","date_gmt":"2021-11-07T05:34:30","guid":{"rendered":"https:\/\/www.revues.scienceafrique.org\/adilaaku\/?post_type=chapter&#038;p=782"},"modified":"2025-01-09T09:28:17","modified_gmt":"2025-01-09T08:28:17","slug":"gueazang_mvondo_nouazi2022","status":"web-only","type":"chapter","link":"https:\/\/www.revues.scienceafrique.org\/adilaaku\/texte\/gueazang_mvondo_nouazi2022\/","title":{"rendered":"R\u00e9flexions sur la responsabilit\u00e9 p\u00e9nale des personnes morales dans le nouveau Code p\u00e9nal camerounais de 2016"},"content":{"raw":"<h2 style=\"text-align: justify\"><strong>Introduction<\/strong><\/h2>\r\n<p style=\"text-align: justify\">Le principe de la territorialit\u00e9 en droit p\u00e9nal veut qu\u2019il soit de la responsabilit\u00e9 de chaque pays de r\u00e9primer toute infraction commise sur son territoire. D\u2019apr\u00e8s ce principe, tout ce qui se produit sur le territoire d\u2019un \u00c9tat d\u00e9termin\u00e9 rel\u00e8ve de la loi de cet \u00c9tat. Ainsi, en cas d\u2019infraction, une personne morale devrait normalement \u00eatre poursuivie par les tribunaux de l\u2019\u00c9tat o\u00f9 survient la commission de l\u2019acte prohib\u00e9 (Manirabona, 2011, p.\u00a023). La cons\u00e9cration de la responsabilit\u00e9 p\u00e9nale des personnes morales est un atout indispensable \u00e0 l\u2019am\u00e9lioration du respect de la r\u00e8gle de droit. Elle permet d\u2019encourager ces acteurs incontournables de la soci\u00e9t\u00e9 moderne \u00e0 se conformer aux normes existantes, ou encore \u00e0 sanctionner leur non-respect. La nature punissable d\u2019un acte constitutif d\u2019une infraction ne s\u2019appr\u00e9cie pas uniquement en consid\u00e9ration de l\u2019acte lui-m\u00eame, mais \u00e9galement en tenant compte de la personne qui en est l\u2019auteure. Anciennement, seules les personnes physiques pouvaient \u00eatre d\u00e9clar\u00e9es responsables. L\u2019\u00e9mergence de la responsabilit\u00e9 p\u00e9nale des personnes morales est due, non seulement aux avanc\u00e9es r\u00e9alis\u00e9es dans la majorit\u00e9 des \u00c9tats en mati\u00e8re de droits humains, mais aussi aux \u00e9volutions qui se sont produites dans d\u2019autres branches du droit, tant interne qu\u2019international[footnote]Au niveau r\u00e9gional africain par exemple, l\u2019adoption du Protocole de Malabo semble \u00eatre une aubaine. En effet, le 27 juin 2014, la Conf\u00e9rence des chefs d\u2019\u00c9tats et de gouvernements de l\u2019Union africaine qui s\u2019est tenue \u00e0 Malabo en Guin\u00e9e \u00c9quatoriale a adopt\u00e9 le Protocole portant amendements au Protocole portant statut de la CAJDH (Protocole de Malabo) et a invit\u00e9 les \u00c9tats membres de l\u2019Union africaine \u00e0 le ratifier et le signer. Il s\u2019agit d\u2019un instrument juridique d\u00e9terminant, bien que la CAJDH ne soit pas encore effective. Ce d\u2019autant plus qu\u2019elle aura comp\u00e9tence \u00e0 l\u2019\u00e9gard de plusieurs crimes, et permettra d\u2019\u00e9tablir la responsabilit\u00e9 p\u00e9nale des personnes morales. Car, il institue une cour p\u00e9nale r\u00e9gionale qui fonctionnera de la m\u00eame mani\u00e8re que la Cour p\u00e9nale internationale, dans un continent qui est touch\u00e9, de fa\u00e7on chronique, par de multiples atteintes aux droits humains du fait des personnes morales.[\/footnote].<\/p>\r\n<p style=\"text-align: justify\">Si la question de la responsabilit\u00e9 p\u00e9nale des individus ne pose pas de probl\u00e8me, celle de \u00ab\u00a0l\u2019impossibilit\u00e9 pratique d\u2019<em>imputer\u00a0<\/em>une quelconque infraction \u00e0 un \u00eatre collectif\u00a0\u00bb (Ntono Tsimi, 2011, p. 224), d\u00e9fendue en doctrine, est aujourd\u2019hui r\u00e9gl\u00e9e. Le Cameroun a ignor\u00e9 pendant de longues ann\u00e9es la possibilit\u00e9 d\u2019une responsabilit\u00e9 p\u00e9nale appliqu\u00e9e aux personnes morales (Efouba Nomo, 2018, p. 1). Elle \u00e9tait absente de l\u2019ancien Code p\u00e9nal de 1967, mais elle fut mentionn\u00e9e ult\u00e9rieurement dans certaines lois sp\u00e9cifiques : la loi portant sur les d\u00e9chets toxiques et dangereux[footnote]Article 4 alin\u00e9a 3 de la Loi n\u00b089\/27 du 29 d\u00e9cembre 1989 sur les d\u00e9chets toxiques et dangereux.[\/footnote], celle portant sur le r\u00e9gime des for\u00eats, de la faune, et de la p\u00eache[footnote]Article 150 alin\u00e9a 1 de la loi n\u00b094\/01 du 10 janvier 1994 portant r\u00e9gime des forets, de la faune et de la p\u00eache.[\/footnote], celle portant sur la cybers\u00e9curit\u00e9 et la cybercriminalit\u00e9 au Cameroun[footnote]La loi n\u00b02010\/012du 21 d\u00e9cembre 2010 relative \u00e0 la cybers\u00e9curit\u00e9 et \u00e0 la cybercriminalit\u00e9 au Cameroun.[\/footnote], et tout r\u00e9cemment, celle relative \u00e0 la protection du consommateur[footnote]Article 36 de la loi-cadre n\u00b02011\/012 du 06 mai 2011 portant protection du consommateur au Cameroun.[\/footnote]. Sa g\u00e9n\u00e9ralisation \u00e9tait souhait\u00e9e par la majorit\u00e9 de la doctrine (Nguihe Kante, 2011, p. 5 ; Ntono Tsimi, 2011, p. 222 et 223 ; Guy Blaise Dzeukou, 2007).<\/p>\r\n<p style=\"text-align: justify\">De mani\u00e8re g\u00e9n\u00e9rale, \u00ab\u00a0la responsabilit\u00e9 est une obligation de r\u00e9pondre d\u2019un dommage devant la justice et d\u2019assumer les cons\u00e9quences civiles, p\u00e9nales, disciplinaires, etc. envers soit la victime, soit envers la soci\u00e9t\u00e9\u00a0\u00bb (Cornu, 1987, p.\u00a0908.). Quant \u00e0 la responsabilit\u00e9 p\u00e9nale des personnes morales, elle traduit \u00ab\u00a0l\u2019obligation pour les personnes morales (hormis l\u2019\u00c9tat) de r\u00e9pondre dans les cas sp\u00e9cifi\u00e9s par la loi, des infractions commises, pour leur compte, par leurs dirigeants ou repr\u00e9sentants, sans que soit exclue la responsabilit\u00e9 personnelle des auteurs ou complices de ces infractions\u00a0\u00bb (Cornu,\u00a0<em>ibid<\/em>.). Pr\u00e9vue actuellement \u00e0 l\u2019article 74-1 de la loi n\u00b02016\/007 du 12 juillet 2016 portant Code p\u00e9nal du Cameroun, la responsabilit\u00e9 p\u00e9nale des personnes morales se rapporte aux infractions commises pour le compte desdites entit\u00e9s par leurs organes ou par leurs repr\u00e9sentants. Comme le souligne Sofie Geeroms (1996, p.\u00a0535),<\/p>\r\n<p style=\"text-align: justify\">\u00a0\u00ab\u00a0la mont\u00e9e en puissance des personnes morales dans la soci\u00e9t\u00e9 a automatiquement eu pour cons\u00e9quence qu\u2019elles puissent avoir des activit\u00e9s ou des comportements criminels, tout \u00e0 fait comme les personnes physiques. Il est donc temps, vu leur r\u00f4le de plus en plus dominant dans la vie quotidienne, de reconna\u00eetre que les personnes morales constituent en droit p\u00e9nal, aussi bien que les personnes physiques, une r\u00e9alit\u00e9 criminologique. Toutefois, sous l\u2019angle du droit p\u00e9nal, une telle constatation ne suffit pas, l\u2019infraction commise devant \u00eatre imputable \u00e0 l\u2019agent p\u00e9nal, en l\u2019occurrence \u00e0 la personne morale. Ce probl\u00e8me d\u2019imputabilit\u00e9 peut \u00eatre consid\u00e9r\u00e9 comme le probl\u00e8me fondamental de la responsabilit\u00e9 p\u00e9nale des personnes morales\u00a0\u00bb.<\/p>\r\n<p style=\"text-align: justify\">D\u00e8s lors, quel est le r\u00e9gime juridique de la responsabilit\u00e9 p\u00e9nale des personnes morales telle que consacr\u00e9e par le Code p\u00e9nal de 2016 ? L\u2019int\u00e9r\u00eat de cette probl\u00e9matique est double. Sur le plan scientifique, la pr\u00e9sente \u00e9tude contribue \u00e0 l\u2019\u00e9laboration d\u2019une th\u00e9orie g\u00e9n\u00e9rale de la responsabilit\u00e9 p\u00e9nale des personnes morales. En outre, pour Ntono Tsimi, elle participe de\u00a0\u00ab\u00a0l\u2019adaptation du droit p\u00e9nal \u00e0 la collectivisation du ph\u00e9nom\u00e8ne criminel de la soci\u00e9t\u00e9\u00a0\u00bb (2011, p.\u00a0227). Sur le plan pratique, elle contribue \u00e0 la prise en compte des modes de participation des personnes morales \u00e0 l\u2019infraction et de nouvelles formes de d\u00e9linquance, de la protection des int\u00e9r\u00eats des acteurs. Toujours sur le plan pratique, la pr\u00e9sente \u00e9tude vise l\u2019intensification de la lutte contre la corruption et infractions assimil\u00e9es, notamment dans le domaine des march\u00e9s publics.<\/p>\r\n<p style=\"text-align: justify\">Le recours \u00e0 la m\u00e9thode ex\u00e9g\u00e9tique, principalement, permet d\u2019analyser non seulement le Nouveau Code p\u00e9nal[footnote]Loi n\u00b02016\/007 du 12 juillet 2016 portant Code p\u00e9nal du Cameroun.[\/footnote], mais \u00e9galement l\u2019ensemble des normes juridiques qui encadrent la responsabilit\u00e9 des personnes morales au Cameroun. Cette m\u00e9thode permet aussi de se r\u00e9f\u00e9rer \u00e0 la casuistique qui d\u00e9coule de l\u2019application de ces textes eu \u00e9gard \u00e0 leur adoption tr\u00e8s r\u00e9cente. \u00c0 partir du moment o\u00f9 les personnes morales sont devenues dans la soci\u00e9t\u00e9 moderne une composante majeure et quotidienne, en ce qu\u2019elles font partie int\u00e9grante de l\u2019environnement \u00e9conomique, industriel et social, l\u2019analyse a ainsi permis de recourir accessoirement \u00e0 l\u2019approche sociologique. Ces m\u00e9thodes permettent de constater que le nouveau Code p\u00e9nal a am\u00e9nag\u00e9 un r\u00e9gime propre de l\u2019incrimination des infractions commises par les personnes morales, d\u2019une part et la r\u00e9pression de ces infractions, d\u2019autre part.<\/p>\r\n\r\n<h2 style=\"text-align: justify\"><strong>L\u2019incrimination des infractions commises par les personnes morales<\/strong><\/h2>\r\n<p style=\"text-align: justify\">Si la crainte des effets pervers d\u2019une responsabilit\u00e9 qui inciterait \u00e0 \u00ab\u00a0fuir devant le pouvoir afin d\u2019\u00e9viter de r\u00e9pondre\u00a0\u00bb (Bourdon, 2010, p. 9) semble peu convaincante, la difficult\u00e9 \u00e0 imputer la faute dans une organisation priv\u00e9e o\u00f9 la prise de d\u00e9cisions rel\u00e8ve de plusieurs niveaux dans la cha\u00eene hi\u00e9rarchique est un r\u00e9el probl\u00e8me en droit p\u00e9nal, d\u00e8s lors que la sanction se veut punitive (Bourdon, 2010, p.\u00a09). Le Code p\u00e9nal actuel du Cameroun innove afin de s\u2019arrimer \u00e0 cette nouvelle donne, en instituant le principe de la responsabilit\u00e9 p\u00e9nale des personnes morales et en d\u00e9terminant les conditions de la mise en \u0153uvre de cette responsabilit\u00e9.<\/p>\r\n\r\n<h3 style=\"text-align: justify\">La cons\u00e9cration du domaine de la responsabilit\u00e9 p\u00e9nale des personnes morales<\/h3>\r\n<p style=\"text-align: justify\">L\u2019\u00e9mergence du droit international p\u00e9nal (Szurek, 2012, p.\u00a021) va tr\u00e8s vite d\u00e9montrer quelques faiblesses, car cette branche du droit ne pr\u00e9voit que la responsabilit\u00e9 p\u00e9nale des personnes physiques, excluant de ce fait celle des personnes morales. Contrairement \u00e0 cette th\u00e8se classique minoritaire de l\u2019irresponsabilit\u00e9 p\u00e9nale des personnes morales qui fondait l\u2019inefficacit\u00e9 des peines sur leur \u00ab\u00a0caract\u00e8re artificiel et fictif\u00a0\u00bb (Ntono Tsimi, 2011, p.\u00a0224), la doctrine moderne d\u00e9fendant leur responsabilit\u00e9 fond\u00e9e sur une r\u00e9alit\u00e9 technique a fini par triompher. Cette derni\u00e8re, se fondant sur l\u2019id\u00e9e de l\u2019assimilation le plus large possible des personnes morales aux personnes physiques et sur l\u2019\u00e9volution du droit p\u00e9nal (Ntono Tsimi, 2011, p.\u00a0224), a su r\u00e9volutionner les syst\u00e8mes juridiques dans d\u2019autres contextes[footnote]On peut citer par exemple dans le contexte africain la Loi n\u00b080-1 du 13 ao\u00fbt 1980 instituant un Code p\u00e9nal togolais; l\u2019Article 64 al. 2 de la loi n\u00b043\/96 du 13 novembre 1996 portant Code p\u00e9nal Burkinab\u00e9, ou encore l\u2019Article 99 du Code p\u00e9nal Ivoirien de 1981 qui dispose express\u00e9ment\u00a0<em>\u00ab La personne morale en cause, eu \u00e9gard aux circonstances de l\u2019infraction, peut par d\u00e9cision motiv\u00e9e \u00eatre d\u00e9clar\u00e9e responsable\u2026 \u00bb.<\/em>[\/footnote]. Au regard du r\u00f4le important de ces acteurs dans la soci\u00e9t\u00e9, le l\u00e9gislateur camerounais s\u2019est arrim\u00e9 \u00e0 la nouvelle donne. Il est pr\u00e9cis\u00e9ment question de punir les infractions commises pour le compte des personnes morales, par leurs organes ou par leurs repr\u00e9sentants (Article 74-1). Quelle personne morale peut \u00eatre p\u00e9nalement responsable et pour quelle cat\u00e9gorie d\u2019infractions ?<\/p>\r\n<p style=\"text-align: justify\"><strong>L\u2019identification des personnes morales responsables<\/strong><\/p>\r\n<p style=\"text-align: justify\">Toutes les personnes morales, \u00e0 l\u2019exclusion de l\u2019\u00c9tat, peuvent voir leur responsabilit\u00e9 p\u00e9nale engag\u00e9e. Ce principe a \u00e9t\u00e9 pos\u00e9 par le Protocole d\u2019amendement au Protocole relatif \u00e0 la Cour africaine de justice et des droits de l\u2019homme (CAJDH) qui ajoute une comp\u00e9tence p\u00e9nale \u00e0 la Cour africaine en son article 46C, dont le premier point dispose qu\u2019\u00ab aux fins du pr\u00e9sent statut, la Cour a comp\u00e9tence sur les personnes morales, \u00e0 l\u2019exception des \u00c9tats \u00bb. Le nouveau Code p\u00e9nal du Cameroun de 2016 se situe dans ce contexte d\u2019innovation.<\/p>\r\n\r\n<ul style=\"text-align: justify\">\r\n \t<li style=\"text-align: justify\"><strong>Le principe : l\u2019admission de la responsabilit\u00e9 p\u00e9nale de toute personne morale de droit priv\u00e9 ou de droit public<\/strong><\/li>\r\n<\/ul>\r\n<p style=\"text-align: justify\">En droit p\u00e9nal, c\u2019est aux pouvoirs constitutionnels qu\u2019il revient de d\u00e9finir la politique criminelle de l\u2019\u00c9tat. Ce r\u00f4le consiste \u00e0 d\u00e9couvrir et \u00e0 organiser les meilleures solutions possibles aux divers probl\u00e8mes que pose le ph\u00e9nom\u00e8ne criminel et \u00e0 pr\u00e9server les biens juridiques jug\u00e9s les plus essentiels pour la soci\u00e9t\u00e9. Par cons\u00e9quent, les atteintes \u00e0 ces biens donnent lieu \u00e0 des incriminations dont l\u2019existence active \u00ab les m\u00e9canismes du syst\u00e8me p\u00e9nal \u00bb (Ubeda-Saillard, 2018, p. 27). Conform\u00e9ment aux dispositions de l\u2019article 74-1 (a) du nouveau Code p\u00e9nal, la responsabilit\u00e9 p\u00e9nale s\u2019applique aussi bien aux soci\u00e9t\u00e9s d\u2019\u00e9conomie mixte qu\u2019aux soci\u00e9t\u00e9s \u00e0 capital public, toutes les deux \u00e9tant des personnes morales de droit priv\u00e9 r\u00e9gies par la l\u00e9gislation applicable aux soci\u00e9t\u00e9s anonymes. L\u2019article 10 de la loi n\u00b0 2017\/011 portant statut g\u00e9n\u00e9ral des entreprises publiques pose de mani\u00e8re claire le principe de la soumission des entreprises publiques au droit OHADA et pr\u00e9cis\u00e9ment de l\u2019Acte uniforme relatif au droit des soci\u00e9t\u00e9s commerciales et du groupement d\u2019int\u00e9r\u00eat \u00e9conomique, mais sous r\u00e9serve de l\u2019application des dispositions de cette loi. Le caract\u00e8re dualiste des r\u00e8gles applicables \u00e0 ces entreprises est donc maintenu, mais il est moins prononc\u00e9 pour les soci\u00e9t\u00e9s d\u2019\u00e9conomie mixte. Cependant, il convient de relever ici que le droit OHADA n\u2019a pas envisag\u00e9 la responsabilit\u00e9 des personnes morales (Adamou Rabani, 2013, p. 43; Ntono Tsimi, 2011, p. 226; Kound\u00e9 D\u00e9dji, 2017). L\u2019Acte uniforme relatif au droit des soci\u00e9t\u00e9s commerciales et du groupement d\u2019int\u00e9r\u00eat \u00e9conomique n\u2019incrimine que les personnes physiques, notamment les dirigeants sociaux et leurs repr\u00e9sentants.<\/p>\r\n<p style=\"text-align: justify\">L\u2019article 3 de la loi n\u00b0 2017\/011 du 12 juillet 2017 portant Statut g\u00e9n\u00e9ral des entreprises publiques d\u00e9finit d\u00e9sormais l\u2019entreprise publique comme\u00a0une \u00ab\u00a0unit\u00e9 \u00e9conomique dot\u00e9e d\u2019une autonomie juridique et financi\u00e8re exer\u00e7ant une activit\u00e9 industrielle et commerciale, et dont le capital social est d\u00e9tenu enti\u00e8rement ou majoritairement par une personne morale de droit public\u00a0\u00bb[footnote]Article 3 de la loi 2017\/011 du 12 juillet 2017 portant statut g\u00e9n\u00e9ral des entreprises publiques.[\/footnote]. Mais, le m\u00eame article 3 consacre une modification substantielle \u00e0 la d\u00e9finition des soci\u00e9t\u00e9s d\u2019\u00e9conomie mixte en ce que, pour \u00eatre qualifi\u00e9e comme telle, le capital social doit \u00eatre d\u00e9tenu majoritairement par l\u2019\u00c9tat, une ou plusieurs entreprises publiques ou une ou plusieurs collectivit\u00e9s territoriales d\u00e9centralis\u00e9es[footnote]Voir Yvette Rachel Kalieu Elongo, \u00ab\u00a0De nouvelles lois pour r\u00e9gir les entreprises publiques et les \u00e9tablissements publics au Cameroun\u00a0\u00bb 26 juillet 2017, https:\/\/webcache.googleusercontent.com\/search?q=cache:E-jeCJuH5NsJ:https:\/\/kalieu-elongo.com\/nouvelle-loi-sur-les-entreprises-publiques\/ &amp;cd=1&amp;hl=en&amp;ct=clnk&amp;gl=cm[\/footnote]. Les administrateurs, les administratrices et les dirigeant\u00b7e\u00b7s sont soumis\u00b7es \u00e0 des mesures restrictives et des r\u00e8gles d\u2019incompatibilit\u00e9. La dur\u00e9e de leur mandat est limit\u00e9e et la violation de la limitation des mandats des dirigeant\u00b7e\u00b7s est assortie dor\u00e9navant d\u2019une sanction s\u00e9v\u00e8re qui est la nullit\u00e9 des actes pris (Makon Ma Mbeb, 2018, p.\u00a058).<\/p>\r\n<p style=\"text-align: justify\">En clair, il convient de noter que l\u2019article 74-1 consacre un domaine de responsabilit\u00e9 p\u00e9nale tr\u00e8s large qui regroupe les entreprises du secteur priv\u00e9 dot\u00e9es de la personnalit\u00e9 juridique (Anoukaha, 2017, p.\u00a057). Il s\u2019agit notamment des personnes morales de droit priv\u00e9 \u00e0 but lucratif telles que les soci\u00e9t\u00e9s commerciales, les soci\u00e9t\u00e9s civiles, les coop\u00e9ratives ou les groupements d\u2019int\u00e9r\u00eats \u00e9conomiques, etc. Il s\u2019agit \u00e9galement de celles de droit priv\u00e9 \u00e0 but non lucratif \u00e0 l'instar des associations, des partis ou groupements politiques, des syndicats, des institutions repr\u00e9sentatives du personnel, etc.<\/p>\r\n<p style=\"text-align: justify\">En l\u2019absence de distinction faite par la l\u00e9gislation, les personnes morales de nationalit\u00e9 \u00e9trang\u00e8re, ayant un \u00e9tablissement ou une filiale \u00e0 l\u2019\u00e9tranger, sont aussi concern\u00e9es par cette l\u00e9gislation. Toutefois, pour les personnes morales de droit priv\u00e9, il faudra prendre en compte l\u2019attache dont elle b\u00e9n\u00e9ficie au Cameroun. S\u2019il s\u2019agit d\u2019une succursale, c\u2019est la soci\u00e9t\u00e9 m\u00e8re qui sera mise en cause. S\u2019il s\u2019agit d\u2019une filiale, c\u2019est cette derni\u00e8re en tant que personne morale de droit priv\u00e9 autonome ayant une personnalit\u00e9 juridique propre sur un territoire \u00e9tranger qui sera poursuivie. Dans ce cas, les poursuites et l\u2019ex\u00e9cution de la sanction seront facilit\u00e9es par la pr\u00e9sence d\u2019un \u00e9tablissement stable au Cameroun.<\/p>\r\n\r\n<ul style=\"text-align: justify\">\r\n \t<li style=\"text-align: justify\"><strong>L\u2019exception : l\u2019exclusion de l\u2019\u00c9tat et de ses d\u00e9membrements<\/strong><\/li>\r\n<\/ul>\r\n<p style=\"text-align: justify\">Le pouvoir de l\u2019\u00c9tat s\u2019exerce \u00e0 travers les organes qui incarnent l\u2019ex\u00e9cutif, le l\u00e9gislatif et le judiciaire. Ainsi, la responsabilit\u00e9 p\u00e9nale de l\u2019\u00c9tat du Cameroun, des d\u00e9partements minist\u00e9riels et leurs repr\u00e9sentations dans les diff\u00e9rentes localit\u00e9s nationales telles que les d\u00e9l\u00e9gations r\u00e9gionales, d\u00e9partementales ou d\u2019arrondissement et internationales telles que les ambassades, ne peut \u00eatre engag\u00e9e. Il en est de m\u00eame de celle du parlement et des juridictions camerounaises.<\/p>\r\n<p style=\"text-align: justify\">En outre, les collectivit\u00e9s territoriales d\u00e9centralis\u00e9es (r\u00e9gions et communes)[footnote]Article 55 \u00e0 62 de la Constitution du 18 janvier 1996; Loi n\u00b0 2019-024 du 24 d\u00e9cembre 2019 portant Code g\u00e9n\u00e9ral des collectivit\u00e9s territoriales d\u00e9centralis\u00e9es, art. 500.[\/footnote]\u00a0et les chefferies traditionnelles, rattach\u00e9es de mani\u00e8re plus ou moins directe au pouvoir ex\u00e9cutif[footnote]D\u00e9cret n\u00b077\/245 du 15 juillet 1977 portant organisation des chefferies traditionnelles.[\/footnote], sont \u00e9galement exempt\u00e9es de responsabilit\u00e9 p\u00e9nale. Il en est de m\u00eame des groupements d\u2019int\u00e9r\u00eat public et des \u00e9tablissements publics. Conform\u00e9ment \u00e0 la nouvelle loi, ces derniers sont d\u00e9sormais d\u00e9finis comme des personnes morales de droit public, dot\u00e9es de l\u2019autonomie financi\u00e8re et de la personnalit\u00e9 juridique charg\u00e9es de la gestion d\u2019un service public ou de la r\u00e9alisation d\u2019une mission sp\u00e9ciale d\u2019int\u00e9r\u00eat g\u00e9n\u00e9ral pour le compte de l\u2019\u00c9tat ou d\u2019une Collectivit\u00e9 territoriale d\u00e9centralis\u00e9e[footnote]Article 4 de la loi n\u00b02017\/010 portant statut g\u00e9n\u00e9ral des \u00e9tablissements publics.[\/footnote].<\/p>\r\n<p style=\"text-align: justify\">Comme l\u2019a soulign\u00e9 Ntono Tsimi, l\u2019exclusion de l\u2019\u00c9tat du champ de la responsabilit\u00e9 p\u00e9nale peut \u00eatre justifi\u00e9e par \u00ab\u00a0sa responsabilit\u00e9 dans l\u2019exercice de la r\u00e9pression\u00a0\u00bb et \u00ab\u00a0la souverainet\u00e9 de l\u2019\u00c9tat qui permet de justifier son irresponsabilit\u00e9 p\u00e9nale\u00a0\u00bb (Ntono Tsimi, 2011, p.\u00a0232). L\u2019existence de l\u2019organe judiciaire dans un \u00c9tat est la preuve que le droit, en particulier le droit p\u00e9nal, a de tout temps \u00e9t\u00e9 au service de la construction de l\u2019\u00c9tat moderne. Ubeda-Saillard (2018, p.\u00a025) dira, \u00e0 cet effet, que le couple que forment l\u2019\u00c9tat et le droit p\u00e9nal \u00ab\u00a0emprunte largement au mythe\u00a0\u00bb, puisant son origine dans les temps anciens.<\/p>\r\n<p style=\"text-align: justify\">Cette exclusion de l\u2019\u00c9tat du r\u00e9gime de la responsabilit\u00e9 des personnes morales peut para\u00eetre inique et injuste, \u00e9tant donn\u00e9 que d\u2019autres personnes morales sont mises \u00e0 l\u2019\u00e9preuve des peines p\u00e9nales en cas d\u2019infraction (Claude Assira, 2016; Claude Assira, 2017). La l\u00e9gislation consacre le principe de la responsabilit\u00e9 p\u00e9nale des personnes morales en d\u00e9terminant les conditions de la mise en \u0153uvre de cette responsabilit\u00e9.<\/p>\r\n\r\n<h3 style=\"text-align: justify\">Les pr\u00e9cisions sur les conditions de mise en \u0153uvre<\/h3>\r\n<p style=\"text-align: justify\">La responsabilit\u00e9 p\u00e9nale des personnes morales suppose que l\u2019infraction ait \u00e9t\u00e9 commise \u00ab\u00a0pour leur compte, par leurs organes ou repr\u00e9sentants\u00a0\u00bb (article 74-1-a du Code p\u00e9nal). La personne morale pourra \u00eatre condamn\u00e9e non seulement en tant qu\u2019autrice principale de l\u2019infraction, mais \u00e9galement en qualit\u00e9 de complice. La responsabilit\u00e9 p\u00e9nale des personnes morales n\u2019exclut pas celle des personnes physiques. Dans le domaine de la protection de l\u2019environnement par exemple, l\u2019article 78 de la Loi du 5 ao\u00fbt 1996 relative \u00e0 la protection de l\u2019environnement au Cameroun dispose que<\/p>\r\n<p style=\"text-align: justify\">Lorsque les \u00e9l\u00e9ments constitutifs d\u2019infraction proviennent d\u2019un \u00e9tablissement industriel, commercial, artisanal ou agricole, le propri\u00e9taire, l\u2019exploitant, le directeur, ou selon le cas, le g\u00e9rant peut \u00eatre d\u00e9clar\u00e9 responsable du paiement des amendes et frais de justice dus par les auteurs de l\u2019infraction, et civilement responsable de la remise en l\u2019\u00e9tat des sites.<\/p>\r\n<p style=\"text-align: justify\">En revanche, la responsabilit\u00e9 p\u00e9nale d\u2019une personne morale pourra \u00eatre engag\u00e9e en l\u2019absence de volont\u00e9 d\u00e9lib\u00e9r\u00e9e de ses organes ou repr\u00e9sentants. Elle pourra \u00eatre poursuivie pour des infractions de n\u00e9gligence ou d\u2019imprudence, notamment en cas d\u2019homicide ou de blessures involontaires r\u00e9sultant de la non-application d\u2019une r\u00e8gle de s\u00e9curit\u00e9 que les organes ou repr\u00e9sentants de celle-ci auraient omis de faire respecter. Il existe des conditions cumulatives qui doivent \u00eatre r\u00e9unies pour engager et retenir la responsabilit\u00e9 p\u00e9nale d\u2019une personne morale. Le nouveau Code p\u00e9nal r\u00e9prime les infractions commises pour le compte des personnes morales, par leurs organes ou par leurs repr\u00e9sentants[footnote]Article 74-1 du Code p\u00e9nal.[\/footnote].<\/p>\r\n\r\n<ul style=\"text-align: justify\">\r\n \t<li style=\"text-align: justify\"><strong>La personne morale, autrice principale de l\u2019infraction<\/strong><\/li>\r\n<\/ul>\r\n<p style=\"text-align: justify\">Le r\u00f4le de la responsabilit\u00e9 p\u00e9nale est de dissuader et de punir s\u00e9v\u00e8rement celui qui met en p\u00e9ril l\u2019\u00e9quilibre social.\u00a0En effet, \u00ab\u00a0la norme d\u2019incrimination vise le plus souvent \u00e0 sanctionner la violation de r\u00e8gles administratives, comme le fait pour un particulier d\u2019avoir agi sans autorisation des pouvoirs publics ou sans en respecter les termes\u00a0\u00bb (Ascencio, 2012, p.\u00a0392). Les normes p\u00e9nales ne sont cependant pas autonomes, car dans la d\u00e9finition des comportements prohib\u00e9s, elles se r\u00e9f\u00e8rent aux autres textes\u00a0(lois et conventions internationales). La responsabilit\u00e9 p\u00e9nale des personnes morales suppose, de ce fait, que l\u2019infraction ait \u00e9t\u00e9 commise pour le compte de la personne morale. Cela signifie que les circonstances sont telles que la faute commise profite \u00e0 l\u2019entreprise ou rel\u00e8ve de sa politique ou de son mode de gestion.<\/p>\r\n<p style=\"text-align: justify\">Ainsi, pour une SARL, l\u2019organe sera le ou les g\u00e9rant (s). Dans une S.\u00a0A., il s\u2019agira du pr\u00e9sident du conseil d\u2019administration, du directeur g\u00e9n\u00e9ral ou du conseil d\u2019administration. Par extension, les administrateurs ou administratrices provisoires, mais aussi et surtout des salari\u00e9\u00b7e\u00b7s ou des tiers ou tierces ayant re\u00e7u une d\u00e9l\u00e9gation de pouvoirs sont aussi concern\u00e9\u00b7s.<\/p>\r\n<p style=\"text-align: justify\">Sont p\u00e9nalement responsables, au titre des personnes morales, les institutions dot\u00e9es de la personnalit\u00e9 morale, c\u2019est-\u00e0-dire titulaires de droits et obligations en vertu de la loi et amen\u00e9es \u00e0 la vie juridique par la loi. Si l\u2019entit\u00e9 n\u2019a pas la personnalit\u00e9 morale, le groupement ne peut pas avoir de responsabilit\u00e9 p\u00e9nale. C\u2019est le cas notamment des associations non d\u00e9clar\u00e9es.<\/p>\r\n\r\n<ul style=\"text-align: justify\">\r\n \t<li style=\"text-align: justify\"><strong>La personne morale, complice de l\u2019infraction<\/strong><\/li>\r\n<\/ul>\r\n<p style=\"text-align: justify\">Il faut que l\u2019infraction ait \u00e9t\u00e9 commise par un organe ou un repr\u00e9sentant de la personne morale. Ce peut \u00eatre le g\u00e9rant, le dirigeant ou le conseil d\u2019administration d\u2019une soci\u00e9t\u00e9 (Lobe Lobas, 2016, p.\u00a043). Dans tous les cas, ce ne peut \u00eatre un simple employ\u00e9\u00a0: il faut que ce soit une personne \u00e0 laquelle est reconnu le pouvoir d\u2019agir pour le compte de la personne morale.<\/p>\r\n<p style=\"text-align: justify\">L\u2019identification de l\u2019organe ou du repr\u00e9sentant est consubstantielle \u00e0 la r\u00e9tention de la responsabilit\u00e9 p\u00e9nale de la personne morale. Cela signifie que si l\u2019organe ou le repr\u00e9sentant n\u2019est pas identifi\u00e9 ou si l\u2019auteur principal est en fuite, ou inconnu, donc \u00ab non identifi\u00e9 \u00bb, la personne morale peut \u00eatre p\u00e9nalement responsable pour complicit\u00e9.<\/p>\r\n<p style=\"text-align: justify\">La personne morale ne saurait \u00eatre p\u00e9nalement responsable des infractions commises dans l\u2019exercice ou \u00e0 l\u2019occasion de l\u2019exercice de ses fonctions, par un de ses employ\u00e9s, d\u00e8s lors que celui-ci a agi de sa propre initiative, m\u00eame si la personne morale a pu b\u00e9n\u00e9ficier de l\u2019infraction. De m\u00eame, une personne morale ne sera pas responsable des infractions commises par un dirigeant dans l\u2019exercice ou \u00e0 l\u2019occasion de l\u2019exercice de ses fonctions, si ce dirigeant avait agi pour son propre compte et dans son seul int\u00e9r\u00eat.<\/p>\r\n<p style=\"text-align: justify\">Comme le souligne Manga Ombala (2014, p.\u00a032), si la gestion de l\u2019entreprise est l\u00e9galement attribu\u00e9e aux dirigeants de droit, \u00ab il existe quand m\u00eame des individus qui, sans \u00eatre l\u00e9galement reconnus ou habilit\u00e9s, prennent des actes de gestion et de direction qui engagent l\u2019entreprise vis-\u00e0-vis des tiers ou assurent sa repr\u00e9sentation. Ce faisant, ils se comportent en dirigeants de fait \u00e0 la place du dirigeant l\u00e9gal et devraient \u00eatre par cons\u00e9quent tenus pour responsables des infractions commises au titre de la direction de fait\u00a0\u00bb.[footnote]https:\/\/hal-auf.archives-ouvertes.fr\/hal-01113623\/document[\/footnote]<\/p>\r\n<p style=\"text-align: justify\">\u00c0 c\u00f4t\u00e9 de ce r\u00e9gime propre de l\u2019incrimination des infractions commises par les personnes morales, il est am\u00e9nag\u00e9 un r\u00e9gime de r\u00e9pression de ces infractions dans la l\u00e9gislation qu\u2019il convient d\u2019examiner.<\/p>\r\n\r\n<h2 style=\"text-align: justify\"><strong>Le particularisme de la r\u00e9pression des infractions commises par les personnes morales<\/strong><\/h2>\r\n<p style=\"text-align: justify\">La mati\u00e8re p\u00e9nale est au c\u0153ur de la souverainet\u00e9 des \u00c9tats et rel\u00e8ve historiquement de leur pouvoir discr\u00e9tionnaire. Les \u00c9tats ont, de ce fait, toute latitude pour incriminer ou non, sanctionner plus ou moins s\u00e9v\u00e8rement, tel ou tel comportement commis sur leur territoire (Neyret, 2015, p.\u00a0423). Suivant les principes du droit p\u00e9nal traditionnel, Sotirios Lytras a pr\u00e9cis\u00e9 que \u00ab\u00a0la personne morale n\u2019est pas sujette \u00e0 des sanctions p\u00e9nales, les seuls destinataires \u00e9tant les personnes physiques\u00a0\u00bb (2017, p.\u00a032)[footnote]http:\/\/crime-in-crisis.com\/en\/wp-content\/uploads\/2017\/06\/7-LYTRAS-COURAKIS-FS_Final_Draft_26.4.17.pdf[\/footnote]. Des \u00e9volutions sociales finiront par faire admettre que \u00ab\u00a0punir les seuls organes dirigeants ou leurs repr\u00e9sentants \u00e9tait parfois impossible; ces derniers \u00e9tant parfois en fuite ou insolvables\u00a0\u00bb (P. Conte et P. Maistre de Chambon, 1990, p. 203,). En plus, Sotirios Lytras soutient \u00e0 ce titre que \u00ab\u00a0le centre de la d\u00e9linquance, c\u2019est-\u00e0-dire la personne morale, restait intact, apte \u00e0 \u00eatre le foyer de nouveaux crimes\u00a0\u00bb (2017, p.\u00a032<em>.<\/em>). C\u2019est dire que l\u2019admission de la responsabilit\u00e9 p\u00e9nale des personnes morales \u00e9tait devenue une n\u00e9cessit\u00e9 du point de vue social, d\u2019o\u00f9 l\u2019urgence de d\u00e9terminer des peines et les modalit\u00e9s de leur application.<\/p>\r\n\r\n<h3 style=\"text-align: justify\">La singularit\u00e9 du r\u00e9gime des peines<\/h3>\r\n<p style=\"text-align: justify\">Il convient de relever qu\u2019\u00e0 c\u00f4t\u00e9 de peines accessoires et les mesures de s\u00fbret\u00e9, le l\u00e9gislateur camerounais a institu\u00e9 des peines alternatives \u00e0 l\u2019emprisonnement, mais non applicables aux personnes morales.<\/p>\r\n<p style=\"text-align: justify\"><strong>La vari\u00e9t\u00e9 des peines principales<\/strong><\/p>\r\n<p style=\"text-align: justify\">L\u2019introduction de cette responsabilit\u00e9 p\u00e9nale a induit quelques am\u00e9nagements \u00e0 l\u2019article 18 qui pr\u00e9voit d\u00e9sormais, \u00e0 c\u00f4t\u00e9 des peines principales des personnes physiques, des peines principales sp\u00e9cifiques pour les personnes morales que sont la dissolution, la fermeture de l\u2019\u00e9tablissement et l\u2019amende.<\/p>\r\n<p style=\"text-align: justify\">La dissolution pr\u00e9vue \u00e0 l\u2019article 25-2 du Code p\u00e9nal est la peine capitale, c\u2019est-\u00e0-dire la peine la plus \u00e9lev\u00e9e susceptible d\u2019\u00eatre prononc\u00e9e contre une personne morale. C\u2019est la mort de la personne morale qui commet une faute tr\u00e8s grave dans l\u2019ex\u00e9cution de son objet social. \u00c0 titre d\u2019exemple, une soci\u00e9t\u00e9, qui a pour objet social la production des m\u00e9dicaments et qui produit et distribue des m\u00e9dicaments contrefaits ou proc\u00e8de au trafic des substances interdites, peut faire l\u2019objet de la sanction de dissolution. La dissolution peut \u00e9galement \u00eatre prononc\u00e9e \u00e0 l\u2019encontre de la personne morale qui agit en violation de son objet social. C\u2019est le cas par exemple d\u2019une soci\u00e9t\u00e9 qui, ayant pour objet social la fabrication des m\u00e9dicaments et qui se transforme en brasserie, pourrait faire l\u2019objet de la sanction de dissolution. La d\u00e9cision de dissolution comportera le renvoi de la personne morale devant la juridiction comp\u00e9tente pour proc\u00e9der \u00e0 sa liquidation \u00e0 la diligence du Minist\u00e8re public. Cette sanction supr\u00eame vise principalement la pr\u00e9servation de l\u2019ordre public, objectif que l\u2019on retrouve encore dans l\u2019organisation des mesures de s\u00fbret\u00e9, \u00e0 l\u2019instar de l\u2019interdiction de l\u2019exercice de la profession pour une dur\u00e9e d\u00e9termin\u00e9e, la confiscation ou encore le placement sous surveillance judiciaire pour une dur\u00e9e d\u00e9termin\u00e9e (Ntono Tsimi, 2011, p.\u00a0243).<\/p>\r\n<p style=\"text-align: justify\">Conform\u00e9ment \u00e0 l\u2019article 25-3 du Code p\u00e9nal, \u00ab\u00a0la peine de fermeture de l\u2019\u00e9tablissement consiste dans la fermeture temporaire ou d\u00e9finitive des locaux utilis\u00e9s par la personne morale aux fins de son activit\u00e9. Cette peine emporte interdiction pour la personne morale en cause d\u2019exercer l\u2019activit\u00e9 de son objet social pendant la dur\u00e9e de la fermeture, \u00e9tant observ\u00e9 que, lorsqu\u2019il s\u2019agit d\u2019une fermeture temporaire, celle-ci ne peut exc\u00e9der cinq (05) ans et le sursis ne peut \u00eatre prononc\u00e9\u00a0\u00bb[footnote]Article 25-3 du Code p\u00e9nal.[\/footnote].<\/p>\r\n<p style=\"text-align: justify\">Pour ce qui est de l\u2019amende, l\u2019article 25 -1 du Code p\u00e9nal la d\u00e9finit comme \u00ab\u00a0est une peine p\u00e9cuniaire en vertu de laquelle le condamn\u00e9, personne physique ou morale, verse ou fait verser au Tr\u00e9sor Public une somme d\u2019argent d\u00e9termin\u00e9e par la loi\u00a0\u00bb.<\/p>\r\n<p style=\"text-align: justify\">En ce qui concerne le cas particulier des infractions commises par les personnes morales, le l\u00e9gislateur a pr\u00e9cis\u00e9 \u00e0 l\u2019article 25 -1 du Code p\u00e9nal que \u00ab\u00a0le taux maximum de l\u2019amende applicable aux personnes morales est \u00e9gal au quintuple de celui pr\u00e9vu pour les personnes physiques. L\u2019article 25-3 du Code p\u00e9nal quant \u00e0 lui ajoute que \u00ab\u00a0lorsqu\u2019une personne morale est coupable d\u2019un crime pour lequel seule une peine d\u2019emprisonnement est pr\u00e9vue, l\u2019amende encourue est d\u2019un million (1 000 000) \u00e0 cinq cents millions (500 000 000) de francs\u00a0\u00bb.<\/p>\r\n<p style=\"text-align: justify\">En France par exemple, les personnes morales \u00e9tant p\u00e9nalement responsables des infractions commises pour leur compte par leurs organes ou repr\u00e9sentants, en application de l\u2019article 121-2 du Code p\u00e9nal, la r\u00e9pression ob\u00e9it elle aussi aux r\u00e8gles de droit commun. L\u2019amende encourue par les personnes morales est \u00e9gale au quintuple du maximum du montant encouru par les personnes physiques[footnote]Article 131-38 du Code p\u00e9nal fran\u00e7ais.[\/footnote]. Les entreprises multinationales pouvant par ailleurs \u00eatre soumises \u00e0 des peines compl\u00e9mentaires, telles que l\u2019interdiction d\u2019exercer certaines activit\u00e9s professionnelles ou sociales, la dissolution de la soci\u00e9t\u00e9, l\u2019exclusion temporaire ou d\u00e9finitive des march\u00e9s publics, la fermeture temporaire ou d\u00e9finitive d\u2019\u00e9tablissements, ou encore l\u2019affichage et la publication de d\u00e9cisions judiciaires[footnote]Article 131-39 du Code p\u00e9nal fran\u00e7ais.[\/footnote]. Au risque de voir leur r\u00e9putation compromise, ces derni\u00e8res n\u2019auront pour seule alternative que de se conformer \u00e0 la r\u00e9glementation en vigueur.<\/p>\r\n<p style=\"text-align: justify\"><strong>La sp\u00e9cificit\u00e9 des peines accessoires<\/strong><\/p>\r\n<p style=\"text-align: justify\">Pour la r\u00e9pression de la personne morale p\u00e9nalement responsable, le nouveau Code p\u00e9nal pr\u00e9voit \u00e9galement des peines accessoires sp\u00e9cifiques \u00e0 l\u2019article 19 (b) qui signifient[footnote]Article 19 du Code p\u00e9nal.[\/footnote]\u00a0: \u00ab\u00a0L\u2019interdiction pour une dur\u00e9e d\u00e9termin\u00e9e de s\u2019investir directement ou indirectement dans l\u2019une ou plusieurs des activit\u00e9s pr\u00e9vues par son objet social\u00a0\u00bb. Pour Ntono Tsimi, \u00abl\u2019objectif r\u00e9side dans l\u2019effet de stigmatisation sociale qui en est attendu et permettrait de frapper les personnes morales directement au niveau de leur activit\u00e9\u00a0\u00bb (2011, p.\u00a0242). Cette peine est sp\u00e9cialement adapt\u00e9e aux situations dans lesquelles l\u2019activit\u00e9 vis\u00e9e pr\u00e9sente de graves dangers pour la population (Ntono Tsimi,\u00a02011, p.\u00a0243).<\/p>\r\n<p style=\"text-align: justify\">D\u2019autres peines accessoires telles que le placement sous surveillance judiciaire pendant une dur\u00e9e d\u00e9termin\u00e9e, les mesures r\u00e9pressives dont l\u2019objet est de nuire \u00e0 la r\u00e9putation des personnes morales coupables d\u2019infractions, paraissent particuli\u00e8rement adapt\u00e9es aux soci\u00e9t\u00e9s commerciales, souvent soucieuses de leur image vis-\u00e0-vis de leurs partenaires \u00e9conomiques et de leur client\u00e8le. Est \u00e9galement pr\u00e9vue, la publication de la d\u00e9cision ou sa diffusion par voie de m\u00e9dias, sans pr\u00e9judice de toute autre peine accessoire fix\u00e9 par les textes sp\u00e9ciaux.<\/p>\r\n<p style=\"text-align: justify\">Outre ces sanctions, le Code p\u00e9nal pr\u00e9voit \u00e9galement \u00e0 l\u2019article 20 (b) les mesures de s\u00fbret\u00e9 pour les personnes morales, telles que l\u2019interdiction de s\u2019investir dans une activit\u00e9 pr\u00e9cise pour une dur\u00e9e d\u00e9termin\u00e9e, la confiscation, le placement sous surveillance judiciaire pour une dur\u00e9e d\u00e9termin\u00e9e.<\/p>\r\n<p style=\"text-align: justify\">Le tribunal comp\u00e9tent est soit le Tribunal de premi\u00e8re instance, soit le tribunal de grande instance. Le Minist\u00e8re public initie l\u2019action publique \u00e0 laquelle se joint l\u2019action civile, dont le titulaire\u00a0est bien \u00e9v<em>ibid.<\/em>ment la victime directe de l\u2019infraction, c\u2019est-\u00e0-dire la partie qui a subi personnellement et directement le dommage. Il convient de noter aussi qu\u2019en pr\u00e9sence d\u2019une infraction contre l\u2019\u00c9tat, en mati\u00e8re de pollution par exemple, o\u00f9 on peinerait \u00e0 voir la victime directe de l\u2019infraction, on en inf\u00e8re que c\u2019est le minist\u00e8re public qui actionnera les leviers de la justice. D\u2019autant plus qu\u2019il est consid\u00e9r\u00e9 comme partie principale au proc\u00e8s p\u00e9nal. La victime, lorsqu\u2019elle existe, est partie jointe. Qu\u2019en est-il des modalit\u00e9s d\u2019application de ces peines?<\/p>\r\n\r\n<h3 style=\"text-align: justify\">L\u2019applicabilit\u00e9 des sanctions pr\u00e9vues<\/h3>\r\n<p style=\"text-align: justify\">L\u2019imputation d\u2019une infraction \u00e0 la personne morale est possible s\u2019il existe un lien de causalit\u00e9 entre cette derni\u00e8re et l\u2019acte d\u00e9lictueux commis en son sein. L\u2019imputation d\u2019une infraction \u00e0 une personne morale est donc une question de fait laiss\u00e9e \u00e0 l\u2019appr\u00e9ciation du juge. Il convient de noter que l\u2019applicabilit\u00e9 des sanctions pr\u00e9vues tient compte de la sp\u00e9cificit\u00e9 de certaines sanctions ou de la sp\u00e9cificit\u00e9 de certaines personnes morales.<\/p>\r\n<p style=\"text-align: justify\"><strong>L\u2019applicabilit\u00e9 de principe<\/strong><\/p>\r\n<p style=\"text-align: justify\">L\u2019article 74-1 de la loi n\u00b02016\/007 du 12 juillet 2016 portant Code p\u00e9nal du Cameroun consacre d\u00e9sormais la responsabilit\u00e9 p\u00e9nale des personnes morales. Celle-ci se rapporte aux infractions commises pour le compte desdites entit\u00e9s par leurs organes ou par leurs repr\u00e9sentants. Le juge p\u00e9nal camerounais s\u2019est d\u2019ailleurs fond\u00e9 sur ce principe pour d\u00e9clarer coupables la soci\u00e9t\u00e9 Camrail S.\u00a0A. et onze de ses employ\u00e9s ou anciens employ\u00e9s, dans l\u2019affaire de la catastrophe ferroviaire du 21 octobre 2016[footnote]Tribunal de premi\u00e8re instance d\u2019\u00c9s\u00e9ka, Chambre correctionnelle, Jugement n\u00b0 625\/COR du 26 septembre 2018, Affaire minist\u00e8re public et ayants droit d\u2019A\u2026 et autres ayants droits d\u00e9c\u00e9d\u00e9s B. D Rosalie et autres victimes bless\u00e9es Contre X, Y, Z, et la soci\u00e9t\u00e9 Camrail S. A (personne morale p\u00e9nalement responsable).[\/footnote]. Comme le souligne Afouba Tanga (2019, p.\u00a0124), la soci\u00e9t\u00e9 Camrail s\u2019estimait irresponsable, en raison des obstacles de droit, \u00e0 savoir l\u2019irresponsabilit\u00e9 de l\u2019\u00c9tat et de ses d\u00e9membrements, l\u2019absence d\u2019action d\u2019un de ses organes ou repr\u00e9sentants, l\u2019ob\u00e9issance \u00e0 l\u2019autorit\u00e9 l\u00e9gale. Il faut dire que la question qui se posait au juge \u00e9tait celle de savoir si la soci\u00e9t\u00e9 Camrail pouvait \u00eatre reconnue coupable alors m\u00eame qu\u2019elle exer\u00e7ait une activit\u00e9 d\u2019int\u00e9r\u00eat g\u00e9n\u00e9ral. En l\u2019occurrence, elle exerce le service public de transport ferroviaire, sous le contr\u00f4le de la puissance publique qui faisait d\u2019elle un d\u00e9membrement de l\u2019\u00c9tat camerounais. Relativement \u00e0 cette question, le juge p\u00e9nal lui a d\u00e9ni\u00e9 cette qualit\u00e9. Il a relev\u00e9 que la soci\u00e9t\u00e9 Camrail SA est une soci\u00e9t\u00e9 commerciale, personne morale de droit priv\u00e9, r\u00e9gie par les Actes uniformes relevant du Trait\u00e9 OHADA et ne saurait \u00eatre assimil\u00e9e \u00e0 un d\u00e9membrement de l\u2019\u00c9tat. D\u00e8s lors, le juge a d\u00e9clar\u00e9 que<\/p>\r\n<p style=\"text-align: justify\">Attendu enfin que la d\u00e9fense de la soci\u00e9t\u00e9 Camrail est assise sur l\u2019ob\u00e9issance \u00e0 l\u2019autorit\u00e9 l\u00e9gale, \u00e0 savoir l\u2019ordre donn\u00e9 par l\u2019autorit\u00e9 de tutelle de proc\u00e9der \u00e0 l\u2019adjonction des wagons pour r\u00e9soudre le probl\u00e8me du trop-plein de passagers qui souhaitaient rejoindre les villes de Douala et Yaound\u00e9; Attendu cependant qu\u2019un tel ordre, s\u2019il a exist\u00e9, n\u2019exon\u00e8re gu\u00e8re la soci\u00e9t\u00e9 Camrail S. A. par le biais de son repr\u00e9sentant l\u00e9gal de s\u2019assurer de la fiabilit\u00e9 et de la s\u00e9curit\u00e9 des op\u00e9rations de mise en circulation du train dans les conditions du 21 octobre 2016.<\/p>\r\n<p style=\"text-align: justify\">Le juge a finalement conclu que \u00ab la mise en circulation permanente de voitures au syst\u00e8me de freinage d\u00e9fectueux, qui est une des causes de la catastrophe dite d\u2019Es\u00e9ka conduit \u00e0 la culpabilit\u00e9 de cette soci\u00e9t\u00e9 \u00bb. Pour ce cas d\u2019esp\u00e8ce, le juge a fait une application des articles 228 (activit\u00e9s dangereuses) et 289 (homicide et blessures involontaires) du Code p\u00e9nal. La sanction qui a \u00e9t\u00e9 prononc\u00e9e contre la Soci\u00e9t\u00e9 Camrail S. A. est de 500 000 francs d\u2019amende correspondant au d\u00e9lit d\u2019activit\u00e9s dangereuses, d\u2019homicide et de blessures involontaires caus\u00e9 \u00e0 744 victimes[footnote]Les victimes attendaient ce verdict depuis pr\u00e8s de deux ans. Ce 26 septembre, Camrail, filiale de Bollor\u00e9 Africa Logistics (BAL), et onze de ses employ\u00e9s ou anciens employ\u00e9s, dont l\u2019ancien directeur g\u00e9n\u00e9ral Didier Vandenbon, ont \u00e9t\u00e9 d\u00e9clar\u00e9s coupables d\u2019activit\u00e9s dangereuses, d\u2019homicide involontaire et de blessures involontaires; TPI d'Eseka, Affaire\u00a0<em>Camrail c\/ \u00c9tat du Cameroun<\/em>, 26 septembre 2018.[\/footnote]\u00a0r\u00e9pertori\u00e9es par le gouvernement[footnote]Voir Communiqu\u00e9 radio-presse \u00e9tablissant la liste des personnes bless\u00e9es\/d\u00e9c\u00e9d\u00e9es dans l\u2019accident ferroviaire du 21 octobre 2016, Cameroun Tribune, 10 ao\u00fbt 2019.[\/footnote].<\/p>\r\n<p style=\"text-align: justify\">Au regard de cette jurisprudence, on peut affirmer l\u2019effectivit\u00e9 du principe de la responsabilit\u00e9 des personnes morales en droit camerounais. Toutefois, l\u2019on note la sp\u00e9cificit\u00e9 de l\u2019application des sanctions pr\u00e9vues \u00e0 certaines personnes morales.<\/p>\r\n<p style=\"text-align: justify\"><strong>L\u2019applicabilit\u00e9 des sanctions sp\u00e9cifiques<\/strong><\/p>\r\n<p style=\"text-align: justify\">Le Code p\u00e9nal pr\u00e9voit sp\u00e9cifiquement les \u00e9l\u00e9ments mat\u00e9riels des infractions commises par les mandataires sociaux, les personnes physiques dirigeantes et les repr\u00e9sentants permanents des personnes morales dirigeantes. \u00c0 cette cat\u00e9gorie de personnes, la loi n\u00b02017\/011 du 12 juillet 2017 portant statut g\u00e9n\u00e9ral des entreprises publiques ajoute la responsabilit\u00e9 du liquidateur et du commissaire aux comptes d\u2019une entreprise publique en liquidation.<\/p>\r\n\r\n<ul style=\"text-align: justify\">\r\n \t<li style=\"text-align: justify\"><strong>La responsabilit\u00e9 des mandataires sociaux<\/strong><\/li>\r\n<\/ul>\r\n<p style=\"text-align: justify\">Le nouveau Code p\u00e9nal pr\u00e9voit la responsabilit\u00e9 p\u00e9nale des mandataires sociaux[footnote]Article 334 du Code p\u00e9nal.[\/footnote]. En effet, les personnes physiques dirigeantes des personnes morales assujetties aux proc\u00e9dures collectives, ainsi que les repr\u00e9sentants permanents des personnes morales dirigeantes, sont punies d\u2019un emprisonnement d\u2019un (01) mois \u00e0 deux (02) ans. Ces mandataires sont alors punis si, en cette qualit\u00e9 et de mauvaise foi, ils utilisent ou consomment des sommes appartenant \u00e0 la personne morale en faisant des op\u00e9rations de pur hasard ou des op\u00e9rations fictives; ils font des achats en vue d\u2019une revente au-dessous du cours, ou emploient des moyens ruineux pour se procurer des fonds dans l\u2019intention de retarder la constatation de la cessation des paiements de la personne morale; payent ou font payer un cr\u00e9ancier au pr\u00e9judice de la masse apr\u00e8s la cessation des paiements de la personne morale; font contracter par la personne morale, pour le compte d\u2019autrui, sans recevoir des valeurs en \u00e9change, des engagements jug\u00e9s trop importants eu \u00e9gard \u00e0 sa situation. En outre, ils seront punis au m\u00eame titre s\u2019ils tiennent, font ou laissent tenir une comptabilit\u00e9 irr\u00e9guli\u00e8re ou incompl\u00e8te de la personne morale dans les conditions pr\u00e9vues par l\u2019article 332 du Code p\u00e9nal; s\u2019ils omettent de faire au Greffe de la juridiction comp\u00e9tente, dans le d\u00e9lai de trente jours, la d\u00e9claration de l\u2019\u00e9tat de cessation des paiements de la personne morale; s\u2019ils d\u00e9tournent ou dissimulent, tentent de d\u00e9tourner ou de dissimuler une partie de leurs biens, ou se sont frauduleusement reconnus d\u00e9biteurs de sommes qu\u2019ils ne devaient pas, en vue de soustraire tout ou une partie de leur patrimoine aux poursuites de la personne morale en \u00e9tat de cessation des paiements ou \u00e0 celles des associ\u00e9s ou des membres ou des cr\u00e9anciers de la personne morale en \u00e9tat de cessation des paiements.<\/p>\r\n<p style=\"text-align: justify\">D\u2019un autre c\u00f4t\u00e9, les repr\u00e9sentants l\u00e9gaux ou de fait sont punis d\u2019un emprisonnement d\u2019un (01) mois \u00e0 deux (02) ans, comportant des membres ind\u00e9finiment et solidairement responsables des dettes de ceux-ci qui, sans excuse l\u00e9gitime, n\u2019ont pas fait au Greffe de la juridiction comp\u00e9tente, la d\u00e9claration de l\u2019\u00e9tat de cessation des paiements dans le d\u00e9lai de trente jours ou si cette d\u00e9claration ne comporte pas la liste des associ\u00e9s solidaires avec indication de leurs noms et domiciles[footnote]Article 334-1du Code p\u00e9nal.[\/footnote].<\/p>\r\n\r\n<ul style=\"text-align: justify\">\r\n \t<li style=\"text-align: justify\"><strong>La responsabilit\u00e9 p\u00e9nale des personnes physiques dirigeantes et repr\u00e9sentants permanents des personnes morales dirigeantes<\/strong><\/li>\r\n<\/ul>\r\n<p style=\"text-align: justify\">Le nouveau Code p\u00e9nal met un accent particulier sur la responsabilit\u00e9 p\u00e9nale des personnes physiques dirigeantes et repr\u00e9sentants permanents des personnes morales dirigeantes[footnote]Article 334-2 (1) du Code p\u00e9nal.[\/footnote]. Ainsi,<\/p>\r\n<p style=\"text-align: justify\">sont punis d\u2019un emprisonnement de cinq (05) a dix (10) ans, les personnes physiques dirigeantes et les repr\u00e9sentants permanents des personnes morales dirigeantes qui ont frauduleusement soustrait les livres de la personne morale, d\u00e9tourn\u00e9 ou dissimul\u00e9 une partie de son actif; reconnu la personne morale d\u00e9bitrice de sommes qu\u2019elle ne devait pas, soit dans les \u00e9critures, soit par des actes publics ou des engagements sous seing priv\u00e9, soit dans le bilan; qui exercent la profession de dirigeant en violation d\u2019une interdiction pr\u00e9vue par les Actes Uniformes OHADA ou par toute disposition l\u00e9gale ou r\u00e9glementaire stipulent avec un cr\u00e9ancier, au nom de la personne morale, des avantages particuliers, en raison de son vote dans les d\u00e9lib\u00e9rations de la masse; ou qui ont fait, avec un cr\u00e9ancier, une convention particuli\u00e8re de laquelle il r\u00e9sulterait, pour ce dernier, un avantage \u00e0 la charge de l\u2019actif de la personne, \u00e0 partir de la date de la cessation des paiements, sauf disposition contraire de la loi (Article 334-2 (2) du Code p\u00e9nal).<\/p>\r\n<p style=\"text-align: justify\">Si en droit public, la responsabilit\u00e9 p\u00e9nale des personnes morales (Picard, 1993) n\u2019\u00e9tait pas clairement d\u00e9finie, aujourd\u2019hui, elle fait l\u2019objet d\u2019un encadrement bien pr\u00e9cis. En effet, sont \u00e9galement punis de m\u00eames peines pr\u00e9vues, les personnes physiques dirigeantes et les repr\u00e9sentants permanents des personnes morales dirigeantes qui, \u00e0 l\u2019occasion d\u2019une proc\u00e9dure de r\u00e8glement pr\u00e9ventif, ont de mauvaise foi, pr\u00e9sent\u00e9 ou fait pr\u00e9senter un compte de r\u00e9sultat, un bilan, un \u00e9tat de cr\u00e9ances ou de dettes ou un \u00e9tat actif et passif des privil\u00e8ges et s\u00fbret\u00e9s inexact ou incomplet, et sans autorisation du pr\u00e9sident de la juridiction comp\u00e9tente; ont accompli un des actes interdits par l\u2019Acte Uniforme OHADA organisant les proc\u00e9dures collectives d\u2019apurement du passif[footnote]Article 334-2 (2) du Code p\u00e9nal.[\/footnote].<\/p>\r\n<p style=\"text-align: justify\">Le Code p\u00e9nal pr\u00e9voit aussi les circonstances aggravantes de la responsabilit\u00e9 p\u00e9nale des personnes physiques et morales, notamment dans des cas de r\u00e9cidive des personnes physiques et morales. En effet, est r\u00e9cidiviste d\u2019une part, toute personne physique ou morale qui, apr\u00e8s avoir \u00e9t\u00e9 condamn\u00e9e pour un crime ou un d\u00e9lit, commet une nouvelle infraction qualifi\u00e9e de crime ou de d\u00e9lit, dans un d\u00e9lai qui commence \u00e0 courir \u00e0 compter de la date de la condamnation devenue d\u00e9finitive, et qui expire cinq ans apr\u00e8s l\u2019ex\u00e9cution de la peine prononc\u00e9e ou sa prescription. D\u2019autre part, est r\u00e9cidiviste toute personne physique ou morale qui, apr\u00e8s avoir \u00e9t\u00e9 condamn\u00e9e pour contravention, commet une nouvelle contravention, dans un d\u00e9lai qui commence \u00e0 courir \u00e0 compter de la date de la condamnation devenue d\u00e9finitive, et qui expire douze mois apr\u00e8s l\u2019ex\u00e9cution de la peine prononc\u00e9e ou sa prescription[footnote]Article 88 du Code p\u00e9nal.[\/footnote].<\/p>\r\n<p style=\"text-align: justify\">Pour le cas sp\u00e9cifique de la responsabilit\u00e9 des dirigeants des entreprises publiques, la loi n\u00b02017\/011 du 12 juillet 2017 portant statut g\u00e9n\u00e9ral des entreprises publiques rappelle le principe de la soumission des entreprises publiques au contr\u00f4le externe par les commissaires aux comptes. Elle pr\u00e9cise les r\u00e8gles relatives \u00e0 leur dissolution et leur liquidation, ainsi que le r\u00e9gime des sanctions applicables aux dirigeants fautifs avec l\u2019introduction explicite de l\u2019infraction de d\u00e9tournement des deniers publics pr\u00e9vue et r\u00e9prim\u00e9e \u00e0 l\u2019article 184 du Code p\u00e9nal ou l\u2019abus des biens sociaux. Conform\u00e9ment \u00e0 l\u2019article 114 de la loi n\u00b02017\/011 du 12 juillet 2017, est donc constitutive d\u2019infraction de d\u00e9tournement des derniers publics, le fait pour les dirigeants sociaux des entreprises publiques, \u00ab\u00a0d\u2019op\u00e9rer sciemment entre les actionnaires, la r\u00e9partition des dividendes fictifs en l\u2019absence d\u2019inventaires ou au moyen d\u2019inventaires frauduleux\u00a0\u00bb. Ils sont \u00e9galement coupables \u00ab\u00a0s\u2019ils font usage, de mauvaise foi, des biens et cr\u00e9dits des entreprises publiques \u00e0 des fins contraires \u00e0 l\u2019objectif de celles-ci ou \u00e0 des fins personnelles, mat\u00e9rielles ou morales, ou pour favoriser une autre personne morale dans laquelle ils sont directement ou indirectement int\u00e9ress\u00e9s\u00a0\u00bb (voir aussi Guessele Isseme et Ondoua Biwele, 2018, p.\u00a0119).<\/p>\r\n<p style=\"text-align: justify\">La m\u00eame sanction est applicable au liquidateur d\u2019une entreprise publique, d\u00e8s lors qu\u2019il fait des biens ou du cr\u00e9dit de la soci\u00e9t\u00e9 en liquidation, un usage contraire aux int\u00e9r\u00eats de l\u2019entreprise ou \u00e0 ses fins personnelles ou pour favoriser une autre personne morale dans laquelle il est ou \u00e9tait int\u00e9ress\u00e9 directement ou indirectement. De plus, elle est applicable au liquidateur qui c\u00e8de tout ou une partie de l\u2019actif de l\u2019entreprise en liquidation \u00e0 une personne ayant eu dans l\u2019entreprise la qualit\u00e9 de membre du Conseil d\u2019administration, de commissaire aux comptes, sans avoir eu le consentement des associ\u00e9s ou des actionnaires[footnote]Article 115 de la loi du 12 Juillet 2017 sur le Statut G\u00e9n\u00e9ral des entreprises publiques.[\/footnote]. Est donc puni d\u2019un emprisonnement de cinq (05) \u00e0 dix (10) ans et d\u2019une amende de cent mille (100\u00a0000) \u00e0 un million (1\u00a0000\u00a0000) de francs CFA, le liquidateur qui tient irr\u00e9guli\u00e8rement une comptabilit\u00e9 de l\u2019entreprise publique en liquidation[footnote]<em>Ibid<\/em>., Article 116.[\/footnote]. Par contre, est puni d\u2019un emprisonnement d\u2019un (01) \u00e0 dix (05) ans et d\u2019une amende d\u2019un million (1\u00a0000\u00a0000) \u00e0 dix millions (10\u00a0000\u00a0000) de francs CFA, le commissaire aux comptes d\u2019une entreprise publique qui a sciemment donn\u00e9 ou confirm\u00e9 des informations mensong\u00e8res sur la situation de ladite entreprise ou qui n\u2019a pas port\u00e9 \u00e0 la connaissance des organes comp\u00e9tents des faits d\u00e9lictueux dont il a eu connaissance[footnote]<em>Ibid<\/em>., Article 117.[\/footnote].<\/p>\r\n\r\n<h2 style=\"text-align: justify\"><strong>Conclusion<\/strong><\/h2>\r\n<p style=\"text-align: justify\">En somme, avec l\u2019adoption du Code p\u00e9nal, les personnes morales, \u00eatres abstraits et impalpables, ne sont plus en droit p\u00e9nal camerounais des \u00eatres irresponsables. La pr\u00e9sente \u00e9tude pr\u00e9cise les r\u00e8gles de cette nouvelle responsabilit\u00e9 et leur influence sur celle des personnes physiques qui les composent, contribuant ainsi \u00e0 la cr\u00e9ation d\u2019un v\u00e9ritable droit p\u00e9nal des personnes morales. Comme l\u2019a si bien soulign\u00e9 Ntono Tsimi, \u00ab\u00a0la p\u00e9nalisation des agissements des personnes morales repose sur l\u2019id\u00e9e de la n\u00e9cessit\u00e9, pour le droit p\u00e9nal, de saisir la criminalit\u00e9 des \u00eatres collectifs qui, elle-m\u00eame, n\u2019est qu\u2019une variante des formes actuelles de collectivisation du ph\u00e9nom\u00e8ne criminel de notre soci\u00e9t\u00e9\u00a0\u00bb (2011, p.\u00a0227). Le l\u00e9gislateur camerounais a ainsi am\u00e9nag\u00e9 un r\u00e9gime propre de l\u2019incrimination et de r\u00e9pression des infractions commises par les personnes morales. Son application amorc\u00e9e dans l\u2019affaire de l\u2019accident ferroviaire de la soci\u00e9t\u00e9 Camrail S. A. t\u00e9moigne de l\u2019engagement de l\u2019\u00c9tat du Cameroun \u00e0 contr\u00f4ler les actes de ces acteurs qui font de plus en plus partie int\u00e9grante de l\u2019environnement \u00e9conomique, industriel et social autant au plan interne qu\u2019international.<\/p>\r\n\r\n<h2 style=\"text-align: justify\"><strong>R\u00e9f\u00e9rences<\/strong><\/h2>\r\n<p class=\"hanging-indent\" style=\"text-align: justify\">Adamou, Rabani. 2013. Plaidoyer pour une responsabilit\u00e9 p\u00e9nale des personnes morales en droit Ohada.\u00a0<em>Revue de l\u2019Ersuma, Revue semestrielle d\u2019\u00c9tudes, de L\u00e9gislation, de Jurisprudence et de Pratique Professionnelle en Droit des Affaires<\/em>,\u00a0<em>2<\/em>, 43-61,<\/p>\r\n<p class=\"hanging-indent\" style=\"text-align: justify\">Afouba, Tanga, Arlette, Christine. 2019. Les dommages de masse et le droit p\u00e9nal au Cameroun,\u00a0<em>Revue Africaine et Malgache de Recherches Scientifiques<\/em>,\u00a0<em>2<\/em>, 110-135. URL\u00a0:\u00a0<em><a href=\"https:\/\/www.academia.edu\/40759226\/Dommage_de_masse_et_droit_penal_au_cameroun_Revue_RAMReS_tir\u00e9_\u00e0_part_5_Arlette_TANGA\">https:\/\/www.academia.edu\/40759226\/Dommage_de_masse_et_droit_penal_au_cameroun_Revue_RAMReS_tir\u00e9_\u00e0_part_5_Arlette_TANGA<\/a><\/em><\/p>\r\n<p class=\"hanging-indent\" style=\"text-align: justify\">Assira Engoute, Claude. 2017.\u00a0La responsabilit\u00e9 p\u00e9nale des personnes morales au Cameroun\u00a0: le clair-obscur persistant.\u00a0<em>Juridis P\u00e9riodique,<\/em>\u00a0<em>110<\/em>,\u00a051-62.<\/p>\r\n<p class=\"hanging-indent\" style=\"text-align: justify\">Assira Engoute, Claude. 2016. Code p\u00e9nal r\u00e9vis\u00e9, un code v\u00e9nal, un code bancal. En ligne\u00a0:\u00a0<a href=\"https:\/\/germinalnewspaper.com\/index.php?option=com_content&amp;view=article&amp;id=462:ecrit-par-maitre-claude-assira-engoute-avocat-au-barreau-du-cameroun&amp;catid=29:maniere-de-voir&amp;Itemid=53\">https:\/\/germinalnewspaper.com\/index.php?option=com_content&amp;view=article&amp;id=462:ecrit-par-maitre-claude-assira-engoute-avocat-au-barreau-du-cameroun&amp;catid=29:maniere-de-voir&amp;Itemid=53<\/a><\/p>\r\n<p class=\"hanging-indent\" style=\"text-align: justify\">Anoukaha, Fran\u00e7ois. 2017.\u00a0<em>Le Code p\u00e9nal du 12 juillet 2016 et la lutte contre la corruption au Cameroun<\/em>. Yaound\u00e9\u00a0: Les Grandes \u00c9ditions.<\/p>\r\n<p class=\"hanging-indent\" style=\"text-align: justify\">Ascensio, Herv\u00e9, Decaux, Emmanuel et Pellet, Alain. 2012.\u00a0<em>Droit international p\u00e9nal<\/em>\u00a0(2e \u00e9dition). Paris\u00a0: Pedone.<\/p>\r\n<p class=\"hanging-indent\" style=\"text-align: justify\">Bourdon, William. 2010.\u00a0<em>Face aux crimes du march\u00e9. Quelles armes juridiques pour les citoyens?<\/em>. Paris\u00a0: La D\u00e9couverte.<\/p>\r\n<p class=\"hanging-indent\" style=\"text-align: justify\">Conte Philippe et Maistre de Chambon Patrick, <em>Droit p\u00e9nal g\u00e9n\u00e9ral,<\/em> 4e\u00a0\u00e9dition, A. Colin, Paris, Coll. U.<\/p>\r\n<p class=\"hanging-indent\" style=\"text-align: justify\">Cornu, G\u00e9rard (dir.). 1987.\u00a0<em>Vocabulaire juridique<\/em>\u00a0(1\u00e8re \u00e9dition). Paris\u00a0: PUF.<\/p>\r\n<p class=\"hanging-indent\" style=\"text-align: justify\">Dzeukou, Guy Blaise (dir.). 2007.\u00a0<em>Code p\u00e9nal, annot\u00e9 et comment\u00e9\u00a0<\/em>(tome 1, 1\u00e8re \u00e9dition). Bafoussam\u00a0: \u00c9ditions juridiques camerounaises.<\/p>\r\n<p class=\"hanging-indent\" style=\"text-align: justify\">Efouba Nomo, Claude Marie. 2018.\u00a0<em>Responsabilit\u00e9 p\u00e9nale des personnes morales au Cameroun avant 2016<\/em>. Saarbr\u00fccken\u00a0: \u00c9ditions Universitaires Europ\u00e9ennes.<\/p>\r\n<p class=\"hanging-indent\" style=\"text-align: justify\">Geeroms, Sofie. 1996. La responsabilit\u00e9 p\u00e9nale de la personne morale\u00a0: une \u00e9tude comparative.\u00a0<em>R.I.D.C.<\/em>,\u00a0<em>3<\/em>, 533-579.<\/p>\r\n<p class=\"hanging-indent\" style=\"text-align: justify\">Guessele, Isseme, Lionel, Pierre et Ondoua Biwele, Andr\u00e9, Val\u00e9ry. 2018. Responsabilit\u00e9s des acteurs des entreprises et \u00e9tablissements publics\u00a0: un contraste flagrant. Dans Ondoua Biwele, Viviane &amp; Tcheuwa, Jean Claude (dir.),\u00a0<em>Lois sur les \u00e9tablissements et entreprises publics au Cameroun. Innovations et reculades<\/em>\u00a0(105-125). Yaound\u00e9\u00a0: Afr\u00e9dit.<\/p>\r\n<p class=\"hanging-indent\" style=\"text-align: justify\">Kound\u00e9, D\u00e9dji. 2017. Un autre regard sur la responsabilit\u00e9 des personnes morales en droit OHADA.\u00a0<em>J. Rech. Sci. Univ<\/em>\u00a0<em>Lom\u00e9<\/em>,\u00a0<em>19<\/em>(4), 237-262.<\/p>\r\n<p class=\"hanging-indent\" style=\"text-align: justify\">Lobe Lobas, Madeleine. 2016. Le risque p\u00e9nal li\u00e9 \u00e0 la gestion de la commune au Cameroun. \u00c9tude de droit compar\u00e9.\u00a0<em>Revue de l\u2019Ersuma, Revue semestrielle d\u2019\u00c9tudes, de L\u00e9gislation, de Jurisprudence et de Pratique Professionnelle en Droit des Affaires<\/em>,\u00a0<em>6<\/em>, 43-61. URL:\u00a0<a href=\"https:\/\/www.revues.scienceafrique.org\/adilaaku\/texte\/gueazang_mvondo_nouazi2022\/blank\">http:\/\/revue.ersuma.org\/no-6-janvier-2016\/doctrine\/article\/le-risque-penal-lie-a-la-gestion<\/a><\/p>\r\n<p class=\"hanging-indent\" style=\"text-align: justify\">Manga Ombala, Armel. 2014.\u00a0<em>La responsabilit\u00e9 p\u00e9nale des dirigeants sociaux en droit camerounais<\/em>. M\u00e9moire de Master II en Droit priv\u00e9, Universit\u00e9 de Yaound\u00e9 II. En ligne\u00a0:\u00a0<a href=\"https:\/\/hal-auf.archives-ouvertes.fr\/hal-01113623\">https:\/\/hal-auf.archives-ouvertes.fr\/hal-01113623<\/a>.<\/p>\r\n<p class=\"hanging-indent\" style=\"text-align: justify\">Manirabona Amissi, Melchiade. 2011.\u00a0<em>Entreprises multinationales et criminalit\u00e9 environnementale transfrontali\u00e8re\u00a0: applicabilit\u00e9 au droit p\u00e9nal canadien<\/em>. Qu\u00e9bec\u00a0: Yvon Blais.<\/p>\r\n<p class=\"hanging-indent\" style=\"text-align: justify\">Loi n\u00b067\/LF\/1 du 12 juin 1967 Code p\u00e9nal.<\/p>\r\n<p class=\"hanging-indent\" style=\"text-align: justify\">Loi n\u00b02016\/007 du 12 juillet 2016 portant Code p\u00e9nal du Cameroun.<\/p>\r\n<p class=\"hanging-indent\" style=\"text-align: justify\">La loi n\u00b02017\/010 portant statut g\u00e9n\u00e9ral des \u00e9tablissements publics.<\/p>\r\n<p class=\"hanging-indent\" style=\"text-align: justify\">La loi 2017\/11 portant statut g\u00e9n\u00e9ral des entreprises publiques.<\/p>\r\n<p class=\"hanging-indent\" style=\"text-align: justify\">Makon Ma Mbeb, Albert Richard. 2018. \u00ab\u00a0Loi du 12 juillet 2017\u00a0: entre constance et \u00e9volution\u00bb. Dans Ondoua Biwele, Viviane et Tcheuwa, Jean Claude (dir.),\u00a0<em>Lois sur les \u00e9tablissements et entreprises publics au Cameroun. Innovations et reculades<\/em>\u00a0(41-62).Yaound\u00e9\u00a0: Afr\u00e9dit.<\/p>\r\n<p class=\"hanging-indent\" style=\"text-align: justify\">Neyret, Laurent (dir.). 2015.\u00a0<em>Des \u00c9cocrimes \u00e0 l\u2019\u00e9cocide. Le droit p\u00e9nal au secours de l\u2019environnement<\/em>. Bruxelles\u00a0: Bruylant.<\/p>\r\n<p class=\"hanging-indent\" style=\"text-align: justify\">Nguihe Kante, Pascal. 2011. O\u00f9 en est la responsabilit\u00e9 p\u00e9nale des entreprises en droit camerounais?.\u00a0<em>Juridis P\u00e9riodique<\/em>,\u00a0<em>87<\/em>, 53-67.<\/p>\r\n<p class=\"hanging-indent\" style=\"text-align: justify\">Ntono Tsimi, Germain. 2011. Le devenir de la responsabilit\u00e9 p\u00e9nale des personnes morales en droit camerounais. Des dispositions sp\u00e9ciales vers un \u00e9nonce g\u00e9n\u00e9ral?.<em>\u00a0Archives de politique criminelle<\/em>,<em>\u00a033<\/em>, 221-244.<\/p>\r\n<p class=\"hanging-indent\" style=\"text-align: justify\">Ondoua Biwele, Viviane et Tcheuwa, Jean Claude (dir.). 2018.\u00a0<em>Lois sur les \u00e9tablissements et entreprises publics au Cameroun.\u00a0Innovations et reculades<\/em>. Yaound\u00e9\u00a0: Afr\u00e9dit.<\/p>\r\n<p class=\"hanging-indent\" style=\"text-align: justify\">Picard, \u00c9tienne. 1993. La responsabilit\u00e9 p\u00e9nale des personnes morales de droit public\u00a0: fondements et champ d\u2019application.\u00a0<em>Revue des soci\u00e9t\u00e9s<\/em>. En ligne\u00a0:\u00a0<a href=\"https:\/\/halshs.archives-ouvertes.fr\/halshs-02238877\">https:\/\/halshs.archives-ouvertes.fr\/halshs-02238877<\/a><\/p>\r\n<p class=\"hanging-indent\" style=\"text-align: justify\">Sotirios, Lytras. 2017. La responsabilit\u00e9 des personnes morales et la notion de sanction.\u00a0<em>Essays in honour of Nestor Courakis<\/em>\u00a0(31-65). Ant. N. Sakkoulas Publications L.P.<\/p>\r\n<p class=\"hanging-indent\" style=\"text-align: justify\">Szurek, Sandra. 2012. La formation du droit international p\u00e9nal. Dans Ascensio, Herv\u00e9, Decaux, Emmanuel et Pellet, Alain (dir.),\u00a0<em>Droit international p\u00e9nal\u00a0<\/em>(21-35, 2e \u00e9dition). Paris\u00a0: Pedone.<\/p>\r\n<p class=\"hanging-indent\" style=\"text-align: justify\">Ubeda-Saillard, Muriel.\u00a02018. Le lien entre souverainet\u00e9 et droit de punir. Dans Ubeda-Saillard Muriel (dir.)\u00a0<em>La souverainet\u00e9 p\u00e9nale de l\u2019Etat au XXI\u00e8me, SFDI. Actes du Colloque de Lille<\/em> (19-42). Paris : Pedone.<\/p>","rendered":"<div class=\"metadata\">\n<p><strong>R\u00e9sum\u00e9&nbsp;: <\/strong><\/p>\n<p style=\"text-align: justify\">Pendant de longues ann\u00e9es, le Cameroun a ignor\u00e9 la possibilit\u00e9 d&rsquo;une responsabilit\u00e9 p\u00e9nale appliqu\u00e9e aux personnes morales. Cette responsabilit\u00e9 \u00e9tait \u00e9voqu\u00e9e par certaines lois sp\u00e9cifiques. Le Code p\u00e9nal actuel introduit cette innovation essentielle et d\u00e9finit \u00e0 la fois le domaine de cette responsabilit\u00e9 et les conditions de sa mise en \u0153uvre. La pr\u00e9sente r\u00e9flexion permet de montrer que le nouveau Code p\u00e9nal marque une rupture avec l\u2019impossibilit\u00e9 pratique d\u2019imputer une responsabilit\u00e9 p\u00e9nale \u00e0 un \u00eatre collectif. Cette innovation montre que le l\u00e9gislateur a ainsi am\u00e9nag\u00e9 un r\u00e9gime propre d&rsquo;incrimination et de r\u00e9pression des infractions commises par les personnes morales.<\/p>\n<\/div>\n<div class=\"metadata\">\n<p><strong>Mots-cl\u00e9s&nbsp;: <\/strong><a href=\"https:\/\/www.revues.scienceafrique.org\/adilaaku\/motscles\/cameroun\/\">Cameroun<\/a>, <a href=\"https:\/\/www.revues.scienceafrique.org\/adilaaku\/motscles\/code-penal\/\">code p\u00e9nal<\/a>, <a href=\"https:\/\/www.revues.scienceafrique.org\/adilaaku\/motscles\/personnes-morales\/\">Personnes morales<\/a>, <a href=\"https:\/\/www.revues.scienceafrique.org\/adilaaku\/motscles\/repression\/\">r\u00e9pression<\/a>, <a href=\"https:\/\/www.revues.scienceafrique.org\/adilaaku\/motscles\/responsabilite-penale\/\">responsabilit\u00e9 p\u00e9nale<\/a><\/p>\n<\/div>\n<div class=\"metadata\">\n<p><strong>Abstract&nbsp;: <\/strong><\/p>\n<p style=\"text-align: justify\">Cameroon has ignored for many years the possibility of criminal liability applied to legal persons. It constituted the points of certain specific laws. The current Criminal Code introduces this essential innovation and defines both the area of \u200b\u200bthis responsibility and the conditions for its implementation. The present reflection shows that the new Penal Code marks a break with the practical impossibility of imputing criminal liability to a collective being. This innovation shows that the legislator has thus established a specific system for the incrimination and punishment of offences committed by legal persons.<\/p>\n<\/div>\n<div class=\"metadata\">\n<p><strong>Keywords&nbsp;: <\/strong><a href=\"https:\/\/www.revues.scienceafrique.org\/adilaaku\/keywords\/cameroon\/\">Cameroon<\/a>, <a href=\"https:\/\/www.revues.scienceafrique.org\/adilaaku\/keywords\/criminal-liability\/\">criminal liability<\/a>, <a href=\"https:\/\/www.revues.scienceafrique.org\/adilaaku\/keywords\/legal-persons\/\">Legal persons<\/a>, <a href=\"https:\/\/www.revues.scienceafrique.org\/adilaaku\/keywords\/penal-code\/\">penal code<\/a>, <a href=\"https:\/\/www.revues.scienceafrique.org\/adilaaku\/keywords\/repression\/\">repression<\/a><\/p>\n<\/div>\n<div class=\"metadata\">\n<p><strong>Historique de l&rsquo;article<\/strong><br \/><strong>Date de r\u00e9ception&nbsp;: <\/strong>15 juin 2020<br \/><strong>Date d&rsquo;acceptation&nbsp;: <\/strong>20 avril 2021<br \/><strong>Date de publication&nbsp;: <\/strong>24 f\u00e9vrier 2022<\/p>\n<\/div>\n<div class=\"metadata\">\n<p><strong>Type de texte&nbsp;: <\/strong>Article<\/p>\n<\/div>\n<p>&nbsp;<\/p>\n<h2 style=\"text-align: justify\"><strong>Introduction<\/strong><\/h2>\n<p style=\"text-align: justify\">Le principe de la territorialit\u00e9 en droit p\u00e9nal veut qu\u2019il soit de la responsabilit\u00e9 de chaque pays de r\u00e9primer toute infraction commise sur son territoire. D\u2019apr\u00e8s ce principe, tout ce qui se produit sur le territoire d\u2019un \u00c9tat d\u00e9termin\u00e9 rel\u00e8ve de la loi de cet \u00c9tat. Ainsi, en cas d\u2019infraction, une personne morale devrait normalement \u00eatre poursuivie par les tribunaux de l\u2019\u00c9tat o\u00f9 survient la commission de l\u2019acte prohib\u00e9 (Manirabona, 2011, p.\u00a023). La cons\u00e9cration de la responsabilit\u00e9 p\u00e9nale des personnes morales est un atout indispensable \u00e0 l\u2019am\u00e9lioration du respect de la r\u00e8gle de droit. Elle permet d\u2019encourager ces acteurs incontournables de la soci\u00e9t\u00e9 moderne \u00e0 se conformer aux normes existantes, ou encore \u00e0 sanctionner leur non-respect. La nature punissable d\u2019un acte constitutif d\u2019une infraction ne s\u2019appr\u00e9cie pas uniquement en consid\u00e9ration de l\u2019acte lui-m\u00eame, mais \u00e9galement en tenant compte de la personne qui en est l\u2019auteure. Anciennement, seules les personnes physiques pouvaient \u00eatre d\u00e9clar\u00e9es responsables. L\u2019\u00e9mergence de la responsabilit\u00e9 p\u00e9nale des personnes morales est due, non seulement aux avanc\u00e9es r\u00e9alis\u00e9es dans la majorit\u00e9 des \u00c9tats en mati\u00e8re de droits humains, mais aussi aux \u00e9volutions qui se sont produites dans d\u2019autres branches du droit, tant interne qu\u2019international<a class=\"footnote\" title=\"Au niveau r\u00e9gional africain par exemple, l\u2019adoption du Protocole de Malabo semble \u00eatre une aubaine. En effet, le 27 juin 2014, la Conf\u00e9rence des chefs d\u2019\u00c9tats et de gouvernements de l\u2019Union africaine qui s\u2019est tenue \u00e0 Malabo en Guin\u00e9e \u00c9quatoriale a adopt\u00e9 le Protocole portant amendements au Protocole portant statut de la CAJDH (Protocole de Malabo) et a invit\u00e9 les \u00c9tats membres de l\u2019Union africaine \u00e0 le ratifier et le signer. Il s\u2019agit d\u2019un instrument juridique d\u00e9terminant, bien que la CAJDH ne soit pas encore effective. Ce d\u2019autant plus qu\u2019elle aura comp\u00e9tence \u00e0 l\u2019\u00e9gard de plusieurs crimes, et permettra d\u2019\u00e9tablir la responsabilit\u00e9 p\u00e9nale des personnes morales. Car, il institue une cour p\u00e9nale r\u00e9gionale qui fonctionnera de la m\u00eame mani\u00e8re que la Cour p\u00e9nale internationale, dans un continent qui est touch\u00e9, de fa\u00e7on chronique, par de multiples atteintes aux droits humains du fait des personnes morales.\" id=\"return-footnote-782-1\" href=\"#footnote-782-1\" aria-label=\"Footnote 1\"><sup class=\"footnote\">[1]<\/sup><\/a>.<\/p>\n<p style=\"text-align: justify\">Si la question de la responsabilit\u00e9 p\u00e9nale des individus ne pose pas de probl\u00e8me, celle de \u00ab\u00a0l\u2019impossibilit\u00e9 pratique d\u2019<em>imputer\u00a0<\/em>une quelconque infraction \u00e0 un \u00eatre collectif\u00a0\u00bb (Ntono Tsimi, 2011, p. 224), d\u00e9fendue en doctrine, est aujourd\u2019hui r\u00e9gl\u00e9e. Le Cameroun a ignor\u00e9 pendant de longues ann\u00e9es la possibilit\u00e9 d\u2019une responsabilit\u00e9 p\u00e9nale appliqu\u00e9e aux personnes morales (Efouba Nomo, 2018, p. 1). Elle \u00e9tait absente de l\u2019ancien Code p\u00e9nal de 1967, mais elle fut mentionn\u00e9e ult\u00e9rieurement dans certaines lois sp\u00e9cifiques : la loi portant sur les d\u00e9chets toxiques et dangereux<a class=\"footnote\" title=\"Article 4 alin\u00e9a 3 de la Loi n\u00b089\/27 du 29 d\u00e9cembre 1989 sur les d\u00e9chets toxiques et dangereux.\" id=\"return-footnote-782-2\" href=\"#footnote-782-2\" aria-label=\"Footnote 2\"><sup class=\"footnote\">[2]<\/sup><\/a>, celle portant sur le r\u00e9gime des for\u00eats, de la faune, et de la p\u00eache<a class=\"footnote\" title=\"Article 150 alin\u00e9a 1 de la loi n\u00b094\/01 du 10 janvier 1994 portant r\u00e9gime des forets, de la faune et de la p\u00eache.\" id=\"return-footnote-782-3\" href=\"#footnote-782-3\" aria-label=\"Footnote 3\"><sup class=\"footnote\">[3]<\/sup><\/a>, celle portant sur la cybers\u00e9curit\u00e9 et la cybercriminalit\u00e9 au Cameroun<a class=\"footnote\" title=\"La loi n\u00b02010\/012du 21 d\u00e9cembre 2010 relative \u00e0 la cybers\u00e9curit\u00e9 et \u00e0 la cybercriminalit\u00e9 au Cameroun.\" id=\"return-footnote-782-4\" href=\"#footnote-782-4\" aria-label=\"Footnote 4\"><sup class=\"footnote\">[4]<\/sup><\/a>, et tout r\u00e9cemment, celle relative \u00e0 la protection du consommateur<a class=\"footnote\" title=\"Article 36 de la loi-cadre n\u00b02011\/012 du 06 mai 2011 portant protection du consommateur au Cameroun.\" id=\"return-footnote-782-5\" href=\"#footnote-782-5\" aria-label=\"Footnote 5\"><sup class=\"footnote\">[5]<\/sup><\/a>. Sa g\u00e9n\u00e9ralisation \u00e9tait souhait\u00e9e par la majorit\u00e9 de la doctrine (Nguihe Kante, 2011, p. 5 ; Ntono Tsimi, 2011, p. 222 et 223 ; Guy Blaise Dzeukou, 2007).<\/p>\n<p style=\"text-align: justify\">De mani\u00e8re g\u00e9n\u00e9rale, \u00ab\u00a0la responsabilit\u00e9 est une obligation de r\u00e9pondre d\u2019un dommage devant la justice et d\u2019assumer les cons\u00e9quences civiles, p\u00e9nales, disciplinaires, etc. envers soit la victime, soit envers la soci\u00e9t\u00e9\u00a0\u00bb (Cornu, 1987, p.\u00a0908.). Quant \u00e0 la responsabilit\u00e9 p\u00e9nale des personnes morales, elle traduit \u00ab\u00a0l\u2019obligation pour les personnes morales (hormis l\u2019\u00c9tat) de r\u00e9pondre dans les cas sp\u00e9cifi\u00e9s par la loi, des infractions commises, pour leur compte, par leurs dirigeants ou repr\u00e9sentants, sans que soit exclue la responsabilit\u00e9 personnelle des auteurs ou complices de ces infractions\u00a0\u00bb (Cornu,\u00a0<em>ibid<\/em>.). Pr\u00e9vue actuellement \u00e0 l\u2019article 74-1 de la loi n\u00b02016\/007 du 12 juillet 2016 portant Code p\u00e9nal du Cameroun, la responsabilit\u00e9 p\u00e9nale des personnes morales se rapporte aux infractions commises pour le compte desdites entit\u00e9s par leurs organes ou par leurs repr\u00e9sentants. Comme le souligne Sofie Geeroms (1996, p.\u00a0535),<\/p>\n<p style=\"text-align: justify\">\u00a0\u00ab\u00a0la mont\u00e9e en puissance des personnes morales dans la soci\u00e9t\u00e9 a automatiquement eu pour cons\u00e9quence qu\u2019elles puissent avoir des activit\u00e9s ou des comportements criminels, tout \u00e0 fait comme les personnes physiques. Il est donc temps, vu leur r\u00f4le de plus en plus dominant dans la vie quotidienne, de reconna\u00eetre que les personnes morales constituent en droit p\u00e9nal, aussi bien que les personnes physiques, une r\u00e9alit\u00e9 criminologique. Toutefois, sous l\u2019angle du droit p\u00e9nal, une telle constatation ne suffit pas, l\u2019infraction commise devant \u00eatre imputable \u00e0 l\u2019agent p\u00e9nal, en l\u2019occurrence \u00e0 la personne morale. Ce probl\u00e8me d\u2019imputabilit\u00e9 peut \u00eatre consid\u00e9r\u00e9 comme le probl\u00e8me fondamental de la responsabilit\u00e9 p\u00e9nale des personnes morales\u00a0\u00bb.<\/p>\n<p style=\"text-align: justify\">D\u00e8s lors, quel est le r\u00e9gime juridique de la responsabilit\u00e9 p\u00e9nale des personnes morales telle que consacr\u00e9e par le Code p\u00e9nal de 2016 ? L\u2019int\u00e9r\u00eat de cette probl\u00e9matique est double. Sur le plan scientifique, la pr\u00e9sente \u00e9tude contribue \u00e0 l\u2019\u00e9laboration d\u2019une th\u00e9orie g\u00e9n\u00e9rale de la responsabilit\u00e9 p\u00e9nale des personnes morales. En outre, pour Ntono Tsimi, elle participe de\u00a0\u00ab\u00a0l\u2019adaptation du droit p\u00e9nal \u00e0 la collectivisation du ph\u00e9nom\u00e8ne criminel de la soci\u00e9t\u00e9\u00a0\u00bb (2011, p.\u00a0227). Sur le plan pratique, elle contribue \u00e0 la prise en compte des modes de participation des personnes morales \u00e0 l\u2019infraction et de nouvelles formes de d\u00e9linquance, de la protection des int\u00e9r\u00eats des acteurs. Toujours sur le plan pratique, la pr\u00e9sente \u00e9tude vise l\u2019intensification de la lutte contre la corruption et infractions assimil\u00e9es, notamment dans le domaine des march\u00e9s publics.<\/p>\n<p style=\"text-align: justify\">Le recours \u00e0 la m\u00e9thode ex\u00e9g\u00e9tique, principalement, permet d\u2019analyser non seulement le Nouveau Code p\u00e9nal<a class=\"footnote\" title=\"Loi n\u00b02016\/007 du 12 juillet 2016 portant Code p\u00e9nal du Cameroun.\" id=\"return-footnote-782-6\" href=\"#footnote-782-6\" aria-label=\"Footnote 6\"><sup class=\"footnote\">[6]<\/sup><\/a>, mais \u00e9galement l\u2019ensemble des normes juridiques qui encadrent la responsabilit\u00e9 des personnes morales au Cameroun. Cette m\u00e9thode permet aussi de se r\u00e9f\u00e9rer \u00e0 la casuistique qui d\u00e9coule de l\u2019application de ces textes eu \u00e9gard \u00e0 leur adoption tr\u00e8s r\u00e9cente. \u00c0 partir du moment o\u00f9 les personnes morales sont devenues dans la soci\u00e9t\u00e9 moderne une composante majeure et quotidienne, en ce qu\u2019elles font partie int\u00e9grante de l\u2019environnement \u00e9conomique, industriel et social, l\u2019analyse a ainsi permis de recourir accessoirement \u00e0 l\u2019approche sociologique. Ces m\u00e9thodes permettent de constater que le nouveau Code p\u00e9nal a am\u00e9nag\u00e9 un r\u00e9gime propre de l\u2019incrimination des infractions commises par les personnes morales, d\u2019une part et la r\u00e9pression de ces infractions, d\u2019autre part.<\/p>\n<h2 style=\"text-align: justify\"><strong>L\u2019incrimination des infractions commises par les personnes morales<\/strong><\/h2>\n<p style=\"text-align: justify\">Si la crainte des effets pervers d\u2019une responsabilit\u00e9 qui inciterait \u00e0 \u00ab\u00a0fuir devant le pouvoir afin d\u2019\u00e9viter de r\u00e9pondre\u00a0\u00bb (Bourdon, 2010, p. 9) semble peu convaincante, la difficult\u00e9 \u00e0 imputer la faute dans une organisation priv\u00e9e o\u00f9 la prise de d\u00e9cisions rel\u00e8ve de plusieurs niveaux dans la cha\u00eene hi\u00e9rarchique est un r\u00e9el probl\u00e8me en droit p\u00e9nal, d\u00e8s lors que la sanction se veut punitive (Bourdon, 2010, p.\u00a09). Le Code p\u00e9nal actuel du Cameroun innove afin de s\u2019arrimer \u00e0 cette nouvelle donne, en instituant le principe de la responsabilit\u00e9 p\u00e9nale des personnes morales et en d\u00e9terminant les conditions de la mise en \u0153uvre de cette responsabilit\u00e9.<\/p>\n<h3 style=\"text-align: justify\">La cons\u00e9cration du domaine de la responsabilit\u00e9 p\u00e9nale des personnes morales<\/h3>\n<p style=\"text-align: justify\">L\u2019\u00e9mergence du droit international p\u00e9nal (Szurek, 2012, p.\u00a021) va tr\u00e8s vite d\u00e9montrer quelques faiblesses, car cette branche du droit ne pr\u00e9voit que la responsabilit\u00e9 p\u00e9nale des personnes physiques, excluant de ce fait celle des personnes morales. Contrairement \u00e0 cette th\u00e8se classique minoritaire de l\u2019irresponsabilit\u00e9 p\u00e9nale des personnes morales qui fondait l\u2019inefficacit\u00e9 des peines sur leur \u00ab\u00a0caract\u00e8re artificiel et fictif\u00a0\u00bb (Ntono Tsimi, 2011, p.\u00a0224), la doctrine moderne d\u00e9fendant leur responsabilit\u00e9 fond\u00e9e sur une r\u00e9alit\u00e9 technique a fini par triompher. Cette derni\u00e8re, se fondant sur l\u2019id\u00e9e de l\u2019assimilation le plus large possible des personnes morales aux personnes physiques et sur l\u2019\u00e9volution du droit p\u00e9nal (Ntono Tsimi, 2011, p.\u00a0224), a su r\u00e9volutionner les syst\u00e8mes juridiques dans d\u2019autres contextes<a class=\"footnote\" title=\"On peut citer par exemple dans le contexte africain la Loi n\u00b080-1 du 13 ao\u00fbt 1980 instituant un Code p\u00e9nal togolais; l\u2019Article 64 al. 2 de la loi n\u00b043\/96 du 13 novembre 1996 portant Code p\u00e9nal Burkinab\u00e9, ou encore l\u2019Article 99 du Code p\u00e9nal Ivoirien de 1981 qui dispose express\u00e9ment\u00a0\u00ab La personne morale en cause, eu \u00e9gard aux circonstances de l\u2019infraction, peut par d\u00e9cision motiv\u00e9e \u00eatre d\u00e9clar\u00e9e responsable\u2026 \u00bb.\" id=\"return-footnote-782-7\" href=\"#footnote-782-7\" aria-label=\"Footnote 7\"><sup class=\"footnote\">[7]<\/sup><\/a>. Au regard du r\u00f4le important de ces acteurs dans la soci\u00e9t\u00e9, le l\u00e9gislateur camerounais s\u2019est arrim\u00e9 \u00e0 la nouvelle donne. Il est pr\u00e9cis\u00e9ment question de punir les infractions commises pour le compte des personnes morales, par leurs organes ou par leurs repr\u00e9sentants (Article 74-1). Quelle personne morale peut \u00eatre p\u00e9nalement responsable et pour quelle cat\u00e9gorie d\u2019infractions ?<\/p>\n<p style=\"text-align: justify\"><strong>L\u2019identification des personnes morales responsables<\/strong><\/p>\n<p style=\"text-align: justify\">Toutes les personnes morales, \u00e0 l\u2019exclusion de l\u2019\u00c9tat, peuvent voir leur responsabilit\u00e9 p\u00e9nale engag\u00e9e. Ce principe a \u00e9t\u00e9 pos\u00e9 par le Protocole d\u2019amendement au Protocole relatif \u00e0 la Cour africaine de justice et des droits de l\u2019homme (CAJDH) qui ajoute une comp\u00e9tence p\u00e9nale \u00e0 la Cour africaine en son article 46C, dont le premier point dispose qu\u2019\u00ab aux fins du pr\u00e9sent statut, la Cour a comp\u00e9tence sur les personnes morales, \u00e0 l\u2019exception des \u00c9tats \u00bb. Le nouveau Code p\u00e9nal du Cameroun de 2016 se situe dans ce contexte d\u2019innovation.<\/p>\n<ul style=\"text-align: justify\">\n<li style=\"text-align: justify\"><strong>Le principe : l\u2019admission de la responsabilit\u00e9 p\u00e9nale de toute personne morale de droit priv\u00e9 ou de droit public<\/strong><\/li>\n<\/ul>\n<p style=\"text-align: justify\">En droit p\u00e9nal, c\u2019est aux pouvoirs constitutionnels qu\u2019il revient de d\u00e9finir la politique criminelle de l\u2019\u00c9tat. Ce r\u00f4le consiste \u00e0 d\u00e9couvrir et \u00e0 organiser les meilleures solutions possibles aux divers probl\u00e8mes que pose le ph\u00e9nom\u00e8ne criminel et \u00e0 pr\u00e9server les biens juridiques jug\u00e9s les plus essentiels pour la soci\u00e9t\u00e9. Par cons\u00e9quent, les atteintes \u00e0 ces biens donnent lieu \u00e0 des incriminations dont l\u2019existence active \u00ab les m\u00e9canismes du syst\u00e8me p\u00e9nal \u00bb (Ubeda-Saillard, 2018, p. 27). Conform\u00e9ment aux dispositions de l\u2019article 74-1 (a) du nouveau Code p\u00e9nal, la responsabilit\u00e9 p\u00e9nale s\u2019applique aussi bien aux soci\u00e9t\u00e9s d\u2019\u00e9conomie mixte qu\u2019aux soci\u00e9t\u00e9s \u00e0 capital public, toutes les deux \u00e9tant des personnes morales de droit priv\u00e9 r\u00e9gies par la l\u00e9gislation applicable aux soci\u00e9t\u00e9s anonymes. L\u2019article 10 de la loi n\u00b0 2017\/011 portant statut g\u00e9n\u00e9ral des entreprises publiques pose de mani\u00e8re claire le principe de la soumission des entreprises publiques au droit OHADA et pr\u00e9cis\u00e9ment de l\u2019Acte uniforme relatif au droit des soci\u00e9t\u00e9s commerciales et du groupement d\u2019int\u00e9r\u00eat \u00e9conomique, mais sous r\u00e9serve de l\u2019application des dispositions de cette loi. Le caract\u00e8re dualiste des r\u00e8gles applicables \u00e0 ces entreprises est donc maintenu, mais il est moins prononc\u00e9 pour les soci\u00e9t\u00e9s d\u2019\u00e9conomie mixte. Cependant, il convient de relever ici que le droit OHADA n\u2019a pas envisag\u00e9 la responsabilit\u00e9 des personnes morales (Adamou Rabani, 2013, p. 43; Ntono Tsimi, 2011, p. 226; Kound\u00e9 D\u00e9dji, 2017). L\u2019Acte uniforme relatif au droit des soci\u00e9t\u00e9s commerciales et du groupement d\u2019int\u00e9r\u00eat \u00e9conomique n\u2019incrimine que les personnes physiques, notamment les dirigeants sociaux et leurs repr\u00e9sentants.<\/p>\n<p style=\"text-align: justify\">L\u2019article 3 de la loi n\u00b0 2017\/011 du 12 juillet 2017 portant Statut g\u00e9n\u00e9ral des entreprises publiques d\u00e9finit d\u00e9sormais l\u2019entreprise publique comme\u00a0une \u00ab\u00a0unit\u00e9 \u00e9conomique dot\u00e9e d\u2019une autonomie juridique et financi\u00e8re exer\u00e7ant une activit\u00e9 industrielle et commerciale, et dont le capital social est d\u00e9tenu enti\u00e8rement ou majoritairement par une personne morale de droit public\u00a0\u00bb<a class=\"footnote\" title=\"Article 3 de la loi 2017\/011 du 12 juillet 2017 portant statut g\u00e9n\u00e9ral des entreprises publiques.\" id=\"return-footnote-782-8\" href=\"#footnote-782-8\" aria-label=\"Footnote 8\"><sup class=\"footnote\">[8]<\/sup><\/a>. Mais, le m\u00eame article 3 consacre une modification substantielle \u00e0 la d\u00e9finition des soci\u00e9t\u00e9s d\u2019\u00e9conomie mixte en ce que, pour \u00eatre qualifi\u00e9e comme telle, le capital social doit \u00eatre d\u00e9tenu majoritairement par l\u2019\u00c9tat, une ou plusieurs entreprises publiques ou une ou plusieurs collectivit\u00e9s territoriales d\u00e9centralis\u00e9es<a class=\"footnote\" title=\"Voir Yvette Rachel Kalieu Elongo, \u00ab\u00a0De nouvelles lois pour r\u00e9gir les entreprises publiques et les \u00e9tablissements publics au Cameroun\u00a0\u00bb 26 juillet 2017, https:\/\/webcache.googleusercontent.com\/search?q=cache:E-jeCJuH5NsJ:https:\/\/kalieu-elongo.com\/nouvelle-loi-sur-les-entreprises-publiques\/ &amp;cd=1&amp;hl=en&amp;ct=clnk&amp;gl=cm\" id=\"return-footnote-782-9\" href=\"#footnote-782-9\" aria-label=\"Footnote 9\"><sup class=\"footnote\">[9]<\/sup><\/a>. Les administrateurs, les administratrices et les dirigeant\u00b7e\u00b7s sont soumis\u00b7es \u00e0 des mesures restrictives et des r\u00e8gles d\u2019incompatibilit\u00e9. La dur\u00e9e de leur mandat est limit\u00e9e et la violation de la limitation des mandats des dirigeant\u00b7e\u00b7s est assortie dor\u00e9navant d\u2019une sanction s\u00e9v\u00e8re qui est la nullit\u00e9 des actes pris (Makon Ma Mbeb, 2018, p.\u00a058).<\/p>\n<p style=\"text-align: justify\">En clair, il convient de noter que l\u2019article 74-1 consacre un domaine de responsabilit\u00e9 p\u00e9nale tr\u00e8s large qui regroupe les entreprises du secteur priv\u00e9 dot\u00e9es de la personnalit\u00e9 juridique (Anoukaha, 2017, p.\u00a057). Il s\u2019agit notamment des personnes morales de droit priv\u00e9 \u00e0 but lucratif telles que les soci\u00e9t\u00e9s commerciales, les soci\u00e9t\u00e9s civiles, les coop\u00e9ratives ou les groupements d\u2019int\u00e9r\u00eats \u00e9conomiques, etc. Il s\u2019agit \u00e9galement de celles de droit priv\u00e9 \u00e0 but non lucratif \u00e0 l&rsquo;instar des associations, des partis ou groupements politiques, des syndicats, des institutions repr\u00e9sentatives du personnel, etc.<\/p>\n<p style=\"text-align: justify\">En l\u2019absence de distinction faite par la l\u00e9gislation, les personnes morales de nationalit\u00e9 \u00e9trang\u00e8re, ayant un \u00e9tablissement ou une filiale \u00e0 l\u2019\u00e9tranger, sont aussi concern\u00e9es par cette l\u00e9gislation. Toutefois, pour les personnes morales de droit priv\u00e9, il faudra prendre en compte l\u2019attache dont elle b\u00e9n\u00e9ficie au Cameroun. S\u2019il s\u2019agit d\u2019une succursale, c\u2019est la soci\u00e9t\u00e9 m\u00e8re qui sera mise en cause. S\u2019il s\u2019agit d\u2019une filiale, c\u2019est cette derni\u00e8re en tant que personne morale de droit priv\u00e9 autonome ayant une personnalit\u00e9 juridique propre sur un territoire \u00e9tranger qui sera poursuivie. Dans ce cas, les poursuites et l\u2019ex\u00e9cution de la sanction seront facilit\u00e9es par la pr\u00e9sence d\u2019un \u00e9tablissement stable au Cameroun.<\/p>\n<ul style=\"text-align: justify\">\n<li style=\"text-align: justify\"><strong>L\u2019exception : l\u2019exclusion de l\u2019\u00c9tat et de ses d\u00e9membrements<\/strong><\/li>\n<\/ul>\n<p style=\"text-align: justify\">Le pouvoir de l\u2019\u00c9tat s\u2019exerce \u00e0 travers les organes qui incarnent l\u2019ex\u00e9cutif, le l\u00e9gislatif et le judiciaire. Ainsi, la responsabilit\u00e9 p\u00e9nale de l\u2019\u00c9tat du Cameroun, des d\u00e9partements minist\u00e9riels et leurs repr\u00e9sentations dans les diff\u00e9rentes localit\u00e9s nationales telles que les d\u00e9l\u00e9gations r\u00e9gionales, d\u00e9partementales ou d\u2019arrondissement et internationales telles que les ambassades, ne peut \u00eatre engag\u00e9e. Il en est de m\u00eame de celle du parlement et des juridictions camerounaises.<\/p>\n<p style=\"text-align: justify\">En outre, les collectivit\u00e9s territoriales d\u00e9centralis\u00e9es (r\u00e9gions et communes)<a class=\"footnote\" title=\"Article 55 \u00e0 62 de la Constitution du 18 janvier 1996; Loi n\u00b0 2019-024 du 24 d\u00e9cembre 2019 portant Code g\u00e9n\u00e9ral des collectivit\u00e9s territoriales d\u00e9centralis\u00e9es, art. 500.\" id=\"return-footnote-782-10\" href=\"#footnote-782-10\" aria-label=\"Footnote 10\"><sup class=\"footnote\">[10]<\/sup><\/a>\u00a0et les chefferies traditionnelles, rattach\u00e9es de mani\u00e8re plus ou moins directe au pouvoir ex\u00e9cutif<a class=\"footnote\" title=\"D\u00e9cret n\u00b077\/245 du 15 juillet 1977 portant organisation des chefferies traditionnelles.\" id=\"return-footnote-782-11\" href=\"#footnote-782-11\" aria-label=\"Footnote 11\"><sup class=\"footnote\">[11]<\/sup><\/a>, sont \u00e9galement exempt\u00e9es de responsabilit\u00e9 p\u00e9nale. Il en est de m\u00eame des groupements d\u2019int\u00e9r\u00eat public et des \u00e9tablissements publics. Conform\u00e9ment \u00e0 la nouvelle loi, ces derniers sont d\u00e9sormais d\u00e9finis comme des personnes morales de droit public, dot\u00e9es de l\u2019autonomie financi\u00e8re et de la personnalit\u00e9 juridique charg\u00e9es de la gestion d\u2019un service public ou de la r\u00e9alisation d\u2019une mission sp\u00e9ciale d\u2019int\u00e9r\u00eat g\u00e9n\u00e9ral pour le compte de l\u2019\u00c9tat ou d\u2019une Collectivit\u00e9 territoriale d\u00e9centralis\u00e9e<a class=\"footnote\" title=\"Article 4 de la loi n\u00b02017\/010 portant statut g\u00e9n\u00e9ral des \u00e9tablissements publics.\" id=\"return-footnote-782-12\" href=\"#footnote-782-12\" aria-label=\"Footnote 12\"><sup class=\"footnote\">[12]<\/sup><\/a>.<\/p>\n<p style=\"text-align: justify\">Comme l\u2019a soulign\u00e9 Ntono Tsimi, l\u2019exclusion de l\u2019\u00c9tat du champ de la responsabilit\u00e9 p\u00e9nale peut \u00eatre justifi\u00e9e par \u00ab\u00a0sa responsabilit\u00e9 dans l\u2019exercice de la r\u00e9pression\u00a0\u00bb et \u00ab\u00a0la souverainet\u00e9 de l\u2019\u00c9tat qui permet de justifier son irresponsabilit\u00e9 p\u00e9nale\u00a0\u00bb (Ntono Tsimi, 2011, p.\u00a0232). L\u2019existence de l\u2019organe judiciaire dans un \u00c9tat est la preuve que le droit, en particulier le droit p\u00e9nal, a de tout temps \u00e9t\u00e9 au service de la construction de l\u2019\u00c9tat moderne. Ubeda-Saillard (2018, p.\u00a025) dira, \u00e0 cet effet, que le couple que forment l\u2019\u00c9tat et le droit p\u00e9nal \u00ab\u00a0emprunte largement au mythe\u00a0\u00bb, puisant son origine dans les temps anciens.<\/p>\n<p style=\"text-align: justify\">Cette exclusion de l\u2019\u00c9tat du r\u00e9gime de la responsabilit\u00e9 des personnes morales peut para\u00eetre inique et injuste, \u00e9tant donn\u00e9 que d\u2019autres personnes morales sont mises \u00e0 l\u2019\u00e9preuve des peines p\u00e9nales en cas d\u2019infraction (Claude Assira, 2016; Claude Assira, 2017). La l\u00e9gislation consacre le principe de la responsabilit\u00e9 p\u00e9nale des personnes morales en d\u00e9terminant les conditions de la mise en \u0153uvre de cette responsabilit\u00e9.<\/p>\n<h3 style=\"text-align: justify\">Les pr\u00e9cisions sur les conditions de mise en \u0153uvre<\/h3>\n<p style=\"text-align: justify\">La responsabilit\u00e9 p\u00e9nale des personnes morales suppose que l\u2019infraction ait \u00e9t\u00e9 commise \u00ab\u00a0pour leur compte, par leurs organes ou repr\u00e9sentants\u00a0\u00bb (article 74-1-a du Code p\u00e9nal). La personne morale pourra \u00eatre condamn\u00e9e non seulement en tant qu\u2019autrice principale de l\u2019infraction, mais \u00e9galement en qualit\u00e9 de complice. La responsabilit\u00e9 p\u00e9nale des personnes morales n\u2019exclut pas celle des personnes physiques. Dans le domaine de la protection de l\u2019environnement par exemple, l\u2019article 78 de la Loi du 5 ao\u00fbt 1996 relative \u00e0 la protection de l\u2019environnement au Cameroun dispose que<\/p>\n<p style=\"text-align: justify\">Lorsque les \u00e9l\u00e9ments constitutifs d\u2019infraction proviennent d\u2019un \u00e9tablissement industriel, commercial, artisanal ou agricole, le propri\u00e9taire, l\u2019exploitant, le directeur, ou selon le cas, le g\u00e9rant peut \u00eatre d\u00e9clar\u00e9 responsable du paiement des amendes et frais de justice dus par les auteurs de l\u2019infraction, et civilement responsable de la remise en l\u2019\u00e9tat des sites.<\/p>\n<p style=\"text-align: justify\">En revanche, la responsabilit\u00e9 p\u00e9nale d\u2019une personne morale pourra \u00eatre engag\u00e9e en l\u2019absence de volont\u00e9 d\u00e9lib\u00e9r\u00e9e de ses organes ou repr\u00e9sentants. Elle pourra \u00eatre poursuivie pour des infractions de n\u00e9gligence ou d\u2019imprudence, notamment en cas d\u2019homicide ou de blessures involontaires r\u00e9sultant de la non-application d\u2019une r\u00e8gle de s\u00e9curit\u00e9 que les organes ou repr\u00e9sentants de celle-ci auraient omis de faire respecter. Il existe des conditions cumulatives qui doivent \u00eatre r\u00e9unies pour engager et retenir la responsabilit\u00e9 p\u00e9nale d\u2019une personne morale. Le nouveau Code p\u00e9nal r\u00e9prime les infractions commises pour le compte des personnes morales, par leurs organes ou par leurs repr\u00e9sentants<a class=\"footnote\" title=\"Article 74-1 du Code p\u00e9nal.\" id=\"return-footnote-782-13\" href=\"#footnote-782-13\" aria-label=\"Footnote 13\"><sup class=\"footnote\">[13]<\/sup><\/a>.<\/p>\n<ul style=\"text-align: justify\">\n<li style=\"text-align: justify\"><strong>La personne morale, autrice principale de l\u2019infraction<\/strong><\/li>\n<\/ul>\n<p style=\"text-align: justify\">Le r\u00f4le de la responsabilit\u00e9 p\u00e9nale est de dissuader et de punir s\u00e9v\u00e8rement celui qui met en p\u00e9ril l\u2019\u00e9quilibre social.\u00a0En effet, \u00ab\u00a0la norme d\u2019incrimination vise le plus souvent \u00e0 sanctionner la violation de r\u00e8gles administratives, comme le fait pour un particulier d\u2019avoir agi sans autorisation des pouvoirs publics ou sans en respecter les termes\u00a0\u00bb (Ascencio, 2012, p.\u00a0392). Les normes p\u00e9nales ne sont cependant pas autonomes, car dans la d\u00e9finition des comportements prohib\u00e9s, elles se r\u00e9f\u00e8rent aux autres textes\u00a0(lois et conventions internationales). La responsabilit\u00e9 p\u00e9nale des personnes morales suppose, de ce fait, que l\u2019infraction ait \u00e9t\u00e9 commise pour le compte de la personne morale. Cela signifie que les circonstances sont telles que la faute commise profite \u00e0 l\u2019entreprise ou rel\u00e8ve de sa politique ou de son mode de gestion.<\/p>\n<p style=\"text-align: justify\">Ainsi, pour une SARL, l\u2019organe sera le ou les g\u00e9rant (s). Dans une S.\u00a0A., il s\u2019agira du pr\u00e9sident du conseil d\u2019administration, du directeur g\u00e9n\u00e9ral ou du conseil d\u2019administration. Par extension, les administrateurs ou administratrices provisoires, mais aussi et surtout des salari\u00e9\u00b7e\u00b7s ou des tiers ou tierces ayant re\u00e7u une d\u00e9l\u00e9gation de pouvoirs sont aussi concern\u00e9\u00b7s.<\/p>\n<p style=\"text-align: justify\">Sont p\u00e9nalement responsables, au titre des personnes morales, les institutions dot\u00e9es de la personnalit\u00e9 morale, c\u2019est-\u00e0-dire titulaires de droits et obligations en vertu de la loi et amen\u00e9es \u00e0 la vie juridique par la loi. Si l\u2019entit\u00e9 n\u2019a pas la personnalit\u00e9 morale, le groupement ne peut pas avoir de responsabilit\u00e9 p\u00e9nale. C\u2019est le cas notamment des associations non d\u00e9clar\u00e9es.<\/p>\n<ul style=\"text-align: justify\">\n<li style=\"text-align: justify\"><strong>La personne morale, complice de l\u2019infraction<\/strong><\/li>\n<\/ul>\n<p style=\"text-align: justify\">Il faut que l\u2019infraction ait \u00e9t\u00e9 commise par un organe ou un repr\u00e9sentant de la personne morale. Ce peut \u00eatre le g\u00e9rant, le dirigeant ou le conseil d\u2019administration d\u2019une soci\u00e9t\u00e9 (Lobe Lobas, 2016, p.\u00a043). Dans tous les cas, ce ne peut \u00eatre un simple employ\u00e9\u00a0: il faut que ce soit une personne \u00e0 laquelle est reconnu le pouvoir d\u2019agir pour le compte de la personne morale.<\/p>\n<p style=\"text-align: justify\">L\u2019identification de l\u2019organe ou du repr\u00e9sentant est consubstantielle \u00e0 la r\u00e9tention de la responsabilit\u00e9 p\u00e9nale de la personne morale. Cela signifie que si l\u2019organe ou le repr\u00e9sentant n\u2019est pas identifi\u00e9 ou si l\u2019auteur principal est en fuite, ou inconnu, donc \u00ab non identifi\u00e9 \u00bb, la personne morale peut \u00eatre p\u00e9nalement responsable pour complicit\u00e9.<\/p>\n<p style=\"text-align: justify\">La personne morale ne saurait \u00eatre p\u00e9nalement responsable des infractions commises dans l\u2019exercice ou \u00e0 l\u2019occasion de l\u2019exercice de ses fonctions, par un de ses employ\u00e9s, d\u00e8s lors que celui-ci a agi de sa propre initiative, m\u00eame si la personne morale a pu b\u00e9n\u00e9ficier de l\u2019infraction. De m\u00eame, une personne morale ne sera pas responsable des infractions commises par un dirigeant dans l\u2019exercice ou \u00e0 l\u2019occasion de l\u2019exercice de ses fonctions, si ce dirigeant avait agi pour son propre compte et dans son seul int\u00e9r\u00eat.<\/p>\n<p style=\"text-align: justify\">Comme le souligne Manga Ombala (2014, p.\u00a032), si la gestion de l\u2019entreprise est l\u00e9galement attribu\u00e9e aux dirigeants de droit, \u00ab il existe quand m\u00eame des individus qui, sans \u00eatre l\u00e9galement reconnus ou habilit\u00e9s, prennent des actes de gestion et de direction qui engagent l\u2019entreprise vis-\u00e0-vis des tiers ou assurent sa repr\u00e9sentation. Ce faisant, ils se comportent en dirigeants de fait \u00e0 la place du dirigeant l\u00e9gal et devraient \u00eatre par cons\u00e9quent tenus pour responsables des infractions commises au titre de la direction de fait\u00a0\u00bb.<a class=\"footnote\" title=\"https:\/\/hal-auf.archives-ouvertes.fr\/hal-01113623\/document\" id=\"return-footnote-782-14\" href=\"#footnote-782-14\" aria-label=\"Footnote 14\"><sup class=\"footnote\">[14]<\/sup><\/a><\/p>\n<p style=\"text-align: justify\">\u00c0 c\u00f4t\u00e9 de ce r\u00e9gime propre de l\u2019incrimination des infractions commises par les personnes morales, il est am\u00e9nag\u00e9 un r\u00e9gime de r\u00e9pression de ces infractions dans la l\u00e9gislation qu\u2019il convient d\u2019examiner.<\/p>\n<h2 style=\"text-align: justify\"><strong>Le particularisme de la r\u00e9pression des infractions commises par les personnes morales<\/strong><\/h2>\n<p style=\"text-align: justify\">La mati\u00e8re p\u00e9nale est au c\u0153ur de la souverainet\u00e9 des \u00c9tats et rel\u00e8ve historiquement de leur pouvoir discr\u00e9tionnaire. Les \u00c9tats ont, de ce fait, toute latitude pour incriminer ou non, sanctionner plus ou moins s\u00e9v\u00e8rement, tel ou tel comportement commis sur leur territoire (Neyret, 2015, p.\u00a0423). Suivant les principes du droit p\u00e9nal traditionnel, Sotirios Lytras a pr\u00e9cis\u00e9 que \u00ab\u00a0la personne morale n\u2019est pas sujette \u00e0 des sanctions p\u00e9nales, les seuls destinataires \u00e9tant les personnes physiques\u00a0\u00bb (2017, p.\u00a032)<a class=\"footnote\" title=\"http:\/\/crime-in-crisis.com\/en\/wp-content\/uploads\/2017\/06\/7-LYTRAS-COURAKIS-FS_Final_Draft_26.4.17.pdf\" id=\"return-footnote-782-15\" href=\"#footnote-782-15\" aria-label=\"Footnote 15\"><sup class=\"footnote\">[15]<\/sup><\/a>. Des \u00e9volutions sociales finiront par faire admettre que \u00ab\u00a0punir les seuls organes dirigeants ou leurs repr\u00e9sentants \u00e9tait parfois impossible; ces derniers \u00e9tant parfois en fuite ou insolvables\u00a0\u00bb (P. Conte et P. Maistre de Chambon, 1990, p. 203,). En plus, Sotirios Lytras soutient \u00e0 ce titre que \u00ab\u00a0le centre de la d\u00e9linquance, c\u2019est-\u00e0-dire la personne morale, restait intact, apte \u00e0 \u00eatre le foyer de nouveaux crimes\u00a0\u00bb (2017, p.\u00a032<em>.<\/em>). C\u2019est dire que l\u2019admission de la responsabilit\u00e9 p\u00e9nale des personnes morales \u00e9tait devenue une n\u00e9cessit\u00e9 du point de vue social, d\u2019o\u00f9 l\u2019urgence de d\u00e9terminer des peines et les modalit\u00e9s de leur application.<\/p>\n<h3 style=\"text-align: justify\">La singularit\u00e9 du r\u00e9gime des peines<\/h3>\n<p style=\"text-align: justify\">Il convient de relever qu\u2019\u00e0 c\u00f4t\u00e9 de peines accessoires et les mesures de s\u00fbret\u00e9, le l\u00e9gislateur camerounais a institu\u00e9 des peines alternatives \u00e0 l\u2019emprisonnement, mais non applicables aux personnes morales.<\/p>\n<p style=\"text-align: justify\"><strong>La vari\u00e9t\u00e9 des peines principales<\/strong><\/p>\n<p style=\"text-align: justify\">L\u2019introduction de cette responsabilit\u00e9 p\u00e9nale a induit quelques am\u00e9nagements \u00e0 l\u2019article 18 qui pr\u00e9voit d\u00e9sormais, \u00e0 c\u00f4t\u00e9 des peines principales des personnes physiques, des peines principales sp\u00e9cifiques pour les personnes morales que sont la dissolution, la fermeture de l\u2019\u00e9tablissement et l\u2019amende.<\/p>\n<p style=\"text-align: justify\">La dissolution pr\u00e9vue \u00e0 l\u2019article 25-2 du Code p\u00e9nal est la peine capitale, c\u2019est-\u00e0-dire la peine la plus \u00e9lev\u00e9e susceptible d\u2019\u00eatre prononc\u00e9e contre une personne morale. C\u2019est la mort de la personne morale qui commet une faute tr\u00e8s grave dans l\u2019ex\u00e9cution de son objet social. \u00c0 titre d\u2019exemple, une soci\u00e9t\u00e9, qui a pour objet social la production des m\u00e9dicaments et qui produit et distribue des m\u00e9dicaments contrefaits ou proc\u00e8de au trafic des substances interdites, peut faire l\u2019objet de la sanction de dissolution. La dissolution peut \u00e9galement \u00eatre prononc\u00e9e \u00e0 l\u2019encontre de la personne morale qui agit en violation de son objet social. C\u2019est le cas par exemple d\u2019une soci\u00e9t\u00e9 qui, ayant pour objet social la fabrication des m\u00e9dicaments et qui se transforme en brasserie, pourrait faire l\u2019objet de la sanction de dissolution. La d\u00e9cision de dissolution comportera le renvoi de la personne morale devant la juridiction comp\u00e9tente pour proc\u00e9der \u00e0 sa liquidation \u00e0 la diligence du Minist\u00e8re public. Cette sanction supr\u00eame vise principalement la pr\u00e9servation de l\u2019ordre public, objectif que l\u2019on retrouve encore dans l\u2019organisation des mesures de s\u00fbret\u00e9, \u00e0 l\u2019instar de l\u2019interdiction de l\u2019exercice de la profession pour une dur\u00e9e d\u00e9termin\u00e9e, la confiscation ou encore le placement sous surveillance judiciaire pour une dur\u00e9e d\u00e9termin\u00e9e (Ntono Tsimi, 2011, p.\u00a0243).<\/p>\n<p style=\"text-align: justify\">Conform\u00e9ment \u00e0 l\u2019article 25-3 du Code p\u00e9nal, \u00ab\u00a0la peine de fermeture de l\u2019\u00e9tablissement consiste dans la fermeture temporaire ou d\u00e9finitive des locaux utilis\u00e9s par la personne morale aux fins de son activit\u00e9. Cette peine emporte interdiction pour la personne morale en cause d\u2019exercer l\u2019activit\u00e9 de son objet social pendant la dur\u00e9e de la fermeture, \u00e9tant observ\u00e9 que, lorsqu\u2019il s\u2019agit d\u2019une fermeture temporaire, celle-ci ne peut exc\u00e9der cinq (05) ans et le sursis ne peut \u00eatre prononc\u00e9\u00a0\u00bb<a class=\"footnote\" title=\"Article 25-3 du Code p\u00e9nal.\" id=\"return-footnote-782-16\" href=\"#footnote-782-16\" aria-label=\"Footnote 16\"><sup class=\"footnote\">[16]<\/sup><\/a>.<\/p>\n<p style=\"text-align: justify\">Pour ce qui est de l\u2019amende, l\u2019article 25 -1 du Code p\u00e9nal la d\u00e9finit comme \u00ab\u00a0est une peine p\u00e9cuniaire en vertu de laquelle le condamn\u00e9, personne physique ou morale, verse ou fait verser au Tr\u00e9sor Public une somme d\u2019argent d\u00e9termin\u00e9e par la loi\u00a0\u00bb.<\/p>\n<p style=\"text-align: justify\">En ce qui concerne le cas particulier des infractions commises par les personnes morales, le l\u00e9gislateur a pr\u00e9cis\u00e9 \u00e0 l\u2019article 25 -1 du Code p\u00e9nal que \u00ab\u00a0le taux maximum de l\u2019amende applicable aux personnes morales est \u00e9gal au quintuple de celui pr\u00e9vu pour les personnes physiques. L\u2019article 25-3 du Code p\u00e9nal quant \u00e0 lui ajoute que \u00ab\u00a0lorsqu\u2019une personne morale est coupable d\u2019un crime pour lequel seule une peine d\u2019emprisonnement est pr\u00e9vue, l\u2019amende encourue est d\u2019un million (1 000 000) \u00e0 cinq cents millions (500 000 000) de francs\u00a0\u00bb.<\/p>\n<p style=\"text-align: justify\">En France par exemple, les personnes morales \u00e9tant p\u00e9nalement responsables des infractions commises pour leur compte par leurs organes ou repr\u00e9sentants, en application de l\u2019article 121-2 du Code p\u00e9nal, la r\u00e9pression ob\u00e9it elle aussi aux r\u00e8gles de droit commun. L\u2019amende encourue par les personnes morales est \u00e9gale au quintuple du maximum du montant encouru par les personnes physiques<a class=\"footnote\" title=\"Article 131-38 du Code p\u00e9nal fran\u00e7ais.\" id=\"return-footnote-782-17\" href=\"#footnote-782-17\" aria-label=\"Footnote 17\"><sup class=\"footnote\">[17]<\/sup><\/a>. Les entreprises multinationales pouvant par ailleurs \u00eatre soumises \u00e0 des peines compl\u00e9mentaires, telles que l\u2019interdiction d\u2019exercer certaines activit\u00e9s professionnelles ou sociales, la dissolution de la soci\u00e9t\u00e9, l\u2019exclusion temporaire ou d\u00e9finitive des march\u00e9s publics, la fermeture temporaire ou d\u00e9finitive d\u2019\u00e9tablissements, ou encore l\u2019affichage et la publication de d\u00e9cisions judiciaires<a class=\"footnote\" title=\"Article 131-39 du Code p\u00e9nal fran\u00e7ais.\" id=\"return-footnote-782-18\" href=\"#footnote-782-18\" aria-label=\"Footnote 18\"><sup class=\"footnote\">[18]<\/sup><\/a>. Au risque de voir leur r\u00e9putation compromise, ces derni\u00e8res n\u2019auront pour seule alternative que de se conformer \u00e0 la r\u00e9glementation en vigueur.<\/p>\n<p style=\"text-align: justify\"><strong>La sp\u00e9cificit\u00e9 des peines accessoires<\/strong><\/p>\n<p style=\"text-align: justify\">Pour la r\u00e9pression de la personne morale p\u00e9nalement responsable, le nouveau Code p\u00e9nal pr\u00e9voit \u00e9galement des peines accessoires sp\u00e9cifiques \u00e0 l\u2019article 19 (b) qui signifient<a class=\"footnote\" title=\"Article 19 du Code p\u00e9nal.\" id=\"return-footnote-782-19\" href=\"#footnote-782-19\" aria-label=\"Footnote 19\"><sup class=\"footnote\">[19]<\/sup><\/a>\u00a0: \u00ab\u00a0L\u2019interdiction pour une dur\u00e9e d\u00e9termin\u00e9e de s\u2019investir directement ou indirectement dans l\u2019une ou plusieurs des activit\u00e9s pr\u00e9vues par son objet social\u00a0\u00bb. Pour Ntono Tsimi, \u00abl\u2019objectif r\u00e9side dans l\u2019effet de stigmatisation sociale qui en est attendu et permettrait de frapper les personnes morales directement au niveau de leur activit\u00e9\u00a0\u00bb (2011, p.\u00a0242). Cette peine est sp\u00e9cialement adapt\u00e9e aux situations dans lesquelles l\u2019activit\u00e9 vis\u00e9e pr\u00e9sente de graves dangers pour la population (Ntono Tsimi,\u00a02011, p.\u00a0243).<\/p>\n<p style=\"text-align: justify\">D\u2019autres peines accessoires telles que le placement sous surveillance judiciaire pendant une dur\u00e9e d\u00e9termin\u00e9e, les mesures r\u00e9pressives dont l\u2019objet est de nuire \u00e0 la r\u00e9putation des personnes morales coupables d\u2019infractions, paraissent particuli\u00e8rement adapt\u00e9es aux soci\u00e9t\u00e9s commerciales, souvent soucieuses de leur image vis-\u00e0-vis de leurs partenaires \u00e9conomiques et de leur client\u00e8le. Est \u00e9galement pr\u00e9vue, la publication de la d\u00e9cision ou sa diffusion par voie de m\u00e9dias, sans pr\u00e9judice de toute autre peine accessoire fix\u00e9 par les textes sp\u00e9ciaux.<\/p>\n<p style=\"text-align: justify\">Outre ces sanctions, le Code p\u00e9nal pr\u00e9voit \u00e9galement \u00e0 l\u2019article 20 (b) les mesures de s\u00fbret\u00e9 pour les personnes morales, telles que l\u2019interdiction de s\u2019investir dans une activit\u00e9 pr\u00e9cise pour une dur\u00e9e d\u00e9termin\u00e9e, la confiscation, le placement sous surveillance judiciaire pour une dur\u00e9e d\u00e9termin\u00e9e.<\/p>\n<p style=\"text-align: justify\">Le tribunal comp\u00e9tent est soit le Tribunal de premi\u00e8re instance, soit le tribunal de grande instance. Le Minist\u00e8re public initie l\u2019action publique \u00e0 laquelle se joint l\u2019action civile, dont le titulaire\u00a0est bien \u00e9v<em>ibid.<\/em>ment la victime directe de l\u2019infraction, c\u2019est-\u00e0-dire la partie qui a subi personnellement et directement le dommage. Il convient de noter aussi qu\u2019en pr\u00e9sence d\u2019une infraction contre l\u2019\u00c9tat, en mati\u00e8re de pollution par exemple, o\u00f9 on peinerait \u00e0 voir la victime directe de l\u2019infraction, on en inf\u00e8re que c\u2019est le minist\u00e8re public qui actionnera les leviers de la justice. D\u2019autant plus qu\u2019il est consid\u00e9r\u00e9 comme partie principale au proc\u00e8s p\u00e9nal. La victime, lorsqu\u2019elle existe, est partie jointe. Qu\u2019en est-il des modalit\u00e9s d\u2019application de ces peines?<\/p>\n<h3 style=\"text-align: justify\">L\u2019applicabilit\u00e9 des sanctions pr\u00e9vues<\/h3>\n<p style=\"text-align: justify\">L\u2019imputation d\u2019une infraction \u00e0 la personne morale est possible s\u2019il existe un lien de causalit\u00e9 entre cette derni\u00e8re et l\u2019acte d\u00e9lictueux commis en son sein. L\u2019imputation d\u2019une infraction \u00e0 une personne morale est donc une question de fait laiss\u00e9e \u00e0 l\u2019appr\u00e9ciation du juge. Il convient de noter que l\u2019applicabilit\u00e9 des sanctions pr\u00e9vues tient compte de la sp\u00e9cificit\u00e9 de certaines sanctions ou de la sp\u00e9cificit\u00e9 de certaines personnes morales.<\/p>\n<p style=\"text-align: justify\"><strong>L\u2019applicabilit\u00e9 de principe<\/strong><\/p>\n<p style=\"text-align: justify\">L\u2019article 74-1 de la loi n\u00b02016\/007 du 12 juillet 2016 portant Code p\u00e9nal du Cameroun consacre d\u00e9sormais la responsabilit\u00e9 p\u00e9nale des personnes morales. Celle-ci se rapporte aux infractions commises pour le compte desdites entit\u00e9s par leurs organes ou par leurs repr\u00e9sentants. Le juge p\u00e9nal camerounais s\u2019est d\u2019ailleurs fond\u00e9 sur ce principe pour d\u00e9clarer coupables la soci\u00e9t\u00e9 Camrail S.\u00a0A. et onze de ses employ\u00e9s ou anciens employ\u00e9s, dans l\u2019affaire de la catastrophe ferroviaire du 21 octobre 2016<a class=\"footnote\" title=\"Tribunal de premi\u00e8re instance d\u2019\u00c9s\u00e9ka, Chambre correctionnelle, Jugement n\u00b0 625\/COR du 26 septembre 2018, Affaire minist\u00e8re public et ayants droit d\u2019A\u2026 et autres ayants droits d\u00e9c\u00e9d\u00e9s B. D Rosalie et autres victimes bless\u00e9es Contre X, Y, Z, et la soci\u00e9t\u00e9 Camrail S. A (personne morale p\u00e9nalement responsable).\" id=\"return-footnote-782-20\" href=\"#footnote-782-20\" aria-label=\"Footnote 20\"><sup class=\"footnote\">[20]<\/sup><\/a>. Comme le souligne Afouba Tanga (2019, p.\u00a0124), la soci\u00e9t\u00e9 Camrail s\u2019estimait irresponsable, en raison des obstacles de droit, \u00e0 savoir l\u2019irresponsabilit\u00e9 de l\u2019\u00c9tat et de ses d\u00e9membrements, l\u2019absence d\u2019action d\u2019un de ses organes ou repr\u00e9sentants, l\u2019ob\u00e9issance \u00e0 l\u2019autorit\u00e9 l\u00e9gale. Il faut dire que la question qui se posait au juge \u00e9tait celle de savoir si la soci\u00e9t\u00e9 Camrail pouvait \u00eatre reconnue coupable alors m\u00eame qu\u2019elle exer\u00e7ait une activit\u00e9 d\u2019int\u00e9r\u00eat g\u00e9n\u00e9ral. En l\u2019occurrence, elle exerce le service public de transport ferroviaire, sous le contr\u00f4le de la puissance publique qui faisait d\u2019elle un d\u00e9membrement de l\u2019\u00c9tat camerounais. Relativement \u00e0 cette question, le juge p\u00e9nal lui a d\u00e9ni\u00e9 cette qualit\u00e9. Il a relev\u00e9 que la soci\u00e9t\u00e9 Camrail SA est une soci\u00e9t\u00e9 commerciale, personne morale de droit priv\u00e9, r\u00e9gie par les Actes uniformes relevant du Trait\u00e9 OHADA et ne saurait \u00eatre assimil\u00e9e \u00e0 un d\u00e9membrement de l\u2019\u00c9tat. D\u00e8s lors, le juge a d\u00e9clar\u00e9 que<\/p>\n<p style=\"text-align: justify\">Attendu enfin que la d\u00e9fense de la soci\u00e9t\u00e9 Camrail est assise sur l\u2019ob\u00e9issance \u00e0 l\u2019autorit\u00e9 l\u00e9gale, \u00e0 savoir l\u2019ordre donn\u00e9 par l\u2019autorit\u00e9 de tutelle de proc\u00e9der \u00e0 l\u2019adjonction des wagons pour r\u00e9soudre le probl\u00e8me du trop-plein de passagers qui souhaitaient rejoindre les villes de Douala et Yaound\u00e9; Attendu cependant qu\u2019un tel ordre, s\u2019il a exist\u00e9, n\u2019exon\u00e8re gu\u00e8re la soci\u00e9t\u00e9 Camrail S. A. par le biais de son repr\u00e9sentant l\u00e9gal de s\u2019assurer de la fiabilit\u00e9 et de la s\u00e9curit\u00e9 des op\u00e9rations de mise en circulation du train dans les conditions du 21 octobre 2016.<\/p>\n<p style=\"text-align: justify\">Le juge a finalement conclu que \u00ab la mise en circulation permanente de voitures au syst\u00e8me de freinage d\u00e9fectueux, qui est une des causes de la catastrophe dite d\u2019Es\u00e9ka conduit \u00e0 la culpabilit\u00e9 de cette soci\u00e9t\u00e9 \u00bb. Pour ce cas d\u2019esp\u00e8ce, le juge a fait une application des articles 228 (activit\u00e9s dangereuses) et 289 (homicide et blessures involontaires) du Code p\u00e9nal. La sanction qui a \u00e9t\u00e9 prononc\u00e9e contre la Soci\u00e9t\u00e9 Camrail S. A. est de 500 000 francs d\u2019amende correspondant au d\u00e9lit d\u2019activit\u00e9s dangereuses, d\u2019homicide et de blessures involontaires caus\u00e9 \u00e0 744 victimes<a class=\"footnote\" title=\"Les victimes attendaient ce verdict depuis pr\u00e8s de deux ans. Ce 26 septembre, Camrail, filiale de Bollor\u00e9 Africa Logistics (BAL), et onze de ses employ\u00e9s ou anciens employ\u00e9s, dont l\u2019ancien directeur g\u00e9n\u00e9ral Didier Vandenbon, ont \u00e9t\u00e9 d\u00e9clar\u00e9s coupables d\u2019activit\u00e9s dangereuses, d\u2019homicide involontaire et de blessures involontaires; TPI d'Eseka, Affaire\u00a0Camrail c\/ \u00c9tat du Cameroun, 26 septembre 2018.\" id=\"return-footnote-782-21\" href=\"#footnote-782-21\" aria-label=\"Footnote 21\"><sup class=\"footnote\">[21]<\/sup><\/a>\u00a0r\u00e9pertori\u00e9es par le gouvernement<a class=\"footnote\" title=\"Voir Communiqu\u00e9 radio-presse \u00e9tablissant la liste des personnes bless\u00e9es\/d\u00e9c\u00e9d\u00e9es dans l\u2019accident ferroviaire du 21 octobre 2016, Cameroun Tribune, 10 ao\u00fbt 2019.\" id=\"return-footnote-782-22\" href=\"#footnote-782-22\" aria-label=\"Footnote 22\"><sup class=\"footnote\">[22]<\/sup><\/a>.<\/p>\n<p style=\"text-align: justify\">Au regard de cette jurisprudence, on peut affirmer l\u2019effectivit\u00e9 du principe de la responsabilit\u00e9 des personnes morales en droit camerounais. Toutefois, l\u2019on note la sp\u00e9cificit\u00e9 de l\u2019application des sanctions pr\u00e9vues \u00e0 certaines personnes morales.<\/p>\n<p style=\"text-align: justify\"><strong>L\u2019applicabilit\u00e9 des sanctions sp\u00e9cifiques<\/strong><\/p>\n<p style=\"text-align: justify\">Le Code p\u00e9nal pr\u00e9voit sp\u00e9cifiquement les \u00e9l\u00e9ments mat\u00e9riels des infractions commises par les mandataires sociaux, les personnes physiques dirigeantes et les repr\u00e9sentants permanents des personnes morales dirigeantes. \u00c0 cette cat\u00e9gorie de personnes, la loi n\u00b02017\/011 du 12 juillet 2017 portant statut g\u00e9n\u00e9ral des entreprises publiques ajoute la responsabilit\u00e9 du liquidateur et du commissaire aux comptes d\u2019une entreprise publique en liquidation.<\/p>\n<ul style=\"text-align: justify\">\n<li style=\"text-align: justify\"><strong>La responsabilit\u00e9 des mandataires sociaux<\/strong><\/li>\n<\/ul>\n<p style=\"text-align: justify\">Le nouveau Code p\u00e9nal pr\u00e9voit la responsabilit\u00e9 p\u00e9nale des mandataires sociaux<a class=\"footnote\" title=\"Article 334 du Code p\u00e9nal.\" id=\"return-footnote-782-23\" href=\"#footnote-782-23\" aria-label=\"Footnote 23\"><sup class=\"footnote\">[23]<\/sup><\/a>. En effet, les personnes physiques dirigeantes des personnes morales assujetties aux proc\u00e9dures collectives, ainsi que les repr\u00e9sentants permanents des personnes morales dirigeantes, sont punies d\u2019un emprisonnement d\u2019un (01) mois \u00e0 deux (02) ans. Ces mandataires sont alors punis si, en cette qualit\u00e9 et de mauvaise foi, ils utilisent ou consomment des sommes appartenant \u00e0 la personne morale en faisant des op\u00e9rations de pur hasard ou des op\u00e9rations fictives; ils font des achats en vue d\u2019une revente au-dessous du cours, ou emploient des moyens ruineux pour se procurer des fonds dans l\u2019intention de retarder la constatation de la cessation des paiements de la personne morale; payent ou font payer un cr\u00e9ancier au pr\u00e9judice de la masse apr\u00e8s la cessation des paiements de la personne morale; font contracter par la personne morale, pour le compte d\u2019autrui, sans recevoir des valeurs en \u00e9change, des engagements jug\u00e9s trop importants eu \u00e9gard \u00e0 sa situation. En outre, ils seront punis au m\u00eame titre s\u2019ils tiennent, font ou laissent tenir une comptabilit\u00e9 irr\u00e9guli\u00e8re ou incompl\u00e8te de la personne morale dans les conditions pr\u00e9vues par l\u2019article 332 du Code p\u00e9nal; s\u2019ils omettent de faire au Greffe de la juridiction comp\u00e9tente, dans le d\u00e9lai de trente jours, la d\u00e9claration de l\u2019\u00e9tat de cessation des paiements de la personne morale; s\u2019ils d\u00e9tournent ou dissimulent, tentent de d\u00e9tourner ou de dissimuler une partie de leurs biens, ou se sont frauduleusement reconnus d\u00e9biteurs de sommes qu\u2019ils ne devaient pas, en vue de soustraire tout ou une partie de leur patrimoine aux poursuites de la personne morale en \u00e9tat de cessation des paiements ou \u00e0 celles des associ\u00e9s ou des membres ou des cr\u00e9anciers de la personne morale en \u00e9tat de cessation des paiements.<\/p>\n<p style=\"text-align: justify\">D\u2019un autre c\u00f4t\u00e9, les repr\u00e9sentants l\u00e9gaux ou de fait sont punis d\u2019un emprisonnement d\u2019un (01) mois \u00e0 deux (02) ans, comportant des membres ind\u00e9finiment et solidairement responsables des dettes de ceux-ci qui, sans excuse l\u00e9gitime, n\u2019ont pas fait au Greffe de la juridiction comp\u00e9tente, la d\u00e9claration de l\u2019\u00e9tat de cessation des paiements dans le d\u00e9lai de trente jours ou si cette d\u00e9claration ne comporte pas la liste des associ\u00e9s solidaires avec indication de leurs noms et domiciles<a class=\"footnote\" title=\"Article 334-1du Code p\u00e9nal.\" id=\"return-footnote-782-24\" href=\"#footnote-782-24\" aria-label=\"Footnote 24\"><sup class=\"footnote\">[24]<\/sup><\/a>.<\/p>\n<ul style=\"text-align: justify\">\n<li style=\"text-align: justify\"><strong>La responsabilit\u00e9 p\u00e9nale des personnes physiques dirigeantes et repr\u00e9sentants permanents des personnes morales dirigeantes<\/strong><\/li>\n<\/ul>\n<p style=\"text-align: justify\">Le nouveau Code p\u00e9nal met un accent particulier sur la responsabilit\u00e9 p\u00e9nale des personnes physiques dirigeantes et repr\u00e9sentants permanents des personnes morales dirigeantes<a class=\"footnote\" title=\"Article 334-2 (1) du Code p\u00e9nal.\" id=\"return-footnote-782-25\" href=\"#footnote-782-25\" aria-label=\"Footnote 25\"><sup class=\"footnote\">[25]<\/sup><\/a>. Ainsi,<\/p>\n<p style=\"text-align: justify\">sont punis d\u2019un emprisonnement de cinq (05) a dix (10) ans, les personnes physiques dirigeantes et les repr\u00e9sentants permanents des personnes morales dirigeantes qui ont frauduleusement soustrait les livres de la personne morale, d\u00e9tourn\u00e9 ou dissimul\u00e9 une partie de son actif; reconnu la personne morale d\u00e9bitrice de sommes qu\u2019elle ne devait pas, soit dans les \u00e9critures, soit par des actes publics ou des engagements sous seing priv\u00e9, soit dans le bilan; qui exercent la profession de dirigeant en violation d\u2019une interdiction pr\u00e9vue par les Actes Uniformes OHADA ou par toute disposition l\u00e9gale ou r\u00e9glementaire stipulent avec un cr\u00e9ancier, au nom de la personne morale, des avantages particuliers, en raison de son vote dans les d\u00e9lib\u00e9rations de la masse; ou qui ont fait, avec un cr\u00e9ancier, une convention particuli\u00e8re de laquelle il r\u00e9sulterait, pour ce dernier, un avantage \u00e0 la charge de l\u2019actif de la personne, \u00e0 partir de la date de la cessation des paiements, sauf disposition contraire de la loi (Article 334-2 (2) du Code p\u00e9nal).<\/p>\n<p style=\"text-align: justify\">Si en droit public, la responsabilit\u00e9 p\u00e9nale des personnes morales (Picard, 1993) n\u2019\u00e9tait pas clairement d\u00e9finie, aujourd\u2019hui, elle fait l\u2019objet d\u2019un encadrement bien pr\u00e9cis. En effet, sont \u00e9galement punis de m\u00eames peines pr\u00e9vues, les personnes physiques dirigeantes et les repr\u00e9sentants permanents des personnes morales dirigeantes qui, \u00e0 l\u2019occasion d\u2019une proc\u00e9dure de r\u00e8glement pr\u00e9ventif, ont de mauvaise foi, pr\u00e9sent\u00e9 ou fait pr\u00e9senter un compte de r\u00e9sultat, un bilan, un \u00e9tat de cr\u00e9ances ou de dettes ou un \u00e9tat actif et passif des privil\u00e8ges et s\u00fbret\u00e9s inexact ou incomplet, et sans autorisation du pr\u00e9sident de la juridiction comp\u00e9tente; ont accompli un des actes interdits par l\u2019Acte Uniforme OHADA organisant les proc\u00e9dures collectives d\u2019apurement du passif<a class=\"footnote\" title=\"Article 334-2 (2) du Code p\u00e9nal.\" id=\"return-footnote-782-26\" href=\"#footnote-782-26\" aria-label=\"Footnote 26\"><sup class=\"footnote\">[26]<\/sup><\/a>.<\/p>\n<p style=\"text-align: justify\">Le Code p\u00e9nal pr\u00e9voit aussi les circonstances aggravantes de la responsabilit\u00e9 p\u00e9nale des personnes physiques et morales, notamment dans des cas de r\u00e9cidive des personnes physiques et morales. En effet, est r\u00e9cidiviste d\u2019une part, toute personne physique ou morale qui, apr\u00e8s avoir \u00e9t\u00e9 condamn\u00e9e pour un crime ou un d\u00e9lit, commet une nouvelle infraction qualifi\u00e9e de crime ou de d\u00e9lit, dans un d\u00e9lai qui commence \u00e0 courir \u00e0 compter de la date de la condamnation devenue d\u00e9finitive, et qui expire cinq ans apr\u00e8s l\u2019ex\u00e9cution de la peine prononc\u00e9e ou sa prescription. D\u2019autre part, est r\u00e9cidiviste toute personne physique ou morale qui, apr\u00e8s avoir \u00e9t\u00e9 condamn\u00e9e pour contravention, commet une nouvelle contravention, dans un d\u00e9lai qui commence \u00e0 courir \u00e0 compter de la date de la condamnation devenue d\u00e9finitive, et qui expire douze mois apr\u00e8s l\u2019ex\u00e9cution de la peine prononc\u00e9e ou sa prescription<a class=\"footnote\" title=\"Article 88 du Code p\u00e9nal.\" id=\"return-footnote-782-27\" href=\"#footnote-782-27\" aria-label=\"Footnote 27\"><sup class=\"footnote\">[27]<\/sup><\/a>.<\/p>\n<p style=\"text-align: justify\">Pour le cas sp\u00e9cifique de la responsabilit\u00e9 des dirigeants des entreprises publiques, la loi n\u00b02017\/011 du 12 juillet 2017 portant statut g\u00e9n\u00e9ral des entreprises publiques rappelle le principe de la soumission des entreprises publiques au contr\u00f4le externe par les commissaires aux comptes. Elle pr\u00e9cise les r\u00e8gles relatives \u00e0 leur dissolution et leur liquidation, ainsi que le r\u00e9gime des sanctions applicables aux dirigeants fautifs avec l\u2019introduction explicite de l\u2019infraction de d\u00e9tournement des deniers publics pr\u00e9vue et r\u00e9prim\u00e9e \u00e0 l\u2019article 184 du Code p\u00e9nal ou l\u2019abus des biens sociaux. Conform\u00e9ment \u00e0 l\u2019article 114 de la loi n\u00b02017\/011 du 12 juillet 2017, est donc constitutive d\u2019infraction de d\u00e9tournement des derniers publics, le fait pour les dirigeants sociaux des entreprises publiques, \u00ab\u00a0d\u2019op\u00e9rer sciemment entre les actionnaires, la r\u00e9partition des dividendes fictifs en l\u2019absence d\u2019inventaires ou au moyen d\u2019inventaires frauduleux\u00a0\u00bb. Ils sont \u00e9galement coupables \u00ab\u00a0s\u2019ils font usage, de mauvaise foi, des biens et cr\u00e9dits des entreprises publiques \u00e0 des fins contraires \u00e0 l\u2019objectif de celles-ci ou \u00e0 des fins personnelles, mat\u00e9rielles ou morales, ou pour favoriser une autre personne morale dans laquelle ils sont directement ou indirectement int\u00e9ress\u00e9s\u00a0\u00bb (voir aussi Guessele Isseme et Ondoua Biwele, 2018, p.\u00a0119).<\/p>\n<p style=\"text-align: justify\">La m\u00eame sanction est applicable au liquidateur d\u2019une entreprise publique, d\u00e8s lors qu\u2019il fait des biens ou du cr\u00e9dit de la soci\u00e9t\u00e9 en liquidation, un usage contraire aux int\u00e9r\u00eats de l\u2019entreprise ou \u00e0 ses fins personnelles ou pour favoriser une autre personne morale dans laquelle il est ou \u00e9tait int\u00e9ress\u00e9 directement ou indirectement. De plus, elle est applicable au liquidateur qui c\u00e8de tout ou une partie de l\u2019actif de l\u2019entreprise en liquidation \u00e0 une personne ayant eu dans l\u2019entreprise la qualit\u00e9 de membre du Conseil d\u2019administration, de commissaire aux comptes, sans avoir eu le consentement des associ\u00e9s ou des actionnaires<a class=\"footnote\" title=\"Article 115 de la loi du 12 Juillet 2017 sur le Statut G\u00e9n\u00e9ral des entreprises publiques.\" id=\"return-footnote-782-28\" href=\"#footnote-782-28\" aria-label=\"Footnote 28\"><sup class=\"footnote\">[28]<\/sup><\/a>. Est donc puni d\u2019un emprisonnement de cinq (05) \u00e0 dix (10) ans et d\u2019une amende de cent mille (100\u00a0000) \u00e0 un million (1\u00a0000\u00a0000) de francs CFA, le liquidateur qui tient irr\u00e9guli\u00e8rement une comptabilit\u00e9 de l\u2019entreprise publique en liquidation<a class=\"footnote\" title=\"Ibid., Article 116.\" id=\"return-footnote-782-29\" href=\"#footnote-782-29\" aria-label=\"Footnote 29\"><sup class=\"footnote\">[29]<\/sup><\/a>. Par contre, est puni d\u2019un emprisonnement d\u2019un (01) \u00e0 dix (05) ans et d\u2019une amende d\u2019un million (1\u00a0000\u00a0000) \u00e0 dix millions (10\u00a0000\u00a0000) de francs CFA, le commissaire aux comptes d\u2019une entreprise publique qui a sciemment donn\u00e9 ou confirm\u00e9 des informations mensong\u00e8res sur la situation de ladite entreprise ou qui n\u2019a pas port\u00e9 \u00e0 la connaissance des organes comp\u00e9tents des faits d\u00e9lictueux dont il a eu connaissance<a class=\"footnote\" title=\"Ibid., Article 117.\" id=\"return-footnote-782-30\" href=\"#footnote-782-30\" aria-label=\"Footnote 30\"><sup class=\"footnote\">[30]<\/sup><\/a>.<\/p>\n<h2 style=\"text-align: justify\"><strong>Conclusion<\/strong><\/h2>\n<p style=\"text-align: justify\">En somme, avec l\u2019adoption du Code p\u00e9nal, les personnes morales, \u00eatres abstraits et impalpables, ne sont plus en droit p\u00e9nal camerounais des \u00eatres irresponsables. La pr\u00e9sente \u00e9tude pr\u00e9cise les r\u00e8gles de cette nouvelle responsabilit\u00e9 et leur influence sur celle des personnes physiques qui les composent, contribuant ainsi \u00e0 la cr\u00e9ation d\u2019un v\u00e9ritable droit p\u00e9nal des personnes morales. Comme l\u2019a si bien soulign\u00e9 Ntono Tsimi, \u00ab\u00a0la p\u00e9nalisation des agissements des personnes morales repose sur l\u2019id\u00e9e de la n\u00e9cessit\u00e9, pour le droit p\u00e9nal, de saisir la criminalit\u00e9 des \u00eatres collectifs qui, elle-m\u00eame, n\u2019est qu\u2019une variante des formes actuelles de collectivisation du ph\u00e9nom\u00e8ne criminel de notre soci\u00e9t\u00e9\u00a0\u00bb (2011, p.\u00a0227). Le l\u00e9gislateur camerounais a ainsi am\u00e9nag\u00e9 un r\u00e9gime propre de l\u2019incrimination et de r\u00e9pression des infractions commises par les personnes morales. Son application amorc\u00e9e dans l\u2019affaire de l\u2019accident ferroviaire de la soci\u00e9t\u00e9 Camrail S. A. t\u00e9moigne de l\u2019engagement de l\u2019\u00c9tat du Cameroun \u00e0 contr\u00f4ler les actes de ces acteurs qui font de plus en plus partie int\u00e9grante de l\u2019environnement \u00e9conomique, industriel et social autant au plan interne qu\u2019international.<\/p>\n<h2 style=\"text-align: justify\"><strong>R\u00e9f\u00e9rences<\/strong><\/h2>\n<p class=\"hanging-indent\" style=\"text-align: justify\">Adamou, Rabani. 2013. Plaidoyer pour une responsabilit\u00e9 p\u00e9nale des personnes morales en droit Ohada.\u00a0<em>Revue de l\u2019Ersuma, Revue semestrielle d\u2019\u00c9tudes, de L\u00e9gislation, de Jurisprudence et de Pratique Professionnelle en Droit des Affaires<\/em>,\u00a0<em>2<\/em>, 43-61,<\/p>\n<p class=\"hanging-indent\" style=\"text-align: justify\">Afouba, Tanga, Arlette, Christine. 2019. Les dommages de masse et le droit p\u00e9nal au Cameroun,\u00a0<em>Revue Africaine et Malgache de Recherches Scientifiques<\/em>,\u00a0<em>2<\/em>, 110-135. URL\u00a0:\u00a0<em><a href=\"https:\/\/www.academia.edu\/40759226\/Dommage_de_masse_et_droit_penal_au_cameroun_Revue_RAMReS_tir\u00e9_\u00e0_part_5_Arlette_TANGA\">https:\/\/www.academia.edu\/40759226\/Dommage_de_masse_et_droit_penal_au_cameroun_Revue_RAMReS_tir\u00e9_\u00e0_part_5_Arlette_TANGA<\/a><\/em><\/p>\n<p class=\"hanging-indent\" style=\"text-align: justify\">Assira Engoute, Claude. 2017.\u00a0La responsabilit\u00e9 p\u00e9nale des personnes morales au Cameroun\u00a0: le clair-obscur persistant.\u00a0<em>Juridis P\u00e9riodique,<\/em>\u00a0<em>110<\/em>,\u00a051-62.<\/p>\n<p class=\"hanging-indent\" style=\"text-align: justify\">Assira Engoute, Claude. 2016. Code p\u00e9nal r\u00e9vis\u00e9, un code v\u00e9nal, un code bancal. En ligne\u00a0:\u00a0<a href=\"https:\/\/germinalnewspaper.com\/index.php?option=com_content&amp;view=article&amp;id=462:ecrit-par-maitre-claude-assira-engoute-avocat-au-barreau-du-cameroun&amp;catid=29:maniere-de-voir&amp;Itemid=53\">https:\/\/germinalnewspaper.com\/index.php?option=com_content&amp;view=article&amp;id=462:ecrit-par-maitre-claude-assira-engoute-avocat-au-barreau-du-cameroun&amp;catid=29:maniere-de-voir&amp;Itemid=53<\/a><\/p>\n<p class=\"hanging-indent\" style=\"text-align: justify\">Anoukaha, Fran\u00e7ois. 2017.\u00a0<em>Le Code p\u00e9nal du 12 juillet 2016 et la lutte contre la corruption au Cameroun<\/em>. Yaound\u00e9\u00a0: Les Grandes \u00c9ditions.<\/p>\n<p class=\"hanging-indent\" style=\"text-align: justify\">Ascensio, Herv\u00e9, Decaux, Emmanuel et Pellet, Alain. 2012.\u00a0<em>Droit international p\u00e9nal<\/em>\u00a0(2e \u00e9dition). Paris\u00a0: Pedone.<\/p>\n<p class=\"hanging-indent\" style=\"text-align: justify\">Bourdon, William. 2010.\u00a0<em>Face aux crimes du march\u00e9. Quelles armes juridiques pour les citoyens?<\/em>. Paris\u00a0: La D\u00e9couverte.<\/p>\n<p class=\"hanging-indent\" style=\"text-align: justify\">Conte Philippe et Maistre de Chambon Patrick, <em>Droit p\u00e9nal g\u00e9n\u00e9ral,<\/em> 4e\u00a0\u00e9dition, A. Colin, Paris, Coll. U.<\/p>\n<p class=\"hanging-indent\" style=\"text-align: justify\">Cornu, G\u00e9rard (dir.). 1987.\u00a0<em>Vocabulaire juridique<\/em>\u00a0(1\u00e8re \u00e9dition). Paris\u00a0: PUF.<\/p>\n<p class=\"hanging-indent\" style=\"text-align: justify\">Dzeukou, Guy Blaise (dir.). 2007.\u00a0<em>Code p\u00e9nal, annot\u00e9 et comment\u00e9\u00a0<\/em>(tome 1, 1\u00e8re \u00e9dition). Bafoussam\u00a0: \u00c9ditions juridiques camerounaises.<\/p>\n<p class=\"hanging-indent\" style=\"text-align: justify\">Efouba Nomo, Claude Marie. 2018.\u00a0<em>Responsabilit\u00e9 p\u00e9nale des personnes morales au Cameroun avant 2016<\/em>. Saarbr\u00fccken\u00a0: \u00c9ditions Universitaires Europ\u00e9ennes.<\/p>\n<p class=\"hanging-indent\" style=\"text-align: justify\">Geeroms, Sofie. 1996. La responsabilit\u00e9 p\u00e9nale de la personne morale\u00a0: une \u00e9tude comparative.\u00a0<em>R.I.D.C.<\/em>,\u00a0<em>3<\/em>, 533-579.<\/p>\n<p class=\"hanging-indent\" style=\"text-align: justify\">Guessele, Isseme, Lionel, Pierre et Ondoua Biwele, Andr\u00e9, Val\u00e9ry. 2018. Responsabilit\u00e9s des acteurs des entreprises et \u00e9tablissements publics\u00a0: un contraste flagrant. Dans Ondoua Biwele, Viviane &amp; Tcheuwa, Jean Claude (dir.),\u00a0<em>Lois sur les \u00e9tablissements et entreprises publics au Cameroun. Innovations et reculades<\/em>\u00a0(105-125). Yaound\u00e9\u00a0: Afr\u00e9dit.<\/p>\n<p class=\"hanging-indent\" style=\"text-align: justify\">Kound\u00e9, D\u00e9dji. 2017. Un autre regard sur la responsabilit\u00e9 des personnes morales en droit OHADA.\u00a0<em>J. Rech. Sci. Univ<\/em>\u00a0<em>Lom\u00e9<\/em>,\u00a0<em>19<\/em>(4), 237-262.<\/p>\n<p class=\"hanging-indent\" style=\"text-align: justify\">Lobe Lobas, Madeleine. 2016. Le risque p\u00e9nal li\u00e9 \u00e0 la gestion de la commune au Cameroun. \u00c9tude de droit compar\u00e9.\u00a0<em>Revue de l\u2019Ersuma, Revue semestrielle d\u2019\u00c9tudes, de L\u00e9gislation, de Jurisprudence et de Pratique Professionnelle en Droit des Affaires<\/em>,\u00a0<em>6<\/em>, 43-61. URL:\u00a0<a href=\"https:\/\/www.revues.scienceafrique.org\/adilaaku\/texte\/gueazang_mvondo_nouazi2022\/blank\">http:\/\/revue.ersuma.org\/no-6-janvier-2016\/doctrine\/article\/le-risque-penal-lie-a-la-gestion<\/a><\/p>\n<p class=\"hanging-indent\" style=\"text-align: justify\">Manga Ombala, Armel. 2014.\u00a0<em>La responsabilit\u00e9 p\u00e9nale des dirigeants sociaux en droit camerounais<\/em>. M\u00e9moire de Master II en Droit priv\u00e9, Universit\u00e9 de Yaound\u00e9 II. En ligne\u00a0:\u00a0<a href=\"https:\/\/hal-auf.archives-ouvertes.fr\/hal-01113623\">https:\/\/hal-auf.archives-ouvertes.fr\/hal-01113623<\/a>.<\/p>\n<p class=\"hanging-indent\" style=\"text-align: justify\">Manirabona Amissi, Melchiade. 2011.\u00a0<em>Entreprises multinationales et criminalit\u00e9 environnementale transfrontali\u00e8re\u00a0: applicabilit\u00e9 au droit p\u00e9nal canadien<\/em>. Qu\u00e9bec\u00a0: Yvon Blais.<\/p>\n<p class=\"hanging-indent\" style=\"text-align: justify\">Loi n\u00b067\/LF\/1 du 12 juin 1967 Code p\u00e9nal.<\/p>\n<p class=\"hanging-indent\" style=\"text-align: justify\">Loi n\u00b02016\/007 du 12 juillet 2016 portant Code p\u00e9nal du Cameroun.<\/p>\n<p class=\"hanging-indent\" style=\"text-align: justify\">La loi n\u00b02017\/010 portant statut g\u00e9n\u00e9ral des \u00e9tablissements publics.<\/p>\n<p class=\"hanging-indent\" style=\"text-align: justify\">La loi 2017\/11 portant statut g\u00e9n\u00e9ral des entreprises publiques.<\/p>\n<p class=\"hanging-indent\" style=\"text-align: justify\">Makon Ma Mbeb, Albert Richard. 2018. \u00ab\u00a0Loi du 12 juillet 2017\u00a0: entre constance et \u00e9volution\u00bb. Dans Ondoua Biwele, Viviane et Tcheuwa, Jean Claude (dir.),\u00a0<em>Lois sur les \u00e9tablissements et entreprises publics au Cameroun. Innovations et reculades<\/em>\u00a0(41-62).Yaound\u00e9\u00a0: Afr\u00e9dit.<\/p>\n<p class=\"hanging-indent\" style=\"text-align: justify\">Neyret, Laurent (dir.). 2015.\u00a0<em>Des \u00c9cocrimes \u00e0 l\u2019\u00e9cocide. Le droit p\u00e9nal au secours de l\u2019environnement<\/em>. Bruxelles\u00a0: Bruylant.<\/p>\n<p class=\"hanging-indent\" style=\"text-align: justify\">Nguihe Kante, Pascal. 2011. O\u00f9 en est la responsabilit\u00e9 p\u00e9nale des entreprises en droit camerounais?.\u00a0<em>Juridis P\u00e9riodique<\/em>,\u00a0<em>87<\/em>, 53-67.<\/p>\n<p class=\"hanging-indent\" style=\"text-align: justify\">Ntono Tsimi, Germain. 2011. Le devenir de la responsabilit\u00e9 p\u00e9nale des personnes morales en droit camerounais. Des dispositions sp\u00e9ciales vers un \u00e9nonce g\u00e9n\u00e9ral?.<em>\u00a0Archives de politique criminelle<\/em>,<em>\u00a033<\/em>, 221-244.<\/p>\n<p class=\"hanging-indent\" style=\"text-align: justify\">Ondoua Biwele, Viviane et Tcheuwa, Jean Claude (dir.). 2018.\u00a0<em>Lois sur les \u00e9tablissements et entreprises publics au Cameroun.\u00a0Innovations et reculades<\/em>. Yaound\u00e9\u00a0: Afr\u00e9dit.<\/p>\n<p class=\"hanging-indent\" style=\"text-align: justify\">Picard, \u00c9tienne. 1993. La responsabilit\u00e9 p\u00e9nale des personnes morales de droit public\u00a0: fondements et champ d\u2019application.\u00a0<em>Revue des soci\u00e9t\u00e9s<\/em>. En ligne\u00a0:\u00a0<a href=\"https:\/\/halshs.archives-ouvertes.fr\/halshs-02238877\">https:\/\/halshs.archives-ouvertes.fr\/halshs-02238877<\/a><\/p>\n<p class=\"hanging-indent\" style=\"text-align: justify\">Sotirios, Lytras. 2017. La responsabilit\u00e9 des personnes morales et la notion de sanction.\u00a0<em>Essays in honour of Nestor Courakis<\/em>\u00a0(31-65). Ant. N. Sakkoulas Publications L.P.<\/p>\n<p class=\"hanging-indent\" style=\"text-align: justify\">Szurek, Sandra. 2012. La formation du droit international p\u00e9nal. Dans Ascensio, Herv\u00e9, Decaux, Emmanuel et Pellet, Alain (dir.),\u00a0<em>Droit international p\u00e9nal\u00a0<\/em>(21-35, 2e \u00e9dition). Paris\u00a0: Pedone.<\/p>\n<p class=\"hanging-indent\" style=\"text-align: justify\">Ubeda-Saillard, Muriel.\u00a02018. Le lien entre souverainet\u00e9 et droit de punir. Dans Ubeda-Saillard Muriel (dir.)\u00a0<em>La souverainet\u00e9 p\u00e9nale de l\u2019Etat au XXI\u00e8me, SFDI. Actes du Colloque de Lille<\/em> (19-42). Paris : Pedone.<\/p>\n<hr class=\"metaauthorline\" \/>\n<div class=\"metadata metaauthor\">\n<p class=\"justify\" data-type=\"author\"><strong><a href=\"https:\/\/www.revues.scienceafrique.org\/adilaaku\/contributors\/noel-gautier-gueazang-nguepi\">Noel Gautier GUEAZANG NGUEPI<\/a><\/strong><br \/>L&rsquo;auteur est titulaire d\u2019un Doctorat\/PhD en droit international et communautaire de l\u2019Universit\u00e9 de Yaound\u00e9 II au Cameroun. Membre du CEDIC et expert en Droit international de l\u2019environnement, il est actuellement enseignant-chercheur \u00e0 la Facult\u00e9 des sciences Juridiques et politiques dans la m\u00eame universit\u00e9.<br \/>\nContact : gautitign@yahoo.com<br \/>&nbsp;<br \/><strong><a href=\"https:\/\/www.revues.scienceafrique.org\/adilaaku\/contributors\/herve-mvondo-mvondo\">Herv\u00e9 MVONDO MVONDO<\/a><\/strong><br \/>Titulaire d\u2019un Doctorat\/PhD en droit des affaires obtenu \u00e0 l\u2019Universit\u00e9 de Yaound\u00e9 II, l&rsquo;auteur est charg\u00e9 de recherche au Centre National d\u2019\u00c9ducation, organisme de recherche sous tutelle du Minist\u00e8re de la Recherche Scientifique et de l\u2019Innovation. Il est Coordonnateur du Laboratoire \u00ab Environnement et D\u00e9veloppement \u00bb au D\u00e9partement des \u00c9tudes \u00c9conomiques et Environnementales.<br \/>\nContact : herve.mvondo@yahoo.fr<br \/>\n<br \/>&nbsp;<br \/><strong><a href=\"https:\/\/www.revues.scienceafrique.org\/adilaaku\/contributors\/carole-valerie-nouazi-kemkeng\">Carole Val\u00e9rie NOUAZI KEMKENG<\/a><\/strong><br \/>Titulaire d\u2019un doctorat\/Ph.D en droit public, Carole Val\u00e9rie Nouazi Kemkeng est ma\u00eetre de recherche et chef de D\u00e9partement des \u00e9tudes politiques et juridiques au Centre national d\u2019\u00e9ducation du Minist\u00e8re de la recherche scientifique et de l\u2019innovation (Cameroun).<br \/>\nContact : nouazi.carole@gmail.com<br \/>&nbsp;<\/p>\n<\/div>\n<hr class=\"before-footnotes clear\" \/><div class=\"footnotes\"><ol><li id=\"footnote-782-1\">Au niveau r\u00e9gional africain par exemple, l\u2019adoption du Protocole de Malabo semble \u00eatre une aubaine. En effet, le 27 juin 2014, la Conf\u00e9rence des chefs d\u2019\u00c9tats et de gouvernements de l\u2019Union africaine qui s\u2019est tenue \u00e0 Malabo en Guin\u00e9e \u00c9quatoriale a adopt\u00e9 le Protocole portant amendements au Protocole portant statut de la CAJDH (Protocole de Malabo) et a invit\u00e9 les \u00c9tats membres de l\u2019Union africaine \u00e0 le ratifier et le signer. Il s\u2019agit d\u2019un instrument juridique d\u00e9terminant, bien que la CAJDH ne soit pas encore effective. Ce d\u2019autant plus qu\u2019elle aura comp\u00e9tence \u00e0 l\u2019\u00e9gard de plusieurs crimes, et permettra d\u2019\u00e9tablir la responsabilit\u00e9 p\u00e9nale des personnes morales. Car, il institue une cour p\u00e9nale r\u00e9gionale qui fonctionnera de la m\u00eame mani\u00e8re que la Cour p\u00e9nale internationale, dans un continent qui est touch\u00e9, de fa\u00e7on chronique, par de multiples atteintes aux droits humains du fait des personnes morales. <a href=\"#return-footnote-782-1\" class=\"return-footnote\" aria-label=\"Return to footnote 1\">&crarr;<\/a><\/li><li id=\"footnote-782-2\">Article 4 alin\u00e9a 3 de la Loi n\u00b089\/27 du 29 d\u00e9cembre 1989 sur les d\u00e9chets toxiques et dangereux. <a href=\"#return-footnote-782-2\" class=\"return-footnote\" aria-label=\"Return to footnote 2\">&crarr;<\/a><\/li><li id=\"footnote-782-3\">Article 150 alin\u00e9a 1 de la loi n\u00b094\/01 du 10 janvier 1994 portant r\u00e9gime des forets, de la faune et de la p\u00eache. <a href=\"#return-footnote-782-3\" class=\"return-footnote\" aria-label=\"Return to footnote 3\">&crarr;<\/a><\/li><li id=\"footnote-782-4\">La loi n\u00b02010\/012du 21 d\u00e9cembre 2010 relative \u00e0 la cybers\u00e9curit\u00e9 et \u00e0 la cybercriminalit\u00e9 au Cameroun. <a href=\"#return-footnote-782-4\" class=\"return-footnote\" aria-label=\"Return to footnote 4\">&crarr;<\/a><\/li><li id=\"footnote-782-5\">Article 36 de la loi-cadre n\u00b02011\/012 du 06 mai 2011 portant protection du consommateur au Cameroun. <a href=\"#return-footnote-782-5\" class=\"return-footnote\" aria-label=\"Return to footnote 5\">&crarr;<\/a><\/li><li id=\"footnote-782-6\">Loi n\u00b02016\/007 du 12 juillet 2016 portant Code p\u00e9nal du Cameroun. <a href=\"#return-footnote-782-6\" class=\"return-footnote\" aria-label=\"Return to footnote 6\">&crarr;<\/a><\/li><li id=\"footnote-782-7\">On peut citer par exemple dans le contexte africain la Loi n\u00b080-1 du 13 ao\u00fbt 1980 instituant un Code p\u00e9nal togolais; l\u2019Article 64 al. 2 de la loi n\u00b043\/96 du 13 novembre 1996 portant Code p\u00e9nal Burkinab\u00e9, ou encore l\u2019Article 99 du Code p\u00e9nal Ivoirien de 1981 qui dispose express\u00e9ment\u00a0<em>\u00ab La personne morale en cause, eu \u00e9gard aux circonstances de l\u2019infraction, peut par d\u00e9cision motiv\u00e9e \u00eatre d\u00e9clar\u00e9e responsable\u2026 \u00bb.<\/em> <a href=\"#return-footnote-782-7\" class=\"return-footnote\" aria-label=\"Return to footnote 7\">&crarr;<\/a><\/li><li id=\"footnote-782-8\">Article 3 de la loi 2017\/011 du 12 juillet 2017 portant statut g\u00e9n\u00e9ral des entreprises publiques. <a href=\"#return-footnote-782-8\" class=\"return-footnote\" aria-label=\"Return to footnote 8\">&crarr;<\/a><\/li><li id=\"footnote-782-9\">Voir Yvette Rachel Kalieu Elongo, \u00ab\u00a0De nouvelles lois pour r\u00e9gir les entreprises publiques et les \u00e9tablissements publics au Cameroun\u00a0\u00bb 26 juillet 2017, https:\/\/webcache.googleusercontent.com\/search?q=cache:E-jeCJuH5NsJ:https:\/\/kalieu-elongo.com\/nouvelle-loi-sur-les-entreprises-publiques\/ &amp;cd=1&amp;hl=en&amp;ct=clnk&amp;gl=cm <a href=\"#return-footnote-782-9\" class=\"return-footnote\" aria-label=\"Return to footnote 9\">&crarr;<\/a><\/li><li id=\"footnote-782-10\">Article 55 \u00e0 62 de la Constitution du 18 janvier 1996; Loi n\u00b0 2019-024 du 24 d\u00e9cembre 2019 portant Code g\u00e9n\u00e9ral des collectivit\u00e9s territoriales d\u00e9centralis\u00e9es, art. 500. <a href=\"#return-footnote-782-10\" class=\"return-footnote\" aria-label=\"Return to footnote 10\">&crarr;<\/a><\/li><li id=\"footnote-782-11\">D\u00e9cret n\u00b077\/245 du 15 juillet 1977 portant organisation des chefferies traditionnelles. <a href=\"#return-footnote-782-11\" class=\"return-footnote\" aria-label=\"Return to footnote 11\">&crarr;<\/a><\/li><li id=\"footnote-782-12\">Article 4 de la loi n\u00b02017\/010 portant statut g\u00e9n\u00e9ral des \u00e9tablissements publics. <a href=\"#return-footnote-782-12\" class=\"return-footnote\" aria-label=\"Return to footnote 12\">&crarr;<\/a><\/li><li id=\"footnote-782-13\">Article 74-1 du Code p\u00e9nal. <a href=\"#return-footnote-782-13\" class=\"return-footnote\" aria-label=\"Return to footnote 13\">&crarr;<\/a><\/li><li id=\"footnote-782-14\">https:\/\/hal-auf.archives-ouvertes.fr\/hal-01113623\/document <a href=\"#return-footnote-782-14\" class=\"return-footnote\" aria-label=\"Return to footnote 14\">&crarr;<\/a><\/li><li id=\"footnote-782-15\">http:\/\/crime-in-crisis.com\/en\/wp-content\/uploads\/2017\/06\/7-LYTRAS-COURAKIS-FS_Final_Draft_26.4.17.pdf <a href=\"#return-footnote-782-15\" class=\"return-footnote\" aria-label=\"Return to footnote 15\">&crarr;<\/a><\/li><li id=\"footnote-782-16\">Article 25-3 du Code p\u00e9nal. <a href=\"#return-footnote-782-16\" class=\"return-footnote\" aria-label=\"Return to footnote 16\">&crarr;<\/a><\/li><li id=\"footnote-782-17\">Article 131-38 du Code p\u00e9nal fran\u00e7ais. <a href=\"#return-footnote-782-17\" class=\"return-footnote\" aria-label=\"Return to footnote 17\">&crarr;<\/a><\/li><li id=\"footnote-782-18\">Article 131-39 du Code p\u00e9nal fran\u00e7ais. <a href=\"#return-footnote-782-18\" class=\"return-footnote\" aria-label=\"Return to footnote 18\">&crarr;<\/a><\/li><li id=\"footnote-782-19\">Article 19 du Code p\u00e9nal. <a href=\"#return-footnote-782-19\" class=\"return-footnote\" aria-label=\"Return to footnote 19\">&crarr;<\/a><\/li><li id=\"footnote-782-20\">Tribunal de premi\u00e8re instance d\u2019\u00c9s\u00e9ka, Chambre correctionnelle, Jugement n\u00b0 625\/COR du 26 septembre 2018, Affaire minist\u00e8re public et ayants droit d\u2019A\u2026 et autres ayants droits d\u00e9c\u00e9d\u00e9s B. D Rosalie et autres victimes bless\u00e9es Contre X, Y, Z, et la soci\u00e9t\u00e9 Camrail S. A (personne morale p\u00e9nalement responsable). <a href=\"#return-footnote-782-20\" class=\"return-footnote\" aria-label=\"Return to footnote 20\">&crarr;<\/a><\/li><li id=\"footnote-782-21\">Les victimes attendaient ce verdict depuis pr\u00e8s de deux ans. Ce 26 septembre, Camrail, filiale de Bollor\u00e9 Africa Logistics (BAL), et onze de ses employ\u00e9s ou anciens employ\u00e9s, dont l\u2019ancien directeur g\u00e9n\u00e9ral Didier Vandenbon, ont \u00e9t\u00e9 d\u00e9clar\u00e9s coupables d\u2019activit\u00e9s dangereuses, d\u2019homicide involontaire et de blessures involontaires; TPI d'Eseka, Affaire\u00a0<em>Camrail c\/ \u00c9tat du Cameroun<\/em>, 26 septembre 2018. <a href=\"#return-footnote-782-21\" class=\"return-footnote\" aria-label=\"Return to footnote 21\">&crarr;<\/a><\/li><li id=\"footnote-782-22\">Voir Communiqu\u00e9 radio-presse \u00e9tablissant la liste des personnes bless\u00e9es\/d\u00e9c\u00e9d\u00e9es dans l\u2019accident ferroviaire du 21 octobre 2016, Cameroun Tribune, 10 ao\u00fbt 2019. <a href=\"#return-footnote-782-22\" class=\"return-footnote\" aria-label=\"Return to footnote 22\">&crarr;<\/a><\/li><li id=\"footnote-782-23\">Article 334 du Code p\u00e9nal. <a href=\"#return-footnote-782-23\" class=\"return-footnote\" aria-label=\"Return to footnote 23\">&crarr;<\/a><\/li><li id=\"footnote-782-24\">Article 334-1du Code p\u00e9nal. <a href=\"#return-footnote-782-24\" class=\"return-footnote\" aria-label=\"Return to footnote 24\">&crarr;<\/a><\/li><li id=\"footnote-782-25\">Article 334-2 (1) du Code p\u00e9nal. <a href=\"#return-footnote-782-25\" class=\"return-footnote\" aria-label=\"Return to footnote 25\">&crarr;<\/a><\/li><li id=\"footnote-782-26\">Article 334-2 (2) du Code p\u00e9nal. <a href=\"#return-footnote-782-26\" class=\"return-footnote\" aria-label=\"Return to footnote 26\">&crarr;<\/a><\/li><li id=\"footnote-782-27\">Article 88 du Code p\u00e9nal. <a href=\"#return-footnote-782-27\" class=\"return-footnote\" aria-label=\"Return to footnote 27\">&crarr;<\/a><\/li><li id=\"footnote-782-28\">Article 115 de la loi du 12 Juillet 2017 sur le Statut G\u00e9n\u00e9ral des entreprises publiques. <a href=\"#return-footnote-782-28\" class=\"return-footnote\" aria-label=\"Return to footnote 28\">&crarr;<\/a><\/li><li id=\"footnote-782-29\"><em>Ibid<\/em>., Article 116. <a href=\"#return-footnote-782-29\" class=\"return-footnote\" aria-label=\"Return to footnote 29\">&crarr;<\/a><\/li><li id=\"footnote-782-30\"><em>Ibid<\/em>., Article 117. <a href=\"#return-footnote-782-30\" class=\"return-footnote\" aria-label=\"Return to footnote 30\">&crarr;<\/a><\/li><\/ol><\/div>","protected":false},"author":50,"menu_order":11,"template":"","meta":{"_acf_changed":false,"pb_show_title":"on","pb_short_title":"","pb_subtitle":"","pb_authors":["noel-gautier-gueazang-nguepi","herve-mvondo-mvondo","carole-valerie-nouazi-kemkeng"],"pb_section_license":""},"chapter-type":[],"contributor":[100,342,341],"license":[],"class_list":["post-782","chapter","type-chapter","status-web-only","hentry","motscles-cameroun","motscles-code-penal","motscles-personnes-morales","motscles-repression","motscles-responsabilite-penale","keywords-cameroon","keywords-criminal-liability","keywords-legal-persons","keywords-penal-code","keywords-repression","contributor-carole-valerie-nouazi-kemkeng","contributor-herve-mvondo-mvondo","contributor-noel-gautier-gueazang-nguepi"],"part":760,"_links":{"self":[{"href":"https:\/\/www.revues.scienceafrique.org\/adilaaku\/wp-json\/pressbooks\/v2\/chapters\/782","targetHints":{"allow":["GET"]}}],"collection":[{"href":"https:\/\/www.revues.scienceafrique.org\/adilaaku\/wp-json\/pressbooks\/v2\/chapters"}],"about":[{"href":"https:\/\/www.revues.scienceafrique.org\/adilaaku\/wp-json\/wp\/v2\/types\/chapter"}],"author":[{"embeddable":true,"href":"https:\/\/www.revues.scienceafrique.org\/adilaaku\/wp-json\/wp\/v2\/users\/50"}],"version-history":[{"count":23,"href":"https:\/\/www.revues.scienceafrique.org\/adilaaku\/wp-json\/pressbooks\/v2\/chapters\/782\/revisions"}],"predecessor-version":[{"id":1166,"href":"https:\/\/www.revues.scienceafrique.org\/adilaaku\/wp-json\/pressbooks\/v2\/chapters\/782\/revisions\/1166"}],"part":[{"href":"https:\/\/www.revues.scienceafrique.org\/adilaaku\/wp-json\/pressbooks\/v2\/parts\/760"}],"metadata":[{"href":"https:\/\/www.revues.scienceafrique.org\/adilaaku\/wp-json\/pressbooks\/v2\/chapters\/782\/metadata\/"}],"wp:attachment":[{"href":"https:\/\/www.revues.scienceafrique.org\/adilaaku\/wp-json\/wp\/v2\/media?parent=782"}],"wp:term":[{"taxonomy":"chapter-type","embeddable":true,"href":"https:\/\/www.revues.scienceafrique.org\/adilaaku\/wp-json\/pressbooks\/v2\/chapter-type?post=782"},{"taxonomy":"contributor","embeddable":true,"href":"https:\/\/www.revues.scienceafrique.org\/adilaaku\/wp-json\/wp\/v2\/contributor?post=782"},{"taxonomy":"license","embeddable":true,"href":"https:\/\/www.revues.scienceafrique.org\/adilaaku\/wp-json\/wp\/v2\/license?post=782"}],"curies":[{"name":"wp","href":"https:\/\/api.w.org\/{rel}","templated":true}]}}