{"id":156,"date":"2019-10-07T18:46:25","date_gmt":"2019-10-07T12:46:25","guid":{"rendered":"https:\/\/www.revues.scienceafrique.org\/adilaaku\/?post_type=part&#038;p=156"},"modified":"2024-12-27T07:38:48","modified_gmt":"2024-12-27T06:38:48","slug":"1-2-2019","status":"publish","type":"part","link":"https:\/\/www.revues.scienceafrique.org\/adilaaku\/numero\/1-2-2019\/","title":{"rendered":"Volume 1 &#8211; num\u00e9ro 2 &#8211; 2019 : Crises contemporaines"},"content":{"raw":"<h2>Table des mati\u00e8res<\/h2>\r\n&nbsp;","rendered":"<h2>Table des mati\u00e8res<\/h2>\n<p>&nbsp;<a href=\"https:\/\/www.revues.scienceafrique.org\/adilaaku\/texte\/presentation-crises-contemporaines\/\">Pr\u00e9sentation. Crises contemporaines<\/a><\/p>\n<p class=\"numero_author\" data-type=\"author\">Carole Val\u00e9rie NOUAZI KEMKENG<\/p>\n<p><a href=\"https:\/\/www.revues.scienceafrique.org\/adilaaku\/texte\/nahi2019\/\">L\u2019\u00c9tat et le monopole de la coercition: vers la fin du mythe?<\/a><\/p>\n<p class=\"numero_author\" data-type=\"author\">Pregnon Claude NAHI<\/p>\n<p style=\"text-align: justify\">L\u2019\u00e9mergence de l\u2019\u00c9tat moderne est g\u00e9n\u00e9ralement analys\u00e9e \u00e0 l\u2019aune de sa capacit\u00e9 \u00e0 pr\u00e9server l\u2019ordre social par la concentration des moyens de coercition \u00e0 l\u2019int\u00e9rieur d\u2019un territoire donn\u00e9. Cependant, ce monopole de la violence tend aujourd\u2019hui \u00e0 s\u2019\u00e9roder sous les effets conjugu\u00e9s de la crise \u00e9conomique, de l\u2019inflation des besoins et la pression du march\u00e9. Cette situation a occasionn\u00e9 un partenariat entre l\u2019\u00c9tat et certains prestataires en vue d\u2019une \u00ab\u00a0coproduction\u00a0\u00bb de l\u2019ordre. Cette r\u00e9flexion soutient qu\u2019au-del\u00e0 de r\u00e9v\u00e9ler une situation de crise de l\u2019\u00c9tat monopoliste, ces mutations sont \u00e9galement symptomatiques d\u2019une transformation et d\u2019une recomposition des appareils \u00e9tatiques.<\/p>\n<p><a href=\"https:\/\/www.revues.scienceafrique.org\/adilaaku\/texte\/molo-zogo2019\/\">La gestion de crise au Cameroun: les catastrophes de Nyos et Nsam<\/a><\/p>\n<p class=\"numero_author\" data-type=\"author\">Ren\u00e9 Lionel Brice MOLO ZOGO<\/p>\n<p style=\"text-align: justify\">La catastrophe du lac Nyos reste, \u00e0 ce jour, la plus importante crise issue d\u2019un ph\u00e9nom\u00e8ne naturel au Cameroun. Quelques ann\u00e9es plus tard, ce pays a \u00e9t\u00e9 frapp\u00e9 par une catastrophe d\u2019origine humaine connue sous le nom de catastrophe de Nsam. Ces deux \u00e9v\u00e9nements tragiques ont contribu\u00e9 \u00e0 am\u00e9liorer les m\u00e9canismes de gestion des risques et situations de crise. Bien que ces catastrophes fussent diff\u00e9rentes, leur gestion fut confront\u00e9e aux m\u00eames difficult\u00e9s \u00e0 cause de plusieurs contraintes structurelles et organisationnelles qui tendent \u00e0 perp\u00e9tuer la vuln\u00e9rabilit\u00e9 des populations de Nyos et de Nsam et maintenir ces risques permanents.<\/p>\n<p><a href=\"https:\/\/www.revues.scienceafrique.org\/adilaaku\/texte\/manga-kalniga_et_kamanda-anyi-mukep-massa2019\/\">Esquisse d\u2019une sociologie des mobilisations anglophones au Cameroun<\/a><\/p>\n<p class=\"numero_author\" data-type=\"author\">Jos\u00e9 Donadoni MANGA KALNIGA et Bayie KAMANDA ANYI MUKEP MASSA<\/p>\n<p style=\"text-align: justify\">Le paysage politique et institutionnel au Cameroun depuis la d\u00e9colonisation conna\u00eet des vagues successives de crises qui placent cet \u00c9tat dans une incertitude structurelle. Cette incertitude est aussi politique et d\u00e9voile alors un appel d\u2019une autre forme d\u2019\u00c9tat par les s\u00e9cessionnistes et un v\u0153u de participation \u00e0 la gestion des affaires au niveau supr\u00eame, r\u00e9gional et communal. Ces contestations de la forme de l\u2019\u00c9tat unitaire se sont mat\u00e9rialis\u00e9es par la r\u00e9surgence de la question anglophone. Ce texte \u00e9voque les logiques des mouvements sociaux et de l\u2019\u00c9tat dans la gestion de la crise anglophone. En d\u2019autres termes, comment l\u2019incertitude du lendemain et de la gestion de l\u2019\u00c9tat a-t-elle engendr\u00e9 des ruptures et des revendications sociales et politiques au Cameroun? L\u2019objectif de cet article est d\u2019analyser les strat\u00e9gies de mobilisation des acteurs de la crise anglophone tels que les pouvoirs publics, la communaut\u00e9 internationale et les organisations de la soci\u00e9t\u00e9 civile. Il s\u2019agit pr\u00e9cis\u00e9ment de d\u00e9crire et d\u2019analyser les m\u00e9canismes de mobilisation des ressources. Pour appr\u00e9hender cette r\u00e9alit\u00e9, l\u2019article recourt \u00e0 la th\u00e9orie des mobilisations multisectorielles pour d\u00e9crypter les ruptures, les continuit\u00e9s, les inflexions et les trajectoires des luttes qui structurent la sc\u00e8ne sociopolitique au Cameroun. Il s\u2019appuie sur l\u2019exploitation des archives documentaires et de la presse locale pour retracer l\u2019incertitude structurelle ayant engendr\u00e9 la crise.<\/p>\n<p><a href=\"https:\/\/www.revues.scienceafrique.org\/adilaaku\/texte\/mawa2019\/\">La crise financi\u00e8re au sein des \u00e9coles du Conseil des \u00e9glises protestantes du Cameroun (CEPCA), 1987-2016<\/a><\/p>\n<p class=\"numero_author\" data-type=\"author\">Miraille Cl\u00e9mence MAWA<\/p>\n<p style=\"text-align: justify\">Fond\u00e9e en 1969 des cendres de la F\u00e9d\u00e9ration des \u00e9glises et missions \u00e9vang\u00e9liques de l\u2019Afrique \u00c9quatoriale Fran\u00e7aise, la FEMEC<a class=\"footnote\" title=\"F\u00e9d\u00e9ration des missions \u00e9vang\u00e9liques du Cameroun.\" id=\"return-footnote-156-1\" href=\"#footnote-156-1\" aria-label=\"Footnote 1\"><sup class=\"footnote\">[1]<\/sup><\/a> a eu pour ambition de coordonner l\u2019action spirituelle et sociale des \u00e9glises protestantes pr\u00e9sentes au Cameroun. Devenu Conseil des \u00e9glises protestantes du Cameroun (CEPCA) en 2005, cet organisme \u0153cum\u00e9nique, dans son action sociale, s\u2019int\u00e9resse \u00e0 la scolarisation de la population en cr\u00e9ant, entre autres, des \u00e9coles. Au cours des ann\u00e9es 80, celles-ci se retrouvent de plus en plus dans l\u2019incapacit\u00e9 d\u2019assurer leurs diff\u00e9rentes prestations. De cette situation, il est n\u00e9 une crise financi\u00e8re qui a affect\u00e9 l\u2019essor de l\u2019enseignement priv\u00e9 protestant. L\u2019assainissement de ce milieu \u00e9ducatif et l\u2019arrimage du CEPCA en g\u00e9n\u00e9ral et de son d\u00e9partement \u00e9ducatif en particulier \u00e0 la bonne gouvernance financi\u00e8re serait salutaire pour un rehaussement de l\u2019image des \u00e9coles protestantes au Cameroun.<\/p>\n<p><a href=\"https:\/\/www.revues.scienceafrique.org\/adilaaku\/texte\/nanan-lekogmo2019\/\">Crise du droit et terrorisme. Retour sur le droit \u00e0 un proc\u00e8s \u00e9quitable des pr\u00e9sum\u00e9s terroristes<\/a><\/p>\n<p class=\"numero_author\" data-type=\"author\">Hermann NANAN LEKOGMO<\/p>\n<p style=\"text-align: justify\">La s\u00e9curit\u00e9 juridique se traduit par l\u2019\u00e9laboration des r\u00e8gles de droit et le juge poursuit cet objectif par leur application. D\u2019ailleurs, la qualit\u00e9 des d\u00e9cisions de justice allant dans une optique de protection des droits proc\u00e8de de la s\u00e9curit\u00e9 juridique. Cette derni\u00e8re soutient ainsi que les situations juridiques ne doivent pas demeurer intangibles. Il faut donc garantir les droits. La garantie pose un double crit\u00e9rium dans sa signification, \u00e0 savoir assurer tout d\u2019abord, puis prot\u00e9ger. C\u2019est dans cette optique que le terrorisme se trouve \u00eatre une cause de la crise du droit. Cela s\u2019observe surtout dans la garantie du droit \u00e0 un proc\u00e8s \u00e9quitable des pr\u00e9sum\u00e9s terroristes qui peine \u00e0 ne pas \u00eatre contest\u00e9e, m\u00eame si le terrorisme est un ph\u00e9nom\u00e8ne difficile \u00e0 saisir. Si cette garantie est pr\u00e9vue par les textes camerounais et tchadien, elle tarde \u00e0 \u00eatre harmonis\u00e9e, le terrorisme, comme c\u2019est le cas de Boko Haram, \u00e9tant pourtant commun \u00e0 ces deux pays voisins. Les diverses l\u00e9gislations laissent prosp\u00e9rer une variation des d\u00e9lais et une appr\u00e9ciation nuanc\u00e9e de l\u2019importance accord\u00e9e aux juridictions d\u2019exception que sont le Tribunal militaire au Cameroun et la Cour criminelle sp\u00e9ciale au Tchad. C\u2019est une garantie certes reconnue, mais dont le contenu reste flou, car sa mise en \u0153uvre rencontre des obstacles, le droit \u00e0 un proc\u00e8s \u00e9quitable \u00e9tant un moyen d\u2019administration de la justice qui se veut concr\u00e8tement garanti tant par l\u2019institution que par la personne qui en a la charge.<\/p>\n<p><a href=\"https:\/\/www.revues.scienceafrique.org\/adilaaku\/texte\/mboumegne-dzesseu_et_djomo-tamen2019\/\">L\u2019emploi \u00e0 l\u2019\u00e9preuve des troubles int\u00e9rieurs au Cameroun<\/a><\/p>\n<p class=\"numero_author\" data-type=\"author\">Serges Fr\u00e9d\u00e9ric MBOUMEGNE DZESSEU et Val\u00e9ry Bl\u00e9riot DJOMO TAMEN<\/p>\n<p style=\"text-align: justify\">L\u2019activit\u00e9 productive ou \u00e9conomique d\u2019une population a pour objectif de produire les biens et services marchands, ou non, moyennant un salaire ou un traitement en esp\u00e8ces ou en nature. La r\u00e9alisation de cet objectif passe par un emploi durable, d\u2019ailleurs consid\u00e9r\u00e9 comme l\u2019un des deux piliers de la strat\u00e9gie nationale entr\u00e9e en vigueur depuis 2009 pour faire du Cameroun un pays \u00e9mergent \u00e0 l\u2019horizon 2035. Malheureusement, la \u00ab\u00a0crise anglophone\u00a0\u00bb et les assauts r\u00e9p\u00e9t\u00e9s du groupe terroriste \u00ab\u00a0Boko Haram\u00a0\u00bb dans la partie septentrionale constituent des freins \u00e0 l\u2019effectivit\u00e9 d\u2019un emploi durable. En juin 2018, un rapport sur l\u2019impact de la crise au Nord-Ouest et au Sud-Ouest est publi\u00e9 par le Groupement Inter-patronal du Cameroun (GICAM). Ce document estime les pertes en \u00e9quipements \u00e0 2,14 milliards tandis que le manque \u00e0 gagner en termes de chiffre d\u2019affaires avoisine les 270 milliards de francs CFA. Le rapport pr\u00e9cise \u00e9galement que \u00ab\u00a08.000 emplois relevant du secteur informel\u00a0\u00bb sont menac\u00e9s en plus des 6.434 d\u00e9j\u00e0 perdus. Et ces chiffres ne concernent que le secteur de l\u2019agro-industrie. Entre les mesures d\u2019ordre public des autorit\u00e9s administratives en vertu de la loi et les mesures ill\u00e9gales des bellig\u00e9rants sous le vocable \u00ab\u00a0ghosttown\u00a0\u00bb (villes mortes), l\u2019emploi s\u2019est trouv\u00e9 sacrifi\u00e9. Cette contribution allie les m\u00e9thodes juridiques et socio-politistes pour d\u00e9gager les pistes de solution en vue du retour au plein emploi.<\/p>\n<p><a href=\"https:\/\/www.revues.scienceafrique.org\/adilaaku\/texte\/mahini_et_sakinatou2019\/\">Quand la violence se d\u00e9cha\u00eene dans les s\u00e9ances d\u2019assembl\u00e9e: essai sur la d\u00e9-sportisation des enceintes parlementaires au Cameroun<\/a><\/p>\n<p class=\"numero_author\" data-type=\"author\">Bertrand-Michel MAHINI et Sakinatou DAOUDA<\/p>\n<p style=\"text-align: justify\">La politique de l\u2019inimiti\u00e9 ou de l\u2019ennemi semble de retour dans l\u2019ar\u00e8ne parlementaire camerounaise. Pour la premi\u00e8re fois dans l\u2019histoire des pratiques d\u2019assembl\u00e9e de ce pays, des gouttes de sang arrosent le tapis de l\u2019h\u00e9micycle au cours de la session parlementaire de novembre 2017. L\u2019ordre parlementaire fut menac\u00e9, perturb\u00e9, \u00e9branl\u00e9. Pourtant, il fait l\u2019objet d\u2019une r\u00e8glementation rigoureuse et de plus en plus rigide. Comprendre la r\u00e9surgence de la violence dans les h\u00e9micycles du parlement camerounais \u00e0 l\u2019\u00e8re de la civilisation des pratiques et comportements politiques\u00a0est la principale t\u00e2che que s\u2019est assign\u00e9e la pr\u00e9sente contribution. L\u2019examen desdits \u00e9v\u00e8nements \u00e0 l\u2019aune des variantes strat\u00e9giques et symboliques des interactions laisse ais\u00e9ment saisir les moments de violence comme des man\u0153uvres strat\u00e9giques d\u2019affirmation d\u2019une opposition parlementaire tant\u00f4t en rupture avec l\u2019ordre parlementaire \u00e9tabli, tant\u00f4t en proie aux pulsions d\u2019autoritarisme d\u2019un milieu parlementaire \u00e0 d\u00e9mocratisation inachev\u00e9e.<\/p>\n<hr class=\"before-footnotes clear\" \/><div class=\"footnotes\"><ol><li id=\"footnote-156-1\">F\u00e9d\u00e9ration des missions \u00e9vang\u00e9liques du Cameroun. <a href=\"#return-footnote-156-1\" class=\"return-footnote\" aria-label=\"Return to footnote 1\">&crarr;<\/a><\/li><\/ol><\/div>","protected":false},"parent":0,"menu_order":5,"template":"","meta":{"_acf_changed":false,"pb_part_invisible":false},"contributor":[],"license":[],"class_list":["post-156","part","type-part","status-publish","hentry"],"_links":{"self":[{"href":"https:\/\/www.revues.scienceafrique.org\/adilaaku\/wp-json\/pressbooks\/v2\/parts\/156","targetHints":{"allow":["GET"]}}],"collection":[{"href":"https:\/\/www.revues.scienceafrique.org\/adilaaku\/wp-json\/pressbooks\/v2\/parts"}],"about":[{"href":"https:\/\/www.revues.scienceafrique.org\/adilaaku\/wp-json\/wp\/v2\/types\/part"}],"version-history":[{"count":7,"href":"https:\/\/www.revues.scienceafrique.org\/adilaaku\/wp-json\/pressbooks\/v2\/parts\/156\/revisions"}],"predecessor-version":[{"id":993,"href":"https:\/\/www.revues.scienceafrique.org\/adilaaku\/wp-json\/pressbooks\/v2\/parts\/156\/revisions\/993"}],"wp:attachment":[{"href":"https:\/\/www.revues.scienceafrique.org\/adilaaku\/wp-json\/wp\/v2\/media?parent=156"}],"wp:term":[{"taxonomy":"contributor","embeddable":true,"href":"https:\/\/www.revues.scienceafrique.org\/adilaaku\/wp-json\/wp\/v2\/contributor?post=156"},{"taxonomy":"license","embeddable":true,"href":"https:\/\/www.revues.scienceafrique.org\/adilaaku\/wp-json\/wp\/v2\/license?post=156"}],"curies":[{"name":"wp","href":"https:\/\/api.w.org\/{rel}","templated":true}]}}