{"id":303,"date":"2019-10-17T04:29:43","date_gmt":"2019-10-16T22:29:43","guid":{"rendered":"https:\/\/www.revues.scienceafrique.org\/adilaaku\/?post_type=part&#038;p=303"},"modified":"2022-05-24T12:24:45","modified_gmt":"2022-05-24T10:24:45","slug":"appels-a-contribution-dossiers-thematiques","status":"publish","type":"part","link":"https:\/\/www.revues.scienceafrique.org\/adilaaku\/numero\/appels-a-contribution-dossiers-thematiques\/","title":{"rendered":"Appels \u00e0 contribution &#8211; dossiers th\u00e9matiques"},"content":{"raw":"V\u00e9rifiez bien les dates limites pour proposer des r\u00e9sum\u00e9s.\r\n\r\n\u00c0 noter que les articles de type varia (hors dossier th\u00e9matique) sont \u00e9galement accept\u00e9s tout au long de l\u2019ann\u00e9e. Ils seront mis en ligne d\u00e8s qu\u2019ils seront pr\u00eats et imprim\u00e9s dans un num\u00e9ro sp\u00e9cial \u00e0 la fin de l\u2019ann\u00e9e.","rendered":"<p>V\u00e9rifiez bien les dates limites pour proposer des r\u00e9sum\u00e9s.<\/p>\n<p>\u00c0 noter que les articles de type varia (hors dossier th\u00e9matique) sont \u00e9galement accept\u00e9s tout au long de l\u2019ann\u00e9e. Ils seront mis en ligne d\u00e8s qu\u2019ils seront pr\u00eats et imprim\u00e9s dans un num\u00e9ro sp\u00e9cial \u00e0 la fin de l\u2019ann\u00e9e.<a href=\"https:\/\/www.revues.scienceafrique.org\/adilaaku\/texte\/appel-volume-4-numero-2-2025-varia\/\">Appel volume 4, num\u00e9ro 2 &#8211; 2025 : VARIA<\/a><\/p>\n<p><a href=\"https:\/\/www.revues.scienceafrique.org\/adilaaku\/texte\/appel-volume-4-numero-1-2025\/\">Appel volume 4, num\u00e9ro 1 &#8211; 2025 : \u00ab La mise en \u0153uvre des d\u00e9cisions de la Cour africaine des droits de l\u2019Homme et des peuples \u00bb<\/a><\/p>\n<p><a href=\"https:\/\/www.revues.scienceafrique.org\/adilaaku\/texte\/appel-vol-3-num-1\/\">Appel volume 3, num\u00e9ro 1\u00a0: \u00ab\u00a0Le Covid-19 en Afrique\u00a0: implications et adaptations\u00a0\u00bb<\/a><\/p>\n<p><a href=\"https:\/\/www.revues.scienceafrique.org\/adilaaku\/texte\/volume-2-numero-2-paix-temps-et-territoires-a-lere-des-dynamiques-contemporaines\/\">Appel volume 2, num\u00e9ro 2 : \u00ab Paix, temps et territoires \u00e0 l\u2019\u00e8re des dynamiques contemporaines \u00bb<\/a><\/p>\n<p><a href=\"https:\/\/www.revues.scienceafrique.org\/adilaaku\/texte\/appel-volume-2-numero-1-legislation-penale-et-rapports-sociaux-en-afrique\/\">Appel volume 2, num\u00e9ro 1 : \u00ab L\u00e9gislation p\u00e9nale et rapports sociaux en Afrique \u00bb<\/a><\/p>\n<div class=\"wp-nocaption \"><\/div>\n","protected":false},"parent":0,"menu_order":6,"template":"","meta":{"_acf_changed":false,"pb_part_invisible":false},"contributor":[],"license":[],"class_list":["post-303","part","type-part","status-publish","hentry"],"_links":{"self":[{"href":"https:\/\/www.revues.scienceafrique.org\/adilaaku\/wp-json\/pressbooks\/v2\/parts\/303","targetHints":{"allow":["GET"]}}],"collection":[{"href":"https:\/\/www.revues.scienceafrique.org\/adilaaku\/wp-json\/pressbooks\/v2\/parts"}],"about":[{"href":"https:\/\/www.revues.scienceafrique.org\/adilaaku\/wp-json\/wp\/v2\/types\/part"}],"version-history":[{"count":2,"href":"https:\/\/www.revues.scienceafrique.org\/adilaaku\/wp-json\/pressbooks\/v2\/parts\/303\/revisions"}],"predecessor-version":[{"id":305,"href":"https:\/\/www.revues.scienceafrique.org\/adilaaku\/wp-json\/pressbooks\/v2\/parts\/303\/revisions\/305"}],"wp:attachment":[{"href":"https:\/\/www.revues.scienceafrique.org\/adilaaku\/wp-json\/wp\/v2\/media?parent=303"}],"wp:term":[{"taxonomy":"contributor","embeddable":true,"href":"https:\/\/www.revues.scienceafrique.org\/adilaaku\/wp-json\/wp\/v2\/contributor?post=303"},{"taxonomy":"license","embeddable":true,"href":"https:\/\/www.revues.scienceafrique.org\/adilaaku\/wp-json\/wp\/v2\/license?post=303"}],"curies":[{"name":"wp","href":"https:\/\/api.w.org\/{rel}","templated":true}]}}