{"id":627,"date":"2024-11-20T12:19:34","date_gmt":"2024-11-20T11:19:34","guid":{"rendered":"https:\/\/www.revues.scienceafrique.org\/jeynitaare\/?post_type=part&#038;p=627"},"modified":"2024-12-19T15:23:12","modified_gmt":"2024-12-19T14:23:12","slug":"volume-3-numero-1-2024","status":"publish","type":"part","link":"https:\/\/www.revues.scienceafrique.org\/jeynitaare\/numero\/volume-3-numero-1-2024\/","title":{"rendered":"Volume 3, num\u00e9ro 1 &#8211; 2024 : VARIA"},"content":{"raw":"<h2>Table des mati\u00e8res<\/h2>","rendered":"<h2>Table des mati\u00e8res<\/h2>\n<p><a href=\"https:\/\/www.revues.scienceafrique.org\/jeynitaare\/texte\/kaladzavi2024\/\">\u00ab Boko Haram : agir ou mourir \u00bb. Port\u00e9es argumentatives des titres de <em>L\u2019\u0152il du Sahel<\/em> sur les attaques terroristes dans la r\u00e9gion de l\u2019Extr\u00eame-Nord du Cameroun<\/a><\/p>\n<p class=\"numero_author\" data-type=\"author\">Daniel KALADZAVI<\/p>\n<p style=\"text-align: justify\">L&rsquo;article traite des postures argumentatives \u00e0 l\u2019\u0153uvre dans le titre de l\u2019information m\u00e9diatique dans la construction d\u2019un discours antiterroriste contre Boko Haram \u00e0 l\u2019Extr\u00eame-Nord du Cameroun. La situation s\u00e9curitaire dans cette partie du pays, apr\u00e8s une d\u00e9cennie, reste pr\u00e9occupante, au regard du regain d\u2019activit\u00e9s terroristes. Dans ce contexte, le journal <em>L\u2019\u0152il du Sahel<\/em> s\u2019investit davantage dans la guerre id\u00e9ologique en mettant en \u0153uvre diverses strat\u00e9gies discursives, surtout au niveau de la titraille. Pour rendre compte de celles-ci, nous avons eu recours \u00e0 la th\u00e9orie de l\u2019argumentation. Essentiellement fond\u00e9 sur le discours de presse, le corpus comprend les parutions de <em>L\u2019\u0152il du Sahel<\/em> entre 2018 et 2024, p\u00e9riode de recrudescence des attaques terroristes. Les analyses r\u00e9v\u00e8lent que les titres se caract\u00e9risent par trois principales strat\u00e9gies argumentatives qui visent \u00e0 infl\u00e9chir les repr\u00e9sentations et inciter \u00e0 l\u2019action contre la guerre. Les strat\u00e9gies de positionnent, notamment \u00e0 travers le choix lexical, alertent sur l\u2019urgence d\u2019une croisade contre Boko Haram. Tandis que la probl\u00e9matisation met en avant la question de la recrudescence d\u2019attaques terroristes, la rh\u00e9torique des indications chiffr\u00e9es constitue une mise en sc\u00e8ne emphatique \u00e0 vis\u00e9e persuasive.<\/p>\n<p><a href=\"https:\/\/www.revues.scienceafrique.org\/jeynitaare\/texte\/mahamat2024\/\">Comp\u00e9tence langagi\u00e8re et r\u00e9solution de probl\u00e8mes math\u00e9matiques chez les \u00e9l\u00e8ves des Cours moyens 2 des \u00e9coles primaires de l\u2019arrondissement de Goulfey<\/a><\/p>\n<p class=\"numero_author\" data-type=\"author\">Alhadji MAHAMAT<\/p>\n<p class=\"moz-quote-pre\" style=\"text-align: justify\">La pand\u00e9mie \u00e0 Covid-19 qui a s\u00e9vit \u00e0 travers le monde a pouss\u00e9 les communaut\u00e9s \u00e9ducatives \u00e0 recourir \u00e0 de nouvelles m\u00e9thodes pour assurer la continuit\u00e9 p\u00e9dagogique. Le passage de la classe en pr\u00e9sentiel \u00e0 l\u2019enseignement m\u00e9di\u00e9 a boulevers\u00e9 les pratiques des enseignants de langues et cultures nationales (LCN) des lyc\u00e9es et coll\u00e8ges du Cameroun. Diverses ressources institutionnelles ont ainsi \u00e9t\u00e9 \u00e9labor\u00e9es pour assurer la transmission des savoirs pendant et apr\u00e8s la crise sanitaire. L\u2019analyse des donn\u00e9es collect\u00e9es au moyen de questionnaires fait \u00e9tat de plusieurs dispositifs technologiques et r\u00e9v\u00e8le une utilisation encore tr\u00e8s peu satisfaisante du num\u00e9rique par les enseignant\u00b7es de langues et cultures camerounaises. Cette recherche propose des strat\u00e9gies \u00e0 mettre en \u0153uvre pour vulgariser cette \u00ab innovation p\u00e9dagogique \u00bb et ainsi amener les enseignant\u00b7es de cette mati\u00e8re \u00e0 s\u2019approprier les artefacts mis \u00e0 disposition.<\/p>\n<p><a href=\"https:\/\/www.revues.scienceafrique.org\/jeynitaare\/texte\/assipolo2024\/\">La mise en \u0153uvre de la politique culturelle et linguistique du Cameroun : quel bilan pr\u00e8s de quatre d\u00e9cennies apr\u00e8s la publication de <em>Pour le lib\u00e9ralisme communautaire<\/em> de Paul Biya?<\/a><\/p>\n<p class=\"numero_author\" data-type=\"author\">Laurain ASSIPOLO<\/p>\n<p class=\"moz-quote-pre\" style=\"text-align: justify\">L\u2019\u00e9valuation de la mise en \u0153uvre de la politique culturelle et linguistique du Cameroun montre que de nombreux impond\u00e9rables ont entrav\u00e9 l\u2019impl\u00e9mentation d\u2019un projet dont l\u2019ambition \u00e9tait de permettre le d\u00e9veloppement social d\u2019une nation multiethnique et plurilingue. Il a n\u00e9anmoins \u00e9t\u00e9 possible de construire une identit\u00e9 territoriale et de faire \u00e9merger une fiert\u00e9 nationale malgr\u00e9 des al\u00e9as que l\u2019on peut principalement attribuer aux enjeux de pouvoir. De nombreuses mesures ont \u00e9t\u00e9 prises en faveur des langues officielles et nationales, du secteur artistique et culturel. Toutefois, le caract\u00e8re dynamique des probl\u00e8mes qui touchent \u00e0 la pr\u00e9servation et \u00e0 la promotion des cultures et des langues fait que les orientations politiques, les r\u00e9formes institutionnelles, l\u2019encadrement juridique et les questions relatives au financement doivent \u00eatre constamment adapt\u00e9s. De ce fait, si l\u2019\u00c9tat doit encore s\u2019employer \u00e0 r\u00e9aliser tous les objectifs du renouveau culturel, ses diff\u00e9rents axes m\u00e9ritent d\u2019\u00eatre restructur\u00e9s en prenant en compte les nouveaux d\u00e9fis qu\u2019imposent les \u00e9volutions de la situation socioculturelle du Cameroun.<\/p>\n<p><a href=\"https:\/\/www.revues.scienceafrique.org\/jeynitaare\/texte\/kouankem_et_djidji2024\/\">Num\u00e9risation des enseignements des langues et cultures nationales camerounaises : quelles ressources pour quels rendements?<\/a><\/p>\n<p class=\"numero_author\" data-type=\"author\">Constantine KOUANKEM et B\u00e9atrice DJIDJI DOUDOU<\/p>\n<p class=\"moz-quote-pre\" style=\"text-align: justify\">La pand\u00e9mie \u00e0 Covid-19 a pouss\u00e9 les communaut\u00e9s \u00e9ducatives \u00e0 recourir \u00e0 de nouvelles m\u00e9thodes pour assurer la continuit\u00e9 p\u00e9dagogique. Le passage de la classe en pr\u00e9sentiel \u00e0 l\u2019enseignement m\u00e9di\u00e9 a boulevers\u00e9 les pratiques des enseignant\u00b7es de langues et cultures nationales (LCN) des lyc\u00e9es et coll\u00e8ges du Cameroun. Diverses ressources institutionnelles ont ainsi \u00e9t\u00e9 \u00e9labor\u00e9es pour assurer la transmission des savoirs pendant et apr\u00e8s la crise sanitaire. L\u2019analyse des donn\u00e9es collect\u00e9es au moyen de questionnaires fait \u00e9tat de plusieurs dispositifs technologiques et r\u00e9v\u00e8le une utilisation encore tr\u00e8s peu satisfaisante du num\u00e9rique par les enseignant\u00b7es de langues et cultures camerounaises. Cette recherche action propose des strat\u00e9gies \u00e0 mettre en \u0153uvre pour vulgariser cette \u00ab innovation p\u00e9dagogique \u00bb et ainsi amener les enseignant\u00b7es de cette mati\u00e8re \u00e0 s\u2019approprier les artefacts mis \u00e0 disposition.<\/p>\n<p><a href=\"https:\/\/www.revues.scienceafrique.org\/jeynitaare\/texte\/zra2024\/\">Des questions comme strat\u00e9gies de d\u00e9fense discursive. Analyse des interviews de deux femmes leaders camerounaises en contexte m\u00e9diatique<\/a><\/p>\n<p class=\"numero_author\" data-type=\"author\">Jacques ZRA<\/p>\n<p class=\"moz-quote-pre\" style=\"text-align: justify\">L\u2019objectif de cet article est de montrer comment les femmes leaders camerounaises se d\u00e9fendent discursivement \u00e0 l\u2019aide des questions face aux journalistes sur les plateaux de t\u00e9l\u00e9vision. En position d\u2019invit\u00e9es, l\u2019on trouverait, a priori, surprenantes les questions de ces femmes, car elles sont sollicit\u00e9es, au regard de leur statut, pour \u00e9clairer le public sur certains sujets d\u2019actualit\u00e9 au Cameroun. Mais en fonction du mode de gestion et des enjeux de dialogue, les positions \u00e9nonciatives sont parfois invers\u00e9es. \u00c0 divers moments des \u00e9changes, l\u2019on assiste \u00e0 des s\u00e9quences o\u00f9 les invit\u00e9es interrogent les journalistes : le r\u00f4le discursif est invers\u00e9. En situant l\u2019analyse dans la perspective de la Grammaire de l\u2019intonation qui apporte des \u00e9claircissements sur l\u2019oral, le corpus \u00e9tudi\u00e9 est transcrit de deux mani\u00e8res : la transcription orthographique \u00e0 l\u2019\u00e9coute d\u2019une part et la transcription \u00e0 l\u2019aide de Praat d\u2019autre part. Ce logiciel nous a permis d\u2019obtenir la fr\u00e9quence fondamentale (Fo) en Hertz, l\u2019intensit\u00e9 (I) en d\u00e9cibels et les pauses silencieuses en centisecondes {cs}. Il en ressort que les questions de ces femmes pr\u00e9sentent plusieurs valeurs discursives, caract\u00e9ris\u00e9es par des indices prosodiques diff\u00e9rents. Ainsi, les questions \u00e0 valeur rectificative sont \u00e9nonc\u00e9es \u00e0 voix basse (Fo- et I-), tandis que les questions \u00e0 valeur d\u2019appel de jugement pr\u00e9sentent une intonation montante et une intensit\u00e9 basse (Fo+ et I-). Ce dernier couplage indique une deixis vocale, le pointage pour autrui d\u2019un fragment du discours, et la chute conjointe de ces indices marque une rupture volontaire avec la question pr\u00e9alablement pos\u00e9e.<\/p>\n<div class=\"metadata\">\n<p><strong>Adresse web du fichier PDF du num\u00e9ro&nbsp;: <\/strong><br \/>https:\/\/zenodo.org\/records\/14527177<\/p>\n<\/div>\n","protected":false},"parent":0,"menu_order":1,"template":"","meta":{"_acf_changed":false,"pb_part_invisible":false},"contributor":[],"license":[],"class_list":["post-627","part","type-part","status-publish","hentry"],"_links":{"self":[{"href":"https:\/\/www.revues.scienceafrique.org\/jeynitaare\/wp-json\/pressbooks\/v2\/parts\/627","targetHints":{"allow":["GET"]}}],"collection":[{"href":"https:\/\/www.revues.scienceafrique.org\/jeynitaare\/wp-json\/pressbooks\/v2\/parts"}],"about":[{"href":"https:\/\/www.revues.scienceafrique.org\/jeynitaare\/wp-json\/wp\/v2\/types\/part"}],"version-history":[{"count":6,"href":"https:\/\/www.revues.scienceafrique.org\/jeynitaare\/wp-json\/pressbooks\/v2\/parts\/627\/revisions"}],"predecessor-version":[{"id":778,"href":"https:\/\/www.revues.scienceafrique.org\/jeynitaare\/wp-json\/pressbooks\/v2\/parts\/627\/revisions\/778"}],"wp:attachment":[{"href":"https:\/\/www.revues.scienceafrique.org\/jeynitaare\/wp-json\/wp\/v2\/media?parent=627"}],"wp:term":[{"taxonomy":"contributor","embeddable":true,"href":"https:\/\/www.revues.scienceafrique.org\/jeynitaare\/wp-json\/wp\/v2\/contributor?post=627"},{"taxonomy":"license","embeddable":true,"href":"https:\/\/www.revues.scienceafrique.org\/jeynitaare\/wp-json\/wp\/v2\/license?post=627"}],"curies":[{"name":"wp","href":"https:\/\/api.w.org\/{rel}","templated":true}]}}